{"id":137,"date":"2021-10-25T10:10:20","date_gmt":"2021-10-25T10:10:20","guid":{"rendered":"https:\/\/www.latribuajena.org\/?page_id=137"},"modified":"2023-06-14T08:46:58","modified_gmt":"2023-06-14T08:46:58","slug":"conocenos","status":"publish","type":"page","link":"https:\/\/www.latribuajena.org\/en\/conocenos\/","title":{"rendered":"Get to know us"},"content":{"rendered":"<h3><strong>A little piece of history: creating soil and touching the sky<\/strong><\/h3>\n<figure id=\"attachment_468\" aria-describedby=\"caption-attachment-468\" style=\"width: 300px\" class=\"wp-caption alignright\"><img loading=\"lazy\" decoding=\"async\" class=\"wp-image-468 size-medium\" src=\"https:\/\/www.latribuajena.org\/wp-content\/uploads\/2022\/03\/IMG_20190712_090159-300x225.jpg\" alt=\"\" width=\"300\" height=\"225\" srcset=\"https:\/\/www.latribuajena.org\/wp-content\/uploads\/2022\/03\/IMG_20190712_090159-300x225.jpg 300w, https:\/\/www.latribuajena.org\/wp-content\/uploads\/2022\/03\/IMG_20190712_090159-1024x768.jpg 1024w, https:\/\/www.latribuajena.org\/wp-content\/uploads\/2022\/03\/IMG_20190712_090159-768x576.jpg 768w, https:\/\/www.latribuajena.org\/wp-content\/uploads\/2022\/03\/IMG_20190712_090159-1536x1152.jpg 1536w, https:\/\/www.latribuajena.org\/wp-content\/uploads\/2022\/03\/IMG_20190712_090159-16x12.jpg 16w, https:\/\/www.latribuajena.org\/wp-content\/uploads\/2022\/03\/IMG_20190712_090159.jpg 1920w\" sizes=\"auto, (max-width: 300px) 100vw, 300px\" \/><figcaption id=\"caption-attachment-468\" class=\"wp-caption-text\">Inicios de la huerta de La Tribu Ajena, 2019<\/figcaption><\/figure>\n<p><a href=\"#idreserva\">\u00a1Ven a vernos!<\/a><\/p>\n<p>En oto\u00f1o de <strong>2018<\/strong>, tras un a\u00f1o intenso de reconocimiento de nuestro entorno y de b\u00fasqueda de un terreno, nos hicimos con un naranjal familiar situado en las proximidades de un pueblo muy cercano a Sevilla, San Jos\u00e9 de La Rinconada. Ah\u00ed comienza esta gran aventura, <em><strong>\u201cLa Tribu Ajena\u201d<\/strong><\/em>.<\/p>\n<p>El nombre responde al pueblo de origen del abuelo Javier, Trebujena, ubicado entre la campi\u00f1a, el R\u00edo y la marisma del Bajo Guadalquivir, y famoso por sus vinos, su huerta y su fuerte car\u00e1cter de comunidad. Tambi\u00e9n a la persona del propio Javier y con \u00e9l, a la inmensa memoria de nuestros ancestros y de las tierras de Andaluc\u00eda.<\/p>\n<figure id=\"attachment_512\" aria-describedby=\"caption-attachment-512\" style=\"width: 300px\" class=\"wp-caption alignleft\"><img loading=\"lazy\" decoding=\"async\" class=\"wp-image-512 size-medium\" src=\"https:\/\/www.latribuajena.org\/wp-content\/uploads\/2022\/03\/GGM9170-min-300x200.jpg\" alt=\"\" width=\"300\" height=\"200\" srcset=\"https:\/\/www.latribuajena.org\/wp-content\/uploads\/2022\/03\/GGM9170-min-300x200.jpg 300w, https:\/\/www.latribuajena.org\/wp-content\/uploads\/2022\/03\/GGM9170-min-1024x682.jpg 1024w, https:\/\/www.latribuajena.org\/wp-content\/uploads\/2022\/03\/GGM9170-min-768x511.jpg 768w, https:\/\/www.latribuajena.org\/wp-content\/uploads\/2022\/03\/GGM9170-min-1536x1022.jpg 1536w, https:\/\/www.latribuajena.org\/wp-content\/uploads\/2022\/03\/GGM9170-min-18x12.jpg 18w, https:\/\/www.latribuajena.org\/wp-content\/uploads\/2022\/03\/GGM9170-min.jpg 1920w\" sizes=\"auto, (max-width: 300px) 100vw, 300px\" \/><figcaption id=\"caption-attachment-512\" class=\"wp-caption-text\">Plantaci\u00f3n de \u00e1rboles y arbustos en La Tribu Ajena, 2019<\/figcaption><\/figure>\n<p>En <strong><em>\u201cLa Tribu Ajena\u201d<\/em><\/strong> dise\u00f1amos una peque\u00f1a finca de media hect\u00e1rea con los principios de la <strong>Permacultura<\/strong>: observamos durante el primer a\u00f1o (y continuamos en ello) y entre tanto fuimos convirtiendo una vieja casa de aperos en nuestra caba\u00f1a en el bosque, para, a partir de este comienzo y con la ayuda de personas voluntarias, crear una casa com\u00fan, con cocinas, ba\u00f1os secos, luz, agua caliente y todo lo necesario para una vida sencilla. Entre tanto, plantamos cientos de \u00e1rboles y arbustos, acolchamos, lanzamos cada oto\u00f1o bombas de semillas, creamos la huerta, instalamos casas para murci\u00e9lagos, hicimos composteras, una ducha en el para\u00edso, un cobertizo de herramientas, un estanque y espacios de descanso, todo en funci\u00f3n del dise\u00f1o original y de una estudiada planificaci\u00f3n en constante evoluci\u00f3n.<\/p>\n<figure id=\"attachment_421\" aria-describedby=\"caption-attachment-421\" style=\"width: 300px\" class=\"wp-caption alignright\"><img loading=\"lazy\" decoding=\"async\" class=\"wp-image-421 size-medium\" src=\"https:\/\/www.latribuajena.org\/wp-content\/uploads\/2022\/02\/MG_4009-min-300x200.jpg\" alt=\"\" width=\"300\" height=\"200\" srcset=\"https:\/\/www.latribuajena.org\/wp-content\/uploads\/2022\/02\/MG_4009-min-300x200.jpg 300w, https:\/\/www.latribuajena.org\/wp-content\/uploads\/2022\/02\/MG_4009-min-1024x683.jpg 1024w, https:\/\/www.latribuajena.org\/wp-content\/uploads\/2022\/02\/MG_4009-min-768x512.jpg 768w, https:\/\/www.latribuajena.org\/wp-content\/uploads\/2022\/02\/MG_4009-min-1536x1024.jpg 1536w, https:\/\/www.latribuajena.org\/wp-content\/uploads\/2022\/02\/MG_4009-min-18x12.jpg 18w, https:\/\/www.latribuajena.org\/wp-content\/uploads\/2022\/02\/MG_4009-min.jpg 1920w\" sizes=\"auto, (max-width: 300px) 100vw, 300px\" \/><figcaption id=\"caption-attachment-421\" class=\"wp-caption-text\">Fabricando ladrillos de adobe, 2020<\/figcaption><\/figure>\n<p>En primavera de 2020 comenzamos con tareas de\u00a0 <strong>bioconstrucci\u00f3n<\/strong>. Materiales como la tierra, cal y madera, principios de bioclim\u00e1tica y casas pasivas entraron plenamente en el proyecto. Durante el largo verano de 2020 hicimos, con la ayuda de casi un centenar de personas venidas de los m\u00e1s diversos lugares, miles de ladrillos de adobe. Hoy los muros se alzan hacia el cielo en medio de este rinc\u00f3n cada d\u00eda m\u00e1s radiantemente verde.<\/p>\n<figure id=\"attachment_1571\" aria-describedby=\"caption-attachment-1571\" style=\"width: 300px\" class=\"wp-caption alignleft\"><img loading=\"lazy\" decoding=\"async\" class=\"wp-image-1571 size-medium\" src=\"https:\/\/www.latribuajena.org\/wp-content\/uploads\/2023\/02\/DSC_6930-300x201.jpg\" alt=\"\" width=\"300\" height=\"201\" srcset=\"https:\/\/www.latribuajena.org\/wp-content\/uploads\/2023\/02\/DSC_6930-300x201.jpg 300w, https:\/\/www.latribuajena.org\/wp-content\/uploads\/2023\/02\/DSC_6930-1024x685.jpg 1024w, https:\/\/www.latribuajena.org\/wp-content\/uploads\/2023\/02\/DSC_6930-768x514.jpg 768w, https:\/\/www.latribuajena.org\/wp-content\/uploads\/2023\/02\/DSC_6930-1536x1028.jpg 1536w, https:\/\/www.latribuajena.org\/wp-content\/uploads\/2023\/02\/DSC_6930-18x12.jpg 18w, https:\/\/www.latribuajena.org\/wp-content\/uploads\/2023\/02\/DSC_6930-scaled.jpg 1920w\" sizes=\"auto, (max-width: 300px) 100vw, 300px\" \/><figcaption id=\"caption-attachment-1571\" class=\"wp-caption-text\">Hojas de loto en el estanque de La Tribu Ajena, septiembre 2021 \u00a9 Jos\u00e9 Fadel<\/figcaption><\/figure>\n<p>En nuestro futuro inmediato queda continuar avanzando sobre el proyecto que hemos so\u00f1ado\u00a0 y dise\u00f1ado,\u00a0 llenando de huellas este rinc\u00f3n verde, con la creaci\u00f3n de reservorios de agua,\u00a0 el gallinero, la ampliaci\u00f3n de la huerta y del bosque de alimentos y muchas cosas m\u00e1s.<\/p>\n<div id=\"idreserva\"><\/div>\n<div class=\"su-spacer\" style=\"height:20px\"><\/div>\n<div class=\"su-note caja-reserva\"  style=\"border-color:#dadada;border-radius:5px;-moz-border-radius:5px;-webkit-border-radius:5px;\"><div class=\"su-note-inner su-u-clearfix su-u-trim\" style=\"background-color:#f4f4f4;border-color:#ffffff;color:#000000;border-radius:5px;-moz-border-radius:5px;-webkit-border-radius:5px;\">\n<div class=\"su-row\">\n<div class=\"su-column su-column-size-1-3\"><div class=\"su-column-inner su-u-clearfix su-u-trim\">\n<h3 style=\"text-align: left;\"><strong>Visitas a LA TRIBU AJENA<\/strong><\/h3>\n<p>Si quieres venir a vernos y conocer de primera mano nuestro proyecto, puedes reservar tu plaza para cualquiera de las fechas que tenemos previstas en los pr\u00f3ximos meses (ver calendario). Siempre que el grupo complete un cupo de al menos 4 personas, celebraremos el encuentro. En el caso de que finalmente no sea posible realizarlo por falta de aforo, motivos climatol\u00f3gicos u otras razones, te avisaremos con un m\u00ednimo de dos d\u00edas de antelaci\u00f3n.<\/p>\n<p>La visita consistir\u00e1 en un recorrido explicativo por la finca, en la que relataremos de primera mano la historia del lugar y del proyecto, os mostraremos los elementos del dise\u00f1o en Permacultura de nuestra finca que ya est\u00e1n en funcionamiento, os hablaremos de los pr\u00f3ximos pasos a seguir en la creaci\u00f3n de este peque\u00f1o ecosistema vivo y tendremos tiempo de debate y para intercambiar ideas y resolver dudas.<\/p>\n<p>La visita concluir\u00e1 con un almuerzo campestre y vegetariano a mesa compartida.<\/p>\n<p>La aportaci\u00f3n por la jornada es de 40 euros por persona.<\/p>\n<p>\u00a1Gracias por participar apoyando de esta sencilla manera el cuidado y evoluci\u00f3n de este peque\u00f1o oasis!<br \/>\n<\/div><\/div>\n<div class=\"su-column su-column-size-2-3\"><div class=\"su-column-inner su-u-clearfix su-u-trim\">\n <div id=\"form_id1445081847411\" class=\"wpbc_container wpbc_form wpbc_container_booking_form\" ><form id=\"booking_form1\" class=\"booking_form vertical\" method=\"post\" action=\"\" data-trp-original-action=\"\"><div id=\"ajax_respond_insert1\" class=\"ajax_respond_insert\" style=\"display:none;\"><\/div><a name=\"bklnk1\" id=\"bklnk1\"><\/a><div id=\"booking_form_div1\" class=\"booking_form_div\"><style type=\"text\/css\">.wpbc_container_booking_form .block_hints, .wpbc_booking_form_simple.wpbc_form_center .wpbc__form__div .wpbc__row.wpbc_r_calendar, .wpbc_booking_form_simple .wpbc__form__div .wpbc__row:not(.wpbc_r_calendar){max-width:440px;} <\/style>\n<div class=\"wpbc_booking_form_simple\">\n<div class=\"wpbc__row\">\n  <div class=\"wpbc__field\">\n    <div class=\"wpbc_calendar_wraper wpbc_change_over_triangle wpbc_calendar_skin_legacy\"><div class=\"wpbc_cal_container bk_calendar_frame wpbc_no_custom_width  months_num_in_row_ cal_month_num_1 wpbc_timeslot_day_bg_as_available\" style=\"\"><div id=\"calendar_booking1\"  class=\"wpbc_calendar_id_1\" >\t<div class=\"calendar_loader_frame calendar_loader_frame1\"\r\n\t\tdata-wpbc-rid=\"1\"\r\n\t\tdata-wpbc-grace=\"8000\"\r\n\t\tstyle=\"--wpbc-loader-cols: 1;\"\r\n\t>\r\n\t\t<div class=\"calendar_loader_text\">Loading...<\/div>\r\n\t\t<div class=\"calendar_loader_frame__progress_line_container\">\r\n\t\t\t<div class=\"calendar_loader_frame__progress_line\"><\/div>\r\n\t\t<\/div>\r\n\t<\/div>\r\n\t<\/div><\/div><textarea id=\"date_booking1\" name=\"date_booking1\" autocomplete=\"off\" style=\"display:none;\"><\/textarea><div class=\"block_hints datepick\"><div class=\"wpdev_hint_with_text\"><div class=\"\"><div class=\"datepick-inline wpbc_calendar_legend_table_width_height\"><table class=\"datepick wpbc_calendar\" style=\"\"><tbody><tr><td class=\"datepick-days-cell date_available wpbc_calendar_legend_day_cell_height\"><div class=\"wpbc-cell-box\">\t<div class=\"date-cell-content\">\t\t<div class=\"date-content-top\"><\/div>\t\t<a>&nbsp;<\/a>\t\t<div class=\"date-content-bottom\"><\/div>\t<\/div><\/div><\/td><\/tr><\/tbody><\/table><\/div><\/div><div class=\"block_text\">- <\/div><div class=\"block_text\">Disponible<\/div><\/div><div class=\"wpdev_hint_with_text\"><div class=\"\"><div class=\"datepick-inline wpbc_calendar_legend_table_width_height\"><table class=\"datepick wpbc_calendar\" style=\"\"><tbody><tr><td class=\"datepick-days-cell datepick-unselectable date_user_unavailable full_day_booking date_approved wpbc_calendar_legend_day_cell_height\"><div class=\"wpbc-cell-box\">\t<div class=\"date-cell-content\">\t\t<div class=\"date-content-top\"><\/div>\t\t<span>&nbsp;<\/span>\t\t<div class=\"date-content-bottom\"><\/div>\t<\/div><\/div><\/td><\/tr><\/tbody><\/table><\/div><\/div><div class=\"block_text\">- <\/div><div class=\"block_text\">Reservado<\/div><\/div><div class=\"wpdev_hint_with_text\"><div class=\"\"><span class=\"wpbc_timeslot_day_bg_as_available wpbc_change_over_triangle\"><div class=\"datepick-inline wpbc_calendar_legend_table_width_height\"><table class=\"datepick wpbc_calendar\" style=\"\"><tbody><tr><td class=\"datepick-days-cell date_available date2approve timespartly times_clock wpbc_calendar_legend_day_cell_height\"><div class=\"wpbc-cell-box\">\t<div class=\"wpbc-diagonal-el\">\t\t<div class=\"wpbc-co-out\"><svg height=\"100%\" width=\"100%\" viewbox=\"0 0 100 100\" preserveaspectratio=\"none\"><polygon points=\"0,0 0,99 99,0\"><\/polygon><polygon points=\"0,0 0,100 49,100 49,0\"><\/polygon><\/svg><\/div>\t\t<div class=\"wpbc-co-in\"><svg height=\"100%\" width=\"100%\" viewbox=\"0 0 98 98\" preserveaspectratio=\"none\"><polygon points=\"0,99 99,99 99,0\"><\/polygon><polygon points=\"50,98 98,98 98,0 50,0\"><\/polygon><\/svg><\/div>\t<\/div>\t<div class=\"date-cell-content\">\t\t<div class=\"date-content-top\"><div class=\"wpbc_time_dots\">\u00b7<\/div><\/div>\t\t<a>&nbsp;<\/a>\t\t<div class=\"date-content-bottom\"><\/div>\t<\/div><\/div><\/td><\/tr><\/tbody><\/table><\/div><\/span><\/div><div class=\"block_text\">- <\/div><div class=\"block_text\">Parcialmente reservado<\/div><\/div><\/div><\/div>\n  <\/div>\n  <div class=\"wpbc__field\">\n<div class=\"wpbc__form__div\">\n\t\t\t<div class=\"wpbc__row\">\n\t\t\t\t<div class=\"wpbc_r_name wpbc__field\"> <label>Nombre*<\/label><br><span class=\"wpbc_wrap_text wpdev-form-control-wrap name1\"><input type=\"text\" name=\"name1\" value=\"\" autocomplete=\"name\" class=\"wpdev-validates-as-required\" size=\"40\" \/><\/span> <\/div>\n\t\t\t<\/div>\n\t\t\t<div class=\"wpbc__row\">\n\t\t\t\t<div class=\"wpbc_r_secondname wpbc__field\"> <label>Apellidos*<\/label><br><span class=\"wpbc_wrap_text wpdev-form-control-wrap secondname1\"><input type=\"text\" name=\"secondname1\" value=\"\" autocomplete=\"secondname\" class=\"wpdev-validates-as-required\" size=\"40\" \/><\/span> <\/div>\n\t\t\t<\/div>\n\t\t\t<div class=\"wpbc__row\">\n\t\t\t\t<div class=\"wpbc_r_email wpbc__field\"> <label>Email*<\/label><br><span class=\"wpbc_wrap_text wpdev-form-control-wrap email1\"><input type=\"email\" name=\"email1\" value=\"\" autocomplete=\"email\" class=\"wpdev-validates-as-email wpdev-validates-as-required\" size=\"40\" \/><\/span> <\/div>\n\t\t\t<\/div>\n\t\t\t<div class=\"wpbc__row\">\n\t\t\t\t<div class=\"wpbc_r_visitors wpbc__field\"> <label>Numero de visitantes<\/label><br><span class=\"wpbc_wrap_select wpdev-form-control-wrap visitors1\"><select onchange=\"javascript:if(typeof( wpbc_show_cost_hints_after_few_seconds )=='function'){wpbc_show_cost_hints_after_few_seconds(1);}\" name=\"visitors1\" autocomplete=\"visitors\"><option value=\"1\">1<\/option><option value=\"2\">2<\/option><option value=\"3\">3<\/option><option value=\"4\">4<\/option><\/select><\/span> <\/div>\n\t\t\t<\/div>\n\t\t\t<div class=\"wpbc__row\">\n\t\t\t\t<div class=\"wpbc_r_phone wpbc__field\"> <label>Tel\u00e9fono*<\/label><br><span class=\"wpbc_wrap_text wpdev-form-control-wrap phone1\"><input type=\"text\" name=\"phone1\" value=\"\" autocomplete=\"phone\" class=\"wpdev-validates-as-required\" size=\"40\" \/><\/span> <\/div>\n\t\t\t<\/div>\n\t\t\t<div class=\"wpbc__row\">\n\t\t\t\t<div class=\"wpbc_r_details wpbc__field\"> <label>Comentarios<\/label><br><span class=\"wpbc_wrap_textarea wpdev-form-control-wrap details1\"><textarea name=\"details1\" autocomplete=\"details\"><\/textarea><\/span> <\/div>\n\t\t\t<\/div>\n\t\t\t<div class=\"wpbc__row\">\n\t\t\t\t<div class=\"wpbc_r_captcha wpbc__field\"> <label><\/label><br><span class=\"wpbc_text_captcha_container wpdev-form-control-wrap\"><input  autocomplete=\"off\" type=\"hidden\" name=\"wpdev_captcha_challenge_1\"  id=\"wpdev_captcha_challenge_1\" value=\"3064370476\" \/><input  autocomplete=\"off\" type=\"text\" class=\"captachinput\" value=\"\" name=\"captcha_input1\" id=\"captcha_input1\" \/><img decoding=\"async\" class=\"captcha_img\"  id=\"captcha_img1\" alt=\"To show CAPTCHA, please deactivate cache plugin or exclude this page from caching or disable CAPTCHA at WP Booking Calendar - Settings General page in Form Options section.\" src=\"https:\/\/www.latribuajena.org\/wp-content\/plugins\/booking\/js\/captcha\/tmp\/3064370476.png\" loading=\"lazy\" \/><\/span> <\/div>\n\t\t\t<\/div>\n\t\t\t<div class=\"wpbc__row\">\n\t\t\t\t<div class=\"wpbc_r_submit wpbc__field\"><input type=\"button\" value=\"Hacer reserva\" class=\"wpbc_button_light  btn btn\" onclick=\"wpbc_booking_form_submit(this.form,1, 'en_US');\" \/> <\/div>\n\t\t\t<\/div>\n<\/div>\n\t<\/div>\n\t<\/div>\n<\/div><input id=\"bk_type1\" name=\"bk_type1\" class=\"\" type=\"hidden\" value=\"1\" \/><\/div><div id=\"submiting1\"><\/div><div class=\"form_bk_messages\" id=\"form_bk_messages1\" ><\/div><input type=\"hidden\" id=\"wpbc_nonceCALCULATE_THE_COST1\" name=\"wpbc_nonceCALCULATE_THE_COST1\" value=\"325da03985\" \/><input type=\"hidden\" name=\"_wp_http_referer\" value=\"\/en\/wp-json\/wp\/v2\/pages\/137\" \/><input type=\"hidden\" name=\"trp-form-language\" value=\"en\"\/><\/form><\/div><div id=\"booking_form_garbage1\" class=\"booking_form_garbage\"><\/div> \n<\/div><\/div>\n<\/div>\n<\/div><\/div>\n<div class=\"su-spacer\" style=\"height:20px\"><\/div>\n<h3 style=\"text-align: center;\"><strong>Photo gallery<\/strong><strong>\u00a0<\/strong><\/h3>\n<div class=\"su-row\">\n<div class=\"su-column su-column-size-2-3 caja-contenido su-column-centered\"><div class=\"su-column-inner su-u-clearfix su-u-trim\">\n<div class=\"su-image-carousel  su-image-carousel-crop su-image-carousel-crop-4-3 su-image-carousel-adaptive su-image-carousel-slides-style-minimal su-image-carousel-controls-style-light su-image-carousel-align-center\" style=\"\" data-flickity-options='{\"groupCells\":true,\"cellSelector\":\".su-image-carousel-item\",\"adaptiveHeight\":false,\"cellAlign\":\"left\",\"prevNextButtons\":true,\"pageDots\":false,\"autoPlay\":3000,\"imagesLoaded\":true,\"contain\":true,\"selectedAttraction\":0.025,\"friction\":0.28}' id=\"su_image_carousel_69f2041fdec4d\"><div class=\"su-image-carousel-item\"><div class=\"su-image-carousel-item-content\"><img loading=\"lazy\" decoding=\"async\" width=\"1920\" height=\"1440\" src=\"https:\/\/www.latribuajena.org\/wp-content\/uploads\/2022\/02\/MG_4119-min.jpg\" class=\"\" alt=\"\" srcset=\"https:\/\/www.latribuajena.org\/wp-content\/uploads\/2022\/02\/MG_4119-min.jpg 1920w, https:\/\/www.latribuajena.org\/wp-content\/uploads\/2022\/02\/MG_4119-min-300x225.jpg 300w, https:\/\/www.latribuajena.org\/wp-content\/uploads\/2022\/02\/MG_4119-min-1024x768.jpg 1024w, https:\/\/www.latribuajena.org\/wp-content\/uploads\/2022\/02\/MG_4119-min-768x576.jpg 768w, https:\/\/www.latribuajena.org\/wp-content\/uploads\/2022\/02\/MG_4119-min-1536x1152.jpg 1536w, https:\/\/www.latribuajena.org\/wp-content\/uploads\/2022\/02\/MG_4119-min-16x12.jpg 16w\" sizes=\"auto, (max-width: 1920px) 100vw, 1920px\" \/><span><\/span><\/div><\/div><div class=\"su-image-carousel-item\"><div class=\"su-image-carousel-item-content\"><img loading=\"lazy\" decoding=\"async\" width=\"1920\" height=\"1271\" src=\"https:\/\/www.latribuajena.org\/wp-content\/uploads\/2022\/03\/a12d4a77-b0ca-462c-a603-86984d3d2c4a-min.jpg\" class=\"\" alt=\"\" srcset=\"https:\/\/www.latribuajena.org\/wp-content\/uploads\/2022\/03\/a12d4a77-b0ca-462c-a603-86984d3d2c4a-min.jpg 1920w, https:\/\/www.latribuajena.org\/wp-content\/uploads\/2022\/03\/a12d4a77-b0ca-462c-a603-86984d3d2c4a-min-300x199.jpg 300w, https:\/\/www.latribuajena.org\/wp-content\/uploads\/2022\/03\/a12d4a77-b0ca-462c-a603-86984d3d2c4a-min-1024x678.jpg 1024w, https:\/\/www.latribuajena.org\/wp-content\/uploads\/2022\/03\/a12d4a77-b0ca-462c-a603-86984d3d2c4a-min-768x508.jpg 768w, https:\/\/www.latribuajena.org\/wp-content\/uploads\/2022\/03\/a12d4a77-b0ca-462c-a603-86984d3d2c4a-min-1536x1017.jpg 1536w, https:\/\/www.latribuajena.org\/wp-content\/uploads\/2022\/03\/a12d4a77-b0ca-462c-a603-86984d3d2c4a-min-18x12.jpg 18w\" sizes=\"auto, (max-width: 1920px) 100vw, 1920px\" \/><span><\/span><\/div><\/div><div class=\"su-image-carousel-item\"><div class=\"su-image-carousel-item-content\"><img loading=\"lazy\" decoding=\"async\" width=\"1920\" height=\"1271\" src=\"https:\/\/www.latribuajena.org\/wp-content\/uploads\/2022\/03\/89699280-6fa2-4e43-8471-e7a574177377-min.jpg\" class=\"\" alt=\"\" srcset=\"https:\/\/www.latribuajena.org\/wp-content\/uploads\/2022\/03\/89699280-6fa2-4e43-8471-e7a574177377-min.jpg 1920w, https:\/\/www.latribuajena.org\/wp-content\/uploads\/2022\/03\/89699280-6fa2-4e43-8471-e7a574177377-min-300x199.jpg 300w, https:\/\/www.latribuajena.org\/wp-content\/uploads\/2022\/03\/89699280-6fa2-4e43-8471-e7a574177377-min-1024x678.jpg 1024w, https:\/\/www.latribuajena.org\/wp-content\/uploads\/2022\/03\/89699280-6fa2-4e43-8471-e7a574177377-min-768x508.jpg 768w, https:\/\/www.latribuajena.org\/wp-content\/uploads\/2022\/03\/89699280-6fa2-4e43-8471-e7a574177377-min-1536x1017.jpg 1536w, https:\/\/www.latribuajena.org\/wp-content\/uploads\/2022\/03\/89699280-6fa2-4e43-8471-e7a574177377-min-18x12.jpg 18w\" sizes=\"auto, (max-width: 1920px) 100vw, 1920px\" \/><span><\/span><\/div><\/div><div class=\"su-image-carousel-item\"><div class=\"su-image-carousel-item-content\"><img loading=\"lazy\" decoding=\"async\" width=\"1920\" height=\"1271\" src=\"https:\/\/www.latribuajena.org\/wp-content\/uploads\/2022\/03\/7bddb625-3c56-45c8-9b32-4dbcd65a6cc4-min.jpg\" class=\"\" alt=\"\" srcset=\"https:\/\/www.latribuajena.org\/wp-content\/uploads\/2022\/03\/7bddb625-3c56-45c8-9b32-4dbcd65a6cc4-min.jpg 1920w, https:\/\/www.latribuajena.org\/wp-content\/uploads\/2022\/03\/7bddb625-3c56-45c8-9b32-4dbcd65a6cc4-min-300x199.jpg 300w, https:\/\/www.latribuajena.org\/wp-content\/uploads\/2022\/03\/7bddb625-3c56-45c8-9b32-4dbcd65a6cc4-min-1024x678.jpg 1024w, https:\/\/www.latribuajena.org\/wp-content\/uploads\/2022\/03\/7bddb625-3c56-45c8-9b32-4dbcd65a6cc4-min-768x508.jpg 768w, https:\/\/www.latribuajena.org\/wp-content\/uploads\/2022\/03\/7bddb625-3c56-45c8-9b32-4dbcd65a6cc4-min-1536x1017.jpg 1536w, https:\/\/www.latribuajena.org\/wp-content\/uploads\/2022\/03\/7bddb625-3c56-45c8-9b32-4dbcd65a6cc4-min-18x12.jpg 18w\" sizes=\"auto, (max-width: 1920px) 100vw, 1920px\" \/><span><\/span><\/div><\/div><div class=\"su-image-carousel-item\"><div class=\"su-image-carousel-item-content\"><img loading=\"lazy\" decoding=\"async\" width=\"1920\" height=\"1271\" src=\"https:\/\/www.latribuajena.org\/wp-content\/uploads\/2022\/03\/7b7e1d3e-2d05-4a4f-888f-afba61c5cd40-min.jpg\" class=\"\" alt=\"\" srcset=\"https:\/\/www.latribuajena.org\/wp-content\/uploads\/2022\/03\/7b7e1d3e-2d05-4a4f-888f-afba61c5cd40-min.jpg 1920w, https:\/\/www.latribuajena.org\/wp-content\/uploads\/2022\/03\/7b7e1d3e-2d05-4a4f-888f-afba61c5cd40-min-300x199.jpg 300w, https:\/\/www.latribuajena.org\/wp-content\/uploads\/2022\/03\/7b7e1d3e-2d05-4a4f-888f-afba61c5cd40-min-1024x678.jpg 1024w, https:\/\/www.latribuajena.org\/wp-content\/uploads\/2022\/03\/7b7e1d3e-2d05-4a4f-888f-afba61c5cd40-min-768x508.jpg 768w, https:\/\/www.latribuajena.org\/wp-content\/uploads\/2022\/03\/7b7e1d3e-2d05-4a4f-888f-afba61c5cd40-min-1536x1017.jpg 1536w, https:\/\/www.latribuajena.org\/wp-content\/uploads\/2022\/03\/7b7e1d3e-2d05-4a4f-888f-afba61c5cd40-min-18x12.jpg 18w\" sizes=\"auto, (max-width: 1920px) 100vw, 1920px\" \/><span><\/span><\/div><\/div><div class=\"su-image-carousel-item\"><div class=\"su-image-carousel-item-content\"><img loading=\"lazy\" decoding=\"async\" width=\"1920\" height=\"1271\" src=\"https:\/\/www.latribuajena.org\/wp-content\/uploads\/2022\/03\/6f3b1388-80db-428b-af7f-a56de6260974-min.jpg\" class=\"\" alt=\"\" srcset=\"https:\/\/www.latribuajena.org\/wp-content\/uploads\/2022\/03\/6f3b1388-80db-428b-af7f-a56de6260974-min.jpg 1920w, https:\/\/www.latribuajena.org\/wp-content\/uploads\/2022\/03\/6f3b1388-80db-428b-af7f-a56de6260974-min-300x199.jpg 300w, https:\/\/www.latribuajena.org\/wp-content\/uploads\/2022\/03\/6f3b1388-80db-428b-af7f-a56de6260974-min-1024x678.jpg 1024w, https:\/\/www.latribuajena.org\/wp-content\/uploads\/2022\/03\/6f3b1388-80db-428b-af7f-a56de6260974-min-768x508.jpg 768w, https:\/\/www.latribuajena.org\/wp-content\/uploads\/2022\/03\/6f3b1388-80db-428b-af7f-a56de6260974-min-1536x1017.jpg 1536w, https:\/\/www.latribuajena.org\/wp-content\/uploads\/2022\/03\/6f3b1388-80db-428b-af7f-a56de6260974-min-18x12.jpg 18w\" sizes=\"auto, (max-width: 1920px) 100vw, 1920px\" \/><span><\/span><\/div><\/div><div class=\"su-image-carousel-item\"><div class=\"su-image-carousel-item-content\"><img loading=\"lazy\" decoding=\"async\" width=\"1920\" height=\"1271\" src=\"https:\/\/www.latribuajena.org\/wp-content\/uploads\/2022\/03\/5a93db6f-7107-497b-90e3-4b01f21064aa-min.jpg\" class=\"\" alt=\"\" srcset=\"https:\/\/www.latribuajena.org\/wp-content\/uploads\/2022\/03\/5a93db6f-7107-497b-90e3-4b01f21064aa-min.jpg 1920w, https:\/\/www.latribuajena.org\/wp-content\/uploads\/2022\/03\/5a93db6f-7107-497b-90e3-4b01f21064aa-min-300x199.jpg 300w, https:\/\/www.latribuajena.org\/wp-content\/uploads\/2022\/03\/5a93db6f-7107-497b-90e3-4b01f21064aa-min-1024x678.jpg 1024w, https:\/\/www.latribuajena.org\/wp-content\/uploads\/2022\/03\/5a93db6f-7107-497b-90e3-4b01f21064aa-min-768x508.jpg 768w, https:\/\/www.latribuajena.org\/wp-content\/uploads\/2022\/03\/5a93db6f-7107-497b-90e3-4b01f21064aa-min-1536x1017.jpg 1536w, https:\/\/www.latribuajena.org\/wp-content\/uploads\/2022\/03\/5a93db6f-7107-497b-90e3-4b01f21064aa-min-18x12.jpg 18w\" sizes=\"auto, (max-width: 1920px) 100vw, 1920px\" \/><span><\/span><\/div><\/div><div class=\"su-image-carousel-item\"><div class=\"su-image-carousel-item-content\"><img loading=\"lazy\" decoding=\"async\" width=\"1920\" height=\"1271\" src=\"https:\/\/www.latribuajena.org\/wp-content\/uploads\/2022\/03\/4f8ce2d7-610c-4b6e-870d-8a61fd324c84-min.jpg\" class=\"\" alt=\"\" srcset=\"https:\/\/www.latribuajena.org\/wp-content\/uploads\/2022\/03\/4f8ce2d7-610c-4b6e-870d-8a61fd324c84-min.jpg 1920w, https:\/\/www.latribuajena.org\/wp-content\/uploads\/2022\/03\/4f8ce2d7-610c-4b6e-870d-8a61fd324c84-min-300x199.jpg 300w, https:\/\/www.latribuajena.org\/wp-content\/uploads\/2022\/03\/4f8ce2d7-610c-4b6e-870d-8a61fd324c84-min-1024x678.jpg 1024w, https:\/\/www.latribuajena.org\/wp-content\/uploads\/2022\/03\/4f8ce2d7-610c-4b6e-870d-8a61fd324c84-min-768x508.jpg 768w, https:\/\/www.latribuajena.org\/wp-content\/uploads\/2022\/03\/4f8ce2d7-610c-4b6e-870d-8a61fd324c84-min-1536x1017.jpg 1536w, https:\/\/www.latribuajena.org\/wp-content\/uploads\/2022\/03\/4f8ce2d7-610c-4b6e-870d-8a61fd324c84-min-18x12.jpg 18w\" sizes=\"auto, (max-width: 1920px) 100vw, 1920px\" \/><span><\/span><\/div><\/div><\/div><script id=\"su_image_carousel_69f2041fdec4d_script\">if(window.SUImageCarousel){setTimeout(function() {window.SUImageCarousel.initGallery(document.getElementById(\"su_image_carousel_69f2041fdec4d\"))}, 0);}var su_image_carousel_69f2041fdec4d_script=document.getElementById(\"su_image_carousel_69f2041fdec4d_script\");if(su_image_carousel_69f2041fdec4d_script){su_image_carousel_69f2041fdec4d_script.parentNode.removeChild(su_image_carousel_69f2041fdec4d_script);}<\/script>\n<\/div><\/div>\n<\/div>","protected":false},"excerpt":{"rendered":"<p>Un pedacito de historia: creando suelo y tocando cielo \u00a1Ven a vernos! En oto\u00f1o de 2018, tras un a\u00f1o intenso de reconocimiento de nuestro entorno y de b\u00fasqueda de un terreno, nos hicimos con un naranjal familiar situado en las proximidades de un pueblo muy cercano a Sevilla, San Jos\u00e9 de La Rinconada. Ah\u00ed comienza esta gran aventura, \u201cLa Tribu&hellip;<\/p>","protected":false},"author":2,"featured_media":1570,"parent":0,"menu_order":0,"comment_status":"closed","ping_status":"closed","template":"","meta":{"footnotes":""},"class_list":["post-137","page","type-page","status-publish","has-post-thumbnail","hentry"],"yoast_head":"<!-- This site is optimized with the Yoast SEO plugin v27.5 - https:\/\/yoast.com\/product\/yoast-seo-wordpress\/ -->\n<title>Con\u00f3cenos - La Tribu Ajena<\/title>\n<meta name=\"robots\" content=\"index, follow, max-snippet:-1, max-image-preview:large, max-video-preview:-1\" \/>\n<link rel=\"canonical\" href=\"https:\/\/www.latribuajena.org\/en\/conocenos\/\" \/>\n<meta property=\"og:locale\" content=\"en_US\" \/>\n<meta property=\"og:type\" content=\"article\" \/>\n<meta property=\"og:title\" content=\"Con\u00f3cenos - La Tribu Ajena\" \/>\n<meta property=\"og:description\" content=\"Un pedacito de historia: creando suelo y tocando cielo \u00a1Ven a vernos! En oto\u00f1o de 2018, tras un a\u00f1o intenso de reconocimiento de nuestro entorno y de b\u00fasqueda de un terreno, nos hicimos con un naranjal familiar situado en las proximidades de un pueblo muy cercano a Sevilla, San Jos\u00e9 de La Rinconada. Ah\u00ed comienza esta gran aventura, \u201cLa Tribu&hellip;\" \/>\n<meta property=\"og:url\" content=\"https:\/\/www.latribuajena.org\/en\/conocenos\/\" \/>\n<meta property=\"og:site_name\" content=\"La Tribu Ajena\" \/>\n<meta property=\"article:modified_time\" content=\"2023-06-14T08:46:58+00:00\" \/>\n<meta property=\"og:image\" content=\"https:\/\/www.latribuajena.org\/wp-content\/uploads\/2023\/02\/DSC_6928-scaled.jpg\" \/>\n\t<meta property=\"og:image:width\" content=\"1920\" \/>\n\t<meta property=\"og:image:height\" content=\"1285\" \/>\n\t<meta property=\"og:image:type\" content=\"image\/jpeg\" \/>\n<meta name=\"twitter:card\" content=\"summary_large_image\" \/>\n<meta name=\"twitter:label1\" content=\"Est. reading time\" \/>\n\t<meta name=\"twitter:data1\" content=\"4 minutes\" \/>\n<script type=\"application\/ld+json\" class=\"yoast-schema-graph\">{\"@context\":\"https:\\\/\\\/schema.org\",\"@graph\":[{\"@type\":\"WebPage\",\"@id\":\"https:\\\/\\\/www.latribuajena.org\\\/conocenos\\\/\",\"url\":\"https:\\\/\\\/www.latribuajena.org\\\/conocenos\\\/\",\"name\":\"Con\u00f3cenos - La Tribu Ajena\",\"isPartOf\":{\"@id\":\"https:\\\/\\\/www.latribuajena.org\\\/#website\"},\"primaryImageOfPage\":{\"@id\":\"https:\\\/\\\/www.latribuajena.org\\\/conocenos\\\/#primaryimage\"},\"image\":{\"@id\":\"https:\\\/\\\/www.latribuajena.org\\\/conocenos\\\/#primaryimage\"},\"thumbnailUrl\":\"https:\\\/\\\/www.latribuajena.org\\\/wp-content\\\/uploads\\\/2023\\\/02\\\/DSC_6928-scaled.jpg\",\"datePublished\":\"2021-10-25T10:10:20+00:00\",\"dateModified\":\"2023-06-14T08:46:58+00:00\",\"breadcrumb\":{\"@id\":\"https:\\\/\\\/www.latribuajena.org\\\/conocenos\\\/#breadcrumb\"},\"inLanguage\":\"en-US\",\"potentialAction\":[{\"@type\":\"ReadAction\",\"target\":[\"https:\\\/\\\/www.latribuajena.org\\\/conocenos\\\/\"]}]},{\"@type\":\"ImageObject\",\"inLanguage\":\"en-US\",\"@id\":\"https:\\\/\\\/www.latribuajena.org\\\/conocenos\\\/#primaryimage\",\"url\":\"https:\\\/\\\/www.latribuajena.org\\\/wp-content\\\/uploads\\\/2023\\\/02\\\/DSC_6928-scaled.jpg\",\"contentUrl\":\"https:\\\/\\\/www.latribuajena.org\\\/wp-content\\\/uploads\\\/2023\\\/02\\\/DSC_6928-scaled.jpg\",\"width\":1920,\"height\":1285},{\"@type\":\"BreadcrumbList\",\"@id\":\"https:\\\/\\\/www.latribuajena.org\\\/conocenos\\\/#breadcrumb\",\"itemListElement\":[{\"@type\":\"ListItem\",\"position\":1,\"name\":\"Portada\",\"item\":\"https:\\\/\\\/www.latribuajena.org\\\/\"},{\"@type\":\"ListItem\",\"position\":2,\"name\":\"Con\u00f3cenos\"}]},{\"@type\":\"WebSite\",\"@id\":\"https:\\\/\\\/www.latribuajena.org\\\/#website\",\"url\":\"https:\\\/\\\/www.latribuajena.org\\\/\",\"name\":\"La Tribu Ajena\",\"description\":\"Escuela de Vida en Permacultura\",\"publisher\":{\"@id\":\"https:\\\/\\\/www.latribuajena.org\\\/#organization\"},\"potentialAction\":[{\"@type\":\"SearchAction\",\"target\":{\"@type\":\"EntryPoint\",\"urlTemplate\":\"https:\\\/\\\/www.latribuajena.org\\\/?s={search_term_string}\"},\"query-input\":{\"@type\":\"PropertyValueSpecification\",\"valueRequired\":true,\"valueName\":\"search_term_string\"}}],\"inLanguage\":\"en-US\"},{\"@type\":\"Organization\",\"@id\":\"https:\\\/\\\/www.latribuajena.org\\\/#organization\",\"name\":\"La Tribu Ajena\",\"url\":\"https:\\\/\\\/www.latribuajena.org\\\/\",\"logo\":{\"@type\":\"ImageObject\",\"inLanguage\":\"en-US\",\"@id\":\"https:\\\/\\\/www.latribuajena.org\\\/#\\\/schema\\\/logo\\\/image\\\/\",\"url\":\"https:\\\/\\\/www.latribuajena.org\\\/wp-content\\\/uploads\\\/2022\\\/01\\\/logo-tribu-ajena-1.png\",\"contentUrl\":\"https:\\\/\\\/www.latribuajena.org\\\/wp-content\\\/uploads\\\/2022\\\/01\\\/logo-tribu-ajena-1.png\",\"width\":200,\"height\":255,\"caption\":\"La Tribu Ajena\"},\"image\":{\"@id\":\"https:\\\/\\\/www.latribuajena.org\\\/#\\\/schema\\\/logo\\\/image\\\/\"}}]}<\/script>\n<!-- \/ Yoast SEO plugin. -->","yoast_head_json":{"title":"Con\u00f3cenos - La Tribu Ajena","robots":{"index":"index","follow":"follow","max-snippet":"max-snippet:-1","max-image-preview":"max-image-preview:large","max-video-preview":"max-video-preview:-1"},"canonical":"https:\/\/www.latribuajena.org\/en\/conocenos\/","og_locale":"en_US","og_type":"article","og_title":"Con\u00f3cenos - La Tribu Ajena","og_description":"Un pedacito de historia: creando suelo y tocando cielo \u00a1Ven a vernos! En oto\u00f1o de 2018, tras un a\u00f1o intenso de reconocimiento de nuestro entorno y de b\u00fasqueda de un terreno, nos hicimos con un naranjal familiar situado en las proximidades de un pueblo muy cercano a Sevilla, San Jos\u00e9 de La Rinconada. Ah\u00ed comienza esta gran aventura, \u201cLa Tribu&hellip;","og_url":"https:\/\/www.latribuajena.org\/en\/conocenos\/","og_site_name":"La Tribu Ajena","article_modified_time":"2023-06-14T08:46:58+00:00","og_image":[{"width":1920,"height":1285,"url":"https:\/\/www.latribuajena.org\/wp-content\/uploads\/2023\/02\/DSC_6928-scaled.jpg","type":"image\/jpeg"}],"twitter_card":"summary_large_image","twitter_misc":{"Est. reading time":"4 minutes"},"schema":{"@context":"https:\/\/schema.org","@graph":[{"@type":"WebPage","@id":"https:\/\/www.latribuajena.org\/conocenos\/","url":"https:\/\/www.latribuajena.org\/conocenos\/","name":"Con\u00f3cenos - La Tribu Ajena","isPartOf":{"@id":"https:\/\/www.latribuajena.org\/#website"},"primaryImageOfPage":{"@id":"https:\/\/www.latribuajena.org\/conocenos\/#primaryimage"},"image":{"@id":"https:\/\/www.latribuajena.org\/conocenos\/#primaryimage"},"thumbnailUrl":"https:\/\/www.latribuajena.org\/wp-content\/uploads\/2023\/02\/DSC_6928-scaled.jpg","datePublished":"2021-10-25T10:10:20+00:00","dateModified":"2023-06-14T08:46:58+00:00","breadcrumb":{"@id":"https:\/\/www.latribuajena.org\/conocenos\/#breadcrumb"},"inLanguage":"en-US","potentialAction":[{"@type":"ReadAction","target":["https:\/\/www.latribuajena.org\/conocenos\/"]}]},{"@type":"ImageObject","inLanguage":"en-US","@id":"https:\/\/www.latribuajena.org\/conocenos\/#primaryimage","url":"https:\/\/www.latribuajena.org\/wp-content\/uploads\/2023\/02\/DSC_6928-scaled.jpg","contentUrl":"https:\/\/www.latribuajena.org\/wp-content\/uploads\/2023\/02\/DSC_6928-scaled.jpg","width":1920,"height":1285},{"@type":"BreadcrumbList","@id":"https:\/\/www.latribuajena.org\/conocenos\/#breadcrumb","itemListElement":[{"@type":"ListItem","position":1,"name":"Portada","item":"https:\/\/www.latribuajena.org\/"},{"@type":"ListItem","position":2,"name":"Con\u00f3cenos"}]},{"@type":"WebSite","@id":"https:\/\/www.latribuajena.org\/#website","url":"https:\/\/www.latribuajena.org\/","name":"La Tribu Ajena","description":"Permaculture Living School","publisher":{"@id":"https:\/\/www.latribuajena.org\/#organization"},"potentialAction":[{"@type":"SearchAction","target":{"@type":"EntryPoint","urlTemplate":"https:\/\/www.latribuajena.org\/?s={search_term_string}"},"query-input":{"@type":"PropertyValueSpecification","valueRequired":true,"valueName":"search_term_string"}}],"inLanguage":"en-US"},{"@type":"Organization","@id":"https:\/\/www.latribuajena.org\/#organization","name":"La Tribu Ajena","url":"https:\/\/www.latribuajena.org\/","logo":{"@type":"ImageObject","inLanguage":"en-US","@id":"https:\/\/www.latribuajena.org\/#\/schema\/logo\/image\/","url":"https:\/\/www.latribuajena.org\/wp-content\/uploads\/2022\/01\/logo-tribu-ajena-1.png","contentUrl":"https:\/\/www.latribuajena.org\/wp-content\/uploads\/2022\/01\/logo-tribu-ajena-1.png","width":200,"height":255,"caption":"La Tribu Ajena"},"image":{"@id":"https:\/\/www.latribuajena.org\/#\/schema\/logo\/image\/"}}]}},"_links":{"self":[{"href":"https:\/\/www.latribuajena.org\/en\/wp-json\/wp\/v2\/pages\/137","targetHints":{"allow":["GET"]}}],"collection":[{"href":"https:\/\/www.latribuajena.org\/en\/wp-json\/wp\/v2\/pages"}],"about":[{"href":"https:\/\/www.latribuajena.org\/en\/wp-json\/wp\/v2\/types\/page"}],"author":[{"embeddable":true,"href":"https:\/\/www.latribuajena.org\/en\/wp-json\/wp\/v2\/users\/2"}],"replies":[{"embeddable":true,"href":"https:\/\/www.latribuajena.org\/en\/wp-json\/wp\/v2\/comments?post=137"}],"version-history":[{"count":81,"href":"https:\/\/www.latribuajena.org\/en\/wp-json\/wp\/v2\/pages\/137\/revisions"}],"predecessor-version":[{"id":1930,"href":"https:\/\/www.latribuajena.org\/en\/wp-json\/wp\/v2\/pages\/137\/revisions\/1930"}],"wp:featuredmedia":[{"embeddable":true,"href":"https:\/\/www.latribuajena.org\/en\/wp-json\/wp\/v2\/media\/1570"}],"wp:attachment":[{"href":"https:\/\/www.latribuajena.org\/en\/wp-json\/wp\/v2\/media?parent=137"}],"curies":[{"name":"wp","href":"https:\/\/api.w.org\/{rel}","templated":true}]}}