{"id":141,"date":"2021-10-25T10:12:43","date_gmt":"2021-10-25T10:12:43","guid":{"rendered":"https:\/\/www.latribuajena.org\/?page_id=141"},"modified":"2023-02-23T14:23:02","modified_gmt":"2023-02-23T14:23:02","slug":"voluntariado","status":"publish","type":"page","link":"https:\/\/www.latribuajena.org\/en\/voluntariado\/","title":{"rendered":"Voluntariado"},"content":{"rendered":"<h3><strong>Come to La Tribu Ajena<br \/>\n<\/strong><\/h3>\n<div class=\"su-note\"  style=\"border-color:#dadada;border-radius:3px;-moz-border-radius:3px;-webkit-border-radius:3px;\"><div class=\"su-note-inner su-u-clearfix su-u-trim\" style=\"background-color:#f4f4f4;border-color:#ffffff;color:#333333;border-radius:3px;-moz-border-radius:3px;-webkit-border-radius:3px;\">\n<div class=\"caja-2\">\n<h4><strong>Volunteering Conditions<\/strong><strong>\u00a0<\/strong><\/h4>\n<p>If you want to be part of this project temporarily, you can apply to volunteer with us. Our minimum stay is one month, and our maximum stay is 6 months (only in some cases). You must be at least 18 years old.<\/p>\n<p>To formalise your volunteering with us you need to register at <a href=\"https:\/\/wwoof.es\/\" target=\"_blank\" rel=\"noopener\"><strong>wwoof.es<\/strong><\/a> and to process your application to stay at the farm through the platform.<strong>\u00a0<\/strong><\/p>\n<p>The hours of volunteer work are generally divided between Monday and Friday mornings, with a variable timetable depending on the sunlight (and above all the heat).  The rest of the work in La Tribu Ajena is done in shifts: cooking, washing dishes, composting, etc.  In addition, one evening a week we meet in the Jaima or common space to hold a Circle, where we carefully attend to all the issues that need to be addressed with more time and listening, we welcome people, organise farewells, propose celebrations and activities for the group, deal with conflicts, etc.<\/p>\n<p>Also, once a week in the afternoon we have a general cleaning of the volunteer house and common areas, and the presence at this work is compulsory.<\/p>\n<p>La comida es casera (cocinamos por turnos, recuerda), de temporada, y vegetariana. El pan y el yogurt aprender\u00e1s a hacerlos aqu\u00ed, entre otras muchas cosas.<\/p>\n<p>If you have any allergies or intolerances, specific dietary requirements, limiting illnesses or medications that we need to know about, please let us know before you come.<strong>\u00a0<\/strong><\/p>\n<p>All the toilets are dry toilets, composting toilets. This is the ecological toilet. We will explain how to use it and the handling involved. It is important that you follow the instructions carefully.<\/p>\n<p>We have hot and cold water showers and a swimming pool during the summer.<\/p>\n<p>We ask that the personal hygiene products you bring are environmentally friendly and biodegradable. All the water we use is reused for irrigation. We do not use chemicals.<\/p>\n<p>We also have plenty of shade, remember that we are in a mature orange grove, and, next to the volunteer house, there are two large pine trees, the benefactors of the place. In their shade this Tribe grows and evolves.<strong>\u00a0<\/strong><\/p>\n<p>For more information, only if you are interested in coming (minimum one month and under the conditions described above) write to us at <a href=\"https:\/\/www.latribuajena.org\/en\/conecta-y-contacta\/\"><strong>here<\/strong><\/a> or sends a <strong>request<\/strong> to La Tribu Ajena through <a href=\"https:\/\/wwoof.es\/\" target=\"_blank\" rel=\"noopener\"><strong>wwoof.es<\/strong><\/a><\/p>\n<\/div>\n<\/div><\/div>\n<div class=\"su-spacer\" style=\"height:20px\"><\/div>\n<h3><strong>The Tribe speaks<\/strong><strong>\u00a0<\/strong><\/h3>\n<div class=\"caja-vol\">\n<div class=\"su-note\"  style=\"border-color:#dadada;border-radius:3px;-moz-border-radius:3px;-webkit-border-radius:3px;\"><div class=\"su-note-inner su-u-clearfix su-u-trim\" style=\"background-color:#f4f4f4;border-color:#ffffff;color:#333333;border-radius:3px;-moz-border-radius:3px;-webkit-border-radius:3px;\">\n<p><img loading=\"lazy\" decoding=\"async\" class=\"size-full wp-image-1275 aligncenter\" src=\"https:\/\/www.latribuajena.org\/wp-content\/uploads\/2022\/10\/Lidia-exp.jpg\" alt=\"\" width=\"332\" height=\"332\" srcset=\"https:\/\/www.latribuajena.org\/wp-content\/uploads\/2022\/10\/Lidia-exp.jpg 332w, https:\/\/www.latribuajena.org\/wp-content\/uploads\/2022\/10\/Lidia-exp-300x300.jpg 300w, https:\/\/www.latribuajena.org\/wp-content\/uploads\/2022\/10\/Lidia-exp-150x150.jpg 150w, https:\/\/www.latribuajena.org\/wp-content\/uploads\/2022\/10\/Lidia-exp-12x12.jpg 12w\" sizes=\"auto, (max-width: 332px) 100vw, 332px\" \/><\/p>\n<div class=\"su-quote su-quote-style-default cita-vol su-quote-has-cite\"><div class=\"su-quote-inner su-u-clearfix su-u-trim\">\u00a1\u00a1Qu\u00e9 enriquecedora experiencia me llevo de La Tribu!! Incre\u00edble proyecto de bioconstrucci\u00f3n, con Marian y Kanu, generando un espacio familiar donde abrirte, aprender y ayudarnos mutuamente, un pedazo jefe de obra que lo da todo por transmitirte su saber y una hart\u00e1 de re\u00edr y disfrutar que nos hemos dado estos dos meses. Gracias por acogerme y haceme sentir en casa. Lugar donde volver sin lugar a duda. Nos veremos siempre. \u00a1Mucho AMOR! <span class=\"su-quote-cite\">Lidia Rueda, 34 a\u00f1os, C\u00e1diz<\/span><\/div><\/div>\n<\/div><\/div>\n<div class=\"su-note\"  style=\"border-color:#dadada;border-radius:3px;-moz-border-radius:3px;-webkit-border-radius:3px;\"><div class=\"su-note-inner su-u-clearfix su-u-trim\" style=\"background-color:#f4f4f4;border-color:#ffffff;color:#333333;border-radius:3px;-moz-border-radius:3px;-webkit-border-radius:3px;\">\n<img loading=\"lazy\" decoding=\"async\" class=\"alignnone wp-image-1588 size-medium aligncenter\" src=\"https:\/\/www.latribuajena.org\/wp-content\/uploads\/2023\/02\/Laura-Nierostek-300x225.jpg\" alt=\"\" width=\"300\" height=\"225\" srcset=\"https:\/\/www.latribuajena.org\/wp-content\/uploads\/2023\/02\/Laura-Nierostek-300x225.jpg 300w, https:\/\/www.latribuajena.org\/wp-content\/uploads\/2023\/02\/Laura-Nierostek-1024x768.jpg 1024w, https:\/\/www.latribuajena.org\/wp-content\/uploads\/2023\/02\/Laura-Nierostek-768x576.jpg 768w, https:\/\/www.latribuajena.org\/wp-content\/uploads\/2023\/02\/Laura-Nierostek-1536x1152.jpg 1536w, https:\/\/www.latribuajena.org\/wp-content\/uploads\/2023\/02\/Laura-Nierostek-16x12.jpg 16w, https:\/\/www.latribuajena.org\/wp-content\/uploads\/2023\/02\/Laura-Nierostek-scaled.jpg 1920w\" sizes=\"auto, (max-width: 300px) 100vw, 300px\" \/><br \/>\n<div class=\"su-quote su-quote-style-default cita-vol su-quote-has-cite\"><div class=\"su-quote-inner su-u-clearfix su-u-trim\">My visit at La Tribu Ajena was a fantastic experience and more than amazing. Marian and Kanu are incredible people that welcomes you and treat you as family. It will give you the opportunity to learn, grow and experience diffrent things, such as agriculture, the three M&#8217;s and language exchange. I am very thankful for the time I spent there. I would definitely recommend other like-minded, nice, sweet and concerning people to go there, to have the same amazing experience that I had.<span class=\"su-quote-cite\">Laura Nierostek, 19 a\u00f1os, Dinamarca<\/span><\/div><\/div>\n<\/div><\/div>\n<div class=\"su-note\"  style=\"border-color:#dadada;border-radius:3px;-moz-border-radius:3px;-webkit-border-radius:3px;\"><div class=\"su-note-inner su-u-clearfix su-u-trim\" style=\"background-color:#f4f4f4;border-color:#ffffff;color:#333333;border-radius:3px;-moz-border-radius:3px;-webkit-border-radius:3px;\">\n<p><img loading=\"lazy\" decoding=\"async\" class=\"size-full wp-image-1274 aligncenter\" src=\"https:\/\/www.latribuajena.org\/wp-content\/uploads\/2022\/10\/Will-exp.jpg\" alt=\"\" width=\"332\" height=\"332\" srcset=\"https:\/\/www.latribuajena.org\/wp-content\/uploads\/2022\/10\/Will-exp.jpg 332w, https:\/\/www.latribuajena.org\/wp-content\/uploads\/2022\/10\/Will-exp-300x300.jpg 300w, https:\/\/www.latribuajena.org\/wp-content\/uploads\/2022\/10\/Will-exp-150x150.jpg 150w, https:\/\/www.latribuajena.org\/wp-content\/uploads\/2022\/10\/Will-exp-12x12.jpg 12w\" sizes=\"auto, (max-width: 332px) 100vw, 332px\" \/><\/p>\n<div class=\"su-quote su-quote-style-default cita-vol su-quote-has-cite\"><div class=\"su-quote-inner su-u-clearfix su-u-trim\">Que puedo decir sobre la tribu\u2026un sitio incre\u00edble con gente genial por todos partes. Hay un ambiente muy especial y familiar con Mari\u00e1n, Kanu, todos los voluntarios, Horacio\u2026 y los gatos por su puesto. El trabajo es dif\u00edcil pero siempre interesante y divertido con mucho para aprender. La ubicaci\u00f3n cerca del tren a Sevilla se hace muy f\u00e1cil para viajar. Lo recomiendo a todos y espero regresar y visitar cuando la casa est\u00e1 terminada!<span class=\"su-quote-cite\">Will Kent-Dagget, 26 a\u00f1os, EEUU<\/span><\/div><\/div>\n<\/div><\/div>\n<p data-wp-editing=\"1\"><div class=\"su-note\"  style=\"border-color:#dadada;border-radius:3px;-moz-border-radius:3px;-webkit-border-radius:3px;\"><div class=\"su-note-inner su-u-clearfix su-u-trim\" style=\"background-color:#f4f4f4;border-color:#ffffff;color:#333333;border-radius:3px;-moz-border-radius:3px;-webkit-border-radius:3px;\">\n<img loading=\"lazy\" decoding=\"async\" class=\"wp-image-1590 size-medium aligncenter\" src=\"https:\/\/www.latribuajena.org\/wp-content\/uploads\/2023\/02\/Nerea-Varela-300x293.jpg\" alt=\"\" width=\"300\" height=\"293\" srcset=\"https:\/\/www.latribuajena.org\/wp-content\/uploads\/2023\/02\/Nerea-Varela-300x293.jpg 300w, https:\/\/www.latribuajena.org\/wp-content\/uploads\/2023\/02\/Nerea-Varela-768x750.jpg 768w, https:\/\/www.latribuajena.org\/wp-content\/uploads\/2023\/02\/Nerea-Varela-12x12.jpg 12w, https:\/\/www.latribuajena.org\/wp-content\/uploads\/2023\/02\/Nerea-Varela.jpg 833w\" sizes=\"auto, (max-width: 300px) 100vw, 300px\" \/><br \/>\n<div class=\"su-quote su-quote-style-default cita-vol su-quote-has-cite\"><div class=\"su-quote-inner su-u-clearfix su-u-trim\">Ay la Tribu! Que personas tan hermosas viven ah\u00ed &#8212; Com Mari\u00e1n y Kanu enseguida te sientes acogida y seg\u00fan como seas te sientes escuchada y querida. Mari\u00e1n siempre con su energ\u00eda y su gran sentido del humor, Kanu con su tranquilidad y su calidez. Ambos con una filosof\u00eda de escuchar tus ritmos con los de la naturaleza. Son una pareja encantadora que te hace aprender y pertenecer a una comunidad de personas que crea y que hace las cosas con amor.<span class=\"su-quote-cite\">Nerea Varela Castro, 26 a\u00f1os, Galicia, Espa\u00f1a<\/span><\/div><\/div>\n<\/div><\/div>\n<div class=\"su-note\"  style=\"border-color:#dadada;border-radius:3px;-moz-border-radius:3px;-webkit-border-radius:3px;\"><div class=\"su-note-inner su-u-clearfix su-u-trim\" style=\"background-color:#f4f4f4;border-color:#ffffff;color:#333333;border-radius:3px;-moz-border-radius:3px;-webkit-border-radius:3px;\">\n<p><img loading=\"lazy\" decoding=\"async\" class=\"size-full wp-image-1276 aligncenter\" src=\"https:\/\/www.latribuajena.org\/wp-content\/uploads\/2022\/10\/Melanie-exp.jpg\" alt=\"\" width=\"332\" height=\"332\" srcset=\"https:\/\/www.latribuajena.org\/wp-content\/uploads\/2022\/10\/Melanie-exp.jpg 332w, https:\/\/www.latribuajena.org\/wp-content\/uploads\/2022\/10\/Melanie-exp-300x300.jpg 300w, https:\/\/www.latribuajena.org\/wp-content\/uploads\/2022\/10\/Melanie-exp-150x150.jpg 150w, https:\/\/www.latribuajena.org\/wp-content\/uploads\/2022\/10\/Melanie-exp-12x12.jpg 12w\" sizes=\"auto, (max-width: 332px) 100vw, 332px\" \/><\/p>\n<div class=\"su-quote su-quote-style-default cita-vol su-quote-has-cite\"><div class=\"su-quote-inner su-u-clearfix su-u-trim\">El tiempo en la trib\u00f9 es un tiempo raro que no se puede explicar.<br \/>\nLas horas pasan volando, pero los d\u00edas est\u00e1n llenos de vida, ense\u00f1anzas y amor por cada peque\u00f1a acci\u00f3n.<br \/>\nPara nosotros fueron dos meses, tal vez menos, tal vez m\u00e1s.<br \/>\nHemos aprendido a estar m\u00e1s atentos a nuestros desperdicios, al valor del agua y de la naturaleza<br \/>\nsalvaje. Hemos aprendido a cuidar de los gatitos, de las ratas, de los dem\u00e1s y de nosotros mismos, que siempre es el m\u00e1s dif\u00edcil para gente como nosotros.<br \/>\nHemos aprendido mucho sobre la vida comunitaria que no siempre es f\u00e1cil, hemos aprendido que muchas veces no necesitas nada especial para ser feliz, solo una tienda entre los naranjos o un desayuno en compa\u00f1\u00eda.<br \/>\nAh s\u00ed! entre todo esto tambi\u00e9n aprendimos a construir una casa. Fuimos alumnos en bioconstrucci\u00f3n del maestro<br \/>\nde obra Horazio, que ense\u00f1a con mucha dedicaci\u00f3n y pasi\u00f3n.<br \/>\nGracias a Marian y Kanu por crear esta familia que es la Tribu ajena y por hacernos sentir como en casa, no nos falt\u00f3 nada. Gracias a todos los compa\u00f1eros de viaje que conocimos en esta aventura espa\u00f1ola. Gracias por la amistad. Los llevaremos por siempre en nuestro corazones.<span class=\"su-quote-cite\">Melanie Larentis, 23 a\u00f1os, Italia \/ Daniele Manica, 28 a\u00f1os, Italia<\/span><\/div><\/div>\n<\/div><\/div>\n<div class=\"su-note\"  style=\"border-color:#dadada;border-radius:3px;-moz-border-radius:3px;-webkit-border-radius:3px;\"><div class=\"su-note-inner su-u-clearfix su-u-trim\" style=\"background-color:#f4f4f4;border-color:#ffffff;color:#333333;border-radius:3px;-moz-border-radius:3px;-webkit-border-radius:3px;\">\n<p><img loading=\"lazy\" decoding=\"async\" class=\"alignnone wp-image-1593 size-full aligncenter\" src=\"https:\/\/www.latribuajena.org\/wp-content\/uploads\/2023\/02\/Garpardy-Amapola-bis.jpg\" alt=\"\" width=\"295\" height=\"291\" srcset=\"https:\/\/www.latribuajena.org\/wp-content\/uploads\/2023\/02\/Garpardy-Amapola-bis.jpg 295w, https:\/\/www.latribuajena.org\/wp-content\/uploads\/2023\/02\/Garpardy-Amapola-bis-12x12.jpg 12w\" sizes=\"auto, (max-width: 295px) 100vw, 295px\" \/><\/p>\n<div class=\"su-quote su-quote-style-default cita-vol su-quote-has-cite\"><div class=\"su-quote-inner su-u-clearfix su-u-trim\">\u00a1Hemos pasado un mes de voluntariado genial! \u00a1Marian y Kanu son gente muy interesante y muy agradable! El jard\u00edn es muy bonito y han conseguido que el terreno sea muy f\u00e9rtil, muy rico con una biodiversidad muy buena. Est\u00e1bamos en una \u00e9poca en que los \u00e1rboles frutales (naranjos, limoneros, pomelos) estaban llenos y no hay nada mejor que despertarse con un buen zumo exprimido:) La casa de los voluntarios est\u00e1 muy bien y se puede llegar f\u00e1cilmente a Sevilla en autob\u00fas o caminando un poco para tomar el tren. Nos ocupamos sobre todo de la casa en bioconstrucci\u00f3n y fue interesante de ver una grande parte de su dise\u00f1o: paredes, pintura, electricidad, piso etc&#8230; Llegamos durante un per\u00edodo un poco complicado, por lo que desafortunadamente no pudimos trabajar con otros voluntarios y muy poco con ellos. Pero si el Wwoofing en la tribu ajena era chulo !<span class=\"su-quote-cite\">Gaspard y Amapola, 21 y 23 a\u00f1os, Francia<\/span><\/div><\/div>\n<\/div><\/div>\n<div class=\"su-note\"  style=\"border-color:#dadada;border-radius:3px;-moz-border-radius:3px;-webkit-border-radius:3px;\"><div class=\"su-note-inner su-u-clearfix su-u-trim\" style=\"background-color:#f4f4f4;border-color:#ffffff;color:#333333;border-radius:3px;-moz-border-radius:3px;-webkit-border-radius:3px;\">\n<p><img loading=\"lazy\" decoding=\"async\" class=\"alignnone wp-image-1598 size-medium aligncenter\" src=\"https:\/\/www.latribuajena.org\/wp-content\/uploads\/2023\/02\/Marie-Lea-y-Vee-284x300.jpg\" alt=\"\" width=\"284\" height=\"300\" srcset=\"https:\/\/www.latribuajena.org\/wp-content\/uploads\/2023\/02\/Marie-Lea-y-Vee-284x300.jpg 284w, https:\/\/www.latribuajena.org\/wp-content\/uploads\/2023\/02\/Marie-Lea-y-Vee-11x12.jpg 11w, https:\/\/www.latribuajena.org\/wp-content\/uploads\/2023\/02\/Marie-Lea-y-Vee.jpg 477w\" sizes=\"auto, (max-width: 284px) 100vw, 284px\" \/><\/p>\n<div class=\"su-quote su-quote-style-default cita-vol su-quote-has-cite\"><div class=\"su-quote-inner su-u-clearfix su-u-trim\">Recomiendo mucho la experiencia de Wwoofing en la tribu. Ten\u00eda un tiempo muy bonito y me encontr\u00e9 con unas personas maravillosas. Gracias por ofrecerme esa oportunidad!<span class=\"su-quote-cite\">Marie Kisters, 24 a\u00f1os, Alemania<\/span><\/div><\/div>\n<\/div><\/div>\n<p data-wp-editing=\"1\"><div class=\"su-note\"  style=\"border-color:#dadada;border-radius:3px;-moz-border-radius:3px;-webkit-border-radius:3px;\"><div class=\"su-note-inner su-u-clearfix su-u-trim\" style=\"background-color:#f4f4f4;border-color:#ffffff;color:#333333;border-radius:3px;-moz-border-radius:3px;-webkit-border-radius:3px;\">\n<p><img loading=\"lazy\" decoding=\"async\" class=\"wp-image-1600 size-medium aligncenter\" src=\"https:\/\/www.latribuajena.org\/wp-content\/uploads\/2023\/02\/Lea-298x300.jpg\" alt=\"\" width=\"298\" height=\"300\" srcset=\"https:\/\/www.latribuajena.org\/wp-content\/uploads\/2023\/02\/Lea-298x300.jpg 298w, https:\/\/www.latribuajena.org\/wp-content\/uploads\/2023\/02\/Lea-150x150.jpg 150w, https:\/\/www.latribuajena.org\/wp-content\/uploads\/2023\/02\/Lea-768x772.jpg 768w, https:\/\/www.latribuajena.org\/wp-content\/uploads\/2023\/02\/Lea-12x12.jpg 12w, https:\/\/www.latribuajena.org\/wp-content\/uploads\/2023\/02\/Lea.jpg 787w\" sizes=\"auto, (max-width: 298px) 100vw, 298px\" \/><\/p>\n<div class=\"su-quote su-quote-style-default cita-vol su-quote-has-cite\"><div class=\"su-quote-inner su-u-clearfix su-u-trim\">Recomiendo al 100% la experiencia en la Tribu: encontr\u00e9 a personas maravillosas de todo el mundo, Kanu y Mari\u00e1n son una pareja cari\u00f1osa, aprend\u00ed un mont\u00f3n de cosas con Kanu y Horacio&#8230; La construcci\u00f3n de la casa es un lindo proyecto y espero regresar para verla terminada !!<span class=\"su-quote-cite\">L\u00e9a, 25 a\u00f1os, Francia<\/span><\/div><\/div>\n<\/div><\/div>\n<p data-wp-editing=\"1\"><div class=\"su-note\"  style=\"border-color:#dadada;border-radius:3px;-moz-border-radius:3px;-webkit-border-radius:3px;\"><div class=\"su-note-inner su-u-clearfix su-u-trim\" style=\"background-color:#f4f4f4;border-color:#ffffff;color:#333333;border-radius:3px;-moz-border-radius:3px;-webkit-border-radius:3px;\">\n<img loading=\"lazy\" decoding=\"async\" class=\"wp-image-1601 size-medium aligncenter\" src=\"https:\/\/www.latribuajena.org\/wp-content\/uploads\/2023\/02\/Lili_bis-300x275.jpg\" alt=\"\" width=\"300\" height=\"275\" srcset=\"https:\/\/www.latribuajena.org\/wp-content\/uploads\/2023\/02\/Lili_bis-300x275.jpg 300w, https:\/\/www.latribuajena.org\/wp-content\/uploads\/2023\/02\/Lili_bis-13x12.jpg 13w, https:\/\/www.latribuajena.org\/wp-content\/uploads\/2023\/02\/Lili_bis.jpg 715w\" sizes=\"auto, (max-width: 300px) 100vw, 300px\" \/><br \/>\n<div class=\"su-quote su-quote-style-default cita-vol su-quote-has-cite\"><div class=\"su-quote-inner su-u-clearfix su-u-trim\">La Tribu was my first WWOOF and I couldn&#8217;t have been luckier. I think the best way to describe how I felt there is, that I lived my life to its fullest! Marian and Kanu have started something great &#8211; turning the place step by step in a beautiful oasis as well as welcoming people from all over the world so they can work and build something great together. It was great to experience living together with so many people you don&#8217;t know in the beginning, and getting so close in such a short time. Marian and Kanu create a feeling of community, even family, and care a lot about the volunteers. They always asked if we have any issues and made sure were feeling comfortable, warm (in November it got colder in the nights^^), healthy, and just tried their best so we would be happy. The bond you get with them, but also with the other volunteers is hard to explain, its just precious, intense&#8230; Horacio, their friend we worked with, is also SO kind, funny, and you just have to love him. He explained everything precisely and you could feel that it is fun for him to &#8216;teach&#8217;. Also he has an admirable patience, which made me comfortable to ask any question I had. My 1,5 month at La Tribu were amazing and I can recommend it A LOT! Thank you to all the people that made it so special for me &lt;3<span class=\"su-quote-cite\">Lili Luckenbach, 18 a\u00f1os, Alemania<\/span><\/div><\/div>\n<\/div><\/div>\n<div class=\"su-note\"  style=\"border-color:#dadada;border-radius:3px;-moz-border-radius:3px;-webkit-border-radius:3px;\"><div class=\"su-note-inner su-u-clearfix su-u-trim\" style=\"background-color:#f4f4f4;border-color:#ffffff;color:#333333;border-radius:3px;-moz-border-radius:3px;-webkit-border-radius:3px;\">\n<p><img loading=\"lazy\" decoding=\"async\" class=\"alignnone wp-image-1602 size-medium aligncenter\" src=\"https:\/\/www.latribuajena.org\/wp-content\/uploads\/2023\/02\/Arthur_bis-300x291.jpg\" alt=\"\" width=\"300\" height=\"291\" srcset=\"https:\/\/www.latribuajena.org\/wp-content\/uploads\/2023\/02\/Arthur_bis-300x291.jpg 300w, https:\/\/www.latribuajena.org\/wp-content\/uploads\/2023\/02\/Arthur_bis-12x12.jpg 12w, https:\/\/www.latribuajena.org\/wp-content\/uploads\/2023\/02\/Arthur_bis.jpg 717w\" sizes=\"auto, (max-width: 300px) 100vw, 300px\" \/><\/p>\n<div class=\"su-quote su-quote-style-default cita-vol su-quote-has-cite\"><div class=\"su-quote-inner su-u-clearfix su-u-trim\">This woofing was very good. Kanu and Marian are very welcoming and accommodating. I recommend it!<span class=\"su-quote-cite\">Arthur Masson, 25 a\u00f1os, Francia<\/span><\/div><\/div>\n<\/div><\/div>\n<div class=\"su-note\"  style=\"border-color:#dadada;border-radius:3px;-moz-border-radius:3px;-webkit-border-radius:3px;\"><div class=\"su-note-inner su-u-clearfix su-u-trim\" style=\"background-color:#f4f4f4;border-color:#ffffff;color:#333333;border-radius:3px;-moz-border-radius:3px;-webkit-border-radius:3px;\">\n<img loading=\"lazy\" decoding=\"async\" class=\"wp-image-1606 size-medium aligncenter\" src=\"https:\/\/www.latribuajena.org\/wp-content\/uploads\/2023\/02\/Kelly_bis-300x300.jpg\" alt=\"\" width=\"300\" height=\"300\" srcset=\"https:\/\/www.latribuajena.org\/wp-content\/uploads\/2023\/02\/Kelly_bis-300x300.jpg 300w, https:\/\/www.latribuajena.org\/wp-content\/uploads\/2023\/02\/Kelly_bis-150x150.jpg 150w, https:\/\/www.latribuajena.org\/wp-content\/uploads\/2023\/02\/Kelly_bis-12x12.jpg 12w, https:\/\/www.latribuajena.org\/wp-content\/uploads\/2023\/02\/Kelly_bis.jpg 589w\" sizes=\"auto, (max-width: 300px) 100vw, 300px\" \/><br \/>\n<div class=\"su-quote su-quote-style-default cita-vol su-quote-has-cite\"><div class=\"su-quote-inner su-u-clearfix su-u-trim\">La Tribu es el lugar perfecto para aprender sobre bioconstrucci\u00f3n, permacultura, vida tribal y para conocer gente muy chulas. Un enorme agradecimiento a Horacio por todo lo que me aport\u00f3 sobre bioconstrucci\u00f3n y por el tiempo que me dedic\u00f3. Sabe perfectamente transmitir sus conocimientos con mucha pasi\u00f3n y paciencia. Y un enorme agradecimiento a Kanu y Mari\u00e1n por su acogida y por haber creado la Tribu. Son simplemente personas maravillosas. Me qued\u00e9 2 meses en la Tribu, y fue muy dif\u00edcil irme, tanto uno se encari\u00f1a con este lugar. Me gust\u00f3 mucho este estilo de vida en el que reinan la ayuda mutua, el compartir y la convivencia. Me voy con recuerdos en la cabeza y el coraz\u00f3n lleno de emociones. La Tribu es como una familia para m\u00ed y espero volver.<span class=\"su-quote-cite\">Kelly Jenny, 26 a\u00f1os, Suiza<\/span><\/div><\/div>\n<\/div><\/div>\n<div class=\"su-note\"  style=\"border-color:#dadada;border-radius:3px;-moz-border-radius:3px;-webkit-border-radius:3px;\"><div class=\"su-note-inner su-u-clearfix su-u-trim\" style=\"background-color:#f4f4f4;border-color:#ffffff;color:#333333;border-radius:3px;-moz-border-radius:3px;-webkit-border-radius:3px;\">\n<p><img loading=\"lazy\" decoding=\"async\" class=\"alignnone wp-image-1607 size-full aligncenter\" src=\"https:\/\/www.latribuajena.org\/wp-content\/uploads\/2023\/02\/Belen_bis.jpg\" alt=\"\" width=\"243\" height=\"234\" srcset=\"https:\/\/www.latribuajena.org\/wp-content\/uploads\/2023\/02\/Belen_bis.jpg 243w, https:\/\/www.latribuajena.org\/wp-content\/uploads\/2023\/02\/Belen_bis-12x12.jpg 12w\" sizes=\"auto, (max-width: 243px) 100vw, 243px\" \/><\/p>\n<div class=\"su-quote su-quote-style-default cita-vol su-quote-has-cite\"><div class=\"su-quote-inner su-u-clearfix su-u-trim\">He estado en otras experiencias wwoofing&#8230;. pero venir a Espa\u00f1a, al sur, y no vivir la tribu es una mala decisi\u00f3n. Experiencia \u00fanica, vivencia maravillosa. He aprendido much\u00edsimo, he re\u00eddo, y sobre todo la integraci\u00f3n es cuidadosa y valorada. Feliz, muy feliz con esta nueva familia que tengo.<span class=\"su-quote-cite\">Bel\u00e9n L\u00f3pez de La Casa, 44 a\u00f1os, Andaluc\u00eda, Espa\u00f1a<\/span><\/div><\/div>\n<\/div><\/div>\n<p data-wp-editing=\"1\"><div class=\"su-note\"  style=\"border-color:#dadada;border-radius:3px;-moz-border-radius:3px;-webkit-border-radius:3px;\"><div class=\"su-note-inner su-u-clearfix su-u-trim\" style=\"background-color:#f4f4f4;border-color:#ffffff;color:#333333;border-radius:3px;-moz-border-radius:3px;-webkit-border-radius:3px;\">\n<img loading=\"lazy\" decoding=\"async\" class=\"alignnone wp-image-1608 size-medium aligncenter\" src=\"https:\/\/www.latribuajena.org\/wp-content\/uploads\/2023\/02\/Pari_bis-300x298.jpg\" alt=\"\" width=\"300\" height=\"298\" srcset=\"https:\/\/www.latribuajena.org\/wp-content\/uploads\/2023\/02\/Pari_bis-300x298.jpg 300w, https:\/\/www.latribuajena.org\/wp-content\/uploads\/2023\/02\/Pari_bis-150x150.jpg 150w, https:\/\/www.latribuajena.org\/wp-content\/uploads\/2023\/02\/Pari_bis-12x12.jpg 12w, https:\/\/www.latribuajena.org\/wp-content\/uploads\/2023\/02\/Pari_bis.jpg 635w\" sizes=\"auto, (max-width: 300px) 100vw, 300px\" \/><br \/>\n<div class=\"su-quote su-quote-style-default cita-vol su-quote-has-cite\"><div class=\"su-quote-inner su-u-clearfix su-u-trim\">Stayed for a month. It was a great life changing experience! Can&#8217;t describe in just words but the place will challenge you and then reward you in its own ways. The owners are very friendly and funny. The food we cooked was the best. They have a cute dog and a cat who will make sure that you are never bored. You have to go there if you want to explore Andalusia and see bio construction with your own eyes.<span class=\"su-quote-cite\">Paritosh Sharma, 25 a\u00f1os, India<\/span><\/div><\/div>\n<\/div><\/div>\n<div class=\"su-note\"  style=\"border-color:#dadada;border-radius:3px;-moz-border-radius:3px;-webkit-border-radius:3px;\"><div class=\"su-note-inner su-u-clearfix su-u-trim\" style=\"background-color:#f4f4f4;border-color:#ffffff;color:#333333;border-radius:3px;-moz-border-radius:3px;-webkit-border-radius:3px;\">\n<img loading=\"lazy\" decoding=\"async\" class=\"wp-image-1610 size-medium aligncenter\" src=\"https:\/\/www.latribuajena.org\/wp-content\/uploads\/2023\/02\/Alex_bis-300x298.jpg\" alt=\"\" width=\"300\" height=\"298\" srcset=\"https:\/\/www.latribuajena.org\/wp-content\/uploads\/2023\/02\/Alex_bis-300x298.jpg 300w, https:\/\/www.latribuajena.org\/wp-content\/uploads\/2023\/02\/Alex_bis-150x150.jpg 150w, https:\/\/www.latribuajena.org\/wp-content\/uploads\/2023\/02\/Alex_bis-12x12.jpg 12w, https:\/\/www.latribuajena.org\/wp-content\/uploads\/2023\/02\/Alex_bis.jpg 438w\" sizes=\"auto, (max-width: 300px) 100vw, 300px\" \/><br \/>\n<div class=\"su-quote su-quote-style-default cita-vol su-quote-has-cite\"><div class=\"su-quote-inner su-u-clearfix su-u-trim\">Digo con confianza que el mes que pas\u00e9 con la tribu fue uno de los mejores de mi vida. Kanu y Mari\u00e1n me hicieron sentir c\u00f3moda y como en casa desde mi primer d\u00eda. Son una pareja maravillosa y graciosa con una pasi\u00f3n por lo que hacen. Trabajar en la obra fue una oportunidad incre\u00edble para aprender sobre la bioconstrucci\u00f3n y la construcci\u00f3n en general. las tareas diarias eran variadas y todos aprendieron un poco de todo. Poder conocer a los otros voluntarios y crear amistades duraderas con ellos fue algo \u00fanico y precioso. Gracias por la comida incre\u00edble, los recuerdos felices, las fiestas locas, y todas las risas. Sois verdaderamente un tesoro en San Jos\u00e9 y os guardar\u00e9 en mi coraz\u00f3n donde quiera la vida me lleve.<span class=\"su-quote-cite\">Alex Brady, 18 a\u00f1os, EEUU<\/span><\/div><\/div>\n<\/div><\/div>\n<div class=\"su-note\"  style=\"border-color:#dadada;border-radius:3px;-moz-border-radius:3px;-webkit-border-radius:3px;\"><div class=\"su-note-inner su-u-clearfix su-u-trim\" style=\"background-color:#f4f4f4;border-color:#ffffff;color:#333333;border-radius:3px;-moz-border-radius:3px;-webkit-border-radius:3px;\">\n<p><img loading=\"lazy\" decoding=\"async\" class=\"alignnone wp-image-1611 size-medium aligncenter\" src=\"https:\/\/www.latribuajena.org\/wp-content\/uploads\/2023\/02\/Rocio-Oneto-bis-282x300.jpg\" alt=\"\" width=\"282\" height=\"300\" srcset=\"https:\/\/www.latribuajena.org\/wp-content\/uploads\/2023\/02\/Rocio-Oneto-bis-282x300.jpg 282w, https:\/\/www.latribuajena.org\/wp-content\/uploads\/2023\/02\/Rocio-Oneto-bis-768x818.jpg 768w, https:\/\/www.latribuajena.org\/wp-content\/uploads\/2023\/02\/Rocio-Oneto-bis-11x12.jpg 11w, https:\/\/www.latribuajena.org\/wp-content\/uploads\/2023\/02\/Rocio-Oneto-bis.jpg 805w\" sizes=\"auto, (max-width: 282px) 100vw, 282px\" \/><\/p>\n<div class=\"su-quote su-quote-style-default cita-vol su-quote-has-cite\"><div class=\"su-quote-inner su-u-clearfix su-u-trim\">La Tribu Ajena es la Tribu que Canu y Mari\u00e1n llevan mucho tiempo ayudando a crear, atemporal, diversa y dispersa por el mundo que est\u00e1 unida por las vivencias compartidas durante el trabajo y la convivencia en el proyecto. Durante el tiempo que he estado colaborando he podido disfrutar mucho aprendiendo de cerca sobre la permacultura y a construir con adobe (Horacio es un crack, gracias maestro). Lo m\u00e1s bonito es que l@s dem\u00e1s voluntari@s siempre est\u00e1n dispuest@s a compartir lo que saben para sacar el trabajo adelante, hacer una nueva receta, una nueva artesan\u00eda&#8230; Lo que m\u00e1s me gust\u00f3 y llam\u00f3 la atenci\u00f3n, fue nuestro rito al comenzar el d\u00eda, jugando y comunic\u00e1ndonos, qu\u00e9 gozada! Gracias por tanto \u2764\ufe0f&#8211;<span class=\"su-quote-cite\">Roc\u00edo Oneto, 42 a\u00f1os, Andaluc\u00eda, Espa\u00f1a<\/span><\/div><\/div>\n<\/div><\/div>\n<p data-wp-editing=\"1\"><div class=\"su-note\"  style=\"border-color:#dadada;border-radius:3px;-moz-border-radius:3px;-webkit-border-radius:3px;\"><div class=\"su-note-inner su-u-clearfix su-u-trim\" style=\"background-color:#f4f4f4;border-color:#ffffff;color:#333333;border-radius:3px;-moz-border-radius:3px;-webkit-border-radius:3px;\">\n<img loading=\"lazy\" decoding=\"async\" class=\"alignnone wp-image-1612 size-medium aligncenter\" src=\"https:\/\/www.latribuajena.org\/wp-content\/uploads\/2023\/02\/Berenice-288x300.jpg\" alt=\"\" width=\"288\" height=\"300\" srcset=\"https:\/\/www.latribuajena.org\/wp-content\/uploads\/2023\/02\/Berenice-288x300.jpg 288w, https:\/\/www.latribuajena.org\/wp-content\/uploads\/2023\/02\/Berenice-12x12.jpg 12w, https:\/\/www.latribuajena.org\/wp-content\/uploads\/2023\/02\/Berenice.jpg 587w\" sizes=\"auto, (max-width: 288px) 100vw, 288px\" \/><br \/>\n<div class=\"su-quote su-quote-style-default cita-vol su-quote-has-cite\"><div class=\"su-quote-inner su-u-clearfix su-u-trim\">Pas\u00e9 todo el mes de julio con la tribu ajena. Fue una gran experiencia para m\u00ed, aprend\u00ed muchas cosas tanto a nivel humano como material&#8230; La construcci\u00f3n de esta casa es un gran proyecto que vincula el medio ambiente y la experiencia humana. A pesar de la barrera del idioma, pude establecer relaciones. Estuve acompa\u00f1ado de gente extraordinaria y solidaria. Gracias por acogerme tan bien, por vuestra paciencia y por el buen rato que he pasado con vosotros. Hasta pronto \ud83d\ude42<span class=\"su-quote-cite\">B\u00e9r\u00e9nice Cahen, 20 a\u00f1os, Francia-Guatemala<\/span><\/div><\/div>\n<\/div><\/div>\n<div class=\"su-note\"  style=\"border-color:#dadada;border-radius:3px;-moz-border-radius:3px;-webkit-border-radius:3px;\"><div class=\"su-note-inner su-u-clearfix su-u-trim\" style=\"background-color:#f4f4f4;border-color:#ffffff;color:#333333;border-radius:3px;-moz-border-radius:3px;-webkit-border-radius:3px;\">\n<p><img loading=\"lazy\" decoding=\"async\" class=\"alignnone wp-image-1614 size-medium aligncenter\" src=\"https:\/\/www.latribuajena.org\/wp-content\/uploads\/2023\/02\/Alejandro-Oria_bis-289x300.jpg\" alt=\"\" width=\"289\" height=\"300\" srcset=\"https:\/\/www.latribuajena.org\/wp-content\/uploads\/2023\/02\/Alejandro-Oria_bis-289x300.jpg 289w, https:\/\/www.latribuajena.org\/wp-content\/uploads\/2023\/02\/Alejandro-Oria_bis-12x12.jpg 12w, https:\/\/www.latribuajena.org\/wp-content\/uploads\/2023\/02\/Alejandro-Oria_bis.jpg 335w\" sizes=\"auto, (max-width: 289px) 100vw, 289px\" \/><\/p>\n<div class=\"su-quote su-quote-style-default cita-vol su-quote-has-cite\"><div class=\"su-quote-inner su-u-clearfix su-u-trim\">He estado unos tres meses (me gust\u00f3 tanto que alargu\u00e9 mi estancia) y ha sido una experiencia muy enriquecedora. Creo que los que hemos pasado por la tribu hemos crecido mucho, casi tanto como el gato Pluma, ya sea en estancias de un mes o m\u00e1s. La distribuci\u00f3n del tiempo es \u00f3ptima, ya que empuja a despertarse un pel\u00edn m\u00e1s pronto (de lo que yo estaba acostumbrado) pero al final el cuerpo y mente lo agradecen. El tema que m\u00e1s se trataba en la \u00e9poca que estuve es la bio-construcci\u00f3n con las ense\u00f1anzas del maestro Horacio pero en general Kanu y Mari\u00e1n trabajan mucho la sostenibilidad, ecolog\u00eda y a parte que tienen musho arte coone, Este sitio re\u00fane a gente maravillosa con backgrounds, conocimientos e intereses muy variados que hacen las conversaciones un aprendizaje constante y muchas risas. Hay mucho tiempo libre por lo que si tienes suficiente disciplina puedes aprender sobre de temas que te interesen, ense\u00f1ar o aprender de otrus voluntaries, ejercitar, hacer pan, pizza, aprender idiomas o dominar el ancestral arte de las siestas. El momento que m\u00e1s destacaria de mi estancia es sin lugar a duda la tarde en la que aprend\u00ed aqua techno zumba.<span class=\"su-quote-cite\">Alejandro Oria, 29 a\u00f1os, Ibiza, Espa\u00f1a<\/span><\/div><\/div>\n<\/div><\/div>\n<p data-wp-editing=\"1\"><div class=\"su-note\"  style=\"border-color:#dadada;border-radius:3px;-moz-border-radius:3px;-webkit-border-radius:3px;\"><div class=\"su-note-inner su-u-clearfix su-u-trim\" style=\"background-color:#f4f4f4;border-color:#ffffff;color:#333333;border-radius:3px;-moz-border-radius:3px;-webkit-border-radius:3px;\">\n<img loading=\"lazy\" decoding=\"async\" class=\"alignnone wp-image-1615 size-medium aligncenter\" src=\"https:\/\/www.latribuajena.org\/wp-content\/uploads\/2023\/02\/Tess-293x300.jpg\" alt=\"\" width=\"293\" height=\"300\" srcset=\"https:\/\/www.latribuajena.org\/wp-content\/uploads\/2023\/02\/Tess-293x300.jpg 293w, https:\/\/www.latribuajena.org\/wp-content\/uploads\/2023\/02\/Tess-12x12.jpg 12w, https:\/\/www.latribuajena.org\/wp-content\/uploads\/2023\/02\/Tess.jpg 567w\" sizes=\"auto, (max-width: 293px) 100vw, 293px\" \/><br \/>\n<div class=\"su-quote su-quote-style-default cita-vol su-quote-has-cite\"><div class=\"su-quote-inner su-u-clearfix su-u-trim\">oh ayuda; escribiendo en espa\u00f1ol! Me qued\u00e9 tres meses a la tribu y puedo decir con confianca que este 3 meses fueron los meses mas libres y amoroses de mi (pequena) vida. Mari\u00e1n y Kanu han se construiendo un paradiso que respira libertad y opterunidad. Naturalamente esto atrae gente hermosa. Tenia un tiempo aprendi\u00f3 genialiendo y compartiendo con todas las almas preciosas que tienen un espacio permanente en mi corazon. El calor del sol a tu piel, la alegria ver las verduras crecan y las risas y las calidezes ilimitadas. No puedo decir mas de gracias porque no tengo palabras que puede encapsular todo lo que estoy sintiendo. Asi gracias !!! Y un monton de besos a todos xxxxx<span class=\"su-quote-cite\">Tess Froeling, 20 a\u00f1os, Holanda<\/span><\/div><\/div>\n<\/div><\/div>\n<div class=\"su-note\"  style=\"border-color:#dadada;border-radius:3px;-moz-border-radius:3px;-webkit-border-radius:3px;\"><div class=\"su-note-inner su-u-clearfix su-u-trim\" style=\"background-color:#f4f4f4;border-color:#ffffff;color:#333333;border-radius:3px;-moz-border-radius:3px;-webkit-border-radius:3px;\">\n<p><img loading=\"lazy\" decoding=\"async\" class=\"alignnone wp-image-1616 size-medium aligncenter\" src=\"https:\/\/www.latribuajena.org\/wp-content\/uploads\/2023\/02\/Jose-FAdel_bis-290x300.jpg\" alt=\"\" width=\"290\" height=\"300\" srcset=\"https:\/\/www.latribuajena.org\/wp-content\/uploads\/2023\/02\/Jose-FAdel_bis-290x300.jpg 290w, https:\/\/www.latribuajena.org\/wp-content\/uploads\/2023\/02\/Jose-FAdel_bis-12x12.jpg 12w, https:\/\/www.latribuajena.org\/wp-content\/uploads\/2023\/02\/Jose-FAdel_bis.jpg 537w\" sizes=\"auto, (max-width: 290px) 100vw, 290px\" \/><\/p>\n<div class=\"su-quote su-quote-style-default cita-vol su-quote-has-cite\"><div class=\"su-quote-inner su-u-clearfix su-u-trim\">La Tribu Ajena , un peque\u00f1o gran oasis en San Jose de la Rinconada . Me costo salir de esta familia,de hecho estir\u00e9 mi fecha de salida lo mas que pude &#8230; Mari\u00e1n y Kanu son seres con mucha luz . Muchos aprendizajes, trabajamos siempre muy a gusto y muy bien cuidados. Compartiendo siempre en familia, momentos inolvidables! Me encanto ser parte de esta tribu y poder dejar mi huella en ella tambi\u00e9n. Espero pronto volver a visitarlos !!<span class=\"su-quote-cite\">Jos\u00e9 Fadel, 33 a\u00f1os, Argentina<\/span><\/div><\/div>\n<\/div><\/div>\n<div class=\"su-note\"  style=\"border-color:#dadada;border-radius:3px;-moz-border-radius:3px;-webkit-border-radius:3px;\"><div class=\"su-note-inner su-u-clearfix su-u-trim\" style=\"background-color:#f4f4f4;border-color:#ffffff;color:#333333;border-radius:3px;-moz-border-radius:3px;-webkit-border-radius:3px;\">\n<p><img loading=\"lazy\" decoding=\"async\" class=\"alignnone wp-image-1619 size-medium aligncenter\" src=\"https:\/\/www.latribuajena.org\/wp-content\/uploads\/2023\/02\/Maria-oRTIZ_bis-289x300.jpg\" alt=\"\" width=\"289\" height=\"300\" srcset=\"https:\/\/www.latribuajena.org\/wp-content\/uploads\/2023\/02\/Maria-oRTIZ_bis-289x300.jpg 289w, https:\/\/www.latribuajena.org\/wp-content\/uploads\/2023\/02\/Maria-oRTIZ_bis-988x1024.jpg 988w, https:\/\/www.latribuajena.org\/wp-content\/uploads\/2023\/02\/Maria-oRTIZ_bis-768x796.jpg 768w, https:\/\/www.latribuajena.org\/wp-content\/uploads\/2023\/02\/Maria-oRTIZ_bis-1482x1536.jpg 1482w, https:\/\/www.latribuajena.org\/wp-content\/uploads\/2023\/02\/Maria-oRTIZ_bis-12x12.jpg 12w, https:\/\/www.latribuajena.org\/wp-content\/uploads\/2023\/02\/Maria-oRTIZ_bis.jpg 1591w\" sizes=\"auto, (max-width: 289px) 100vw, 289px\" \/><\/p>\n<div class=\"su-quote su-quote-style-default cita-vol su-quote-has-cite\"><div class=\"su-quote-inner su-u-clearfix su-u-trim\">La Tribu Ajena, un pedazo de cielo en la tierra. Un lugar que te lleva a volar (a\u00fan con los pies pegaos en el barro) y a so\u00f1ar; a custodiar el verbo confiar y a, sin duda, transmutar. Un proyecto sustentado en el amor y el respeto por la vida y la tierra; y en una inmensa dosis de coraje, a la par que de ilusi\u00f3n, por aquellos que lo hacen posible: Mari\u00e1n y Kanu, unos seres que brillan. Fueron dos meses, vividos como dos a\u00f1os y que pasaron como dos d\u00edas: tan inmensos como intensos. De La Tribu me llevo muchas cosas pero, sobre todo, me quedo con el infalible y resonante concierto de ranas al abrir los o\u00eddos y cerrar los ojos, con el eco de las risas de un pu\u00f1ao de gente (\u00a1qu\u00e9 maravillosa gente!), y la satisfacci\u00f3n de saber que a\u00fan quedan incre\u00edbles guardianes asistiendo, velando y protegiendo nuestro hogar com\u00fan. Mar\u00ed\u00e1n, Kanu, Siria y Pluma: los llevo en mi coraz\u00f3n.<span class=\"su-quote-cite\">Mar\u00eda Ortiz, 26 a\u00f1os, Extremadura, Espa\u00f1a<\/span><\/div><\/div>\n<\/div><\/div>\n<p data-wp-editing=\"1\"><div class=\"su-note\"  style=\"border-color:#dadada;border-radius:3px;-moz-border-radius:3px;-webkit-border-radius:3px;\"><div class=\"su-note-inner su-u-clearfix su-u-trim\" style=\"background-color:#f4f4f4;border-color:#ffffff;color:#333333;border-radius:3px;-moz-border-radius:3px;-webkit-border-radius:3px;\">\n<img loading=\"lazy\" decoding=\"async\" class=\"alignnone wp-image-1620 size-medium aligncenter\" src=\"https:\/\/www.latribuajena.org\/wp-content\/uploads\/2023\/02\/Lorenzo-300x289.jpg\" alt=\"\" width=\"300\" height=\"289\" srcset=\"https:\/\/www.latribuajena.org\/wp-content\/uploads\/2023\/02\/Lorenzo-300x289.jpg 300w, https:\/\/www.latribuajena.org\/wp-content\/uploads\/2023\/02\/Lorenzo-768x739.jpg 768w, https:\/\/www.latribuajena.org\/wp-content\/uploads\/2023\/02\/Lorenzo-12x12.jpg 12w, https:\/\/www.latribuajena.org\/wp-content\/uploads\/2023\/02\/Lorenzo.jpg 870w\" sizes=\"auto, (max-width: 300px) 100vw, 300px\" \/><br \/>\n<div class=\"su-quote su-quote-style-default cita-vol su-quote-has-cite\"><div class=\"su-quote-inner su-u-clearfix su-u-trim\">Estuve dos meses en la Tribu Ajena y no podr\u00eda estar m\u00e1s feliz con la elecci\u00f3n hecha. El lugar es encantador y perfecto para desconectar de todo lo exterior y abrirse a la energ\u00eda del proyecto y a las personas que forman parte de \u00e9l. Kanu y Mariam tienen una pasi\u00f3n y una energ\u00eda especial que influye positivamente en todo: el trabajo nunca se hace pesado ni aburrido, cada momento juntos y con los otros voluntarios se vuelve agradable y positivo. Vivir en la Tribu Ajena es una experiencia que recomiendo mucho a todos aquellos que sepan apreciar o est\u00e9n buscando un estilo de vida en el que la pasi\u00f3n y la conexi\u00f3n con la naturaleza y las personas sean los elementos m\u00e1s importantes de la vida diaria. Un abrazo a todos.<span class=\"su-quote-cite\">Lorenzo Cont\u00f3, 29 a\u00f1os, Italia<\/span><\/div><\/div>\n<\/div><\/div>\n<div class=\"su-note\"  style=\"border-color:#dadada;border-radius:3px;-moz-border-radius:3px;-webkit-border-radius:3px;\"><div class=\"su-note-inner su-u-clearfix su-u-trim\" style=\"background-color:#f4f4f4;border-color:#ffffff;color:#333333;border-radius:3px;-moz-border-radius:3px;-webkit-border-radius:3px;\">\n<p><img loading=\"lazy\" decoding=\"async\" class=\"alignnone wp-image-1621 size-medium aligncenter\" src=\"https:\/\/www.latribuajena.org\/wp-content\/uploads\/2023\/02\/Franco_bis-262x300.jpg\" alt=\"\" width=\"262\" height=\"300\" srcset=\"https:\/\/www.latribuajena.org\/wp-content\/uploads\/2023\/02\/Franco_bis-262x300.jpg 262w, https:\/\/www.latribuajena.org\/wp-content\/uploads\/2023\/02\/Franco_bis-896x1024.jpg 896w, https:\/\/www.latribuajena.org\/wp-content\/uploads\/2023\/02\/Franco_bis-768x878.jpg 768w, https:\/\/www.latribuajena.org\/wp-content\/uploads\/2023\/02\/Franco_bis-10x12.jpg 10w, https:\/\/www.latribuajena.org\/wp-content\/uploads\/2023\/02\/Franco_bis.jpg 1103w\" sizes=\"auto, (max-width: 262px) 100vw, 262px\" \/><\/p>\n<div class=\"su-quote su-quote-style-default cita-vol su-quote-has-cite\"><div class=\"su-quote-inner su-u-clearfix su-u-trim\">El tiempo en la trib\u00f9 es un tiempo raro que no se puede explicar.<br \/>\nLas horas pasan volando, pero los d\u00edas est\u00e1n llenos de vida, ense\u00f1anzas y amor por cada peque\u00f1a acci\u00f3n.<br \/>\nPara nosotros fueron dos meses, tal vez menos, tal vez m\u00e1s.<br \/>\nHemos aprendido a estar m\u00e1s atentos a nuestros desperdicios, al valor del agua y de la naturaleza<br \/>\nsalvaje. Hemos aprendido a cuidar de los gatitos, de las ratas, de los dem\u00e1s y de nosotros mismos, que siempre es el m\u00e1s dif\u00edcil para gente como nosotros.<br \/>\nHemos aprendido mucho sobre la vida comunitaria que no siempre es f\u00e1cil, hemos aprendido que muchas veces no necesitas nada especial para ser feliz, solo una tienda entre los naranjos o un desayuno en compa\u00f1\u00eda.<br \/>\nAh s\u00ed! entre todo esto tambi\u00e9n aprendimos a construir una casa. Fuimos alumnos en bioconstrucci\u00f3n del maestro<br \/>\nde obra Horazio, que ense\u00f1a con mucha dedicaci\u00f3n y pasi\u00f3n.<br \/>\nGracias a Marian y Kanu por crear esta familia que es la Tribu ajena y por hacernos sentir como en casa, no nos falt\u00f3 nada. Gracias a todos los compa\u00f1eros de viaje que conocimos en esta aventura espa\u00f1ola. Gracias por la amistad. Los llevaremos por siempre en nuestro corazones.<span class=\"su-quote-cite\">Franco Franzgrote, 22 a\u00f1os, Argentina<\/span><\/div><\/div>\n<\/div><\/div>\n<div class=\"su-note\"  style=\"border-color:#dadada;border-radius:3px;-moz-border-radius:3px;-webkit-border-radius:3px;\"><div class=\"su-note-inner su-u-clearfix su-u-trim\" style=\"background-color:#f4f4f4;border-color:#ffffff;color:#333333;border-radius:3px;-moz-border-radius:3px;-webkit-border-radius:3px;\">\n<p><img loading=\"lazy\" decoding=\"async\" class=\"alignnone wp-image-1622 size-medium aligncenter\" src=\"https:\/\/www.latribuajena.org\/wp-content\/uploads\/2023\/02\/Sylvia-285x300.jpg\" alt=\"\" width=\"285\" height=\"300\" srcset=\"https:\/\/www.latribuajena.org\/wp-content\/uploads\/2023\/02\/Sylvia-285x300.jpg 285w, https:\/\/www.latribuajena.org\/wp-content\/uploads\/2023\/02\/Sylvia-768x808.jpg 768w, https:\/\/www.latribuajena.org\/wp-content\/uploads\/2023\/02\/Sylvia-11x12.jpg 11w, https:\/\/www.latribuajena.org\/wp-content\/uploads\/2023\/02\/Sylvia.jpg 912w\" sizes=\"auto, (max-width: 285px) 100vw, 285px\" \/><\/p>\n<div class=\"su-quote su-quote-style-default cita-vol su-quote-has-cite\"><div class=\"su-quote-inner su-u-clearfix su-u-trim\">Estuve una semana en la Tribu Ajena. La experiencia super\u00f3 mis expectativas. Aprend\u00ed a vivir de un modo m\u00e1s sencillo, a fabricar ladrillos de adobe, desconect\u00e9 de la ciudad, conoc\u00ed gente de muchos lugares y un estilo de vida alternativo. Kanu y Mariam son una pareja encantadora. Adoran la naturaleza y transmiten con pasi\u00f3n la necesidad de apostar por una vida sostenible. De mis mejores recuerdos son los desayunos a la sombra del pino con el pan que elabor\u00e1bamos el d\u00eda anterior con masa madre. Infusi\u00f3n, caf\u00e9, mermeladas, fruta&#8230; Recomiendo la Tribu Ajena!!!!!!!!<span class=\"su-quote-cite\">Sylvia Moreno, 34 a\u00f1os, Madrid, Espa\u00f1a<\/span><\/div><\/div>\n<\/div><\/div>\n<div class=\"su-note\"  style=\"border-color:#dadada;border-radius:3px;-moz-border-radius:3px;-webkit-border-radius:3px;\"><div class=\"su-note-inner su-u-clearfix su-u-trim\" style=\"background-color:#f4f4f4;border-color:#ffffff;color:#333333;border-radius:3px;-moz-border-radius:3px;-webkit-border-radius:3px;\">\n<p><img loading=\"lazy\" decoding=\"async\" class=\"alignnone wp-image-1879 size-medium aligncenter\" src=\"https:\/\/www.latribuajena.org\/wp-content\/uploads\/2023\/02\/Daniel-A-258x300.jpg\" alt=\"\" width=\"258\" height=\"300\" srcset=\"https:\/\/www.latribuajena.org\/wp-content\/uploads\/2023\/02\/Daniel-A-258x300.jpg 258w, https:\/\/www.latribuajena.org\/wp-content\/uploads\/2023\/02\/Daniel-A-10x12.jpg 10w, https:\/\/www.latribuajena.org\/wp-content\/uploads\/2023\/02\/Daniel-A.jpg 411w\" sizes=\"auto, (max-width: 258px) 100vw, 258px\" \/><\/p>\n<div class=\"su-quote su-quote-style-default cita-vol su-quote-has-cite\"><div class=\"su-quote-inner su-u-clearfix su-u-trim\">A little earth, a little straw, some sand and a lot of water plus a bit of mixing, bake in the sun for a couple of days and voila! haha Thanks for having us Marian and Kanu, it was hard work in the baking Seville summer sun (utter madness ; &#8211; ) ) but we felt part of this little community and learnt alot about ourselves, others and working with bio construction, see you again soon&#8230;.sooner than you think !!! Agur xx <span class=\"su-quote-cite\">Daniel Attwell, 44 a\u00f1os, Reino Unido<\/span><\/div><\/div>\n<\/div><\/div>\n<div class=\"su-note\"  style=\"border-color:#dadada;border-radius:3px;-moz-border-radius:3px;-webkit-border-radius:3px;\"><div class=\"su-note-inner su-u-clearfix su-u-trim\" style=\"background-color:#f4f4f4;border-color:#ffffff;color:#333333;border-radius:3px;-moz-border-radius:3px;-webkit-border-radius:3px;\">\n<p><img loading=\"lazy\" decoding=\"async\" class=\"alignnone wp-image-1880 size-medium aligncenter\" src=\"https:\/\/www.latribuajena.org\/wp-content\/uploads\/2023\/02\/Andrea-Cunsolo_bis-293x300.jpg\" alt=\"\" width=\"293\" height=\"300\" srcset=\"https:\/\/www.latribuajena.org\/wp-content\/uploads\/2023\/02\/Andrea-Cunsolo_bis-293x300.jpg 293w, https:\/\/www.latribuajena.org\/wp-content\/uploads\/2023\/02\/Andrea-Cunsolo_bis-12x12.jpg 12w, https:\/\/www.latribuajena.org\/wp-content\/uploads\/2023\/02\/Andrea-Cunsolo_bis.jpg 691w\" sizes=\"auto, (max-width: 293px) 100vw, 293px\" \/><\/p>\n<div class=\"su-quote su-quote-style-default cita-vol su-quote-has-cite\"><div class=\"su-quote-inner su-u-clearfix su-u-trim\">I had a really good time in this place. I met special people of all ages and from all over the world. I learned what it means to work together for a bigger project. The work, even if hard, has given me a lot of satisfaction. Kanu and Marian welcomed me very well, they made me feel part of a family, they are managing despite the difficulties, to create a beautiful project. I hope that one day all of this can grow, improve and involve many more people.<span class=\"su-quote-cite\">Andrea Cunsolo, 25 a\u00f1os, Italia<\/span><\/div><\/div>\n<\/div><\/div>\n<p data-wp-editing=\"1\"><div class=\"su-note\"  style=\"border-color:#dadada;border-radius:3px;-moz-border-radius:3px;-webkit-border-radius:3px;\"><div class=\"su-note-inner su-u-clearfix su-u-trim\" style=\"background-color:#f4f4f4;border-color:#ffffff;color:#333333;border-radius:3px;-moz-border-radius:3px;-webkit-border-radius:3px;\">\n<img loading=\"lazy\" decoding=\"async\" class=\"alignnone wp-image-1881 size-medium aligncenter\" src=\"https:\/\/www.latribuajena.org\/wp-content\/uploads\/2023\/02\/Anna_bis-300x284.jpg\" alt=\"\" width=\"300\" height=\"284\" srcset=\"https:\/\/www.latribuajena.org\/wp-content\/uploads\/2023\/02\/Anna_bis-300x284.jpg 300w, https:\/\/www.latribuajena.org\/wp-content\/uploads\/2023\/02\/Anna_bis-13x12.jpg 13w, https:\/\/www.latribuajena.org\/wp-content\/uploads\/2023\/02\/Anna_bis.jpg 479w\" sizes=\"auto, (max-width: 300px) 100vw, 300px\" \/><br \/>\n<div class=\"su-quote su-quote-style-default cita-vol su-quote-has-cite\"><div class=\"su-quote-inner su-u-clearfix su-u-trim\">Ten\u00eda una experiencia s\u00faper guay en la tribu Ajena en la que me sent\u00eda en casa. Encontr\u00e9 a mucha gente diferente con quien pude intercambiar ideas, culturas y muchas m\u00e1s cosas. Construir una casa ecol\u00f3gica con el ambiente de la tribu fue muy satisfactorio de manera. Y participar a este proyecto fue lo mejor que podr\u00eda pasarme despu\u00e9s de unos meses un poco dif\u00edciles con la cuarentena. Muchas gracias a Kanu y Mar\u00edan por su energ\u00eda positiva, sus personalidades de oro, y sus bienvenida. Hasta pronto, Anna<span class=\"su-quote-cite\">Anna Lagrange, 22 a\u00f1os, Francia-Suecia<\/span><\/div><\/div>\n<\/div><\/div>\n<div class=\"su-note\"  style=\"border-color:#dadada;border-radius:3px;-moz-border-radius:3px;-webkit-border-radius:3px;\"><div class=\"su-note-inner su-u-clearfix su-u-trim\" style=\"background-color:#f4f4f4;border-color:#ffffff;color:#333333;border-radius:3px;-moz-border-radius:3px;-webkit-border-radius:3px;\">\n<p><img loading=\"lazy\" decoding=\"async\" class=\"alignnone wp-image-1882 size-medium aligncenter\" src=\"https:\/\/www.latribuajena.org\/wp-content\/uploads\/2023\/02\/Robbie_bis-272x300.jpg\" alt=\"\" width=\"272\" height=\"300\" srcset=\"https:\/\/www.latribuajena.org\/wp-content\/uploads\/2023\/02\/Robbie_bis-272x300.jpg 272w, https:\/\/www.latribuajena.org\/wp-content\/uploads\/2023\/02\/Robbie_bis-11x12.jpg 11w, https:\/\/www.latribuajena.org\/wp-content\/uploads\/2023\/02\/Robbie_bis.jpg 451w\" sizes=\"auto, (max-width: 272px) 100vw, 272px\" \/><\/p>\n<div class=\"su-quote su-quote-style-default cita-vol su-quote-has-cite\"><div class=\"su-quote-inner su-u-clearfix su-u-trim\">A very enjoyable experience overall. I met a lot of new people from all backgrounds and ages. We were working outside all the time which i loved. The work is physically hard but very satisfying. There was always plenty to eat. Because it was August and we were near Sevilla &#8211; everyday was beautifully dry and hot. There was a big swimming to cool off in the afternoons which i loved. All in all a hugely enjoyable experience.<span class=\"su-quote-cite\">Robbie Gilbourne, 45 a\u00f1os, Escocia<\/span><\/div><\/div>\n<\/div><\/div>\n<div class=\"su-note\"  style=\"border-color:#dadada;border-radius:3px;-moz-border-radius:3px;-webkit-border-radius:3px;\"><div class=\"su-note-inner su-u-clearfix su-u-trim\" style=\"background-color:#f4f4f4;border-color:#ffffff;color:#333333;border-radius:3px;-moz-border-radius:3px;-webkit-border-radius:3px;\">\n<p><img loading=\"lazy\" decoding=\"async\" class=\"alignnone wp-image-1883 size-medium aligncenter\" src=\"https:\/\/www.latribuajena.org\/wp-content\/uploads\/2023\/02\/Edoardo-300x291.jpg\" alt=\"\" width=\"300\" height=\"291\" srcset=\"https:\/\/www.latribuajena.org\/wp-content\/uploads\/2023\/02\/Edoardo-300x291.jpg 300w, https:\/\/www.latribuajena.org\/wp-content\/uploads\/2023\/02\/Edoardo-768x746.jpg 768w, https:\/\/www.latribuajena.org\/wp-content\/uploads\/2023\/02\/Edoardo-12x12.jpg 12w, https:\/\/www.latribuajena.org\/wp-content\/uploads\/2023\/02\/Edoardo.jpg 771w\" sizes=\"auto, (max-width: 300px) 100vw, 300px\" \/><\/p>\n<div class=\"su-quote su-quote-style-default cita-vol su-quote-has-cite\"><div class=\"su-quote-inner su-u-clearfix su-u-trim\">Gente fant\u00e1stica y servicial, espacio para compartir y aprender, calidez humana comunitaria. En este per\u00edodo el proyecto est\u00e1 un poco demasiado centrado en la creaci\u00f3n de los ladrillos en lugar del resto, pero por otro lado se menciona en la descripci\u00f3n y se reitera en los mensajes personales que intercambi\u00e9 con ellos. \u00a1La Trib\u00f9 es una experiencia de vida fant\u00e1stica!<span class=\"su-quote-cite\">Edoardo Cipriani, 27 a\u00f1os, Italia<\/span><\/div><\/div>\n<\/div><\/div>\n<div class=\"su-note\"  style=\"border-color:#dadada;border-radius:3px;-moz-border-radius:3px;-webkit-border-radius:3px;\"><div class=\"su-note-inner su-u-clearfix su-u-trim\" style=\"background-color:#f4f4f4;border-color:#ffffff;color:#333333;border-radius:3px;-moz-border-radius:3px;-webkit-border-radius:3px;\">\n<p><img loading=\"lazy\" decoding=\"async\" class=\"alignnone wp-image-1890 size-medium aligncenter\" src=\"https:\/\/www.latribuajena.org\/wp-content\/uploads\/2023\/02\/Clement-284x300.jpg\" alt=\"\" width=\"284\" height=\"300\" srcset=\"https:\/\/www.latribuajena.org\/wp-content\/uploads\/2023\/02\/Clement-284x300.jpg 284w, https:\/\/www.latribuajena.org\/wp-content\/uploads\/2023\/02\/Clement-768x810.jpg 768w, https:\/\/www.latribuajena.org\/wp-content\/uploads\/2023\/02\/Clement-11x12.jpg 11w, https:\/\/www.latribuajena.org\/wp-content\/uploads\/2023\/02\/Clement.jpg 910w\" sizes=\"auto, (max-width: 284px) 100vw, 284px\" \/><\/p>\n<div class=\"su-quote su-quote-style-default cita-vol su-quote-has-cite\"><div class=\"su-quote-inner su-u-clearfix su-u-trim\">M\u00e1s all\u00e1 de las palabras, este lugar reside en alg\u00fan lugar entre la imaginaci\u00f3n y el coraz\u00f3n. No puedo recomendarle lo suficiente que vaya a Sevilla para tomarse el tiempo de encontrar, entre todas las gracias que ofrece la vida, este remanso de paz y estos dos seres de luz que son Marian y Kanu; tal vez porque una vez que te hayas enamorado de ellos, te resultar\u00e1 muy dif\u00edcil decidi\u00f3 dejarlos o compartirlos. Aqu\u00ed hay dos seres singulares que sostienen el coloso, la llama y el cielo: Balou y Kali. Asinados a la felicidad, compromometen todas las manos, todos los corazones para unirse y celebrar la vida. Es en medio de risas y caras alegres que revisar\u00e1s la ambici\u00f3n de la felicidad preconcebida, tambi\u00e9n aprender\u00e1s a hacer ladrillos, a bailar, cantar, a comunicar con otras palabras, otros gestos la gracia de cada momento. Si no sabes c\u00f3mo llegar a casa, sigue la m\u00fasica, las risas y los corazones juguetones. Aqu\u00ed Andr\u00e9 Breton dir\u00eda: He dejado de desearme en otra parte<span class=\"su-quote-cite\">Cl\u00e9ment Ga\u00ebsler, 23 a\u00f1os, Francia<\/span><\/div><\/div>\n<\/div><\/div>\n<div class=\"su-note\"  style=\"border-color:#dadada;border-radius:3px;-moz-border-radius:3px;-webkit-border-radius:3px;\"><div class=\"su-note-inner su-u-clearfix su-u-trim\" style=\"background-color:#f4f4f4;border-color:#ffffff;color:#333333;border-radius:3px;-moz-border-radius:3px;-webkit-border-radius:3px;\">\n<p><img loading=\"lazy\" decoding=\"async\" class=\"alignnone wp-image-1893 size-medium aligncenter\" src=\"https:\/\/www.latribuajena.org\/wp-content\/uploads\/2023\/02\/Anto_bis-282x300.jpg\" alt=\"\" width=\"282\" height=\"300\" srcset=\"https:\/\/www.latribuajena.org\/wp-content\/uploads\/2023\/02\/Anto_bis-282x300.jpg 282w, https:\/\/www.latribuajena.org\/wp-content\/uploads\/2023\/02\/Anto_bis-11x12.jpg 11w, https:\/\/www.latribuajena.org\/wp-content\/uploads\/2023\/02\/Anto_bis.jpg 508w\" sizes=\"auto, (max-width: 282px) 100vw, 282px\" \/><\/p>\n<div class=\"su-quote su-quote-style-default cita-vol su-quote-has-cite\"><div class=\"su-quote-inner su-u-clearfix su-u-trim\">C\u2019etait Le premier woofing car je n\u2019en avais jamais fait auparavant et pour une premi\u00e8re exp\u00e9rience ce fus fantastique j\u2019ai rencontrer des personnes formidables avec le c\u0153ur sur la main et des moments que je n\u2019oublierai jamais. Je suis arriver juste avant le confinement et je n\u2019ai pas vue la quarantaine passer car nous l\u2019avons passer dans la joie et la bonne humeur surtout dans la joie &#8212; je recommande fortement d\u2019y passer quand vous en aurai l\u2019occasion un enormes bisous et penser pour eux <span class=\"su-quote-cite\">Anthony Gonz\u00e1lez, 22 a\u00f1os, Francia<\/span><\/div><\/div>\n<\/div><\/div>\n<div class=\"su-note\"  style=\"border-color:#dadada;border-radius:3px;-moz-border-radius:3px;-webkit-border-radius:3px;\"><div class=\"su-note-inner su-u-clearfix su-u-trim\" style=\"background-color:#f4f4f4;border-color:#ffffff;color:#333333;border-radius:3px;-moz-border-radius:3px;-webkit-border-radius:3px;\">\n<p><img loading=\"lazy\" decoding=\"async\" class=\"alignnone wp-image-1892 size-medium aligncenter\" src=\"https:\/\/www.latribuajena.org\/wp-content\/uploads\/2023\/02\/Alfredo-Vaquero-290x300.jpg\" alt=\"\" width=\"290\" height=\"300\" srcset=\"https:\/\/www.latribuajena.org\/wp-content\/uploads\/2023\/02\/Alfredo-Vaquero-290x300.jpg 290w, https:\/\/www.latribuajena.org\/wp-content\/uploads\/2023\/02\/Alfredo-Vaquero-768x795.jpg 768w, https:\/\/www.latribuajena.org\/wp-content\/uploads\/2023\/02\/Alfredo-Vaquero-12x12.jpg 12w, https:\/\/www.latribuajena.org\/wp-content\/uploads\/2023\/02\/Alfredo-Vaquero.jpg 927w\" sizes=\"auto, (max-width: 290px) 100vw, 290px\" \/><\/p>\n<div class=\"su-quote su-quote-style-default cita-vol su-quote-has-cite\"><div class=\"su-quote-inner su-u-clearfix su-u-trim\">En La Tribu he sentido lo que significa formar parte de un proyecto no s\u00f3lo a nivel f\u00edsico, tambi\u00e9n a nivel personal. Ha sido una experiencia muy rica en matices y ha dejado abiertas muchas puertas por la forna en que se gestiona el proyecto que es abierta y experinental. Me siento de \u00abLa Tribu\u00bb y lo recomiendo para personas que quieran tener una experiencia permacultural en buena compa\u00f1\u00eda. Gracias Marian y Kanu! Y a todos mis dem\u00e1s compa\u00f1eros que ahora muchos son como hermanitos m\u00edos.<span class=\"su-quote-cite\">Alfredo Vaquero, 41 a\u00f1os, Sevilla, Andaluc\u00eda<\/span><\/div><\/div>\n<\/div><\/div>\n<p data-wp-editing=\"1\"><div class=\"su-note\"  style=\"border-color:#dadada;border-radius:3px;-moz-border-radius:3px;-webkit-border-radius:3px;\"><div class=\"su-note-inner su-u-clearfix su-u-trim\" style=\"background-color:#f4f4f4;border-color:#ffffff;color:#333333;border-radius:3px;-moz-border-radius:3px;-webkit-border-radius:3px;\">\n<p><img loading=\"lazy\" decoding=\"async\" class=\"alignnone wp-image-1894 size-medium aligncenter\" src=\"https:\/\/www.latribuajena.org\/wp-content\/uploads\/2023\/02\/Karl_bis-295x300.jpg\" alt=\"\" width=\"295\" height=\"300\" srcset=\"https:\/\/www.latribuajena.org\/wp-content\/uploads\/2023\/02\/Karl_bis-295x300.jpg 295w, https:\/\/www.latribuajena.org\/wp-content\/uploads\/2023\/02\/Karl_bis-12x12.jpg 12w, https:\/\/www.latribuajena.org\/wp-content\/uploads\/2023\/02\/Karl_bis.jpg 324w\" sizes=\"auto, (max-width: 295px) 100vw, 295px\" \/><\/p>\n<div class=\"su-quote su-quote-style-default cita-vol su-quote-has-cite\"><div class=\"su-quote-inner su-u-clearfix su-u-trim\">A bit late to leave a review but i can only recommend this place. marian y jesus are very nice people who will kindly show you their way of life and who you can always have an interesting chat or deeper conversation with. the farm is cool, in the middle of a good process i would say; so already some cool stuff to see and enjoy but enough work left. in terms of sustainable practise they know what they do and you can learn a lot. its also very easy to get to by train from sevilla.<span class=\"su-quote-cite\">Karl Kaether, 21 a\u00f1os, Alemania<\/span><\/div><\/div>\n<\/div><\/div>\n<p data-wp-editing=\"1\"><div class=\"su-note\"  style=\"border-color:#dadada;border-radius:3px;-moz-border-radius:3px;-webkit-border-radius:3px;\"><div class=\"su-note-inner su-u-clearfix su-u-trim\" style=\"background-color:#f4f4f4;border-color:#ffffff;color:#333333;border-radius:3px;-moz-border-radius:3px;-webkit-border-radius:3px;\">\n<p data-wp-editing=\"1\">\n<p><img loading=\"lazy\" decoding=\"async\" class=\"alignnone wp-image-1895 size-medium aligncenter\" src=\"https:\/\/www.latribuajena.org\/wp-content\/uploads\/2023\/02\/Yarayscott-279x300.jpg\" alt=\"\" width=\"279\" height=\"300\" srcset=\"https:\/\/www.latribuajena.org\/wp-content\/uploads\/2023\/02\/Yarayscott-279x300.jpg 279w, https:\/\/www.latribuajena.org\/wp-content\/uploads\/2023\/02\/Yarayscott-951x1024.jpg 951w, https:\/\/www.latribuajena.org\/wp-content\/uploads\/2023\/02\/Yarayscott-768x827.jpg 768w, https:\/\/www.latribuajena.org\/wp-content\/uploads\/2023\/02\/Yarayscott-11x12.jpg 11w, https:\/\/www.latribuajena.org\/wp-content\/uploads\/2023\/02\/Yarayscott.jpg 1049w\" sizes=\"auto, (max-width: 279px) 100vw, 279px\" \/><\/p>\n<div class=\"su-quote su-quote-style-default cita-vol su-quote-has-cite\"><div class=\"su-quote-inner su-u-clearfix su-u-trim\">Kanu &amp; Marian are both incredibly knowledgeable and excellent teachers. Their beautiful permaculture farm is a great place to learn, work hard, relax, have fun and make new friends! We stayed with Kanu &amp; Marian for a month (April 2019) as their first ever wwoofers and they were the best hosts we ever had. From the moment we met they made us feel very welcome. They were always understanding when we asked for something and we had a private space too. A space with our own cooking facilities and bed, that looks even better now for future wwoofers on the pictures they sent us! Long-term hosting plan is the wwoofer house that they are building, but we were very comfortable already in the temporary space. The location is fantastic. A ten minute train to the centre of Seville is just a walk away. There are lots of ongoing projects on the farm and they made sure we always had plenty of options for work, from construction on the wwoofer house to orange harvesting, to installing a vegetable garden and irrigation system, to setting up bee hives and building a compost toilet. We also felt the work-learning balance was more than fair. They would both take time out to explain things properly and patiently when we asked questions. They are both wonderful cooks and we ate the main meal together. They also provided us with plenty of fresh food like homemade hummus and bread, all meals and even some snacks were provided. They have a big network of friends and family. They took us along to parties, family dinners and festivals. Marian also invited us to many amazing concerts that she is connected to through her work. Kanu is on the farm full-time so we never had to work alone, and whenever Marian is home she is always passionately working in the garden or in the house to prepare food, natural cosmetics\/soaps, checking on the bees, etc. Both Kanu &amp; Marian\u2019s work ethic and passion for their land inspired us a lot. All in all we came as wwoofers and we left as friends \ud83d\ude42 Kanu, Marian, Siria (the dog) &amp; Runrun (the cat), we miss you a lot &amp; we will come back! Yara &amp; Scott<span class=\"su-quote-cite\">Yara Vosebelt, 24 a\u00f1os, Pa\u00edses Bajos y Scott, 25 a\u00f1os, Escocia<\/span><\/div><\/div>\n<\/div><\/div>\n<p data-wp-editing=\"1\"><div class=\"su-note\"  style=\"border-color:#dadada;border-radius:3px;-moz-border-radius:3px;-webkit-border-radius:3px;\"><div class=\"su-note-inner su-u-clearfix su-u-trim\" style=\"background-color:#f4f4f4;border-color:#ffffff;color:#333333;border-radius:3px;-moz-border-radius:3px;-webkit-border-radius:3px;\"><\/div><\/div>\n<\/div>\n<div class=\"su-spacer\" style=\"height:40px\"><\/div>\n<div class=\"su-row\">\n<div class=\"su-column su-column-size-2-3 su-column-centered\"><div class=\"su-column-inner su-u-clearfix su-u-trim\">\n<div class=\"su-image-carousel  su-image-carousel-crop su-image-carousel-crop-4-3 su-image-carousel-adaptive su-image-carousel-slides-style-minimal su-image-carousel-controls-style-light su-image-carousel-align-center\" style=\"\" data-flickity-options='{\"groupCells\":true,\"cellSelector\":\".su-image-carousel-item\",\"adaptiveHeight\":false,\"cellAlign\":\"left\",\"prevNextButtons\":true,\"pageDots\":false,\"autoPlay\":3000,\"imagesLoaded\":true,\"contain\":true,\"selectedAttraction\":0.025,\"friction\":0.28}' id=\"su_image_carousel_69f2040b240ee\"><div class=\"su-image-carousel-item\"><div class=\"su-image-carousel-item-content\"><img loading=\"lazy\" decoding=\"async\" width=\"1920\" height=\"804\" src=\"https:\/\/www.latribuajena.org\/wp-content\/uploads\/2022\/10\/Aldfredo-Vaquero-scaled.jpg\" class=\"\" alt=\"\" srcset=\"https:\/\/www.latribuajena.org\/wp-content\/uploads\/2022\/10\/Aldfredo-Vaquero-scaled.jpg 1920w, https:\/\/www.latribuajena.org\/wp-content\/uploads\/2022\/10\/Aldfredo-Vaquero-300x126.jpg 300w, https:\/\/www.latribuajena.org\/wp-content\/uploads\/2022\/10\/Aldfredo-Vaquero-1024x429.jpg 1024w, https:\/\/www.latribuajena.org\/wp-content\/uploads\/2022\/10\/Aldfredo-Vaquero-768x322.jpg 768w, https:\/\/www.latribuajena.org\/wp-content\/uploads\/2022\/10\/Aldfredo-Vaquero-1536x643.jpg 1536w, https:\/\/www.latribuajena.org\/wp-content\/uploads\/2022\/10\/Aldfredo-Vaquero-2048x858.jpg 2048w, https:\/\/www.latribuajena.org\/wp-content\/uploads\/2022\/10\/Aldfredo-Vaquero-18x8.jpg 18w\" sizes=\"auto, (max-width: 1920px) 100vw, 1920px\" \/><\/div><\/div><div class=\"su-image-carousel-item\"><div class=\"su-image-carousel-item-content\"><img loading=\"lazy\" decoding=\"async\" width=\"960\" height=\"720\" src=\"https:\/\/www.latribuajena.org\/wp-content\/uploads\/2022\/10\/Alejandro-Brady.jpg\" class=\"\" alt=\"\" srcset=\"https:\/\/www.latribuajena.org\/wp-content\/uploads\/2022\/10\/Alejandro-Brady.jpg 960w, https:\/\/www.latribuajena.org\/wp-content\/uploads\/2022\/10\/Alejandro-Brady-300x225.jpg 300w, https:\/\/www.latribuajena.org\/wp-content\/uploads\/2022\/10\/Alejandro-Brady-768x576.jpg 768w, https:\/\/www.latribuajena.org\/wp-content\/uploads\/2022\/10\/Alejandro-Brady-16x12.jpg 16w\" sizes=\"auto, (max-width: 960px) 100vw, 960px\" \/><\/div><\/div><div class=\"su-image-carousel-item\"><div class=\"su-image-carousel-item-content\"><img loading=\"lazy\" decoding=\"async\" width=\"720\" height=\"960\" src=\"https:\/\/www.latribuajena.org\/wp-content\/uploads\/2022\/10\/Alejandro-Oria.jpg\" class=\"\" alt=\"\" srcset=\"https:\/\/www.latribuajena.org\/wp-content\/uploads\/2022\/10\/Alejandro-Oria.jpg 720w, https:\/\/www.latribuajena.org\/wp-content\/uploads\/2022\/10\/Alejandro-Oria-225x300.jpg 225w, https:\/\/www.latribuajena.org\/wp-content\/uploads\/2022\/10\/Alejandro-Oria-9x12.jpg 9w\" sizes=\"auto, (max-width: 720px) 100vw, 720px\" \/><\/div><\/div><div class=\"su-image-carousel-item\"><div class=\"su-image-carousel-item-content\"><img loading=\"lazy\" decoding=\"async\" width=\"927\" height=\"960\" src=\"https:\/\/www.latribuajena.org\/wp-content\/uploads\/2022\/10\/Alfredo-Vaquero.jpg\" class=\"\" alt=\"\" srcset=\"https:\/\/www.latribuajena.org\/wp-content\/uploads\/2022\/10\/Alfredo-Vaquero.jpg 927w, https:\/\/www.latribuajena.org\/wp-content\/uploads\/2022\/10\/Alfredo-Vaquero-290x300.jpg 290w, https:\/\/www.latribuajena.org\/wp-content\/uploads\/2022\/10\/Alfredo-Vaquero-768x795.jpg 768w, https:\/\/www.latribuajena.org\/wp-content\/uploads\/2022\/10\/Alfredo-Vaquero-12x12.jpg 12w\" sizes=\"auto, (max-width: 927px) 100vw, 927px\" \/><\/div><\/div><div class=\"su-image-carousel-item\"><div class=\"su-image-carousel-item-content\"><img loading=\"lazy\" decoding=\"async\" width=\"960\" height=\"814\" src=\"https:\/\/www.latribuajena.org\/wp-content\/uploads\/2022\/10\/Andrea-Cunsolo.jpg\" class=\"\" alt=\"\" srcset=\"https:\/\/www.latribuajena.org\/wp-content\/uploads\/2022\/10\/Andrea-Cunsolo.jpg 960w, https:\/\/www.latribuajena.org\/wp-content\/uploads\/2022\/10\/Andrea-Cunsolo-300x254.jpg 300w, https:\/\/www.latribuajena.org\/wp-content\/uploads\/2022\/10\/Andrea-Cunsolo-768x651.jpg 768w, https:\/\/www.latribuajena.org\/wp-content\/uploads\/2022\/10\/Andrea-Cunsolo-14x12.jpg 14w\" sizes=\"auto, (max-width: 960px) 100vw, 960px\" \/><\/div><\/div><div class=\"su-image-carousel-item\"><div class=\"su-image-carousel-item-content\"><img loading=\"lazy\" decoding=\"async\" width=\"960\" height=\"720\" src=\"https:\/\/www.latribuajena.org\/wp-content\/uploads\/2022\/10\/Anna-Lagrange.jpg\" class=\"\" alt=\"\" srcset=\"https:\/\/www.latribuajena.org\/wp-content\/uploads\/2022\/10\/Anna-Lagrange.jpg 960w, https:\/\/www.latribuajena.org\/wp-content\/uploads\/2022\/10\/Anna-Lagrange-300x225.jpg 300w, https:\/\/www.latribuajena.org\/wp-content\/uploads\/2022\/10\/Anna-Lagrange-768x576.jpg 768w, https:\/\/www.latribuajena.org\/wp-content\/uploads\/2022\/10\/Anna-Lagrange-16x12.jpg 16w\" sizes=\"auto, (max-width: 960px) 100vw, 960px\" \/><\/div><\/div><div class=\"su-image-carousel-item\"><div class=\"su-image-carousel-item-content\"><img loading=\"lazy\" decoding=\"async\" width=\"1440\" height=\"1920\" src=\"https:\/\/www.latribuajena.org\/wp-content\/uploads\/2022\/10\/Anthony-Glez-scaled.jpg\" class=\"\" alt=\"\" srcset=\"https:\/\/www.latribuajena.org\/wp-content\/uploads\/2022\/10\/Anthony-Glez-scaled.jpg 1440w, https:\/\/www.latribuajena.org\/wp-content\/uploads\/2022\/10\/Anthony-Glez-225x300.jpg 225w, https:\/\/www.latribuajena.org\/wp-content\/uploads\/2022\/10\/Anthony-Glez-768x1024.jpg 768w, https:\/\/www.latribuajena.org\/wp-content\/uploads\/2022\/10\/Anthony-Glez-1152x1536.jpg 1152w, https:\/\/www.latribuajena.org\/wp-content\/uploads\/2022\/10\/Anthony-Glez-9x12.jpg 9w\" sizes=\"auto, (max-width: 1440px) 100vw, 1440px\" \/><\/div><\/div><div class=\"su-image-carousel-item\"><div class=\"su-image-carousel-item-content\"><img loading=\"lazy\" decoding=\"async\" width=\"720\" height=\"960\" src=\"https:\/\/www.latribuajena.org\/wp-content\/uploads\/2022\/10\/Arthur.jpg\" class=\"\" alt=\"\" srcset=\"https:\/\/www.latribuajena.org\/wp-content\/uploads\/2022\/10\/Arthur.jpg 720w, https:\/\/www.latribuajena.org\/wp-content\/uploads\/2022\/10\/Arthur-225x300.jpg 225w, https:\/\/www.latribuajena.org\/wp-content\/uploads\/2022\/10\/Arthur-9x12.jpg 9w\" sizes=\"auto, (max-width: 720px) 100vw, 720px\" \/><\/div><\/div><div class=\"su-image-carousel-item\"><div class=\"su-image-carousel-item-content\"><img loading=\"lazy\" decoding=\"async\" width=\"910\" height=\"960\" src=\"https:\/\/www.latribuajena.org\/wp-content\/uploads\/2022\/10\/Clement.jpg\" class=\"\" alt=\"\" srcset=\"https:\/\/www.latribuajena.org\/wp-content\/uploads\/2022\/10\/Clement.jpg 910w, https:\/\/www.latribuajena.org\/wp-content\/uploads\/2022\/10\/Clement-284x300.jpg 284w, https:\/\/www.latribuajena.org\/wp-content\/uploads\/2022\/10\/Clement-768x810.jpg 768w, https:\/\/www.latribuajena.org\/wp-content\/uploads\/2022\/10\/Clement-11x12.jpg 11w\" sizes=\"auto, (max-width: 910px) 100vw, 910px\" \/><\/div><\/div><div class=\"su-image-carousel-item\"><div class=\"su-image-carousel-item-content\"><img loading=\"lazy\" decoding=\"async\" width=\"960\" height=\"720\" src=\"https:\/\/www.latribuajena.org\/wp-content\/uploads\/2022\/10\/Daniel-Attwell.jpg\" class=\"\" alt=\"\" srcset=\"https:\/\/www.latribuajena.org\/wp-content\/uploads\/2022\/10\/Daniel-Attwell.jpg 960w, https:\/\/www.latribuajena.org\/wp-content\/uploads\/2022\/10\/Daniel-Attwell-300x225.jpg 300w, https:\/\/www.latribuajena.org\/wp-content\/uploads\/2022\/10\/Daniel-Attwell-768x576.jpg 768w, https:\/\/www.latribuajena.org\/wp-content\/uploads\/2022\/10\/Daniel-Attwell-16x12.jpg 16w\" sizes=\"auto, (max-width: 960px) 100vw, 960px\" \/><\/div><\/div><div class=\"su-image-carousel-item\"><div class=\"su-image-carousel-item-content\"><img loading=\"lazy\" decoding=\"async\" width=\"960\" height=\"1280\" src=\"https:\/\/www.latribuajena.org\/wp-content\/uploads\/2022\/10\/Daniel-Attwell1.jpg-rotated.jpeg\" class=\"\" alt=\"\" srcset=\"https:\/\/www.latribuajena.org\/wp-content\/uploads\/2022\/10\/Daniel-Attwell1.jpg-rotated.jpeg 960w, https:\/\/www.latribuajena.org\/wp-content\/uploads\/2022\/10\/Daniel-Attwell1.jpg-225x300.jpeg 225w, https:\/\/www.latribuajena.org\/wp-content\/uploads\/2022\/10\/Daniel-Attwell1.jpg-768x1024.jpeg 768w, https:\/\/www.latribuajena.org\/wp-content\/uploads\/2022\/10\/Daniel-Attwell1.jpg-9x12.jpeg 9w\" sizes=\"auto, (max-width: 960px) 100vw, 960px\" \/><\/div><\/div><div class=\"su-image-carousel-item\"><div class=\"su-image-carousel-item-content\"><img loading=\"lazy\" decoding=\"async\" width=\"1440\" height=\"922\" src=\"https:\/\/www.latribuajena.org\/wp-content\/uploads\/2022\/10\/Edoardo-Cipriani.jpg\" class=\"\" alt=\"\" srcset=\"https:\/\/www.latribuajena.org\/wp-content\/uploads\/2022\/10\/Edoardo-Cipriani.jpg 1440w, https:\/\/www.latribuajena.org\/wp-content\/uploads\/2022\/10\/Edoardo-Cipriani-300x192.jpg 300w, https:\/\/www.latribuajena.org\/wp-content\/uploads\/2022\/10\/Edoardo-Cipriani-1024x656.jpg 1024w, https:\/\/www.latribuajena.org\/wp-content\/uploads\/2022\/10\/Edoardo-Cipriani-768x492.jpg 768w, https:\/\/www.latribuajena.org\/wp-content\/uploads\/2022\/10\/Edoardo-Cipriani-18x12.jpg 18w\" sizes=\"auto, (max-width: 1440px) 100vw, 1440px\" \/><\/div><\/div><div class=\"su-image-carousel-item\"><div class=\"su-image-carousel-item-content\"><img loading=\"lazy\" decoding=\"async\" width=\"720\" height=\"960\" src=\"https:\/\/www.latribuajena.org\/wp-content\/uploads\/2022\/10\/Jose-Fadel.jpg\" class=\"\" alt=\"\" srcset=\"https:\/\/www.latribuajena.org\/wp-content\/uploads\/2022\/10\/Jose-Fadel.jpg 720w, https:\/\/www.latribuajena.org\/wp-content\/uploads\/2022\/10\/Jose-Fadel-225x300.jpg 225w, https:\/\/www.latribuajena.org\/wp-content\/uploads\/2022\/10\/Jose-Fadel-9x12.jpg 9w\" sizes=\"auto, (max-width: 720px) 100vw, 720px\" \/><\/div><\/div><div class=\"su-image-carousel-item\"><div class=\"su-image-carousel-item-content\"><img loading=\"lazy\" decoding=\"async\" width=\"720\" height=\"960\" src=\"https:\/\/www.latribuajena.org\/wp-content\/uploads\/2022\/10\/Kelly-jenny.jpg\" class=\"\" alt=\"\" srcset=\"https:\/\/www.latribuajena.org\/wp-content\/uploads\/2022\/10\/Kelly-jenny.jpg 720w, https:\/\/www.latribuajena.org\/wp-content\/uploads\/2022\/10\/Kelly-jenny-225x300.jpg 225w, https:\/\/www.latribuajena.org\/wp-content\/uploads\/2022\/10\/Kelly-jenny-9x12.jpg 9w\" sizes=\"auto, (max-width: 720px) 100vw, 720px\" \/><\/div><\/div><div class=\"su-image-carousel-item\"><div class=\"su-image-carousel-item-content\"><img loading=\"lazy\" decoding=\"async\" width=\"1200\" height=\"1599\" src=\"https:\/\/www.latribuajena.org\/wp-content\/uploads\/2022\/10\/Lea.jpeg\" class=\"\" alt=\"\" srcset=\"https:\/\/www.latribuajena.org\/wp-content\/uploads\/2022\/10\/Lea.jpeg 1200w, https:\/\/www.latribuajena.org\/wp-content\/uploads\/2022\/10\/Lea-225x300.jpeg 225w, https:\/\/www.latribuajena.org\/wp-content\/uploads\/2022\/10\/Lea-768x1023.jpeg 768w, https:\/\/www.latribuajena.org\/wp-content\/uploads\/2022\/10\/Lea-1153x1536.jpeg 1153w, https:\/\/www.latribuajena.org\/wp-content\/uploads\/2022\/10\/Lea-9x12.jpeg 9w\" sizes=\"auto, (max-width: 1200px) 100vw, 1200px\" \/><\/div><\/div><div class=\"su-image-carousel-item\"><div class=\"su-image-carousel-item-content\"><img loading=\"lazy\" decoding=\"async\" width=\"329\" height=\"436\" src=\"https:\/\/www.latribuajena.org\/wp-content\/uploads\/2022\/10\/Lidia.jpg\" class=\"\" alt=\"\" srcset=\"https:\/\/www.latribuajena.org\/wp-content\/uploads\/2022\/10\/Lidia.jpg 329w, https:\/\/www.latribuajena.org\/wp-content\/uploads\/2022\/10\/Lidia-226x300.jpg 226w, https:\/\/www.latribuajena.org\/wp-content\/uploads\/2022\/10\/Lidia-9x12.jpg 9w\" sizes=\"auto, (max-width: 329px) 100vw, 329px\" \/><\/div><\/div><div class=\"su-image-carousel-item\"><div class=\"su-image-carousel-item-content\"><img loading=\"lazy\" decoding=\"async\" width=\"720\" height=\"960\" src=\"https:\/\/www.latribuajena.org\/wp-content\/uploads\/2022\/10\/Lili.jpg\" class=\"\" alt=\"\" srcset=\"https:\/\/www.latribuajena.org\/wp-content\/uploads\/2022\/10\/Lili.jpg 720w, https:\/\/www.latribuajena.org\/wp-content\/uploads\/2022\/10\/Lili-225x300.jpg 225w, https:\/\/www.latribuajena.org\/wp-content\/uploads\/2022\/10\/Lili-9x12.jpg 9w\" sizes=\"auto, (max-width: 720px) 100vw, 720px\" \/><\/div><\/div><div class=\"su-image-carousel-item\"><div class=\"su-image-carousel-item-content\"><img loading=\"lazy\" decoding=\"async\" width=\"720\" height=\"960\" src=\"https:\/\/www.latribuajena.org\/wp-content\/uploads\/2022\/10\/Maria.jpg\" class=\"\" alt=\"\" srcset=\"https:\/\/www.latribuajena.org\/wp-content\/uploads\/2022\/10\/Maria.jpg 720w, https:\/\/www.latribuajena.org\/wp-content\/uploads\/2022\/10\/Maria-225x300.jpg 225w, https:\/\/www.latribuajena.org\/wp-content\/uploads\/2022\/10\/Maria-9x12.jpg 9w\" sizes=\"auto, (max-width: 720px) 100vw, 720px\" \/><\/div><\/div><div class=\"su-image-carousel-item\"><div class=\"su-image-carousel-item-content\"><img loading=\"lazy\" decoding=\"async\" width=\"1599\" height=\"1200\" src=\"https:\/\/www.latribuajena.org\/wp-content\/uploads\/2022\/10\/Marie1.jpg\" class=\"\" alt=\"\" srcset=\"https:\/\/www.latribuajena.org\/wp-content\/uploads\/2022\/10\/Marie1.jpg 1599w, https:\/\/www.latribuajena.org\/wp-content\/uploads\/2022\/10\/Marie1-300x225.jpg 300w, https:\/\/www.latribuajena.org\/wp-content\/uploads\/2022\/10\/Marie1-1024x768.jpg 1024w, https:\/\/www.latribuajena.org\/wp-content\/uploads\/2022\/10\/Marie1-768x576.jpg 768w, https:\/\/www.latribuajena.org\/wp-content\/uploads\/2022\/10\/Marie1-1536x1153.jpg 1536w, https:\/\/www.latribuajena.org\/wp-content\/uploads\/2022\/10\/Marie1-16x12.jpg 16w\" sizes=\"auto, (max-width: 1599px) 100vw, 1599px\" \/><\/div><\/div><div class=\"su-image-carousel-item\"><div class=\"su-image-carousel-item-content\"><img loading=\"lazy\" decoding=\"async\" width=\"720\" height=\"960\" src=\"https:\/\/www.latribuajena.org\/wp-content\/uploads\/2022\/10\/Melanie.jpg\" class=\"\" alt=\"\" srcset=\"https:\/\/www.latribuajena.org\/wp-content\/uploads\/2022\/10\/Melanie.jpg 720w, https:\/\/www.latribuajena.org\/wp-content\/uploads\/2022\/10\/Melanie-225x300.jpg 225w, https:\/\/www.latribuajena.org\/wp-content\/uploads\/2022\/10\/Melanie-9x12.jpg 9w\" sizes=\"auto, (max-width: 720px) 100vw, 720px\" \/><\/div><\/div><div class=\"su-image-carousel-item\"><div class=\"su-image-carousel-item-content\"><img loading=\"lazy\" decoding=\"async\" width=\"720\" height=\"960\" src=\"https:\/\/www.latribuajena.org\/wp-content\/uploads\/2022\/10\/Merle.jpg\" class=\"\" alt=\"\" srcset=\"https:\/\/www.latribuajena.org\/wp-content\/uploads\/2022\/10\/Merle.jpg 720w, https:\/\/www.latribuajena.org\/wp-content\/uploads\/2022\/10\/Merle-225x300.jpg 225w, https:\/\/www.latribuajena.org\/wp-content\/uploads\/2022\/10\/Merle-9x12.jpg 9w\" sizes=\"auto, (max-width: 720px) 100vw, 720px\" \/><\/div><\/div><div class=\"su-image-carousel-item\"><div class=\"su-image-carousel-item-content\"><img loading=\"lazy\" decoding=\"async\" width=\"720\" height=\"960\" src=\"https:\/\/www.latribuajena.org\/wp-content\/uploads\/2022\/10\/Paritosh.jpg\" class=\"\" alt=\"\" srcset=\"https:\/\/www.latribuajena.org\/wp-content\/uploads\/2022\/10\/Paritosh.jpg 720w, https:\/\/www.latribuajena.org\/wp-content\/uploads\/2022\/10\/Paritosh-225x300.jpg 225w, https:\/\/www.latribuajena.org\/wp-content\/uploads\/2022\/10\/Paritosh-9x12.jpg 9w\" sizes=\"auto, (max-width: 720px) 100vw, 720px\" \/><\/div><\/div><div class=\"su-image-carousel-item\"><div class=\"su-image-carousel-item-content\"><img loading=\"lazy\" decoding=\"async\" width=\"1024\" height=\"683\" src=\"https:\/\/www.latribuajena.org\/wp-content\/uploads\/2022\/10\/Paritosh1.jpeg\" class=\"\" alt=\"\" srcset=\"https:\/\/www.latribuajena.org\/wp-content\/uploads\/2022\/10\/Paritosh1.jpeg 1024w, https:\/\/www.latribuajena.org\/wp-content\/uploads\/2022\/10\/Paritosh1-300x200.jpeg 300w, https:\/\/www.latribuajena.org\/wp-content\/uploads\/2022\/10\/Paritosh1-768x512.jpeg 768w, https:\/\/www.latribuajena.org\/wp-content\/uploads\/2022\/10\/Paritosh1-18x12.jpeg 18w\" sizes=\"auto, (max-width: 1024px) 100vw, 1024px\" \/><\/div><\/div><div class=\"su-image-carousel-item\"><div class=\"su-image-carousel-item-content\"><img loading=\"lazy\" decoding=\"async\" width=\"720\" height=\"960\" src=\"https:\/\/www.latribuajena.org\/wp-content\/uploads\/2022\/10\/Robbie.jpg\" class=\"\" alt=\"\" srcset=\"https:\/\/www.latribuajena.org\/wp-content\/uploads\/2022\/10\/Robbie.jpg 720w, https:\/\/www.latribuajena.org\/wp-content\/uploads\/2022\/10\/Robbie-225x300.jpg 225w, https:\/\/www.latribuajena.org\/wp-content\/uploads\/2022\/10\/Robbie-9x12.jpg 9w\" sizes=\"auto, (max-width: 720px) 100vw, 720px\" \/><\/div><\/div><div class=\"su-image-carousel-item\"><div class=\"su-image-carousel-item-content\"><img loading=\"lazy\" decoding=\"async\" width=\"1920\" height=\"1436\" src=\"https:\/\/www.latribuajena.org\/wp-content\/uploads\/2022\/10\/Rocio-Oneto-scaled.jpg\" class=\"\" alt=\"\" srcset=\"https:\/\/www.latribuajena.org\/wp-content\/uploads\/2022\/10\/Rocio-Oneto-scaled.jpg 1920w, https:\/\/www.latribuajena.org\/wp-content\/uploads\/2022\/10\/Rocio-Oneto-300x224.jpg 300w, https:\/\/www.latribuajena.org\/wp-content\/uploads\/2022\/10\/Rocio-Oneto-1024x766.jpg 1024w, https:\/\/www.latribuajena.org\/wp-content\/uploads\/2022\/10\/Rocio-Oneto-768x574.jpg 768w, https:\/\/www.latribuajena.org\/wp-content\/uploads\/2022\/10\/Rocio-Oneto-1536x1149.jpg 1536w, https:\/\/www.latribuajena.org\/wp-content\/uploads\/2022\/10\/Rocio-Oneto-2048x1532.jpg 2048w, https:\/\/www.latribuajena.org\/wp-content\/uploads\/2022\/10\/Rocio-Oneto-16x12.jpg 16w\" sizes=\"auto, (max-width: 1920px) 100vw, 1920px\" \/><\/div><\/div><div class=\"su-image-carousel-item\"><div class=\"su-image-carousel-item-content\"><img loading=\"lazy\" decoding=\"async\" width=\"912\" height=\"960\" src=\"https:\/\/www.latribuajena.org\/wp-content\/uploads\/2022\/10\/Sylvia.jpg\" class=\"\" alt=\"\" srcset=\"https:\/\/www.latribuajena.org\/wp-content\/uploads\/2022\/10\/Sylvia.jpg 912w, https:\/\/www.latribuajena.org\/wp-content\/uploads\/2022\/10\/Sylvia-285x300.jpg 285w, https:\/\/www.latribuajena.org\/wp-content\/uploads\/2022\/10\/Sylvia-768x808.jpg 768w, https:\/\/www.latribuajena.org\/wp-content\/uploads\/2022\/10\/Sylvia-11x12.jpg 11w\" sizes=\"auto, (max-width: 912px) 100vw, 912px\" \/><\/div><\/div><div class=\"su-image-carousel-item\"><div class=\"su-image-carousel-item-content\"><img loading=\"lazy\" decoding=\"async\" width=\"1875\" height=\"1250\" src=\"https:\/\/www.latribuajena.org\/wp-content\/uploads\/2022\/10\/Tess-.jpg\" class=\"\" alt=\"\" srcset=\"https:\/\/www.latribuajena.org\/wp-content\/uploads\/2022\/10\/Tess-.jpg 1875w, https:\/\/www.latribuajena.org\/wp-content\/uploads\/2022\/10\/Tess--300x200.jpg 300w, https:\/\/www.latribuajena.org\/wp-content\/uploads\/2022\/10\/Tess--1024x683.jpg 1024w, https:\/\/www.latribuajena.org\/wp-content\/uploads\/2022\/10\/Tess--768x512.jpg 768w, https:\/\/www.latribuajena.org\/wp-content\/uploads\/2022\/10\/Tess--1536x1024.jpg 1536w, https:\/\/www.latribuajena.org\/wp-content\/uploads\/2022\/10\/Tess--18x12.jpg 18w\" sizes=\"auto, (max-width: 1875px) 100vw, 1875px\" \/><\/div><\/div><div class=\"su-image-carousel-item\"><div class=\"su-image-carousel-item-content\"><img loading=\"lazy\" decoding=\"async\" width=\"720\" height=\"960\" src=\"https:\/\/www.latribuajena.org\/wp-content\/uploads\/2022\/10\/Will.jpg\" class=\"\" alt=\"\" srcset=\"https:\/\/www.latribuajena.org\/wp-content\/uploads\/2022\/10\/Will.jpg 720w, https:\/\/www.latribuajena.org\/wp-content\/uploads\/2022\/10\/Will-225x300.jpg 225w, https:\/\/www.latribuajena.org\/wp-content\/uploads\/2022\/10\/Will-9x12.jpg 9w\" sizes=\"auto, (max-width: 720px) 100vw, 720px\" \/><\/div><\/div><div class=\"su-image-carousel-item\"><div class=\"su-image-carousel-item-content\"><img loading=\"lazy\" decoding=\"async\" width=\"1920\" height=\"1078\" src=\"https:\/\/www.latribuajena.org\/wp-content\/uploads\/2022\/10\/Yara-y-Scott-scaled.jpg\" class=\"\" alt=\"\" srcset=\"https:\/\/www.latribuajena.org\/wp-content\/uploads\/2022\/10\/Yara-y-Scott-scaled.jpg 1920w, https:\/\/www.latribuajena.org\/wp-content\/uploads\/2022\/10\/Yara-y-Scott-300x168.jpg 300w, https:\/\/www.latribuajena.org\/wp-content\/uploads\/2022\/10\/Yara-y-Scott-1024x575.jpg 1024w, https:\/\/www.latribuajena.org\/wp-content\/uploads\/2022\/10\/Yara-y-Scott-768x431.jpg 768w, https:\/\/www.latribuajena.org\/wp-content\/uploads\/2022\/10\/Yara-y-Scott-1536x863.jpg 1536w, https:\/\/www.latribuajena.org\/wp-content\/uploads\/2022\/10\/Yara-y-Scott-18x10.jpg 18w\" sizes=\"auto, (max-width: 1920px) 100vw, 1920px\" \/><\/div><\/div><\/div><script id=\"su_image_carousel_69f2040b240ee_script\">if(window.SUImageCarousel){setTimeout(function() {window.SUImageCarousel.initGallery(document.getElementById(\"su_image_carousel_69f2040b240ee\"))}, 0);}var su_image_carousel_69f2040b240ee_script=document.getElementById(\"su_image_carousel_69f2040b240ee_script\");if(su_image_carousel_69f2040b240ee_script){su_image_carousel_69f2040b240ee_script.parentNode.removeChild(su_image_carousel_69f2040b240ee_script);}<\/script>\n<\/div><\/div>\n<\/div>\n<p><img loading=\"lazy\" decoding=\"async\" class=\"wp-image-484 aligncenter\" src=\"https:\/\/www.latribuajena.org\/wp-content\/uploads\/2022\/03\/57-570865_divider3-1531673853-floral-line-divider-png-e1666639030370.jpg\" alt=\"\" width=\"401\" height=\"128\" srcset=\"https:\/\/www.latribuajena.org\/wp-content\/uploads\/2022\/03\/57-570865_divider3-1531673853-floral-line-divider-png-e1666639030370.jpg 820w, https:\/\/www.latribuajena.org\/wp-content\/uploads\/2022\/03\/57-570865_divider3-1531673853-floral-line-divider-png-e1666639030370-300x96.jpg 300w, https:\/\/www.latribuajena.org\/wp-content\/uploads\/2022\/03\/57-570865_divider3-1531673853-floral-line-divider-png-e1666639030370-768x245.jpg 768w, https:\/\/www.latribuajena.org\/wp-content\/uploads\/2022\/03\/57-570865_divider3-1531673853-floral-line-divider-png-e1666639030370-18x6.jpg 18w\" sizes=\"auto, (max-width: 401px) 100vw, 401px\" \/><\/p>\n<p><img loading=\"lazy\" decoding=\"async\" class=\"aligncenter wp-image-1572 size-large\" src=\"https:\/\/www.latribuajena.org\/wp-content\/uploads\/2023\/02\/DSC_6932-1024x685.jpg\" alt=\"\" width=\"1024\" height=\"685\" srcset=\"https:\/\/www.latribuajena.org\/wp-content\/uploads\/2023\/02\/DSC_6932-1024x685.jpg 1024w, https:\/\/www.latribuajena.org\/wp-content\/uploads\/2023\/02\/DSC_6932-300x201.jpg 300w, https:\/\/www.latribuajena.org\/wp-content\/uploads\/2023\/02\/DSC_6932-768x514.jpg 768w, https:\/\/www.latribuajena.org\/wp-content\/uploads\/2023\/02\/DSC_6932-1536x1028.jpg 1536w, https:\/\/www.latribuajena.org\/wp-content\/uploads\/2023\/02\/DSC_6932-18x12.jpg 18w, https:\/\/www.latribuajena.org\/wp-content\/uploads\/2023\/02\/DSC_6932-scaled.jpg 1920w\" sizes=\"auto, (max-width: 1024px) 100vw, 1024px\" \/><\/p>","protected":false},"excerpt":{"rendered":"<p>Ven a La Tribu Ajena La Tribu habla\u00a0<\/p>","protected":false},"author":2,"featured_media":1888,"parent":0,"menu_order":0,"comment_status":"closed","ping_status":"closed","template":"","meta":{"footnotes":""},"class_list":["post-141","page","type-page","status-publish","has-post-thumbnail","hentry"],"yoast_head":"<!-- This site is optimized with the Yoast SEO plugin v27.5 - https:\/\/yoast.com\/product\/yoast-seo-wordpress\/ -->\n<title>Voluntariado - La Tribu Ajena<\/title>\n<meta name=\"robots\" content=\"index, follow, max-snippet:-1, max-image-preview:large, max-video-preview:-1\" \/>\n<link rel=\"canonical\" href=\"https:\/\/www.latribuajena.org\/en\/voluntariado\/\" \/>\n<meta property=\"og:locale\" content=\"en_US\" \/>\n<meta property=\"og:type\" content=\"article\" \/>\n<meta property=\"og:title\" content=\"Voluntariado - La Tribu Ajena\" \/>\n<meta property=\"og:description\" content=\"Ven a La Tribu Ajena La Tribu habla\u00a0\" \/>\n<meta property=\"og:url\" content=\"https:\/\/www.latribuajena.org\/en\/voluntariado\/\" \/>\n<meta property=\"og:site_name\" content=\"La Tribu Ajena\" \/>\n<meta property=\"article:modified_time\" content=\"2023-02-23T14:23:02+00:00\" \/>\n<meta property=\"og:image\" content=\"https:\/\/www.latribuajena.org\/wp-content\/uploads\/2023\/02\/93A0919-scaled.jpg\" \/>\n\t<meta property=\"og:image:width\" content=\"1920\" \/>\n\t<meta property=\"og:image:height\" content=\"1280\" \/>\n\t<meta property=\"og:image:type\" content=\"image\/jpeg\" \/>\n<meta name=\"twitter:card\" content=\"summary_large_image\" \/>\n<meta name=\"twitter:label1\" content=\"Est. reading time\" \/>\n\t<meta name=\"twitter:data1\" content=\"28 minutes\" \/>\n<script type=\"application\/ld+json\" class=\"yoast-schema-graph\">{\"@context\":\"https:\\\/\\\/schema.org\",\"@graph\":[{\"@type\":\"WebPage\",\"@id\":\"https:\\\/\\\/www.latribuajena.org\\\/voluntariado\\\/\",\"url\":\"https:\\\/\\\/www.latribuajena.org\\\/voluntariado\\\/\",\"name\":\"Voluntariado - La Tribu Ajena\",\"isPartOf\":{\"@id\":\"https:\\\/\\\/www.latribuajena.org\\\/#website\"},\"primaryImageOfPage\":{\"@id\":\"https:\\\/\\\/www.latribuajena.org\\\/voluntariado\\\/#primaryimage\"},\"image\":{\"@id\":\"https:\\\/\\\/www.latribuajena.org\\\/voluntariado\\\/#primaryimage\"},\"thumbnailUrl\":\"https:\\\/\\\/www.latribuajena.org\\\/wp-content\\\/uploads\\\/2023\\\/02\\\/93A0919-scaled.jpg\",\"datePublished\":\"2021-10-25T10:12:43+00:00\",\"dateModified\":\"2023-02-23T14:23:02+00:00\",\"breadcrumb\":{\"@id\":\"https:\\\/\\\/www.latribuajena.org\\\/voluntariado\\\/#breadcrumb\"},\"inLanguage\":\"en-US\",\"potentialAction\":[{\"@type\":\"ReadAction\",\"target\":[\"https:\\\/\\\/www.latribuajena.org\\\/voluntariado\\\/\"]}]},{\"@type\":\"ImageObject\",\"inLanguage\":\"en-US\",\"@id\":\"https:\\\/\\\/www.latribuajena.org\\\/voluntariado\\\/#primaryimage\",\"url\":\"https:\\\/\\\/www.latribuajena.org\\\/wp-content\\\/uploads\\\/2023\\\/02\\\/93A0919-scaled.jpg\",\"contentUrl\":\"https:\\\/\\\/www.latribuajena.org\\\/wp-content\\\/uploads\\\/2023\\\/02\\\/93A0919-scaled.jpg\",\"width\":1920,\"height\":1280},{\"@type\":\"BreadcrumbList\",\"@id\":\"https:\\\/\\\/www.latribuajena.org\\\/voluntariado\\\/#breadcrumb\",\"itemListElement\":[{\"@type\":\"ListItem\",\"position\":1,\"name\":\"Portada\",\"item\":\"https:\\\/\\\/www.latribuajena.org\\\/\"},{\"@type\":\"ListItem\",\"position\":2,\"name\":\"Voluntariado\"}]},{\"@type\":\"WebSite\",\"@id\":\"https:\\\/\\\/www.latribuajena.org\\\/#website\",\"url\":\"https:\\\/\\\/www.latribuajena.org\\\/\",\"name\":\"La Tribu Ajena\",\"description\":\"Escuela de Vida en Permacultura\",\"publisher\":{\"@id\":\"https:\\\/\\\/www.latribuajena.org\\\/#organization\"},\"potentialAction\":[{\"@type\":\"SearchAction\",\"target\":{\"@type\":\"EntryPoint\",\"urlTemplate\":\"https:\\\/\\\/www.latribuajena.org\\\/?s={search_term_string}\"},\"query-input\":{\"@type\":\"PropertyValueSpecification\",\"valueRequired\":true,\"valueName\":\"search_term_string\"}}],\"inLanguage\":\"en-US\"},{\"@type\":\"Organization\",\"@id\":\"https:\\\/\\\/www.latribuajena.org\\\/#organization\",\"name\":\"La Tribu Ajena\",\"url\":\"https:\\\/\\\/www.latribuajena.org\\\/\",\"logo\":{\"@type\":\"ImageObject\",\"inLanguage\":\"en-US\",\"@id\":\"https:\\\/\\\/www.latribuajena.org\\\/#\\\/schema\\\/logo\\\/image\\\/\",\"url\":\"https:\\\/\\\/www.latribuajena.org\\\/wp-content\\\/uploads\\\/2022\\\/01\\\/logo-tribu-ajena-1.png\",\"contentUrl\":\"https:\\\/\\\/www.latribuajena.org\\\/wp-content\\\/uploads\\\/2022\\\/01\\\/logo-tribu-ajena-1.png\",\"width\":200,\"height\":255,\"caption\":\"La Tribu Ajena\"},\"image\":{\"@id\":\"https:\\\/\\\/www.latribuajena.org\\\/#\\\/schema\\\/logo\\\/image\\\/\"}}]}<\/script>\n<!-- \/ Yoast SEO plugin. -->","yoast_head_json":{"title":"Voluntariado - La Tribu Ajena","robots":{"index":"index","follow":"follow","max-snippet":"max-snippet:-1","max-image-preview":"max-image-preview:large","max-video-preview":"max-video-preview:-1"},"canonical":"https:\/\/www.latribuajena.org\/en\/voluntariado\/","og_locale":"en_US","og_type":"article","og_title":"Voluntariado - La Tribu Ajena","og_description":"Ven a La Tribu Ajena La Tribu habla\u00a0","og_url":"https:\/\/www.latribuajena.org\/en\/voluntariado\/","og_site_name":"La Tribu Ajena","article_modified_time":"2023-02-23T14:23:02+00:00","og_image":[{"width":1920,"height":1280,"url":"https:\/\/www.latribuajena.org\/wp-content\/uploads\/2023\/02\/93A0919-scaled.jpg","type":"image\/jpeg"}],"twitter_card":"summary_large_image","twitter_misc":{"Est. reading time":"28 minutes"},"schema":{"@context":"https:\/\/schema.org","@graph":[{"@type":"WebPage","@id":"https:\/\/www.latribuajena.org\/voluntariado\/","url":"https:\/\/www.latribuajena.org\/voluntariado\/","name":"Voluntariado - La Tribu Ajena","isPartOf":{"@id":"https:\/\/www.latribuajena.org\/#website"},"primaryImageOfPage":{"@id":"https:\/\/www.latribuajena.org\/voluntariado\/#primaryimage"},"image":{"@id":"https:\/\/www.latribuajena.org\/voluntariado\/#primaryimage"},"thumbnailUrl":"https:\/\/www.latribuajena.org\/wp-content\/uploads\/2023\/02\/93A0919-scaled.jpg","datePublished":"2021-10-25T10:12:43+00:00","dateModified":"2023-02-23T14:23:02+00:00","breadcrumb":{"@id":"https:\/\/www.latribuajena.org\/voluntariado\/#breadcrumb"},"inLanguage":"en-US","potentialAction":[{"@type":"ReadAction","target":["https:\/\/www.latribuajena.org\/voluntariado\/"]}]},{"@type":"ImageObject","inLanguage":"en-US","@id":"https:\/\/www.latribuajena.org\/voluntariado\/#primaryimage","url":"https:\/\/www.latribuajena.org\/wp-content\/uploads\/2023\/02\/93A0919-scaled.jpg","contentUrl":"https:\/\/www.latribuajena.org\/wp-content\/uploads\/2023\/02\/93A0919-scaled.jpg","width":1920,"height":1280},{"@type":"BreadcrumbList","@id":"https:\/\/www.latribuajena.org\/voluntariado\/#breadcrumb","itemListElement":[{"@type":"ListItem","position":1,"name":"Portada","item":"https:\/\/www.latribuajena.org\/"},{"@type":"ListItem","position":2,"name":"Voluntariado"}]},{"@type":"WebSite","@id":"https:\/\/www.latribuajena.org\/#website","url":"https:\/\/www.latribuajena.org\/","name":"La Tribu Ajena","description":"Permaculture Living School","publisher":{"@id":"https:\/\/www.latribuajena.org\/#organization"},"potentialAction":[{"@type":"SearchAction","target":{"@type":"EntryPoint","urlTemplate":"https:\/\/www.latribuajena.org\/?s={search_term_string}"},"query-input":{"@type":"PropertyValueSpecification","valueRequired":true,"valueName":"search_term_string"}}],"inLanguage":"en-US"},{"@type":"Organization","@id":"https:\/\/www.latribuajena.org\/#organization","name":"La Tribu Ajena","url":"https:\/\/www.latribuajena.org\/","logo":{"@type":"ImageObject","inLanguage":"en-US","@id":"https:\/\/www.latribuajena.org\/#\/schema\/logo\/image\/","url":"https:\/\/www.latribuajena.org\/wp-content\/uploads\/2022\/01\/logo-tribu-ajena-1.png","contentUrl":"https:\/\/www.latribuajena.org\/wp-content\/uploads\/2022\/01\/logo-tribu-ajena-1.png","width":200,"height":255,"caption":"La Tribu Ajena"},"image":{"@id":"https:\/\/www.latribuajena.org\/#\/schema\/logo\/image\/"}}]}},"_links":{"self":[{"href":"https:\/\/www.latribuajena.org\/en\/wp-json\/wp\/v2\/pages\/141","targetHints":{"allow":["GET"]}}],"collection":[{"href":"https:\/\/www.latribuajena.org\/en\/wp-json\/wp\/v2\/pages"}],"about":[{"href":"https:\/\/www.latribuajena.org\/en\/wp-json\/wp\/v2\/types\/page"}],"author":[{"embeddable":true,"href":"https:\/\/www.latribuajena.org\/en\/wp-json\/wp\/v2\/users\/2"}],"replies":[{"embeddable":true,"href":"https:\/\/www.latribuajena.org\/en\/wp-json\/wp\/v2\/comments?post=141"}],"version-history":[{"count":67,"href":"https:\/\/www.latribuajena.org\/en\/wp-json\/wp\/v2\/pages\/141\/revisions"}],"predecessor-version":[{"id":1896,"href":"https:\/\/www.latribuajena.org\/en\/wp-json\/wp\/v2\/pages\/141\/revisions\/1896"}],"wp:featuredmedia":[{"embeddable":true,"href":"https:\/\/www.latribuajena.org\/en\/wp-json\/wp\/v2\/media\/1888"}],"wp:attachment":[{"href":"https:\/\/www.latribuajena.org\/en\/wp-json\/wp\/v2\/media?parent=141"}],"curies":[{"name":"wp","href":"https:\/\/api.w.org\/{rel}","templated":true}]}}