{"id":56,"date":"2021-07-02T12:01:07","date_gmt":"2021-07-02T12:01:07","guid":{"rendered":"https:\/\/www.latribuajena.org\/?page_id=56"},"modified":"2023-02-23T10:46:04","modified_gmt":"2023-02-23T10:46:04","slug":"inicio","status":"publish","type":"page","link":"https:\/\/www.latribuajena.org\/en\/","title":{"rendered":"Inicio"},"content":{"rendered":"<div class=\"n2_ss_slider_publish__option_code\" dir=\"ltr\" data-mode=\"id\"><\/div>\n<div dir=\"ltr\" data-mode=\"id\"><\/div>\n<div dir=\"ltr\" data-mode=\"id\"><div class=\"su-spacer\" style=\"height:60px\"><\/div><\/div>\n<div class=\"su-row\">\n<div class=\"su-column su-column-size-1-3\"><div class=\"su-column-inner su-u-clearfix su-u-trim\">\n<h2>Inhabiting the land<\/h2>\n<p><a href=\"https:\/\/www.latribuajena.org\/en\/conocenos\/#galeria1\"><img loading=\"lazy\" decoding=\"async\" class=\"wp-image-427 size-medium aligncenter\" src=\"https:\/\/www.latribuajena.org\/wp-content\/uploads\/2022\/02\/MG_4015-min-300x300.jpg\" alt=\"\" width=\"300\" height=\"300\" \/><\/a><\/p>\n<\/div><\/div>\n<div class=\"su-column su-column-size-1-3\"><div class=\"su-column-inner su-u-clearfix su-u-trim\">\n<h2>The forest and the orchard<\/h2>\n<p><a href=\"https:\/\/www.latribuajena.org\/en\/conocenos\/#galeria2\"><img loading=\"lazy\" decoding=\"async\" class=\"wp-image-430 size-medium aligncenter\" src=\"https:\/\/www.latribuajena.org\/wp-content\/uploads\/2022\/02\/GGM9179-min-e1645789173251-300x300.jpg\" alt=\"\" width=\"300\" height=\"300\" \/><\/a><\/p>\n<\/div><\/div>\n<div class=\"su-column su-column-size-1-3\"><div class=\"su-column-inner su-u-clearfix su-u-trim\">\n<h2>Tribuajeneras y Tribuajeneros<\/h2>\n<p><a href=\"https:\/\/www.latribuajena.org\/en\/conocenos\/#galeria3\"><img loading=\"lazy\" decoding=\"async\" class=\"wp-image-539 size-medium aligncenter\" src=\"https:\/\/www.latribuajena.org\/wp-content\/uploads\/2022\/03\/happ-min-300x300.jpg\" alt=\"\" width=\"300\" height=\"300\" srcset=\"https:\/\/www.latribuajena.org\/wp-content\/uploads\/2022\/03\/happ-min-300x300.jpg 300w, https:\/\/www.latribuajena.org\/wp-content\/uploads\/2022\/03\/happ-min-1024x1024.jpg 1024w, https:\/\/www.latribuajena.org\/wp-content\/uploads\/2022\/03\/happ-min-150x150.jpg 150w, https:\/\/www.latribuajena.org\/wp-content\/uploads\/2022\/03\/happ-min-768x768.jpg 768w, https:\/\/www.latribuajena.org\/wp-content\/uploads\/2022\/03\/happ-min-12x12.jpg 12w, https:\/\/www.latribuajena.org\/wp-content\/uploads\/2022\/03\/happ-min.jpg 1280w\" sizes=\"auto, (max-width: 300px) 100vw, 300px\" \/><\/a><\/p>\n<\/div><\/div>\n<\/div>\n<p><img loading=\"lazy\" decoding=\"async\" class=\"aligncenter wp-image-484\" src=\"https:\/\/www.latribuajena.org\/wp-content\/uploads\/2022\/03\/57-570865_divider3-1531673853-floral-line-divider-png-e1666639030370.jpg\" alt=\"\" width=\"501\" height=\"160\" srcset=\"https:\/\/www.latribuajena.org\/wp-content\/uploads\/2022\/03\/57-570865_divider3-1531673853-floral-line-divider-png-e1666639030370.jpg 820w, https:\/\/www.latribuajena.org\/wp-content\/uploads\/2022\/03\/57-570865_divider3-1531673853-floral-line-divider-png-e1666639030370-300x96.jpg 300w, https:\/\/www.latribuajena.org\/wp-content\/uploads\/2022\/03\/57-570865_divider3-1531673853-floral-line-divider-png-e1666639030370-768x245.jpg 768w, https:\/\/www.latribuajena.org\/wp-content\/uploads\/2022\/03\/57-570865_divider3-1531673853-floral-line-divider-png-e1666639030370-18x6.jpg 18w\" sizes=\"auto, (max-width: 501px) 100vw, 501px\" \/><\/p>\n<h2><strong>LA TRIBU AJENA<\/strong><\/h2>\n<p><strong>Permaculture Living School<\/strong><\/p>\n<figure id=\"attachment_412\" aria-describedby=\"caption-attachment-412\" style=\"width: 550px\" class=\"wp-caption alignright\"><img loading=\"lazy\" decoding=\"async\" class=\"wp-image-412\" src=\"https:\/\/www.latribuajena.org\/wp-content\/uploads\/2022\/02\/DSC_5995.jpg\" alt=\"\" width=\"550\" height=\"368\" srcset=\"https:\/\/www.latribuajena.org\/wp-content\/uploads\/2022\/02\/DSC_5995.jpg 1920w, https:\/\/www.latribuajena.org\/wp-content\/uploads\/2022\/02\/DSC_5995-300x201.jpg 300w, https:\/\/www.latribuajena.org\/wp-content\/uploads\/2022\/02\/DSC_5995-1024x685.jpg 1024w, https:\/\/www.latribuajena.org\/wp-content\/uploads\/2022\/02\/DSC_5995-768x514.jpg 768w, https:\/\/www.latribuajena.org\/wp-content\/uploads\/2022\/02\/DSC_5995-1536x1028.jpg 1536w, https:\/\/www.latribuajena.org\/wp-content\/uploads\/2022\/02\/DSC_5995-18x12.jpg 18w\" sizes=\"auto, (max-width: 550px) 100vw, 550px\" \/><figcaption id=\"caption-attachment-412\" class=\"wp-caption-text\">Dibujando con tiza sobre el muro de tierra, 2021<\/figcaption><\/figure>\n<p>En la Vega del Guadalquivir, muy cerca de la ciudad de Sevilla, se encuentra una diminuta isla verde, un oasis para la vida y un lugar de aprendizaje y resiliencia: la Tribu Ajena. Un pedacito de tierra cuidada y habitada bajo los principios de la <strong>Permacultura<\/strong> y convertida en una Escuela de Vida donde aprender a vivir mejor con menos,\u00a0 con m\u00e1s amor por la Naturaleza, sus muchas criaturas y como no, por las personas.<\/p>\n<p><strong>La Tribu Ajena<\/strong> es una asociaci\u00f3n cultural medioambiental andaluza dedicada a generar, desde el dise\u00f1o en Permacultura y los principios de la agricultura org\u00e1nica y regenerativa, un sistema de abundancia y sostenibilidad como es el bosque de alimentos. En un entorno muy castigado por la agricultura intensiva, la suburbanizaci\u00f3n y los usos industriales propios de las zonas de borde entre el campo y la ciudad, donde los retos de la crisis clim\u00e1tica y medioambiental son evidentes, creemos que la gran caja de herramientas que nos ofrece la Permacultura supone una gran oportunidad de Cambio hacia un futuro m\u00e1s amable y deseable.<\/p>\n<p>Creemos en la capacidad inagotable de aprendizaje del ser humano. Somos semillas, y a trav\u00e9s del conocimiento y del uso de nuestras manos tenemos la capacidad y posibilidad real de construir otros modelos de organizaci\u00f3n y funcionamiento, basados en la soberan\u00eda de los pueblos y que garanticen la distribuci\u00f3n de los recursos, la disponibilidad com\u00fan de bienes esenciales para la vida y de recursos fundamentales como son la energ\u00eda, el agua y alimentos sanos producidos org\u00e1nicamente.<\/p>\n<div class=\"su-spacer\" style=\"height:20px\"><\/div>","protected":false},"excerpt":{"rendered":"<p>LA TRIBU AJENA Escuela de Vida en Permacultura En la Vega del Guadalquivir, muy cerca de la ciudad de Sevilla, se encuentra una diminuta isla verde, un oasis para la vida y un lugar de aprendizaje y resiliencia: la Tribu Ajena. Un pedacito de tierra cuidada y habitada bajo los principios de la Permacultura y convertida en una Escuela de&hellip;<\/p>","protected":false},"author":2,"featured_media":401,"parent":0,"menu_order":0,"comment_status":"closed","ping_status":"closed","template":"","meta":{"footnotes":""},"class_list":["post-56","page","type-page","status-publish","has-post-thumbnail","hentry"],"yoast_head":"<!-- This site is optimized with the Yoast SEO plugin v27.5 - https:\/\/yoast.com\/product\/yoast-seo-wordpress\/ -->\n<title>La Tribu Ajena - Escuela de Vida en Permacultura<\/title>\n<meta name=\"description\" content=\"La Tribu Ajena es una asociaci\u00f3n cultural y medioambiental dedicada a la divulgaci\u00f3n, pr\u00e1ctica, experimentaci\u00f3n, desarrollo e innovaci\u00f3n ecol\u00f3gica y social promovidas desde los principios de la Permacultura, principalmente a trav\u00e9s de la convocatoria y realizaci\u00f3n de proyectos locales de voluntariado agroecol\u00f3gico con alcance internacional.\" \/>\n<meta name=\"robots\" content=\"index, follow, max-snippet:-1, max-image-preview:large, max-video-preview:-1\" \/>\n<link rel=\"canonical\" href=\"https:\/\/www.latribuajena.org\/en\/\" \/>\n<meta property=\"og:locale\" content=\"en_US\" \/>\n<meta property=\"og:type\" content=\"article\" \/>\n<meta property=\"og:title\" content=\"La Tribu Ajena - Escuela de Vida en Permacultura\" \/>\n<meta property=\"og:description\" content=\"La Tribu Ajena es una asociaci\u00f3n cultural y medioambiental dedicada a la divulgaci\u00f3n, pr\u00e1ctica, experimentaci\u00f3n, desarrollo e innovaci\u00f3n ecol\u00f3gica y social promovidas desde los principios de la Permacultura, principalmente a trav\u00e9s de la convocatoria y realizaci\u00f3n de proyectos locales de voluntariado agroecol\u00f3gico con alcance internacional.\" \/>\n<meta property=\"og:url\" content=\"https:\/\/www.latribuajena.org\/en\/\" \/>\n<meta property=\"og:site_name\" content=\"La Tribu Ajena\" \/>\n<meta property=\"article:modified_time\" content=\"2023-02-23T10:46:04+00:00\" \/>\n<meta property=\"og:image\" content=\"https:\/\/www.latribuajena.org\/wp-content\/uploads\/2022\/02\/DSC_5417-min-e1645787393700.jpg\" \/>\n\t<meta property=\"og:image:width\" content=\"1920\" \/>\n\t<meta property=\"og:image:height\" content=\"1123\" \/>\n\t<meta property=\"og:image:type\" content=\"image\/jpeg\" \/>\n<meta name=\"twitter:card\" content=\"summary_large_image\" \/>\n<meta name=\"twitter:label1\" content=\"Est. reading time\" \/>\n\t<meta name=\"twitter:data1\" content=\"3 minutes\" \/>\n<script type=\"application\/ld+json\" class=\"yoast-schema-graph\">{\"@context\":\"https:\\\/\\\/schema.org\",\"@graph\":[{\"@type\":\"WebPage\",\"@id\":\"https:\\\/\\\/www.latribuajena.org\\\/\",\"url\":\"https:\\\/\\\/www.latribuajena.org\\\/\",\"name\":\"La Tribu Ajena - Escuela de Vida en Permacultura\",\"isPartOf\":{\"@id\":\"https:\\\/\\\/www.latribuajena.org\\\/#website\"},\"primaryImageOfPage\":{\"@id\":\"https:\\\/\\\/www.latribuajena.org\\\/#primaryimage\"},\"image\":{\"@id\":\"https:\\\/\\\/www.latribuajena.org\\\/#primaryimage\"},\"thumbnailUrl\":\"https:\\\/\\\/www.latribuajena.org\\\/wp-content\\\/uploads\\\/2022\\\/02\\\/DSC_5417-min-e1645787393700.jpg\",\"datePublished\":\"2021-07-02T12:01:07+00:00\",\"dateModified\":\"2023-02-23T10:46:04+00:00\",\"description\":\"La Tribu Ajena es una asociaci\u00f3n cultural y medioambiental dedicada a la divulgaci\u00f3n, pr\u00e1ctica, experimentaci\u00f3n, desarrollo e innovaci\u00f3n ecol\u00f3gica y social promovidas desde los principios de la Permacultura, principalmente a trav\u00e9s de la convocatoria y realizaci\u00f3n de proyectos locales de voluntariado agroecol\u00f3gico con alcance internacional.\",\"breadcrumb\":{\"@id\":\"https:\\\/\\\/www.latribuajena.org\\\/#breadcrumb\"},\"inLanguage\":\"en-US\",\"potentialAction\":[{\"@type\":\"ReadAction\",\"target\":[\"https:\\\/\\\/www.latribuajena.org\\\/\"]}]},{\"@type\":\"ImageObject\",\"inLanguage\":\"en-US\",\"@id\":\"https:\\\/\\\/www.latribuajena.org\\\/#primaryimage\",\"url\":\"https:\\\/\\\/www.latribuajena.org\\\/wp-content\\\/uploads\\\/2022\\\/02\\\/DSC_5417-min-e1645787393700.jpg\",\"contentUrl\":\"https:\\\/\\\/www.latribuajena.org\\\/wp-content\\\/uploads\\\/2022\\\/02\\\/DSC_5417-min-e1645787393700.jpg\",\"width\":1920,\"height\":1123},{\"@type\":\"BreadcrumbList\",\"@id\":\"https:\\\/\\\/www.latribuajena.org\\\/#breadcrumb\",\"itemListElement\":[{\"@type\":\"ListItem\",\"position\":1,\"name\":\"Portada\",\"item\":\"https:\\\/\\\/www.latribuajena.org\\\/\"},{\"@type\":\"ListItem\",\"position\":2,\"name\":\"90\"}]},{\"@type\":\"WebSite\",\"@id\":\"https:\\\/\\\/www.latribuajena.org\\\/#website\",\"url\":\"https:\\\/\\\/www.latribuajena.org\\\/\",\"name\":\"La Tribu Ajena\",\"description\":\"Escuela de Vida en Permacultura\",\"publisher\":{\"@id\":\"https:\\\/\\\/www.latribuajena.org\\\/#organization\"},\"potentialAction\":[{\"@type\":\"SearchAction\",\"target\":{\"@type\":\"EntryPoint\",\"urlTemplate\":\"https:\\\/\\\/www.latribuajena.org\\\/?s={search_term_string}\"},\"query-input\":{\"@type\":\"PropertyValueSpecification\",\"valueRequired\":true,\"valueName\":\"search_term_string\"}}],\"inLanguage\":\"en-US\"},{\"@type\":\"Organization\",\"@id\":\"https:\\\/\\\/www.latribuajena.org\\\/#organization\",\"name\":\"La Tribu Ajena\",\"url\":\"https:\\\/\\\/www.latribuajena.org\\\/\",\"logo\":{\"@type\":\"ImageObject\",\"inLanguage\":\"en-US\",\"@id\":\"https:\\\/\\\/www.latribuajena.org\\\/#\\\/schema\\\/logo\\\/image\\\/\",\"url\":\"https:\\\/\\\/www.latribuajena.org\\\/wp-content\\\/uploads\\\/2022\\\/01\\\/logo-tribu-ajena-1.png\",\"contentUrl\":\"https:\\\/\\\/www.latribuajena.org\\\/wp-content\\\/uploads\\\/2022\\\/01\\\/logo-tribu-ajena-1.png\",\"width\":200,\"height\":255,\"caption\":\"La Tribu Ajena\"},\"image\":{\"@id\":\"https:\\\/\\\/www.latribuajena.org\\\/#\\\/schema\\\/logo\\\/image\\\/\"}}]}<\/script>\n<!-- \/ Yoast SEO plugin. -->","yoast_head_json":{"title":"La Tribu Ajena - Escuela de Vida en Permacultura","description":"La Tribu Ajena es una asociaci\u00f3n cultural y medioambiental dedicada a la divulgaci\u00f3n, pr\u00e1ctica, experimentaci\u00f3n, desarrollo e innovaci\u00f3n ecol\u00f3gica y social promovidas desde los principios de la Permacultura, principalmente a trav\u00e9s de la convocatoria y realizaci\u00f3n de proyectos locales de voluntariado agroecol\u00f3gico con alcance internacional.","robots":{"index":"index","follow":"follow","max-snippet":"max-snippet:-1","max-image-preview":"max-image-preview:large","max-video-preview":"max-video-preview:-1"},"canonical":"https:\/\/www.latribuajena.org\/en\/","og_locale":"en_US","og_type":"article","og_title":"La Tribu Ajena - Escuela de Vida en Permacultura","og_description":"La Tribu Ajena es una asociaci\u00f3n cultural y medioambiental dedicada a la divulgaci\u00f3n, pr\u00e1ctica, experimentaci\u00f3n, desarrollo e innovaci\u00f3n ecol\u00f3gica y social promovidas desde los principios de la Permacultura, principalmente a trav\u00e9s de la convocatoria y realizaci\u00f3n de proyectos locales de voluntariado agroecol\u00f3gico con alcance internacional.","og_url":"https:\/\/www.latribuajena.org\/en\/","og_site_name":"La Tribu Ajena","article_modified_time":"2023-02-23T10:46:04+00:00","og_image":[{"width":1920,"height":1123,"url":"https:\/\/www.latribuajena.org\/wp-content\/uploads\/2022\/02\/DSC_5417-min-e1645787393700.jpg","type":"image\/jpeg"}],"twitter_card":"summary_large_image","twitter_misc":{"Est. reading time":"3 minutes"},"schema":{"@context":"https:\/\/schema.org","@graph":[{"@type":"WebPage","@id":"https:\/\/www.latribuajena.org\/","url":"https:\/\/www.latribuajena.org\/","name":"La Tribu Ajena - Escuela de Vida en Permacultura","isPartOf":{"@id":"https:\/\/www.latribuajena.org\/#website"},"primaryImageOfPage":{"@id":"https:\/\/www.latribuajena.org\/#primaryimage"},"image":{"@id":"https:\/\/www.latribuajena.org\/#primaryimage"},"thumbnailUrl":"https:\/\/www.latribuajena.org\/wp-content\/uploads\/2022\/02\/DSC_5417-min-e1645787393700.jpg","datePublished":"2021-07-02T12:01:07+00:00","dateModified":"2023-02-23T10:46:04+00:00","description":"La Tribu Ajena es una asociaci\u00f3n cultural y medioambiental dedicada a la divulgaci\u00f3n, pr\u00e1ctica, experimentaci\u00f3n, desarrollo e innovaci\u00f3n ecol\u00f3gica y social promovidas desde los principios de la Permacultura, principalmente a trav\u00e9s de la convocatoria y realizaci\u00f3n de proyectos locales de voluntariado agroecol\u00f3gico con alcance internacional.","breadcrumb":{"@id":"https:\/\/www.latribuajena.org\/#breadcrumb"},"inLanguage":"en-US","potentialAction":[{"@type":"ReadAction","target":["https:\/\/www.latribuajena.org\/"]}]},{"@type":"ImageObject","inLanguage":"en-US","@id":"https:\/\/www.latribuajena.org\/#primaryimage","url":"https:\/\/www.latribuajena.org\/wp-content\/uploads\/2022\/02\/DSC_5417-min-e1645787393700.jpg","contentUrl":"https:\/\/www.latribuajena.org\/wp-content\/uploads\/2022\/02\/DSC_5417-min-e1645787393700.jpg","width":1920,"height":1123},{"@type":"BreadcrumbList","@id":"https:\/\/www.latribuajena.org\/#breadcrumb","itemListElement":[{"@type":"ListItem","position":1,"name":"Portada","item":"https:\/\/www.latribuajena.org\/"},{"@type":"ListItem","position":2,"name":"90"}]},{"@type":"WebSite","@id":"https:\/\/www.latribuajena.org\/#website","url":"https:\/\/www.latribuajena.org\/","name":"La Tribu Ajena","description":"Permaculture Living School","publisher":{"@id":"https:\/\/www.latribuajena.org\/#organization"},"potentialAction":[{"@type":"SearchAction","target":{"@type":"EntryPoint","urlTemplate":"https:\/\/www.latribuajena.org\/?s={search_term_string}"},"query-input":{"@type":"PropertyValueSpecification","valueRequired":true,"valueName":"search_term_string"}}],"inLanguage":"en-US"},{"@type":"Organization","@id":"https:\/\/www.latribuajena.org\/#organization","name":"La Tribu Ajena","url":"https:\/\/www.latribuajena.org\/","logo":{"@type":"ImageObject","inLanguage":"en-US","@id":"https:\/\/www.latribuajena.org\/#\/schema\/logo\/image\/","url":"https:\/\/www.latribuajena.org\/wp-content\/uploads\/2022\/01\/logo-tribu-ajena-1.png","contentUrl":"https:\/\/www.latribuajena.org\/wp-content\/uploads\/2022\/01\/logo-tribu-ajena-1.png","width":200,"height":255,"caption":"La Tribu Ajena"},"image":{"@id":"https:\/\/www.latribuajena.org\/#\/schema\/logo\/image\/"}}]}},"_links":{"self":[{"href":"https:\/\/www.latribuajena.org\/en\/wp-json\/wp\/v2\/pages\/56","targetHints":{"allow":["GET"]}}],"collection":[{"href":"https:\/\/www.latribuajena.org\/en\/wp-json\/wp\/v2\/pages"}],"about":[{"href":"https:\/\/www.latribuajena.org\/en\/wp-json\/wp\/v2\/types\/page"}],"author":[{"embeddable":true,"href":"https:\/\/www.latribuajena.org\/en\/wp-json\/wp\/v2\/users\/2"}],"replies":[{"embeddable":true,"href":"https:\/\/www.latribuajena.org\/en\/wp-json\/wp\/v2\/comments?post=56"}],"version-history":[{"count":75,"href":"https:\/\/www.latribuajena.org\/en\/wp-json\/wp\/v2\/pages\/56\/revisions"}],"predecessor-version":[{"id":1638,"href":"https:\/\/www.latribuajena.org\/en\/wp-json\/wp\/v2\/pages\/56\/revisions\/1638"}],"wp:featuredmedia":[{"embeddable":true,"href":"https:\/\/www.latribuajena.org\/en\/wp-json\/wp\/v2\/media\/401"}],"wp:attachment":[{"href":"https:\/\/www.latribuajena.org\/en\/wp-json\/wp\/v2\/media?parent=56"}],"curies":[{"name":"wp","href":"https:\/\/api.w.org\/{rel}","templated":true}]}}