{"id":132,"date":"2021-10-25T10:05:52","date_gmt":"2021-10-25T10:05:52","guid":{"rendered":"https:\/\/www.latribuajena.org\/?page_id=132"},"modified":"2023-02-23T12:30:08","modified_gmt":"2023-02-23T12:30:08","slug":"quienes-somos","status":"publish","type":"page","link":"https:\/\/www.latribuajena.org\/es\/quienes-somos\/","title":{"rendered":"Qui\u00e9nes somos"},"content":{"rendered":"<p><strong>La Tribu Ajena<\/strong> la formamos muchas personas, tantas, que a estas alturas hemos perdido la cuenta. No obstante, fundadores, guardianes del lugar y habitantes permanentes en el proyecto somos dos: Kanu Camacho y Mari\u00e1n Ruiz, junto a Siria, nuestra perra de aguas, y\u00a0 Candy y Mishi, las gatas.<\/p>\n<p>Adem\u00e1s, La Tribu Ajena es una <strong>asociaci\u00f3n cultural medioambiental<\/strong>, inscrita oficialmente en el Registro de Asociaciones de Andaluc\u00eda desde el a\u00f1o 2021, y dedicada a promover y sostener una <strong>Escuela de Vida en Permacultura<\/strong> que sirva de referente en su entorno. La Tribu Ajena es un espacio de formaci\u00f3n en cultura ecol\u00f3gica, un lugar de encuentro, de debate y reflexi\u00f3n cr\u00edtica, de experiencia te\u00f3rica y pr\u00e1ctica, de aprendizaje colectivo y de transformaci\u00f3n social para el cuidado de la tierra y de las personas.<\/p>\n<p>Tambi\u00e9n pertenecemos a la red de voluntariado agroecol\u00f3gico internacional <strong>WWOOF<\/strong> (<a href=\"http:\/\/www.wwoof.es\/\" target=\"_blank\" rel=\"noopener\"><strong>wwoof.es<\/strong><\/a>).<\/p>\n<p>Te presentamos a los principales integrantes y colaboradores actuales de La Tribu Ajena:<\/p>\n<div class=\"su-spacer\" style=\"height:40px\"><\/div>\n<div class=\"su-row\">\n<div class=\"su-column su-column-size-1-2 foto-redonda caja-contenido\"><div class=\"su-column-inner su-u-clearfix su-u-trim\">\n<h4 style=\"text-align: center;\">Mari\u00e1n Ruiz<\/h4>\n<h6 style=\"text-align: center;\">Guardiana del lugar y co-fundadora<\/h6>\n<p><img loading=\"lazy\" decoding=\"async\" class=\"size-full wp-image-1243 aligncenter\" src=\"https:\/\/www.latribuajena.org\/wp-content\/uploads\/2022\/10\/Marian-Ruiz-profile.jpg\" alt=\"\" width=\"332\" height=\"332\" srcset=\"https:\/\/www.latribuajena.org\/wp-content\/uploads\/2022\/10\/Marian-Ruiz-profile.jpg 332w, https:\/\/www.latribuajena.org\/wp-content\/uploads\/2022\/10\/Marian-Ruiz-profile-300x300.jpg 300w, https:\/\/www.latribuajena.org\/wp-content\/uploads\/2022\/10\/Marian-Ruiz-profile-150x150.jpg 150w, https:\/\/www.latribuajena.org\/wp-content\/uploads\/2022\/10\/Marian-Ruiz-profile-12x12.jpg 12w\" sizes=\"auto, (max-width: 332px) 100vw, 332px\" \/><br \/>\n<div class=\"su-spacer\" style=\"height:10px\"><\/div>\nMari\u00e1n ha sido siempre una persona curiosa de \u00e1nimo inquieto. Historiadora del arte, ha sido durante a\u00f1os investigadora en el inmenso campo de la Geograf\u00eda Humana. Especializada en patrimonio cultural, conoce con profundidad el legado que atesoran las ciudades hispanomusulmanas, hechas de tierra e historia, y trabaja desde hace casi 20 a\u00f1os como profesional del \u00e1mbito cultural. Hija y nieta de una familia con profundas ra\u00edces en el cuidado de la tierra, pionera del movimiento y tejido asociativo agroecol\u00f3gico y de econom\u00eda social en Andaluc\u00eda, fue educada desde ni\u00f1a de forma sensible en estas materias, enfocada hacia las soluciones y herramientas que tenemos como pueblos a nuestro alcance para cambiar el rumbo. La Permacultura, como modelo restaurativo, une sus dos pasiones en un paradigma ilusionante: la alianza de naturaleza y cultura.<br \/>\n<\/div><\/div>\n<div class=\"su-column su-column-size-1-2 foto-redonda caja-contenido\"><div class=\"su-column-inner su-u-clearfix su-u-trim\">\n<h4 style=\"text-align: center;\">Kanu<\/h4>\n<h6 style=\"text-align: center;\">Guardi\u00e1n del lugar y co-fundador<\/h6>\n<p><img loading=\"lazy\" decoding=\"async\" class=\"size-full wp-image-1241 aligncenter\" src=\"https:\/\/www.latribuajena.org\/wp-content\/uploads\/2022\/10\/Kanu-profile.jpg\" alt=\"\" width=\"332\" height=\"332\" srcset=\"https:\/\/www.latribuajena.org\/wp-content\/uploads\/2022\/10\/Kanu-profile.jpg 332w, https:\/\/www.latribuajena.org\/wp-content\/uploads\/2022\/10\/Kanu-profile-300x300.jpg 300w, https:\/\/www.latribuajena.org\/wp-content\/uploads\/2022\/10\/Kanu-profile-150x150.jpg 150w, https:\/\/www.latribuajena.org\/wp-content\/uploads\/2022\/10\/Kanu-profile-12x12.jpg 12w\" sizes=\"auto, (max-width: 332px) 100vw, 332px\" \/><br \/>\n<div class=\"su-spacer\" style=\"height:10px\"><\/div>\nKanu es la encarnaci\u00f3n del esp\u00edritu del proyecto de La Tribu Ajena, padre sereno de este cachito de tierra \u2728 Ingeniero, manitas que se atreve con todo y viajero intr\u00e9pido, suele contar el por qu\u00e9 decidi\u00f3, tras vivir importantes experiencias vitales en territorio europeo, africano y latinoamericano, emprender el proyecto de La Tribu Ajena: <em>\u00abcuidar la tierra bajo los principios de la Permacultura es la forma m\u00e1s amable y menos da\u00f1ina que conozco de vivir\u00bb<\/em>. Amable, tranquilo, generoso, divertido e ingenioso, Kanu, antes de acoger, ha sido voluntario en numerosos proyectos, habiendo estudiado Permacultura en Argentina hace bastantes a\u00f1os, cuando a\u00fan era poco conocida en nuestro pa\u00eds. Nuestro maestro de paz.<br \/>\n<\/div><\/div>\n<\/div>\n<div class=\"su-spacer\" style=\"height:40px\"><\/div>\n<div class=\"su-row\">\n<div class=\"su-column su-column-size-1-3 foto-redonda caja-contenido\"><div class=\"su-column-inner su-u-clearfix su-u-trim\">\n<h4 style=\"text-align: center;\">Fernando Polo<\/h4>\n<h6 style=\"text-align: center;\">Casas que vuelan<\/h6>\n<p><img loading=\"lazy\" decoding=\"async\" class=\"aligncenter wp-image-1424 size-full\" src=\"https:\/\/www.latribuajena.org\/wp-content\/uploads\/2023\/01\/FERNANDO-POLO-e1677150013417.jpg\" alt=\"\" width=\"332\" height=\"332\" srcset=\"https:\/\/www.latribuajena.org\/wp-content\/uploads\/2023\/01\/FERNANDO-POLO-e1677150013417.jpg 332w, https:\/\/www.latribuajena.org\/wp-content\/uploads\/2023\/01\/FERNANDO-POLO-e1677150013417-300x300.jpg 300w, https:\/\/www.latribuajena.org\/wp-content\/uploads\/2023\/01\/FERNANDO-POLO-e1677150013417-150x150.jpg 150w, https:\/\/www.latribuajena.org\/wp-content\/uploads\/2023\/01\/FERNANDO-POLO-e1677150013417-12x12.jpg 12w\" sizes=\"auto, (max-width: 332px) 100vw, 332px\" \/><br \/>\n<div class=\"su-spacer\" style=\"height:10px\"><\/div>\nHola, soy un ser vivo y observo curioso la realidad que me rodea, me gusta contemplar la naturaleza y por casualidad trabajo como Arquitecto T\u00e9cnico desde hace 30 a\u00f1os y de Gestor energ\u00e9tico en la edificaci\u00f3n desde hace 10.<br \/>\nEstoy en continuo aprendizaje para una arquitectura-construcci\u00f3n sostenibles para nuestro planeta,<br \/>\nenfocando las soluciones t\u00e9cnicas posibles, de cercan\u00eda y viables al coste disponible.<br \/>\nPongo mi granito de arena por una arquitectura y construcci\u00f3n sostenible.<br \/>\nEstas son mis tarjetas electr\u00f3nicas:<br \/>\nLa profesional: <a href=\"https:\/\/www.fepoel.es\/\" target=\"_blank\" rel=\"noopener\">https:\/\/www.fepoel.es\/<\/a><br \/>\nla existencial: <a href=\"https:\/\/zitrivi.es\/\" target=\"_blank\" rel=\"noopener\">https:\/\/zitrivi.es\/<\/a><br \/>\nLa cuesti\u00f3n no es tu o yo, sino nosotr@s y la Tribu Ajena es un buen ejemplo.<br \/>\n<div class=\"su-spacer\" style=\"height:10px\"><\/div>\n<div class=\"su-quote su-quote-style-default su-quote-has-cite\"><div class=\"su-quote-inner su-u-clearfix su-u-trim\">Todo lo bueno es libre y salvaje<span class=\"su-quote-cite\">Henry David Thoreau<\/span><\/div><\/div>\n<\/div><\/div>\n<div class=\"su-column su-column-size-1-3 foto-redonda caja-contenido\"><div class=\"su-column-inner su-u-clearfix su-u-trim\">\n<h4 style=\"text-align: center;\">Mar\u00eda Sevilla<\/h4>\n<h6 style=\"text-align: center;\">La mujer y la tierra<\/h6>\n<p><img loading=\"lazy\" decoding=\"async\" class=\"size-full wp-image-1242 aligncenter\" src=\"https:\/\/www.latribuajena.org\/wp-content\/uploads\/2022\/10\/Maria-Sevilla-profile.jpg\" alt=\"\" width=\"332\" height=\"332\" srcset=\"https:\/\/www.latribuajena.org\/wp-content\/uploads\/2022\/10\/Maria-Sevilla-profile.jpg 332w, https:\/\/www.latribuajena.org\/wp-content\/uploads\/2022\/10\/Maria-Sevilla-profile-300x300.jpg 300w, https:\/\/www.latribuajena.org\/wp-content\/uploads\/2022\/10\/Maria-Sevilla-profile-150x150.jpg 150w, https:\/\/www.latribuajena.org\/wp-content\/uploads\/2022\/10\/Maria-Sevilla-profile-12x12.jpg 12w\" sizes=\"auto, (max-width: 332px) 100vw, 332px\" \/><br \/>\n<div class=\"su-spacer\" style=\"height:10px\"><\/div>\nDiplomada en Arquitectura T\u00e9cnica, Grado en Ingenier\u00eda de Edificaci\u00f3n, M\u00e1ster en Bioconstrucci\u00f3n (IEB) y M\u00e1ster en Ingenier\u00eda Ac\u00fastica. Siempre enfocada en la construcci\u00f3n tradicional ha realizado proyectos como t\u00e9cnica y artesana con diferentes t\u00e9cnicas naturales y en diferentes pa\u00edses, con los grupos: Moradas de Tierra, Permaculturafrica, B-Nomad y AR-Atelier, de los que forma parte. En este camino descubri\u00f3 la permacultura, abri\u00e9ndose un extenso horizonte donde sinti\u00f3 que todo encajaba con todo, construyendo y creando siempre sobre los cimientos del respeto, el cuidado y el amor.<\/p>\n<\/div><\/div>\n<div class=\"su-column su-column-size-1-3 foto-redonda caja-contenido\"><div class=\"su-column-inner su-u-clearfix su-u-trim\">\n<h4 style=\"text-align: center;\">Horacio Escoresca<\/h4>\n<h6 style=\"text-align: center;\">Gran maestro de obra<\/h6>\n<p><img loading=\"lazy\" decoding=\"async\" class=\"size-full wp-image-1240 aligncenter\" src=\"https:\/\/www.latribuajena.org\/wp-content\/uploads\/2022\/10\/Horacio-Escoresca-profile.jpeg\" alt=\"\" width=\"332\" height=\"332\" srcset=\"https:\/\/www.latribuajena.org\/wp-content\/uploads\/2022\/10\/Horacio-Escoresca-profile.jpeg 332w, https:\/\/www.latribuajena.org\/wp-content\/uploads\/2022\/10\/Horacio-Escoresca-profile-300x300.jpeg 300w, https:\/\/www.latribuajena.org\/wp-content\/uploads\/2022\/10\/Horacio-Escoresca-profile-150x150.jpeg 150w, https:\/\/www.latribuajena.org\/wp-content\/uploads\/2022\/10\/Horacio-Escoresca-profile-12x12.jpeg 12w\" sizes=\"auto, (max-width: 332px) 100vw, 332px\" \/><br \/>\n<div class=\"su-spacer\" style=\"height:10px\"><\/div>\nConstructor de vocaci\u00f3n y Delineante proyectista de profesi\u00f3n, Horacio es un ser polifac\u00e9tico. Padre comprometido, feminista en proceso de deconstrucci\u00f3n, desde su car\u00e1cter at\u00e1vico y esp\u00eddico trata de compartir su entusiasmo por la bioconstrucci\u00f3n y la inmensidad de la naturaleza atra\u00eddo por el proyecto de La Tribu Ajena desde sus inicios. Maestro generoso de varias generaciones de voluntarixs, su talante alegre y paciente, su energ\u00eda entregada y un \u00e1nimo contagioso e imparable le han convertido en la tercera pata del proyecto.<br \/>\n<\/div><\/div>\n<\/div>\n<div class=\"su-spacer\" style=\"height:40px\"><\/div>\n<div class=\"su-spacer\" style=\"height:40px\"><\/div>\n<div class=\"su-row\">\n<div class=\"su-column su-column-size-1-3 foto-redonda caja-contenido\"><div class=\"su-column-inner su-u-clearfix su-u-trim\">\n<h4 style=\"text-align: center;\">Elvira Ruiz Jim\u00e9nez<\/h4>\n<h6 style=\"text-align: center;\">La cient\u00edfica<\/h6>\n<p><img loading=\"lazy\" decoding=\"async\" class=\"aligncenter wp-image-1253 size-full\" src=\"https:\/\/www.latribuajena.org\/wp-content\/uploads\/2022\/10\/Elvira-Ruiz-e1677150221430.jpg\" alt=\"\" width=\"332\" height=\"332\" srcset=\"https:\/\/www.latribuajena.org\/wp-content\/uploads\/2022\/10\/Elvira-Ruiz-e1677150221430.jpg 332w, https:\/\/www.latribuajena.org\/wp-content\/uploads\/2022\/10\/Elvira-Ruiz-e1677150221430-300x300.jpg 300w, https:\/\/www.latribuajena.org\/wp-content\/uploads\/2022\/10\/Elvira-Ruiz-e1677150221430-150x150.jpg 150w, https:\/\/www.latribuajena.org\/wp-content\/uploads\/2022\/10\/Elvira-Ruiz-e1677150221430-12x12.jpg 12w\" sizes=\"auto, (max-width: 332px) 100vw, 332px\" \/><\/p>\n<div class=\"su-spacer\" style=\"height:10px\"><\/div>\nExperta en cosas de comer. Elvira se ha formado como nutricionista y tecn\u00f3loga de alimentos siempre en b\u00fasqueda de nuevos ingredientes que echarle a la vida. Viajera por naturaleza, le aporta a este proyecto su peque\u00f1a visi\u00f3n sobre el bienestar y la salud que nos da estar en contacto con la tierra y crecer desde las ra\u00edces.<br \/>\n<div class=\"su-spacer\" style=\"height:10px\"><\/div>\n<div class=\"su-spacer\" style=\"height:10px\"><\/div>\n<\/div><\/div>\n<div class=\"su-column su-column-size-1-3 foto-redonda caja-contenido\"><div class=\"su-column-inner su-u-clearfix su-u-trim\">\n<h4 style=\"text-align: center;\"><strong>Marianna Zungri<\/strong><\/h4>\n<h6 style=\"text-align: center;\">La birra m\u00e1s burra<\/h6>\n<p><img loading=\"lazy\" decoding=\"async\" class=\"aligncenter wp-image-1426 size-full\" src=\"https:\/\/www.latribuajena.org\/wp-content\/uploads\/2023\/01\/MARIANNA-ZUNGRI-e1677150350126.jpg\" alt=\"\" width=\"332\" height=\"332\" srcset=\"https:\/\/www.latribuajena.org\/wp-content\/uploads\/2023\/01\/MARIANNA-ZUNGRI-e1677150350126.jpg 332w, https:\/\/www.latribuajena.org\/wp-content\/uploads\/2023\/01\/MARIANNA-ZUNGRI-e1677150350126-300x300.jpg 300w, https:\/\/www.latribuajena.org\/wp-content\/uploads\/2023\/01\/MARIANNA-ZUNGRI-e1677150350126-150x150.jpg 150w, https:\/\/www.latribuajena.org\/wp-content\/uploads\/2023\/01\/MARIANNA-ZUNGRI-e1677150350126-12x12.jpg 12w\" sizes=\"auto, (max-width: 332px) 100vw, 332px\" \/><\/p>\n<div class=\"su-spacer\" style=\"height:10px\"><\/div>\nMarianna Zungri, italiana afincada en Jerez desde hace muchos a\u00f1os, es permacultora urbana y cervecera artesana. Fundadora y primera presidenta de la cooperativa agroecol\u00f3gica La Reverde de Jerez, apasionada de etnobotanica, fitoalimurgia, prehistoria, cocina silvestre y todo lo relacionado con la autoproduccion, la econom\u00eda del bien com\u00fan y defensora de un modelo de vida resiliente.<\/p>\n<p>La cooperativa cervecera y artesana: <a href=\"https:\/\/destraperlo.es\/\">www.destraperlo.es<\/a><\/p>\n<p>Y la cooperativa de producci\u00f3n y consumo agroecol\u00f3gico en Jerez, toda una escuela: <a href=\"https:\/\/lareverde.org\/\">www.lareverde.es<\/a><\/p>\n<\/div><\/div>\n<div class=\"su-column su-column-size-1-3 foto-redonda caja-contenido\"><div class=\"su-column-inner su-u-clearfix su-u-trim\">\n<h4 style=\"text-align: center;\">Almudena Zurita<\/h4>\n<h6 style=\"text-align: center;\">La Loba<\/h6>\n<p><img loading=\"lazy\" decoding=\"async\" class=\"aligncenter wp-image-1427 size-full\" src=\"https:\/\/www.latribuajena.org\/wp-content\/uploads\/2023\/01\/Almudena-Zurita-e1677150667488.jpg\" alt=\"\" width=\"332\" height=\"332\" srcset=\"https:\/\/www.latribuajena.org\/wp-content\/uploads\/2023\/01\/Almudena-Zurita-e1677150667488.jpg 332w, https:\/\/www.latribuajena.org\/wp-content\/uploads\/2023\/01\/Almudena-Zurita-e1677150667488-300x300.jpg 300w, https:\/\/www.latribuajena.org\/wp-content\/uploads\/2023\/01\/Almudena-Zurita-e1677150667488-150x150.jpg 150w, https:\/\/www.latribuajena.org\/wp-content\/uploads\/2023\/01\/Almudena-Zurita-e1677150667488-12x12.jpg 12w\" sizes=\"auto, (max-width: 332px) 100vw, 332px\" \/><\/p>\n<div class=\"su-spacer\" style=\"height:10px\"><\/div>\nNac\u00ed en Barcelona, crec\u00ed en San Jos\u00e9 de la Rinconada, tengo un nombre madrile\u00f1o, un padre vasco, una hija gallega y me crie con una mona. En este momento del camino ya no me importa no tener muy claro qui\u00e9n soy, ni de d\u00f3nde. Pero algo siempre supe desde que recuerdo, quer\u00eda hacer teatro. La vida me ha llevado a ser artista Trasformer y Reversible, como el campo. Vecina y familia de la Tribu con el proyecto \u201cLa Loba\u201d siempre atenta y deseosa de crear, contar y cantar contigo, con ellos y con todas.<\/p>\n<p>La Loba, una camada de talento:<a href=\"https:\/\/descubrelaloba.es\/\"> www. descubrelaloba.es<\/a><\/p>\n<\/div><\/div>\n<\/div>\n<div class=\"su-spacer\" style=\"height:40px\"><\/div>\n<div class=\"su-spacer\" style=\"height:40px\"><\/div>\n<div class=\"su-row\">\n<div class=\"su-column su-column-size-1-3 foto-redonda caja-contenido\"><div class=\"su-column-inner su-u-clearfix su-u-trim\">\n<h4 style=\"text-align: center;\">Lauri Ruiz Jim\u00e9nez<\/h4>\n<h6 style=\"text-align: center;\">La Ley de la Selva con Arte<\/h6>\n<p><img loading=\"lazy\" decoding=\"async\" class=\"aligncenter wp-image-1434 size-full\" src=\"https:\/\/www.latribuajena.org\/wp-content\/uploads\/2023\/02\/Laura-Ruiz-1-e1677151013415.jpeg\" alt=\"\" width=\"332\" height=\"332\" srcset=\"https:\/\/www.latribuajena.org\/wp-content\/uploads\/2023\/02\/Laura-Ruiz-1-e1677151013415.jpeg 332w, https:\/\/www.latribuajena.org\/wp-content\/uploads\/2023\/02\/Laura-Ruiz-1-e1677151013415-300x300.jpeg 300w, https:\/\/www.latribuajena.org\/wp-content\/uploads\/2023\/02\/Laura-Ruiz-1-e1677151013415-150x150.jpeg 150w, https:\/\/www.latribuajena.org\/wp-content\/uploads\/2023\/02\/Laura-Ruiz-1-e1677151013415-12x12.jpeg 12w\" sizes=\"auto, (max-width: 332px) 100vw, 332px\" \/><\/p>\n<div class=\"su-spacer\" style=\"height:10px\"><\/div>\nMe define la pasi\u00f3n por continuar aprendiendo cada d\u00eda, y la curiosidad por todas las formas de expresi\u00f3n humana, que parecen infinitas. Quiz\u00e1s por ello hoy soy abogada especialista en Propiedad Intelectual, un universo directamente vinculado a la creaci\u00f3n y sus muchos laberintos. Formada en danza y arte dram\u00e1tico, ciudadana internacional y por v\u00ednculo familiar, con el coraz\u00f3n siempre cercano a la tierra y la ecolog\u00eda, estoy orgullosa de formar parte de un proyecto tan respetuoso con la vida, las personas y el planeta como La Tribu Ajena.<br \/>\n<div class=\"su-spacer\" style=\"height:10px\"><\/div>\n<div class=\"su-spacer\" style=\"height:10px\"><\/div>\n<\/div><\/div>\n<div class=\"su-column su-column-size-1-3 foto-redonda caja-contenido\"><div class=\"su-column-inner su-u-clearfix su-u-trim\">\n<h4 style=\"text-align: center;\"><strong>Pablo Moreno<br \/>\n<\/strong><\/h4>\n<h6 style=\"text-align: center;\">El electroduende<\/h6>\n<p><img loading=\"lazy\" decoding=\"async\" class=\"aligncenter wp-image-1436 size-full\" src=\"https:\/\/www.latribuajena.org\/wp-content\/uploads\/2023\/02\/Pableras-1-e1677151089139.jpeg\" alt=\"\" width=\"332\" height=\"332\" srcset=\"https:\/\/www.latribuajena.org\/wp-content\/uploads\/2023\/02\/Pableras-1-e1677151089139.jpeg 332w, https:\/\/www.latribuajena.org\/wp-content\/uploads\/2023\/02\/Pableras-1-e1677151089139-300x300.jpeg 300w, https:\/\/www.latribuajena.org\/wp-content\/uploads\/2023\/02\/Pableras-1-e1677151089139-150x150.jpeg 150w, https:\/\/www.latribuajena.org\/wp-content\/uploads\/2023\/02\/Pableras-1-e1677151089139-12x12.jpeg 12w\" sizes=\"auto, (max-width: 332px) 100vw, 332px\" \/><\/p>\n<div class=\"su-spacer\" style=\"height:10px\"><\/div>\n<p>Cuando se nos enredan los cables, ah\u00ed est\u00e1 siempre Pablo. Con \u00e9l siempre podemos contar y eso es lo que realmente define a La Tribu. Poco familiarizado con la tierra pero gran consumidor de la vitamina C, poco a poco se ha ido haciendo a estos parajes, encari\u00f1\u00e1ndose de lo inmenso e ignoto que conlleva la naturaleza y disfrutando de estar libre bajo las ramas, la aventura de compartir y ser feliz por simplemente ser y estar.<\/p>\n<\/div><\/div>\n<div class=\"su-column su-column-size-1-3 foto-redonda caja-contenido\"><div class=\"su-column-inner su-u-clearfix su-u-trim\">\n<h4 style=\"text-align: center;\">Orga<\/h4>\n<h6 style=\"text-align: center;\">Madre de gallinas <span class=\"fe5nidar khvhiq1o r5qsrrlp i5tg98hk f9ovudaz przvwfww gx1rr48f gfz4du6o r7fjleex nz2484kf svot0ezm dcnh1tix sxl192xd t3g6t33p\"><span class=\"mpj7bzys xzlurrtv\">\ud83d\udc14\ud83d\udc14\ud83d\udc14<\/span><\/span><\/h6>\n<p><img loading=\"lazy\" decoding=\"async\" class=\"aligncenter wp-image-1440 size-full\" src=\"https:\/\/www.latribuajena.org\/wp-content\/uploads\/2023\/02\/Orga-e1677151137220.jpeg\" alt=\"\" width=\"332\" height=\"332\" srcset=\"https:\/\/www.latribuajena.org\/wp-content\/uploads\/2023\/02\/Orga-e1677151137220.jpeg 332w, https:\/\/www.latribuajena.org\/wp-content\/uploads\/2023\/02\/Orga-e1677151137220-300x300.jpeg 300w, https:\/\/www.latribuajena.org\/wp-content\/uploads\/2023\/02\/Orga-e1677151137220-150x150.jpeg 150w, https:\/\/www.latribuajena.org\/wp-content\/uploads\/2023\/02\/Orga-e1677151137220-12x12.jpeg 12w\" sizes=\"auto, (max-width: 332px) 100vw, 332px\" \/><\/p>\n<div class=\"su-spacer\" style=\"height:10px\"><\/div>\nSoy un bicho bueno. Vivo bajo las piedras, las ramas, las tomateras y el sol, como las hadas. Soy la guardiana del fuego.\u00a0 Tengo en mi casa una bola de cristal y vivo en armon\u00eda, rodeada de m\u00fasica. Me gustan las abejas y los bichos como yo. Hago con mis manos muchas artesan\u00edas, recojo basurillas para transformar y me encanta cocinar con lo que la tierra me da.\u00a0 Soy vecina muy cercana al coraz\u00f3n de La Tribu Ajena, compartiendo sue\u00f1os y enredos de mil colores.<\/p>\n<\/div><\/div>\n<\/div>\n<div class=\"su-spacer\" style=\"height:40px\"><\/div>\n<div class=\"su-row\">\n<div class=\"su-column su-column-size-1-2\"><div class=\"su-column-inner su-u-clearfix su-u-trim\">\n<div class=\"su-image-carousel  su-image-carousel-crop su-image-carousel-crop-4-3 su-image-carousel-adaptive su-image-carousel-slides-style-minimal su-image-carousel-controls-style-light su-image-carousel-align-center\" style=\"\" data-flickity-options='{\"groupCells\":true,\"cellSelector\":\".su-image-carousel-item\",\"adaptiveHeight\":false,\"cellAlign\":\"left\",\"prevNextButtons\":true,\"pageDots\":false,\"autoPlay\":3000,\"imagesLoaded\":true,\"contain\":true,\"selectedAttraction\":0.025,\"friction\":0.28}' id=\"su_image_carousel_69f1f8d17db98\"><div class=\"su-image-carousel-item\"><div class=\"su-image-carousel-item-content\"><img loading=\"lazy\" decoding=\"async\" width=\"720\" height=\"960\" src=\"https:\/\/www.latribuajena.org\/wp-content\/uploads\/2023\/02\/95690144_10219397975394948_6065813824315850752_n.jpg\" class=\"\" alt=\"Secadero solar\" srcset=\"https:\/\/www.latribuajena.org\/wp-content\/uploads\/2023\/02\/95690144_10219397975394948_6065813824315850752_n.jpg 720w, https:\/\/www.latribuajena.org\/wp-content\/uploads\/2023\/02\/95690144_10219397975394948_6065813824315850752_n-225x300.jpg 225w, https:\/\/www.latribuajena.org\/wp-content\/uploads\/2023\/02\/95690144_10219397975394948_6065813824315850752_n-9x12.jpg 9w\" sizes=\"auto, (max-width: 720px) 100vw, 720px\" \/><\/div><\/div><div class=\"su-image-carousel-item\"><div class=\"su-image-carousel-item-content\"><img loading=\"lazy\" decoding=\"async\" width=\"1080\" height=\"645\" src=\"https:\/\/www.latribuajena.org\/wp-content\/uploads\/2023\/02\/94035973_10219267504613260_2058661941907292160_n.jpg\" class=\"\" alt=\"La huerta de verano\" srcset=\"https:\/\/www.latribuajena.org\/wp-content\/uploads\/2023\/02\/94035973_10219267504613260_2058661941907292160_n.jpg 1080w, https:\/\/www.latribuajena.org\/wp-content\/uploads\/2023\/02\/94035973_10219267504613260_2058661941907292160_n-300x179.jpg 300w, https:\/\/www.latribuajena.org\/wp-content\/uploads\/2023\/02\/94035973_10219267504613260_2058661941907292160_n-1024x612.jpg 1024w, https:\/\/www.latribuajena.org\/wp-content\/uploads\/2023\/02\/94035973_10219267504613260_2058661941907292160_n-768x459.jpg 768w, https:\/\/www.latribuajena.org\/wp-content\/uploads\/2023\/02\/94035973_10219267504613260_2058661941907292160_n-18x12.jpg 18w\" sizes=\"auto, (max-width: 1080px) 100vw, 1080px\" \/><\/div><\/div><div class=\"su-image-carousel-item\"><div class=\"su-image-carousel-item-content\"><img loading=\"lazy\" decoding=\"async\" width=\"1440\" height=\"1080\" src=\"https:\/\/www.latribuajena.org\/wp-content\/uploads\/2023\/02\/93792448_10219203272687502_2127017042207834112_n.jpg\" class=\"\" alt=\"Mariquita, insecto cole\u00f3ptero de la familia coccinellidae\" srcset=\"https:\/\/www.latribuajena.org\/wp-content\/uploads\/2023\/02\/93792448_10219203272687502_2127017042207834112_n.jpg 1440w, https:\/\/www.latribuajena.org\/wp-content\/uploads\/2023\/02\/93792448_10219203272687502_2127017042207834112_n-300x225.jpg 300w, https:\/\/www.latribuajena.org\/wp-content\/uploads\/2023\/02\/93792448_10219203272687502_2127017042207834112_n-1024x768.jpg 1024w, https:\/\/www.latribuajena.org\/wp-content\/uploads\/2023\/02\/93792448_10219203272687502_2127017042207834112_n-768x576.jpg 768w, https:\/\/www.latribuajena.org\/wp-content\/uploads\/2023\/02\/93792448_10219203272687502_2127017042207834112_n-16x12.jpg 16w\" sizes=\"auto, (max-width: 1440px) 100vw, 1440px\" \/><\/div><\/div><div class=\"su-image-carousel-item\"><div class=\"su-image-carousel-item-content\"><img loading=\"lazy\" decoding=\"async\" width=\"720\" height=\"960\" src=\"https:\/\/www.latribuajena.org\/wp-content\/uploads\/2023\/02\/93650173_10219206867657374_25849831901626368_n.jpg\" class=\"\" alt=\"Mari\u00e1n encalando la casa de voluntariado\" srcset=\"https:\/\/www.latribuajena.org\/wp-content\/uploads\/2023\/02\/93650173_10219206867657374_25849831901626368_n.jpg 720w, https:\/\/www.latribuajena.org\/wp-content\/uploads\/2023\/02\/93650173_10219206867657374_25849831901626368_n-225x300.jpg 225w, https:\/\/www.latribuajena.org\/wp-content\/uploads\/2023\/02\/93650173_10219206867657374_25849831901626368_n-9x12.jpg 9w\" sizes=\"auto, (max-width: 720px) 100vw, 720px\" \/><\/div><\/div><div class=\"su-image-carousel-item\"><div class=\"su-image-carousel-item-content\"><img loading=\"lazy\" decoding=\"async\" width=\"1440\" height=\"813\" src=\"https:\/\/www.latribuajena.org\/wp-content\/uploads\/2023\/02\/93506210_10219217187875373_6315039575228022784_n.jpg\" class=\"\" alt=\"Rincones de La Tribu Ajena. El columpio de lectura\" srcset=\"https:\/\/www.latribuajena.org\/wp-content\/uploads\/2023\/02\/93506210_10219217187875373_6315039575228022784_n.jpg 1440w, https:\/\/www.latribuajena.org\/wp-content\/uploads\/2023\/02\/93506210_10219217187875373_6315039575228022784_n-300x169.jpg 300w, https:\/\/www.latribuajena.org\/wp-content\/uploads\/2023\/02\/93506210_10219217187875373_6315039575228022784_n-1024x578.jpg 1024w, https:\/\/www.latribuajena.org\/wp-content\/uploads\/2023\/02\/93506210_10219217187875373_6315039575228022784_n-768x434.jpg 768w, https:\/\/www.latribuajena.org\/wp-content\/uploads\/2023\/02\/93506210_10219217187875373_6315039575228022784_n-18x10.jpg 18w\" sizes=\"auto, (max-width: 1440px) 100vw, 1440px\" \/><\/div><\/div><div class=\"su-image-carousel-item\"><div class=\"su-image-carousel-item-content\"><img loading=\"lazy\" decoding=\"async\" width=\"960\" height=\"720\" src=\"https:\/\/www.latribuajena.org\/wp-content\/uploads\/2023\/02\/93221642_10219198042076740_8804134618325319680_n.jpg\" class=\"\" alt=\"Kanu y Siria\" srcset=\"https:\/\/www.latribuajena.org\/wp-content\/uploads\/2023\/02\/93221642_10219198042076740_8804134618325319680_n.jpg 960w, https:\/\/www.latribuajena.org\/wp-content\/uploads\/2023\/02\/93221642_10219198042076740_8804134618325319680_n-300x225.jpg 300w, https:\/\/www.latribuajena.org\/wp-content\/uploads\/2023\/02\/93221642_10219198042076740_8804134618325319680_n-768x576.jpg 768w, https:\/\/www.latribuajena.org\/wp-content\/uploads\/2023\/02\/93221642_10219198042076740_8804134618325319680_n-16x12.jpg 16w\" sizes=\"auto, (max-width: 960px) 100vw, 960px\" \/><\/div><\/div><div class=\"su-image-carousel-item\"><div class=\"su-image-carousel-item-content\"><img loading=\"lazy\" decoding=\"async\" width=\"960\" height=\"542\" src=\"https:\/\/www.latribuajena.org\/wp-content\/uploads\/2023\/02\/92812500_10219134098278185_5933512978874761216_n.jpg\" class=\"\" alt=\"\" srcset=\"https:\/\/www.latribuajena.org\/wp-content\/uploads\/2023\/02\/92812500_10219134098278185_5933512978874761216_n.jpg 960w, https:\/\/www.latribuajena.org\/wp-content\/uploads\/2023\/02\/92812500_10219134098278185_5933512978874761216_n-300x169.jpg 300w, https:\/\/www.latribuajena.org\/wp-content\/uploads\/2023\/02\/92812500_10219134098278185_5933512978874761216_n-768x434.jpg 768w, https:\/\/www.latribuajena.org\/wp-content\/uploads\/2023\/02\/92812500_10219134098278185_5933512978874761216_n-18x10.jpg 18w\" sizes=\"auto, (max-width: 960px) 100vw, 960px\" \/><\/div><\/div><div class=\"su-image-carousel-item\"><div class=\"su-image-carousel-item-content\"><img loading=\"lazy\" decoding=\"async\" width=\"960\" height=\"720\" src=\"https:\/\/www.latribuajena.org\/wp-content\/uploads\/2023\/02\/92811119_10219146665152349_4511439402974576640_n.jpg\" class=\"\" alt=\"\" srcset=\"https:\/\/www.latribuajena.org\/wp-content\/uploads\/2023\/02\/92811119_10219146665152349_4511439402974576640_n.jpg 960w, https:\/\/www.latribuajena.org\/wp-content\/uploads\/2023\/02\/92811119_10219146665152349_4511439402974576640_n-300x225.jpg 300w, https:\/\/www.latribuajena.org\/wp-content\/uploads\/2023\/02\/92811119_10219146665152349_4511439402974576640_n-768x576.jpg 768w, https:\/\/www.latribuajena.org\/wp-content\/uploads\/2023\/02\/92811119_10219146665152349_4511439402974576640_n-16x12.jpg 16w\" sizes=\"auto, (max-width: 960px) 100vw, 960px\" \/><\/div><\/div><div class=\"su-image-carousel-item\"><div class=\"su-image-carousel-item-content\"><img loading=\"lazy\" decoding=\"async\" width=\"1440\" height=\"1080\" src=\"https:\/\/www.latribuajena.org\/wp-content\/uploads\/2023\/02\/92800395_10219152530618982_2548722688247988224_n.jpg\" class=\"\" alt=\"\" srcset=\"https:\/\/www.latribuajena.org\/wp-content\/uploads\/2023\/02\/92800395_10219152530618982_2548722688247988224_n.jpg 1440w, https:\/\/www.latribuajena.org\/wp-content\/uploads\/2023\/02\/92800395_10219152530618982_2548722688247988224_n-300x225.jpg 300w, https:\/\/www.latribuajena.org\/wp-content\/uploads\/2023\/02\/92800395_10219152530618982_2548722688247988224_n-1024x768.jpg 1024w, https:\/\/www.latribuajena.org\/wp-content\/uploads\/2023\/02\/92800395_10219152530618982_2548722688247988224_n-768x576.jpg 768w, https:\/\/www.latribuajena.org\/wp-content\/uploads\/2023\/02\/92800395_10219152530618982_2548722688247988224_n-16x12.jpg 16w\" sizes=\"auto, (max-width: 1440px) 100vw, 1440px\" \/><\/div><\/div><div class=\"su-image-carousel-item\"><div class=\"su-image-carousel-item-content\"><img loading=\"lazy\" decoding=\"async\" width=\"542\" height=\"960\" src=\"https:\/\/www.latribuajena.org\/wp-content\/uploads\/2023\/02\/92691698_10219134098758197_7092051209783083008_n.jpg\" class=\"\" alt=\"\" srcset=\"https:\/\/www.latribuajena.org\/wp-content\/uploads\/2023\/02\/92691698_10219134098758197_7092051209783083008_n.jpg 542w, https:\/\/www.latribuajena.org\/wp-content\/uploads\/2023\/02\/92691698_10219134098758197_7092051209783083008_n-169x300.jpg 169w, https:\/\/www.latribuajena.org\/wp-content\/uploads\/2023\/02\/92691698_10219134098758197_7092051209783083008_n-7x12.jpg 7w\" sizes=\"auto, (max-width: 542px) 100vw, 542px\" \/><\/div><\/div><div class=\"su-image-carousel-item\"><div class=\"su-image-carousel-item-content\"><img loading=\"lazy\" decoding=\"async\" width=\"960\" height=\"542\" src=\"https:\/\/www.latribuajena.org\/wp-content\/uploads\/2023\/02\/92557644_10219134099358212_3643723019815223296_n.jpg\" class=\"\" alt=\"\" srcset=\"https:\/\/www.latribuajena.org\/wp-content\/uploads\/2023\/02\/92557644_10219134099358212_3643723019815223296_n.jpg 960w, https:\/\/www.latribuajena.org\/wp-content\/uploads\/2023\/02\/92557644_10219134099358212_3643723019815223296_n-300x169.jpg 300w, https:\/\/www.latribuajena.org\/wp-content\/uploads\/2023\/02\/92557644_10219134099358212_3643723019815223296_n-768x434.jpg 768w, https:\/\/www.latribuajena.org\/wp-content\/uploads\/2023\/02\/92557644_10219134099358212_3643723019815223296_n-18x10.jpg 18w\" sizes=\"auto, (max-width: 960px) 100vw, 960px\" \/><\/div><\/div><div class=\"su-image-carousel-item\"><div class=\"su-image-carousel-item-content\"><img loading=\"lazy\" decoding=\"async\" width=\"960\" height=\"542\" src=\"https:\/\/www.latribuajena.org\/wp-content\/uploads\/2023\/02\/92504179_10219134097718171_6289354124609716224_n.jpg\" class=\"\" alt=\"\" srcset=\"https:\/\/www.latribuajena.org\/wp-content\/uploads\/2023\/02\/92504179_10219134097718171_6289354124609716224_n.jpg 960w, https:\/\/www.latribuajena.org\/wp-content\/uploads\/2023\/02\/92504179_10219134097718171_6289354124609716224_n-300x169.jpg 300w, https:\/\/www.latribuajena.org\/wp-content\/uploads\/2023\/02\/92504179_10219134097718171_6289354124609716224_n-768x434.jpg 768w, https:\/\/www.latribuajena.org\/wp-content\/uploads\/2023\/02\/92504179_10219134097718171_6289354124609716224_n-18x10.jpg 18w\" sizes=\"auto, (max-width: 960px) 100vw, 960px\" \/><\/div><\/div><div class=\"su-image-carousel-item\"><div class=\"su-image-carousel-item-content\"><img loading=\"lazy\" decoding=\"async\" width=\"1440\" height=\"1080\" src=\"https:\/\/www.latribuajena.org\/wp-content\/uploads\/2023\/02\/92031573_10219066081417806_3902879456670253056_n.jpg\" class=\"\" alt=\"\" srcset=\"https:\/\/www.latribuajena.org\/wp-content\/uploads\/2023\/02\/92031573_10219066081417806_3902879456670253056_n.jpg 1440w, https:\/\/www.latribuajena.org\/wp-content\/uploads\/2023\/02\/92031573_10219066081417806_3902879456670253056_n-300x225.jpg 300w, https:\/\/www.latribuajena.org\/wp-content\/uploads\/2023\/02\/92031573_10219066081417806_3902879456670253056_n-1024x768.jpg 1024w, https:\/\/www.latribuajena.org\/wp-content\/uploads\/2023\/02\/92031573_10219066081417806_3902879456670253056_n-768x576.jpg 768w, https:\/\/www.latribuajena.org\/wp-content\/uploads\/2023\/02\/92031573_10219066081417806_3902879456670253056_n-16x12.jpg 16w\" sizes=\"auto, (max-width: 1440px) 100vw, 1440px\" \/><\/div><\/div><div class=\"su-image-carousel-item\"><div class=\"su-image-carousel-item-content\"><img loading=\"lazy\" decoding=\"async\" width=\"960\" height=\"720\" src=\"https:\/\/www.latribuajena.org\/wp-content\/uploads\/2023\/02\/91594055_10218951431511630_1795075293531078656_n.jpg\" class=\"\" alt=\"\" srcset=\"https:\/\/www.latribuajena.org\/wp-content\/uploads\/2023\/02\/91594055_10218951431511630_1795075293531078656_n.jpg 960w, https:\/\/www.latribuajena.org\/wp-content\/uploads\/2023\/02\/91594055_10218951431511630_1795075293531078656_n-300x225.jpg 300w, https:\/\/www.latribuajena.org\/wp-content\/uploads\/2023\/02\/91594055_10218951431511630_1795075293531078656_n-768x576.jpg 768w, https:\/\/www.latribuajena.org\/wp-content\/uploads\/2023\/02\/91594055_10218951431511630_1795075293531078656_n-16x12.jpg 16w\" sizes=\"auto, (max-width: 960px) 100vw, 960px\" \/><\/div><\/div><div class=\"su-image-carousel-item\"><div class=\"su-image-carousel-item-content\"><img loading=\"lazy\" decoding=\"async\" width=\"960\" height=\"720\" src=\"https:\/\/www.latribuajena.org\/wp-content\/uploads\/2023\/02\/89958474_10218855437991852_3483618003503808512_n.jpg\" class=\"\" alt=\"\" srcset=\"https:\/\/www.latribuajena.org\/wp-content\/uploads\/2023\/02\/89958474_10218855437991852_3483618003503808512_n.jpg 960w, https:\/\/www.latribuajena.org\/wp-content\/uploads\/2023\/02\/89958474_10218855437991852_3483618003503808512_n-300x225.jpg 300w, https:\/\/www.latribuajena.org\/wp-content\/uploads\/2023\/02\/89958474_10218855437991852_3483618003503808512_n-768x576.jpg 768w, https:\/\/www.latribuajena.org\/wp-content\/uploads\/2023\/02\/89958474_10218855437991852_3483618003503808512_n-16x12.jpg 16w\" sizes=\"auto, (max-width: 960px) 100vw, 960px\" \/><\/div><\/div><div class=\"su-image-carousel-item\"><div class=\"su-image-carousel-item-content\"><img loading=\"lazy\" decoding=\"async\" width=\"960\" height=\"720\" src=\"https:\/\/www.latribuajena.org\/wp-content\/uploads\/2023\/02\/89918446_10218855434671769_3031738820639850496_n.jpg\" class=\"\" alt=\"\" srcset=\"https:\/\/www.latribuajena.org\/wp-content\/uploads\/2023\/02\/89918446_10218855434671769_3031738820639850496_n.jpg 960w, https:\/\/www.latribuajena.org\/wp-content\/uploads\/2023\/02\/89918446_10218855434671769_3031738820639850496_n-300x225.jpg 300w, https:\/\/www.latribuajena.org\/wp-content\/uploads\/2023\/02\/89918446_10218855434671769_3031738820639850496_n-768x576.jpg 768w, https:\/\/www.latribuajena.org\/wp-content\/uploads\/2023\/02\/89918446_10218855434671769_3031738820639850496_n-16x12.jpg 16w\" sizes=\"auto, (max-width: 960px) 100vw, 960px\" \/><\/div><\/div><div class=\"su-image-carousel-item\"><div class=\"su-image-carousel-item-content\"><img loading=\"lazy\" decoding=\"async\" width=\"960\" height=\"720\" src=\"https:\/\/www.latribuajena.org\/wp-content\/uploads\/2023\/02\/89454906_10218837197535852_4895416291055108096_n.jpg\" class=\"\" alt=\"\" srcset=\"https:\/\/www.latribuajena.org\/wp-content\/uploads\/2023\/02\/89454906_10218837197535852_4895416291055108096_n.jpg 960w, https:\/\/www.latribuajena.org\/wp-content\/uploads\/2023\/02\/89454906_10218837197535852_4895416291055108096_n-300x225.jpg 300w, https:\/\/www.latribuajena.org\/wp-content\/uploads\/2023\/02\/89454906_10218837197535852_4895416291055108096_n-768x576.jpg 768w, https:\/\/www.latribuajena.org\/wp-content\/uploads\/2023\/02\/89454906_10218837197535852_4895416291055108096_n-16x12.jpg 16w\" sizes=\"auto, (max-width: 960px) 100vw, 960px\" \/><\/div><\/div><div class=\"su-image-carousel-item\"><div class=\"su-image-carousel-item-content\"><img loading=\"lazy\" decoding=\"async\" width=\"960\" height=\"720\" src=\"https:\/\/www.latribuajena.org\/wp-content\/uploads\/2023\/02\/89446456_10218837195735807_7077684277889990656_n.jpg\" class=\"\" alt=\"\" srcset=\"https:\/\/www.latribuajena.org\/wp-content\/uploads\/2023\/02\/89446456_10218837195735807_7077684277889990656_n.jpg 960w, https:\/\/www.latribuajena.org\/wp-content\/uploads\/2023\/02\/89446456_10218837195735807_7077684277889990656_n-300x225.jpg 300w, https:\/\/www.latribuajena.org\/wp-content\/uploads\/2023\/02\/89446456_10218837195735807_7077684277889990656_n-768x576.jpg 768w, https:\/\/www.latribuajena.org\/wp-content\/uploads\/2023\/02\/89446456_10218837195735807_7077684277889990656_n-16x12.jpg 16w\" sizes=\"auto, (max-width: 960px) 100vw, 960px\" \/><\/div><\/div><div class=\"su-image-carousel-item\"><div class=\"su-image-carousel-item-content\"><img loading=\"lazy\" decoding=\"async\" width=\"960\" height=\"720\" src=\"https:\/\/www.latribuajena.org\/wp-content\/uploads\/2023\/02\/88133089_10218724965770128_4099382014417829888_n.jpg\" class=\"\" alt=\"\" srcset=\"https:\/\/www.latribuajena.org\/wp-content\/uploads\/2023\/02\/88133089_10218724965770128_4099382014417829888_n.jpg 960w, https:\/\/www.latribuajena.org\/wp-content\/uploads\/2023\/02\/88133089_10218724965770128_4099382014417829888_n-300x225.jpg 300w, https:\/\/www.latribuajena.org\/wp-content\/uploads\/2023\/02\/88133089_10218724965770128_4099382014417829888_n-768x576.jpg 768w, https:\/\/www.latribuajena.org\/wp-content\/uploads\/2023\/02\/88133089_10218724965770128_4099382014417829888_n-16x12.jpg 16w\" sizes=\"auto, (max-width: 960px) 100vw, 960px\" \/><\/div><\/div><div class=\"su-image-carousel-item\"><div class=\"su-image-carousel-item-content\"><img loading=\"lazy\" decoding=\"async\" width=\"960\" height=\"720\" src=\"https:\/\/www.latribuajena.org\/wp-content\/uploads\/2023\/02\/88119669_10218724962330042_3122491475309363200_n.jpg\" class=\"\" alt=\"\" srcset=\"https:\/\/www.latribuajena.org\/wp-content\/uploads\/2023\/02\/88119669_10218724962330042_3122491475309363200_n.jpg 960w, https:\/\/www.latribuajena.org\/wp-content\/uploads\/2023\/02\/88119669_10218724962330042_3122491475309363200_n-300x225.jpg 300w, https:\/\/www.latribuajena.org\/wp-content\/uploads\/2023\/02\/88119669_10218724962330042_3122491475309363200_n-768x576.jpg 768w, https:\/\/www.latribuajena.org\/wp-content\/uploads\/2023\/02\/88119669_10218724962330042_3122491475309363200_n-16x12.jpg 16w\" sizes=\"auto, (max-width: 960px) 100vw, 960px\" \/><\/div><\/div><div class=\"su-image-carousel-item\"><div class=\"su-image-carousel-item-content\"><img loading=\"lazy\" decoding=\"async\" width=\"960\" height=\"720\" src=\"https:\/\/www.latribuajena.org\/wp-content\/uploads\/2023\/02\/88074369_10218724968930207_2259646164884258816_n.jpg\" class=\"\" alt=\"\" srcset=\"https:\/\/www.latribuajena.org\/wp-content\/uploads\/2023\/02\/88074369_10218724968930207_2259646164884258816_n.jpg 960w, https:\/\/www.latribuajena.org\/wp-content\/uploads\/2023\/02\/88074369_10218724968930207_2259646164884258816_n-300x225.jpg 300w, https:\/\/www.latribuajena.org\/wp-content\/uploads\/2023\/02\/88074369_10218724968930207_2259646164884258816_n-768x576.jpg 768w, https:\/\/www.latribuajena.org\/wp-content\/uploads\/2023\/02\/88074369_10218724968930207_2259646164884258816_n-16x12.jpg 16w\" sizes=\"auto, (max-width: 960px) 100vw, 960px\" \/><\/div><\/div><div class=\"su-image-carousel-item\"><div class=\"su-image-carousel-item-content\"><img loading=\"lazy\" decoding=\"async\" width=\"1440\" height=\"1080\" src=\"https:\/\/www.latribuajena.org\/wp-content\/uploads\/2023\/02\/83350037_10218420498838645_8034522589651009536_n.jpg\" class=\"\" alt=\"\" srcset=\"https:\/\/www.latribuajena.org\/wp-content\/uploads\/2023\/02\/83350037_10218420498838645_8034522589651009536_n.jpg 1440w, https:\/\/www.latribuajena.org\/wp-content\/uploads\/2023\/02\/83350037_10218420498838645_8034522589651009536_n-300x225.jpg 300w, https:\/\/www.latribuajena.org\/wp-content\/uploads\/2023\/02\/83350037_10218420498838645_8034522589651009536_n-1024x768.jpg 1024w, https:\/\/www.latribuajena.org\/wp-content\/uploads\/2023\/02\/83350037_10218420498838645_8034522589651009536_n-768x576.jpg 768w, https:\/\/www.latribuajena.org\/wp-content\/uploads\/2023\/02\/83350037_10218420498838645_8034522589651009536_n-16x12.jpg 16w\" sizes=\"auto, (max-width: 1440px) 100vw, 1440px\" \/><\/div><\/div><div class=\"su-image-carousel-item\"><div class=\"su-image-carousel-item-content\"><img loading=\"lazy\" decoding=\"async\" width=\"960\" height=\"636\" src=\"https:\/\/www.latribuajena.org\/wp-content\/uploads\/2023\/02\/83017798_10218344791986021_8690270826240409600_n.jpg\" class=\"\" alt=\"\" srcset=\"https:\/\/www.latribuajena.org\/wp-content\/uploads\/2023\/02\/83017798_10218344791986021_8690270826240409600_n.jpg 960w, https:\/\/www.latribuajena.org\/wp-content\/uploads\/2023\/02\/83017798_10218344791986021_8690270826240409600_n-300x199.jpg 300w, https:\/\/www.latribuajena.org\/wp-content\/uploads\/2023\/02\/83017798_10218344791986021_8690270826240409600_n-768x509.jpg 768w, https:\/\/www.latribuajena.org\/wp-content\/uploads\/2023\/02\/83017798_10218344791986021_8690270826240409600_n-18x12.jpg 18w\" sizes=\"auto, (max-width: 960px) 100vw, 960px\" \/><\/div><\/div><div class=\"su-image-carousel-item\"><div class=\"su-image-carousel-item-content\"><img loading=\"lazy\" decoding=\"async\" width=\"960\" height=\"636\" src=\"https:\/\/www.latribuajena.org\/wp-content\/uploads\/2023\/02\/82936363_10218344792466033_6302548491776294912_n.jpg\" class=\"\" alt=\"\" srcset=\"https:\/\/www.latribuajena.org\/wp-content\/uploads\/2023\/02\/82936363_10218344792466033_6302548491776294912_n.jpg 960w, https:\/\/www.latribuajena.org\/wp-content\/uploads\/2023\/02\/82936363_10218344792466033_6302548491776294912_n-300x199.jpg 300w, https:\/\/www.latribuajena.org\/wp-content\/uploads\/2023\/02\/82936363_10218344792466033_6302548491776294912_n-768x509.jpg 768w, https:\/\/www.latribuajena.org\/wp-content\/uploads\/2023\/02\/82936363_10218344792466033_6302548491776294912_n-18x12.jpg 18w\" sizes=\"auto, (max-width: 960px) 100vw, 960px\" \/><\/div><\/div><div class=\"su-image-carousel-item\"><div class=\"su-image-carousel-item-content\"><img loading=\"lazy\" decoding=\"async\" width=\"1440\" height=\"1920\" src=\"https:\/\/www.latribuajena.org\/wp-content\/uploads\/2023\/02\/82832911_10218329423801826_1117531180246237184_n-scaled.jpg\" class=\"\" alt=\"\" srcset=\"https:\/\/www.latribuajena.org\/wp-content\/uploads\/2023\/02\/82832911_10218329423801826_1117531180246237184_n-scaled.jpg 1440w, https:\/\/www.latribuajena.org\/wp-content\/uploads\/2023\/02\/82832911_10218329423801826_1117531180246237184_n-225x300.jpg 225w, https:\/\/www.latribuajena.org\/wp-content\/uploads\/2023\/02\/82832911_10218329423801826_1117531180246237184_n-768x1024.jpg 768w, https:\/\/www.latribuajena.org\/wp-content\/uploads\/2023\/02\/82832911_10218329423801826_1117531180246237184_n-1152x1536.jpg 1152w, https:\/\/www.latribuajena.org\/wp-content\/uploads\/2023\/02\/82832911_10218329423801826_1117531180246237184_n-9x12.jpg 9w\" sizes=\"auto, (max-width: 1440px) 100vw, 1440px\" \/><\/div><\/div><div class=\"su-image-carousel-item\"><div class=\"su-image-carousel-item-content\"><img loading=\"lazy\" decoding=\"async\" width=\"960\" height=\"636\" src=\"https:\/\/www.latribuajena.org\/wp-content\/uploads\/2023\/02\/82642420_10218344790785991_2516484384551337984_n-copia.jpg\" class=\"\" alt=\"\" srcset=\"https:\/\/www.latribuajena.org\/wp-content\/uploads\/2023\/02\/82642420_10218344790785991_2516484384551337984_n-copia.jpg 960w, https:\/\/www.latribuajena.org\/wp-content\/uploads\/2023\/02\/82642420_10218344790785991_2516484384551337984_n-copia-300x199.jpg 300w, https:\/\/www.latribuajena.org\/wp-content\/uploads\/2023\/02\/82642420_10218344790785991_2516484384551337984_n-copia-768x509.jpg 768w, https:\/\/www.latribuajena.org\/wp-content\/uploads\/2023\/02\/82642420_10218344790785991_2516484384551337984_n-copia-18x12.jpg 18w\" sizes=\"auto, (max-width: 960px) 100vw, 960px\" \/><\/div><\/div><div class=\"su-image-carousel-item\"><div class=\"su-image-carousel-item-content\"><img loading=\"lazy\" decoding=\"async\" width=\"960\" height=\"636\" src=\"https:\/\/www.latribuajena.org\/wp-content\/uploads\/2023\/02\/82634845_10218344793866068_7285897678150434816_n-copia.jpg\" class=\"\" alt=\"\" srcset=\"https:\/\/www.latribuajena.org\/wp-content\/uploads\/2023\/02\/82634845_10218344793866068_7285897678150434816_n-copia.jpg 960w, https:\/\/www.latribuajena.org\/wp-content\/uploads\/2023\/02\/82634845_10218344793866068_7285897678150434816_n-copia-300x199.jpg 300w, https:\/\/www.latribuajena.org\/wp-content\/uploads\/2023\/02\/82634845_10218344793866068_7285897678150434816_n-copia-768x509.jpg 768w, https:\/\/www.latribuajena.org\/wp-content\/uploads\/2023\/02\/82634845_10218344793866068_7285897678150434816_n-copia-18x12.jpg 18w\" sizes=\"auto, (max-width: 960px) 100vw, 960px\" \/><\/div><\/div><div class=\"su-image-carousel-item\"><div class=\"su-image-carousel-item-content\"><img loading=\"lazy\" decoding=\"async\" width=\"960\" height=\"720\" src=\"https:\/\/www.latribuajena.org\/wp-content\/uploads\/2023\/02\/81181735_10218101548505086_7960886195699843072_n-copia.jpg\" class=\"\" alt=\"\" srcset=\"https:\/\/www.latribuajena.org\/wp-content\/uploads\/2023\/02\/81181735_10218101548505086_7960886195699843072_n-copia.jpg 960w, https:\/\/www.latribuajena.org\/wp-content\/uploads\/2023\/02\/81181735_10218101548505086_7960886195699843072_n-copia-300x225.jpg 300w, https:\/\/www.latribuajena.org\/wp-content\/uploads\/2023\/02\/81181735_10218101548505086_7960886195699843072_n-copia-768x576.jpg 768w, https:\/\/www.latribuajena.org\/wp-content\/uploads\/2023\/02\/81181735_10218101548505086_7960886195699843072_n-copia-16x12.jpg 16w\" sizes=\"auto, (max-width: 960px) 100vw, 960px\" \/><\/div><\/div><div class=\"su-image-carousel-item\"><div class=\"su-image-carousel-item-content\"><img loading=\"lazy\" decoding=\"async\" width=\"960\" height=\"720\" src=\"https:\/\/www.latribuajena.org\/wp-content\/uploads\/2023\/02\/80710204_10218101548185078_2420405154390999040_n-copia.jpg\" class=\"\" alt=\"\" srcset=\"https:\/\/www.latribuajena.org\/wp-content\/uploads\/2023\/02\/80710204_10218101548185078_2420405154390999040_n-copia.jpg 960w, https:\/\/www.latribuajena.org\/wp-content\/uploads\/2023\/02\/80710204_10218101548185078_2420405154390999040_n-copia-300x225.jpg 300w, https:\/\/www.latribuajena.org\/wp-content\/uploads\/2023\/02\/80710204_10218101548185078_2420405154390999040_n-copia-768x576.jpg 768w, https:\/\/www.latribuajena.org\/wp-content\/uploads\/2023\/02\/80710204_10218101548185078_2420405154390999040_n-copia-16x12.jpg 16w\" sizes=\"auto, (max-width: 960px) 100vw, 960px\" \/><\/div><\/div><div class=\"su-image-carousel-item\"><div class=\"su-image-carousel-item-content\"><img loading=\"lazy\" decoding=\"async\" width=\"960\" height=\"720\" src=\"https:\/\/www.latribuajena.org\/wp-content\/uploads\/2023\/02\/79644731_10218065980855917_701470968068964352_n-copia.jpg\" class=\"\" alt=\"\" srcset=\"https:\/\/www.latribuajena.org\/wp-content\/uploads\/2023\/02\/79644731_10218065980855917_701470968068964352_n-copia.jpg 960w, https:\/\/www.latribuajena.org\/wp-content\/uploads\/2023\/02\/79644731_10218065980855917_701470968068964352_n-copia-300x225.jpg 300w, https:\/\/www.latribuajena.org\/wp-content\/uploads\/2023\/02\/79644731_10218065980855917_701470968068964352_n-copia-768x576.jpg 768w, https:\/\/www.latribuajena.org\/wp-content\/uploads\/2023\/02\/79644731_10218065980855917_701470968068964352_n-copia-16x12.jpg 16w\" sizes=\"auto, (max-width: 960px) 100vw, 960px\" \/><\/div><\/div><div class=\"su-image-carousel-item\"><div class=\"su-image-carousel-item-content\"><img loading=\"lazy\" decoding=\"async\" width=\"960\" height=\"720\" src=\"https:\/\/www.latribuajena.org\/wp-content\/uploads\/2023\/02\/79017051_10217931851822775_5495214078873829376_n-copia.jpg\" class=\"\" alt=\"\" srcset=\"https:\/\/www.latribuajena.org\/wp-content\/uploads\/2023\/02\/79017051_10217931851822775_5495214078873829376_n-copia.jpg 960w, https:\/\/www.latribuajena.org\/wp-content\/uploads\/2023\/02\/79017051_10217931851822775_5495214078873829376_n-copia-300x225.jpg 300w, https:\/\/www.latribuajena.org\/wp-content\/uploads\/2023\/02\/79017051_10217931851822775_5495214078873829376_n-copia-768x576.jpg 768w, https:\/\/www.latribuajena.org\/wp-content\/uploads\/2023\/02\/79017051_10217931851822775_5495214078873829376_n-copia-16x12.jpg 16w\" sizes=\"auto, (max-width: 960px) 100vw, 960px\" \/><\/div><\/div><div class=\"su-image-carousel-item\"><div class=\"su-image-carousel-item-content\"><img loading=\"lazy\" decoding=\"async\" width=\"960\" height=\"720\" src=\"https:\/\/www.latribuajena.org\/wp-content\/uploads\/2023\/02\/78797754_10217931846582644_8323812078968111104_n-copia.jpg\" class=\"\" alt=\"\" srcset=\"https:\/\/www.latribuajena.org\/wp-content\/uploads\/2023\/02\/78797754_10217931846582644_8323812078968111104_n-copia.jpg 960w, https:\/\/www.latribuajena.org\/wp-content\/uploads\/2023\/02\/78797754_10217931846582644_8323812078968111104_n-copia-300x225.jpg 300w, https:\/\/www.latribuajena.org\/wp-content\/uploads\/2023\/02\/78797754_10217931846582644_8323812078968111104_n-copia-768x576.jpg 768w, https:\/\/www.latribuajena.org\/wp-content\/uploads\/2023\/02\/78797754_10217931846582644_8323812078968111104_n-copia-16x12.jpg 16w\" sizes=\"auto, (max-width: 960px) 100vw, 960px\" \/><\/div><\/div><div class=\"su-image-carousel-item\"><div class=\"su-image-carousel-item-content\"><img loading=\"lazy\" decoding=\"async\" width=\"960\" height=\"720\" src=\"https:\/\/www.latribuajena.org\/wp-content\/uploads\/2023\/02\/78594766_10217931852262786_5177783001760661504_n-copia.jpg\" class=\"\" alt=\"\" srcset=\"https:\/\/www.latribuajena.org\/wp-content\/uploads\/2023\/02\/78594766_10217931852262786_5177783001760661504_n-copia.jpg 960w, https:\/\/www.latribuajena.org\/wp-content\/uploads\/2023\/02\/78594766_10217931852262786_5177783001760661504_n-copia-300x225.jpg 300w, https:\/\/www.latribuajena.org\/wp-content\/uploads\/2023\/02\/78594766_10217931852262786_5177783001760661504_n-copia-768x576.jpg 768w, https:\/\/www.latribuajena.org\/wp-content\/uploads\/2023\/02\/78594766_10217931852262786_5177783001760661504_n-copia-16x12.jpg 16w\" sizes=\"auto, (max-width: 960px) 100vw, 960px\" \/><\/div><\/div><div class=\"su-image-carousel-item\"><div class=\"su-image-carousel-item-content\"><img loading=\"lazy\" decoding=\"async\" width=\"960\" height=\"720\" src=\"https:\/\/www.latribuajena.org\/wp-content\/uploads\/2023\/02\/78482706_10217931850462741_2906188894988926976_n-copia.jpg\" class=\"\" alt=\"\" srcset=\"https:\/\/www.latribuajena.org\/wp-content\/uploads\/2023\/02\/78482706_10217931850462741_2906188894988926976_n-copia.jpg 960w, https:\/\/www.latribuajena.org\/wp-content\/uploads\/2023\/02\/78482706_10217931850462741_2906188894988926976_n-copia-300x225.jpg 300w, https:\/\/www.latribuajena.org\/wp-content\/uploads\/2023\/02\/78482706_10217931850462741_2906188894988926976_n-copia-768x576.jpg 768w, https:\/\/www.latribuajena.org\/wp-content\/uploads\/2023\/02\/78482706_10217931850462741_2906188894988926976_n-copia-16x12.jpg 16w\" sizes=\"auto, (max-width: 960px) 100vw, 960px\" \/><\/div><\/div><div class=\"su-image-carousel-item\"><div class=\"su-image-carousel-item-content\"><img loading=\"lazy\" decoding=\"async\" width=\"960\" height=\"720\" src=\"https:\/\/www.latribuajena.org\/wp-content\/uploads\/2023\/02\/78314846_10217931851222760_5403913218873622528_n-copia.jpg\" class=\"\" alt=\"\" srcset=\"https:\/\/www.latribuajena.org\/wp-content\/uploads\/2023\/02\/78314846_10217931851222760_5403913218873622528_n-copia.jpg 960w, https:\/\/www.latribuajena.org\/wp-content\/uploads\/2023\/02\/78314846_10217931851222760_5403913218873622528_n-copia-300x225.jpg 300w, https:\/\/www.latribuajena.org\/wp-content\/uploads\/2023\/02\/78314846_10217931851222760_5403913218873622528_n-copia-768x576.jpg 768w, https:\/\/www.latribuajena.org\/wp-content\/uploads\/2023\/02\/78314846_10217931851222760_5403913218873622528_n-copia-16x12.jpg 16w\" sizes=\"auto, (max-width: 960px) 100vw, 960px\" \/><\/div><\/div><div class=\"su-image-carousel-item\"><div class=\"su-image-carousel-item-content\"><img loading=\"lazy\" decoding=\"async\" width=\"960\" height=\"720\" src=\"https:\/\/www.latribuajena.org\/wp-content\/uploads\/2023\/02\/78290633_10217931852742798_4760718939762196480_n-copia.jpg\" class=\"\" alt=\"\" srcset=\"https:\/\/www.latribuajena.org\/wp-content\/uploads\/2023\/02\/78290633_10217931852742798_4760718939762196480_n-copia.jpg 960w, https:\/\/www.latribuajena.org\/wp-content\/uploads\/2023\/02\/78290633_10217931852742798_4760718939762196480_n-copia-300x225.jpg 300w, https:\/\/www.latribuajena.org\/wp-content\/uploads\/2023\/02\/78290633_10217931852742798_4760718939762196480_n-copia-768x576.jpg 768w, https:\/\/www.latribuajena.org\/wp-content\/uploads\/2023\/02\/78290633_10217931852742798_4760718939762196480_n-copia-16x12.jpg 16w\" sizes=\"auto, (max-width: 960px) 100vw, 960px\" \/><\/div><\/div><div class=\"su-image-carousel-item\"><div class=\"su-image-carousel-item-content\"><img loading=\"lazy\" decoding=\"async\" width=\"960\" height=\"720\" src=\"https:\/\/www.latribuajena.org\/wp-content\/uploads\/2023\/02\/77400752_10217918387406173_6615008474956824576_n-copia.jpg\" class=\"\" alt=\"\" srcset=\"https:\/\/www.latribuajena.org\/wp-content\/uploads\/2023\/02\/77400752_10217918387406173_6615008474956824576_n-copia.jpg 960w, https:\/\/www.latribuajena.org\/wp-content\/uploads\/2023\/02\/77400752_10217918387406173_6615008474956824576_n-copia-300x225.jpg 300w, https:\/\/www.latribuajena.org\/wp-content\/uploads\/2023\/02\/77400752_10217918387406173_6615008474956824576_n-copia-768x576.jpg 768w, https:\/\/www.latribuajena.org\/wp-content\/uploads\/2023\/02\/77400752_10217918387406173_6615008474956824576_n-copia-16x12.jpg 16w\" sizes=\"auto, (max-width: 960px) 100vw, 960px\" \/><\/div><\/div><div class=\"su-image-carousel-item\"><div class=\"su-image-carousel-item-content\"><img loading=\"lazy\" decoding=\"async\" width=\"1440\" height=\"1256\" src=\"https:\/\/www.latribuajena.org\/wp-content\/uploads\/2023\/02\/72675041_10217476632682581_1625748960960315392_n-copia.jpg\" class=\"\" alt=\"\" srcset=\"https:\/\/www.latribuajena.org\/wp-content\/uploads\/2023\/02\/72675041_10217476632682581_1625748960960315392_n-copia.jpg 1440w, https:\/\/www.latribuajena.org\/wp-content\/uploads\/2023\/02\/72675041_10217476632682581_1625748960960315392_n-copia-300x262.jpg 300w, https:\/\/www.latribuajena.org\/wp-content\/uploads\/2023\/02\/72675041_10217476632682581_1625748960960315392_n-copia-1024x893.jpg 1024w, https:\/\/www.latribuajena.org\/wp-content\/uploads\/2023\/02\/72675041_10217476632682581_1625748960960315392_n-copia-768x670.jpg 768w, https:\/\/www.latribuajena.org\/wp-content\/uploads\/2023\/02\/72675041_10217476632682581_1625748960960315392_n-copia-14x12.jpg 14w\" sizes=\"auto, (max-width: 1440px) 100vw, 1440px\" \/><\/div><\/div><div class=\"su-image-carousel-item\"><div class=\"su-image-carousel-item-content\"><img loading=\"lazy\" decoding=\"async\" width=\"720\" height=\"960\" src=\"https:\/\/www.latribuajena.org\/wp-content\/uploads\/2023\/02\/88074355_10218724969690226_1195596613192515584_n.jpg\" class=\"\" alt=\"\" srcset=\"https:\/\/www.latribuajena.org\/wp-content\/uploads\/2023\/02\/88074355_10218724969690226_1195596613192515584_n.jpg 720w, https:\/\/www.latribuajena.org\/wp-content\/uploads\/2023\/02\/88074355_10218724969690226_1195596613192515584_n-225x300.jpg 225w, https:\/\/www.latribuajena.org\/wp-content\/uploads\/2023\/02\/88074355_10218724969690226_1195596613192515584_n-9x12.jpg 9w\" sizes=\"auto, (max-width: 720px) 100vw, 720px\" \/><\/div><\/div><div class=\"su-image-carousel-item\"><div class=\"su-image-carousel-item-content\"><img loading=\"lazy\" decoding=\"async\" width=\"960\" height=\"720\" src=\"https:\/\/www.latribuajena.org\/wp-content\/uploads\/2023\/02\/88068401_10218724968010184_460566411350114304_n.jpg\" class=\"\" alt=\"\" srcset=\"https:\/\/www.latribuajena.org\/wp-content\/uploads\/2023\/02\/88068401_10218724968010184_460566411350114304_n.jpg 960w, https:\/\/www.latribuajena.org\/wp-content\/uploads\/2023\/02\/88068401_10218724968010184_460566411350114304_n-300x225.jpg 300w, https:\/\/www.latribuajena.org\/wp-content\/uploads\/2023\/02\/88068401_10218724968010184_460566411350114304_n-768x576.jpg 768w, https:\/\/www.latribuajena.org\/wp-content\/uploads\/2023\/02\/88068401_10218724968010184_460566411350114304_n-16x12.jpg 16w\" sizes=\"auto, (max-width: 960px) 100vw, 960px\" \/><\/div><\/div><div class=\"su-image-carousel-item\"><div class=\"su-image-carousel-item-content\"><img loading=\"lazy\" decoding=\"async\" width=\"720\" height=\"960\" src=\"https:\/\/www.latribuajena.org\/wp-content\/uploads\/2023\/02\/88029423_10218724963690076_702031607329980416_n.jpg\" class=\"\" alt=\"\" srcset=\"https:\/\/www.latribuajena.org\/wp-content\/uploads\/2023\/02\/88029423_10218724963690076_702031607329980416_n.jpg 720w, https:\/\/www.latribuajena.org\/wp-content\/uploads\/2023\/02\/88029423_10218724963690076_702031607329980416_n-225x300.jpg 225w, https:\/\/www.latribuajena.org\/wp-content\/uploads\/2023\/02\/88029423_10218724963690076_702031607329980416_n-9x12.jpg 9w\" sizes=\"auto, (max-width: 720px) 100vw, 720px\" \/><\/div><\/div><div class=\"su-image-carousel-item\"><div class=\"su-image-carousel-item-content\"><img loading=\"lazy\" decoding=\"async\" width=\"720\" height=\"960\" src=\"https:\/\/www.latribuajena.org\/wp-content\/uploads\/2023\/02\/88020368_10218724961730027_1350084439345987584_n.jpg\" class=\"\" alt=\"\" srcset=\"https:\/\/www.latribuajena.org\/wp-content\/uploads\/2023\/02\/88020368_10218724961730027_1350084439345987584_n.jpg 720w, https:\/\/www.latribuajena.org\/wp-content\/uploads\/2023\/02\/88020368_10218724961730027_1350084439345987584_n-225x300.jpg 225w, https:\/\/www.latribuajena.org\/wp-content\/uploads\/2023\/02\/88020368_10218724961730027_1350084439345987584_n-9x12.jpg 9w\" sizes=\"auto, (max-width: 720px) 100vw, 720px\" \/><\/div><\/div><div class=\"su-image-carousel-item\"><div class=\"su-image-carousel-item-content\"><img loading=\"lazy\" decoding=\"async\" width=\"720\" height=\"960\" src=\"https:\/\/www.latribuajena.org\/wp-content\/uploads\/2023\/02\/88011188_10218724960369993_1910830765306806272_n.jpg\" class=\"\" alt=\"\" srcset=\"https:\/\/www.latribuajena.org\/wp-content\/uploads\/2023\/02\/88011188_10218724960369993_1910830765306806272_n.jpg 720w, https:\/\/www.latribuajena.org\/wp-content\/uploads\/2023\/02\/88011188_10218724960369993_1910830765306806272_n-225x300.jpg 225w, https:\/\/www.latribuajena.org\/wp-content\/uploads\/2023\/02\/88011188_10218724960369993_1910830765306806272_n-9x12.jpg 9w\" sizes=\"auto, (max-width: 720px) 100vw, 720px\" \/><\/div><\/div><div class=\"su-image-carousel-item\"><div class=\"su-image-carousel-item-content\"><img loading=\"lazy\" decoding=\"async\" width=\"720\" height=\"960\" src=\"https:\/\/www.latribuajena.org\/wp-content\/uploads\/2023\/02\/88007967_10218724963170063_5509633405072965632_n.jpg\" class=\"\" alt=\"\" srcset=\"https:\/\/www.latribuajena.org\/wp-content\/uploads\/2023\/02\/88007967_10218724963170063_5509633405072965632_n.jpg 720w, https:\/\/www.latribuajena.org\/wp-content\/uploads\/2023\/02\/88007967_10218724963170063_5509633405072965632_n-225x300.jpg 225w, https:\/\/www.latribuajena.org\/wp-content\/uploads\/2023\/02\/88007967_10218724963170063_5509633405072965632_n-9x12.jpg 9w\" sizes=\"auto, (max-width: 720px) 100vw, 720px\" \/><\/div><\/div><div class=\"su-image-carousel-item\"><div class=\"su-image-carousel-item-content\"><img loading=\"lazy\" decoding=\"async\" width=\"720\" height=\"960\" src=\"https:\/\/www.latribuajena.org\/wp-content\/uploads\/2023\/02\/88002232_10218724957289916_298137113356926976_n.jpg\" class=\"\" alt=\"\" srcset=\"https:\/\/www.latribuajena.org\/wp-content\/uploads\/2023\/02\/88002232_10218724957289916_298137113356926976_n.jpg 720w, https:\/\/www.latribuajena.org\/wp-content\/uploads\/2023\/02\/88002232_10218724957289916_298137113356926976_n-225x300.jpg 225w, https:\/\/www.latribuajena.org\/wp-content\/uploads\/2023\/02\/88002232_10218724957289916_298137113356926976_n-9x12.jpg 9w\" sizes=\"auto, (max-width: 720px) 100vw, 720px\" \/><\/div><\/div><div class=\"su-image-carousel-item\"><div class=\"su-image-carousel-item-content\"><img loading=\"lazy\" decoding=\"async\" width=\"960\" height=\"720\" src=\"https:\/\/www.latribuajena.org\/wp-content\/uploads\/2023\/02\/87991426_10218724961130012_8169215066156040192_n.jpg\" class=\"\" alt=\"\" srcset=\"https:\/\/www.latribuajena.org\/wp-content\/uploads\/2023\/02\/87991426_10218724961130012_8169215066156040192_n.jpg 960w, https:\/\/www.latribuajena.org\/wp-content\/uploads\/2023\/02\/87991426_10218724961130012_8169215066156040192_n-300x225.jpg 300w, https:\/\/www.latribuajena.org\/wp-content\/uploads\/2023\/02\/87991426_10218724961130012_8169215066156040192_n-768x576.jpg 768w, https:\/\/www.latribuajena.org\/wp-content\/uploads\/2023\/02\/87991426_10218724961130012_8169215066156040192_n-16x12.jpg 16w\" sizes=\"auto, (max-width: 960px) 100vw, 960px\" \/><\/div><\/div><div class=\"su-image-carousel-item\"><div class=\"su-image-carousel-item-content\"><img loading=\"lazy\" decoding=\"async\" width=\"720\" height=\"960\" src=\"https:\/\/www.latribuajena.org\/wp-content\/uploads\/2023\/02\/87989627_10218724964850105_7577306115352821760_n.jpg\" class=\"\" alt=\"\" srcset=\"https:\/\/www.latribuajena.org\/wp-content\/uploads\/2023\/02\/87989627_10218724964850105_7577306115352821760_n.jpg 720w, https:\/\/www.latribuajena.org\/wp-content\/uploads\/2023\/02\/87989627_10218724964850105_7577306115352821760_n-225x300.jpg 225w, https:\/\/www.latribuajena.org\/wp-content\/uploads\/2023\/02\/87989627_10218724964850105_7577306115352821760_n-9x12.jpg 9w\" sizes=\"auto, (max-width: 720px) 100vw, 720px\" \/><\/div><\/div><div class=\"su-image-carousel-item\"><div class=\"su-image-carousel-item-content\"><img loading=\"lazy\" decoding=\"async\" width=\"720\" height=\"960\" src=\"https:\/\/www.latribuajena.org\/wp-content\/uploads\/2023\/02\/87954225_10218724962850055_4714460213543960576_n.jpg\" class=\"\" alt=\"\" srcset=\"https:\/\/www.latribuajena.org\/wp-content\/uploads\/2023\/02\/87954225_10218724962850055_4714460213543960576_n.jpg 720w, https:\/\/www.latribuajena.org\/wp-content\/uploads\/2023\/02\/87954225_10218724962850055_4714460213543960576_n-225x300.jpg 225w, https:\/\/www.latribuajena.org\/wp-content\/uploads\/2023\/02\/87954225_10218724962850055_4714460213543960576_n-9x12.jpg 9w\" sizes=\"auto, (max-width: 720px) 100vw, 720px\" \/><\/div><\/div><div class=\"su-image-carousel-item\"><div class=\"su-image-carousel-item-content\"><img loading=\"lazy\" decoding=\"async\" width=\"960\" height=\"720\" src=\"https:\/\/www.latribuajena.org\/wp-content\/uploads\/2023\/02\/87151695_10218648093568371_7839555667395346432_n.jpg\" class=\"\" alt=\"\" srcset=\"https:\/\/www.latribuajena.org\/wp-content\/uploads\/2023\/02\/87151695_10218648093568371_7839555667395346432_n.jpg 960w, https:\/\/www.latribuajena.org\/wp-content\/uploads\/2023\/02\/87151695_10218648093568371_7839555667395346432_n-300x225.jpg 300w, https:\/\/www.latribuajena.org\/wp-content\/uploads\/2023\/02\/87151695_10218648093568371_7839555667395346432_n-768x576.jpg 768w, https:\/\/www.latribuajena.org\/wp-content\/uploads\/2023\/02\/87151695_10218648093568371_7839555667395346432_n-16x12.jpg 16w\" sizes=\"auto, (max-width: 960px) 100vw, 960px\" \/><\/div><\/div><div class=\"su-image-carousel-item\"><div class=\"su-image-carousel-item-content\"><img loading=\"lazy\" decoding=\"async\" width=\"960\" height=\"720\" src=\"https:\/\/www.latribuajena.org\/wp-content\/uploads\/2023\/02\/83866268_10218392226091844_2737071233404239872_n.jpg\" class=\"\" alt=\"\" srcset=\"https:\/\/www.latribuajena.org\/wp-content\/uploads\/2023\/02\/83866268_10218392226091844_2737071233404239872_n.jpg 960w, https:\/\/www.latribuajena.org\/wp-content\/uploads\/2023\/02\/83866268_10218392226091844_2737071233404239872_n-300x225.jpg 300w, https:\/\/www.latribuajena.org\/wp-content\/uploads\/2023\/02\/83866268_10218392226091844_2737071233404239872_n-768x576.jpg 768w, https:\/\/www.latribuajena.org\/wp-content\/uploads\/2023\/02\/83866268_10218392226091844_2737071233404239872_n-16x12.jpg 16w\" sizes=\"auto, (max-width: 960px) 100vw, 960px\" \/><\/div><\/div><div class=\"su-image-carousel-item\"><div class=\"su-image-carousel-item-content\"><img loading=\"lazy\" decoding=\"async\" width=\"960\" height=\"636\" src=\"https:\/\/www.latribuajena.org\/wp-content\/uploads\/2023\/02\/83511837_10218344792226027_5427669950003150848_n.jpg\" class=\"\" alt=\"\" srcset=\"https:\/\/www.latribuajena.org\/wp-content\/uploads\/2023\/02\/83511837_10218344792226027_5427669950003150848_n.jpg 960w, https:\/\/www.latribuajena.org\/wp-content\/uploads\/2023\/02\/83511837_10218344792226027_5427669950003150848_n-300x199.jpg 300w, https:\/\/www.latribuajena.org\/wp-content\/uploads\/2023\/02\/83511837_10218344792226027_5427669950003150848_n-768x509.jpg 768w, https:\/\/www.latribuajena.org\/wp-content\/uploads\/2023\/02\/83511837_10218344792226027_5427669950003150848_n-18x12.jpg 18w\" sizes=\"auto, (max-width: 960px) 100vw, 960px\" \/><\/div><\/div><div class=\"su-image-carousel-item\"><div class=\"su-image-carousel-item-content\"><img loading=\"lazy\" decoding=\"async\" width=\"720\" height=\"960\" src=\"https:\/\/www.latribuajena.org\/wp-content\/uploads\/2023\/02\/83440327_10218392225651833_5465944387852697600_n.jpg\" class=\"\" alt=\"\" srcset=\"https:\/\/www.latribuajena.org\/wp-content\/uploads\/2023\/02\/83440327_10218392225651833_5465944387852697600_n.jpg 720w, https:\/\/www.latribuajena.org\/wp-content\/uploads\/2023\/02\/83440327_10218392225651833_5465944387852697600_n-225x300.jpg 225w, https:\/\/www.latribuajena.org\/wp-content\/uploads\/2023\/02\/83440327_10218392225651833_5465944387852697600_n-9x12.jpg 9w\" sizes=\"auto, (max-width: 720px) 100vw, 720px\" \/><\/div><\/div><div class=\"su-image-carousel-item\"><div class=\"su-image-carousel-item-content\"><img loading=\"lazy\" decoding=\"async\" width=\"1440\" height=\"1080\" src=\"https:\/\/www.latribuajena.org\/wp-content\/uploads\/2023\/02\/71525792_10217248912149710_5309544257575452672_n-copia.jpg\" class=\"\" alt=\"\" srcset=\"https:\/\/www.latribuajena.org\/wp-content\/uploads\/2023\/02\/71525792_10217248912149710_5309544257575452672_n-copia.jpg 1440w, https:\/\/www.latribuajena.org\/wp-content\/uploads\/2023\/02\/71525792_10217248912149710_5309544257575452672_n-copia-300x225.jpg 300w, https:\/\/www.latribuajena.org\/wp-content\/uploads\/2023\/02\/71525792_10217248912149710_5309544257575452672_n-copia-1024x768.jpg 1024w, https:\/\/www.latribuajena.org\/wp-content\/uploads\/2023\/02\/71525792_10217248912149710_5309544257575452672_n-copia-768x576.jpg 768w, https:\/\/www.latribuajena.org\/wp-content\/uploads\/2023\/02\/71525792_10217248912149710_5309544257575452672_n-copia-16x12.jpg 16w\" sizes=\"auto, (max-width: 1440px) 100vw, 1440px\" \/><\/div><\/div><div class=\"su-image-carousel-item\"><div class=\"su-image-carousel-item-content\"><img loading=\"lazy\" decoding=\"async\" width=\"1084\" height=\"1920\" src=\"https:\/\/www.latribuajena.org\/wp-content\/uploads\/2023\/02\/70281507_10217211924705047_6407191397098586112_n-copia-scaled.jpg\" class=\"\" alt=\"\" srcset=\"https:\/\/www.latribuajena.org\/wp-content\/uploads\/2023\/02\/70281507_10217211924705047_6407191397098586112_n-copia-scaled.jpg 1084w, https:\/\/www.latribuajena.org\/wp-content\/uploads\/2023\/02\/70281507_10217211924705047_6407191397098586112_n-copia-169x300.jpg 169w, https:\/\/www.latribuajena.org\/wp-content\/uploads\/2023\/02\/70281507_10217211924705047_6407191397098586112_n-copia-578x1024.jpg 578w, https:\/\/www.latribuajena.org\/wp-content\/uploads\/2023\/02\/70281507_10217211924705047_6407191397098586112_n-copia-768x1360.jpg 768w, https:\/\/www.latribuajena.org\/wp-content\/uploads\/2023\/02\/70281507_10217211924705047_6407191397098586112_n-copia-867x1536.jpg 867w, https:\/\/www.latribuajena.org\/wp-content\/uploads\/2023\/02\/70281507_10217211924705047_6407191397098586112_n-copia-7x12.jpg 7w\" sizes=\"auto, (max-width: 1084px) 100vw, 1084px\" \/><\/div><\/div><div class=\"su-image-carousel-item\"><div class=\"su-image-carousel-item-content\"><img loading=\"lazy\" decoding=\"async\" width=\"1440\" height=\"1920\" src=\"https:\/\/www.latribuajena.org\/wp-content\/uploads\/2023\/02\/69613688_10217058003737119_3451461969905713152_n-copia-scaled.jpg\" class=\"\" alt=\"\" srcset=\"https:\/\/www.latribuajena.org\/wp-content\/uploads\/2023\/02\/69613688_10217058003737119_3451461969905713152_n-copia-scaled.jpg 1440w, https:\/\/www.latribuajena.org\/wp-content\/uploads\/2023\/02\/69613688_10217058003737119_3451461969905713152_n-copia-225x300.jpg 225w, https:\/\/www.latribuajena.org\/wp-content\/uploads\/2023\/02\/69613688_10217058003737119_3451461969905713152_n-copia-768x1024.jpg 768w, https:\/\/www.latribuajena.org\/wp-content\/uploads\/2023\/02\/69613688_10217058003737119_3451461969905713152_n-copia-1152x1536.jpg 1152w, https:\/\/www.latribuajena.org\/wp-content\/uploads\/2023\/02\/69613688_10217058003737119_3451461969905713152_n-copia-9x12.jpg 9w\" sizes=\"auto, (max-width: 1440px) 100vw, 1440px\" \/><\/div><\/div><div class=\"su-image-carousel-item\"><div class=\"su-image-carousel-item-content\"><img loading=\"lazy\" decoding=\"async\" width=\"1440\" height=\"1080\" src=\"https:\/\/www.latribuajena.org\/wp-content\/uploads\/2023\/02\/68887788_10217056539260508_2627948737321762816_n-copia.jpg\" class=\"\" alt=\"\" srcset=\"https:\/\/www.latribuajena.org\/wp-content\/uploads\/2023\/02\/68887788_10217056539260508_2627948737321762816_n-copia.jpg 1440w, https:\/\/www.latribuajena.org\/wp-content\/uploads\/2023\/02\/68887788_10217056539260508_2627948737321762816_n-copia-300x225.jpg 300w, https:\/\/www.latribuajena.org\/wp-content\/uploads\/2023\/02\/68887788_10217056539260508_2627948737321762816_n-copia-1024x768.jpg 1024w, https:\/\/www.latribuajena.org\/wp-content\/uploads\/2023\/02\/68887788_10217056539260508_2627948737321762816_n-copia-768x576.jpg 768w, https:\/\/www.latribuajena.org\/wp-content\/uploads\/2023\/02\/68887788_10217056539260508_2627948737321762816_n-copia-16x12.jpg 16w\" sizes=\"auto, (max-width: 1440px) 100vw, 1440px\" \/><\/div><\/div><div class=\"su-image-carousel-item\"><div class=\"su-image-carousel-item-content\"><img loading=\"lazy\" decoding=\"async\" width=\"720\" height=\"960\" src=\"https:\/\/www.latribuajena.org\/wp-content\/uploads\/2023\/02\/68845223_10217078808737231_5778226744070766592_n-copia.jpg\" class=\"\" alt=\"\" srcset=\"https:\/\/www.latribuajena.org\/wp-content\/uploads\/2023\/02\/68845223_10217078808737231_5778226744070766592_n-copia.jpg 720w, https:\/\/www.latribuajena.org\/wp-content\/uploads\/2023\/02\/68845223_10217078808737231_5778226744070766592_n-copia-225x300.jpg 225w, https:\/\/www.latribuajena.org\/wp-content\/uploads\/2023\/02\/68845223_10217078808737231_5778226744070766592_n-copia-9x12.jpg 9w\" sizes=\"auto, (max-width: 720px) 100vw, 720px\" \/><\/div><\/div><div class=\"su-image-carousel-item\"><div class=\"su-image-carousel-item-content\"><img loading=\"lazy\" decoding=\"async\" width=\"1440\" height=\"1080\" src=\"https:\/\/www.latribuajena.org\/wp-content\/uploads\/2023\/02\/68518916_10216934040798123_7705755685094424576_n-copia.jpg\" class=\"\" alt=\"\" srcset=\"https:\/\/www.latribuajena.org\/wp-content\/uploads\/2023\/02\/68518916_10216934040798123_7705755685094424576_n-copia.jpg 1440w, https:\/\/www.latribuajena.org\/wp-content\/uploads\/2023\/02\/68518916_10216934040798123_7705755685094424576_n-copia-300x225.jpg 300w, https:\/\/www.latribuajena.org\/wp-content\/uploads\/2023\/02\/68518916_10216934040798123_7705755685094424576_n-copia-1024x768.jpg 1024w, https:\/\/www.latribuajena.org\/wp-content\/uploads\/2023\/02\/68518916_10216934040798123_7705755685094424576_n-copia-768x576.jpg 768w, https:\/\/www.latribuajena.org\/wp-content\/uploads\/2023\/02\/68518916_10216934040798123_7705755685094424576_n-copia-16x12.jpg 16w\" sizes=\"auto, (max-width: 1440px) 100vw, 1440px\" \/><\/div><\/div><div class=\"su-image-carousel-item\"><div class=\"su-image-carousel-item-content\"><img loading=\"lazy\" decoding=\"async\" width=\"720\" height=\"960\" src=\"https:\/\/www.latribuajena.org\/wp-content\/uploads\/2023\/02\/67219370_10216791516315100_518011706308296704_n-copia.jpg\" class=\"\" alt=\"\" srcset=\"https:\/\/www.latribuajena.org\/wp-content\/uploads\/2023\/02\/67219370_10216791516315100_518011706308296704_n-copia.jpg 720w, https:\/\/www.latribuajena.org\/wp-content\/uploads\/2023\/02\/67219370_10216791516315100_518011706308296704_n-copia-225x300.jpg 225w, https:\/\/www.latribuajena.org\/wp-content\/uploads\/2023\/02\/67219370_10216791516315100_518011706308296704_n-copia-9x12.jpg 9w\" sizes=\"auto, (max-width: 720px) 100vw, 720px\" \/><\/div><\/div><div class=\"su-image-carousel-item\"><div class=\"su-image-carousel-item-content\"><img loading=\"lazy\" decoding=\"async\" width=\"960\" height=\"720\" src=\"https:\/\/www.latribuajena.org\/wp-content\/uploads\/2023\/02\/66597891_10216791516555106_6514241983777603584_n-copia.jpg\" class=\"\" alt=\"\" srcset=\"https:\/\/www.latribuajena.org\/wp-content\/uploads\/2023\/02\/66597891_10216791516555106_6514241983777603584_n-copia.jpg 960w, https:\/\/www.latribuajena.org\/wp-content\/uploads\/2023\/02\/66597891_10216791516555106_6514241983777603584_n-copia-300x225.jpg 300w, https:\/\/www.latribuajena.org\/wp-content\/uploads\/2023\/02\/66597891_10216791516555106_6514241983777603584_n-copia-768x576.jpg 768w, https:\/\/www.latribuajena.org\/wp-content\/uploads\/2023\/02\/66597891_10216791516555106_6514241983777603584_n-copia-16x12.jpg 16w\" sizes=\"auto, (max-width: 960px) 100vw, 960px\" \/><\/div><\/div><div class=\"su-image-carousel-item\"><div class=\"su-image-carousel-item-content\"><img loading=\"lazy\" decoding=\"async\" width=\"1440\" height=\"1080\" src=\"https:\/\/www.latribuajena.org\/wp-content\/uploads\/2023\/02\/66444938_10216786773876542_5246008033271611392_n-copia.jpg\" class=\"\" alt=\"\" srcset=\"https:\/\/www.latribuajena.org\/wp-content\/uploads\/2023\/02\/66444938_10216786773876542_5246008033271611392_n-copia.jpg 1440w, https:\/\/www.latribuajena.org\/wp-content\/uploads\/2023\/02\/66444938_10216786773876542_5246008033271611392_n-copia-300x225.jpg 300w, https:\/\/www.latribuajena.org\/wp-content\/uploads\/2023\/02\/66444938_10216786773876542_5246008033271611392_n-copia-1024x768.jpg 1024w, https:\/\/www.latribuajena.org\/wp-content\/uploads\/2023\/02\/66444938_10216786773876542_5246008033271611392_n-copia-768x576.jpg 768w, https:\/\/www.latribuajena.org\/wp-content\/uploads\/2023\/02\/66444938_10216786773876542_5246008033271611392_n-copia-16x12.jpg 16w\" sizes=\"auto, (max-width: 1440px) 100vw, 1440px\" \/><\/div><\/div><div class=\"su-image-carousel-item\"><div class=\"su-image-carousel-item-content\"><img loading=\"lazy\" decoding=\"async\" width=\"960\" height=\"720\" src=\"https:\/\/www.latribuajena.org\/wp-content\/uploads\/2023\/02\/65462350_10216664203212352_7019424700082159616_n-copia.jpg\" class=\"\" alt=\"\" srcset=\"https:\/\/www.latribuajena.org\/wp-content\/uploads\/2023\/02\/65462350_10216664203212352_7019424700082159616_n-copia.jpg 960w, https:\/\/www.latribuajena.org\/wp-content\/uploads\/2023\/02\/65462350_10216664203212352_7019424700082159616_n-copia-300x225.jpg 300w, https:\/\/www.latribuajena.org\/wp-content\/uploads\/2023\/02\/65462350_10216664203212352_7019424700082159616_n-copia-768x576.jpg 768w, https:\/\/www.latribuajena.org\/wp-content\/uploads\/2023\/02\/65462350_10216664203212352_7019424700082159616_n-copia-16x12.jpg 16w\" sizes=\"auto, (max-width: 960px) 100vw, 960px\" \/><\/div><\/div><div class=\"su-image-carousel-item\"><div class=\"su-image-carousel-item-content\"><img loading=\"lazy\" decoding=\"async\" width=\"960\" height=\"720\" src=\"https:\/\/www.latribuajena.org\/wp-content\/uploads\/2023\/02\/65386112_10216682254103613_2621655691110121472_n-copia.jpg\" class=\"\" alt=\"\" srcset=\"https:\/\/www.latribuajena.org\/wp-content\/uploads\/2023\/02\/65386112_10216682254103613_2621655691110121472_n-copia.jpg 960w, https:\/\/www.latribuajena.org\/wp-content\/uploads\/2023\/02\/65386112_10216682254103613_2621655691110121472_n-copia-300x225.jpg 300w, https:\/\/www.latribuajena.org\/wp-content\/uploads\/2023\/02\/65386112_10216682254103613_2621655691110121472_n-copia-768x576.jpg 768w, https:\/\/www.latribuajena.org\/wp-content\/uploads\/2023\/02\/65386112_10216682254103613_2621655691110121472_n-copia-16x12.jpg 16w\" sizes=\"auto, (max-width: 960px) 100vw, 960px\" \/><\/div><\/div><div class=\"su-image-carousel-item\"><div class=\"su-image-carousel-item-content\"><img loading=\"lazy\" decoding=\"async\" width=\"960\" height=\"542\" src=\"https:\/\/www.latribuajena.org\/wp-content\/uploads\/2023\/02\/63624840_10216554207262522_7502182984112406528_n-copia.jpg\" class=\"\" alt=\"\" srcset=\"https:\/\/www.latribuajena.org\/wp-content\/uploads\/2023\/02\/63624840_10216554207262522_7502182984112406528_n-copia.jpg 960w, https:\/\/www.latribuajena.org\/wp-content\/uploads\/2023\/02\/63624840_10216554207262522_7502182984112406528_n-copia-300x169.jpg 300w, https:\/\/www.latribuajena.org\/wp-content\/uploads\/2023\/02\/63624840_10216554207262522_7502182984112406528_n-copia-768x434.jpg 768w, https:\/\/www.latribuajena.org\/wp-content\/uploads\/2023\/02\/63624840_10216554207262522_7502182984112406528_n-copia-18x10.jpg 18w\" sizes=\"auto, (max-width: 960px) 100vw, 960px\" \/><\/div><\/div><div class=\"su-image-carousel-item\"><div class=\"su-image-carousel-item-content\"><img loading=\"lazy\" decoding=\"async\" width=\"960\" height=\"542\" src=\"https:\/\/www.latribuajena.org\/wp-content\/uploads\/2023\/02\/62439982_10216554207622531_5087351060889075712_n-copia.jpg\" class=\"\" alt=\"\" srcset=\"https:\/\/www.latribuajena.org\/wp-content\/uploads\/2023\/02\/62439982_10216554207622531_5087351060889075712_n-copia.jpg 960w, https:\/\/www.latribuajena.org\/wp-content\/uploads\/2023\/02\/62439982_10216554207622531_5087351060889075712_n-copia-300x169.jpg 300w, https:\/\/www.latribuajena.org\/wp-content\/uploads\/2023\/02\/62439982_10216554207622531_5087351060889075712_n-copia-768x434.jpg 768w, https:\/\/www.latribuajena.org\/wp-content\/uploads\/2023\/02\/62439982_10216554207622531_5087351060889075712_n-copia-18x10.jpg 18w\" sizes=\"auto, (max-width: 960px) 100vw, 960px\" \/><\/div><\/div><div class=\"su-image-carousel-item\"><div class=\"su-image-carousel-item-content\"><img loading=\"lazy\" decoding=\"async\" width=\"960\" height=\"542\" src=\"https:\/\/www.latribuajena.org\/wp-content\/uploads\/2023\/02\/62396441_10216554207942539_1707071516715253760_n-copia.jpg\" class=\"\" alt=\"\" srcset=\"https:\/\/www.latribuajena.org\/wp-content\/uploads\/2023\/02\/62396441_10216554207942539_1707071516715253760_n-copia.jpg 960w, https:\/\/www.latribuajena.org\/wp-content\/uploads\/2023\/02\/62396441_10216554207942539_1707071516715253760_n-copia-300x169.jpg 300w, https:\/\/www.latribuajena.org\/wp-content\/uploads\/2023\/02\/62396441_10216554207942539_1707071516715253760_n-copia-768x434.jpg 768w, https:\/\/www.latribuajena.org\/wp-content\/uploads\/2023\/02\/62396441_10216554207942539_1707071516715253760_n-copia-18x10.jpg 18w\" sizes=\"auto, (max-width: 960px) 100vw, 960px\" \/><\/div><\/div><div class=\"su-image-carousel-item\"><div class=\"su-image-carousel-item-content\"><img loading=\"lazy\" decoding=\"async\" width=\"1440\" height=\"1080\" src=\"https:\/\/www.latribuajena.org\/wp-content\/uploads\/2023\/02\/62199711_10216545469484083_2409919421234544640_n-copia.jpg\" class=\"\" alt=\"\" srcset=\"https:\/\/www.latribuajena.org\/wp-content\/uploads\/2023\/02\/62199711_10216545469484083_2409919421234544640_n-copia.jpg 1440w, https:\/\/www.latribuajena.org\/wp-content\/uploads\/2023\/02\/62199711_10216545469484083_2409919421234544640_n-copia-300x225.jpg 300w, https:\/\/www.latribuajena.org\/wp-content\/uploads\/2023\/02\/62199711_10216545469484083_2409919421234544640_n-copia-1024x768.jpg 1024w, https:\/\/www.latribuajena.org\/wp-content\/uploads\/2023\/02\/62199711_10216545469484083_2409919421234544640_n-copia-768x576.jpg 768w, https:\/\/www.latribuajena.org\/wp-content\/uploads\/2023\/02\/62199711_10216545469484083_2409919421234544640_n-copia-16x12.jpg 16w\" sizes=\"auto, (max-width: 1440px) 100vw, 1440px\" \/><\/div><\/div><div class=\"su-image-carousel-item\"><div class=\"su-image-carousel-item-content\"><img loading=\"lazy\" decoding=\"async\" width=\"1440\" height=\"1920\" src=\"https:\/\/www.latribuajena.org\/wp-content\/uploads\/2023\/02\/62007430_10216524624402969_4387368926053400576_n-copia-scaled.jpg\" class=\"\" alt=\"\" srcset=\"https:\/\/www.latribuajena.org\/wp-content\/uploads\/2023\/02\/62007430_10216524624402969_4387368926053400576_n-copia-scaled.jpg 1440w, https:\/\/www.latribuajena.org\/wp-content\/uploads\/2023\/02\/62007430_10216524624402969_4387368926053400576_n-copia-225x300.jpg 225w, https:\/\/www.latribuajena.org\/wp-content\/uploads\/2023\/02\/62007430_10216524624402969_4387368926053400576_n-copia-768x1024.jpg 768w, https:\/\/www.latribuajena.org\/wp-content\/uploads\/2023\/02\/62007430_10216524624402969_4387368926053400576_n-copia-1152x1536.jpg 1152w, https:\/\/www.latribuajena.org\/wp-content\/uploads\/2023\/02\/62007430_10216524624402969_4387368926053400576_n-copia-9x12.jpg 9w\" sizes=\"auto, (max-width: 1440px) 100vw, 1440px\" \/><\/div><\/div><div class=\"su-image-carousel-item\"><div class=\"su-image-carousel-item-content\"><img loading=\"lazy\" decoding=\"async\" width=\"1440\" height=\"1080\" src=\"https:\/\/www.latribuajena.org\/wp-content\/uploads\/2023\/02\/61265847_10216447613837753_1667227495952285696_n-copia.jpg\" class=\"\" alt=\"\" srcset=\"https:\/\/www.latribuajena.org\/wp-content\/uploads\/2023\/02\/61265847_10216447613837753_1667227495952285696_n-copia.jpg 1440w, https:\/\/www.latribuajena.org\/wp-content\/uploads\/2023\/02\/61265847_10216447613837753_1667227495952285696_n-copia-300x225.jpg 300w, https:\/\/www.latribuajena.org\/wp-content\/uploads\/2023\/02\/61265847_10216447613837753_1667227495952285696_n-copia-1024x768.jpg 1024w, https:\/\/www.latribuajena.org\/wp-content\/uploads\/2023\/02\/61265847_10216447613837753_1667227495952285696_n-copia-768x576.jpg 768w, https:\/\/www.latribuajena.org\/wp-content\/uploads\/2023\/02\/61265847_10216447613837753_1667227495952285696_n-copia-16x12.jpg 16w\" sizes=\"auto, (max-width: 1440px) 100vw, 1440px\" \/><\/div><\/div><div class=\"su-image-carousel-item\"><div class=\"su-image-carousel-item-content\"><img loading=\"lazy\" decoding=\"async\" width=\"1920\" height=\"1440\" src=\"https:\/\/www.latribuajena.org\/wp-content\/uploads\/2023\/02\/59891353_10216303514275354_4406405522484363264_n-copia-scaled.jpg\" class=\"\" alt=\"\" srcset=\"https:\/\/www.latribuajena.org\/wp-content\/uploads\/2023\/02\/59891353_10216303514275354_4406405522484363264_n-copia-scaled.jpg 1920w, https:\/\/www.latribuajena.org\/wp-content\/uploads\/2023\/02\/59891353_10216303514275354_4406405522484363264_n-copia-300x225.jpg 300w, https:\/\/www.latribuajena.org\/wp-content\/uploads\/2023\/02\/59891353_10216303514275354_4406405522484363264_n-copia-1024x768.jpg 1024w, https:\/\/www.latribuajena.org\/wp-content\/uploads\/2023\/02\/59891353_10216303514275354_4406405522484363264_n-copia-768x576.jpg 768w, https:\/\/www.latribuajena.org\/wp-content\/uploads\/2023\/02\/59891353_10216303514275354_4406405522484363264_n-copia-1536x1152.jpg 1536w, https:\/\/www.latribuajena.org\/wp-content\/uploads\/2023\/02\/59891353_10216303514275354_4406405522484363264_n-copia-16x12.jpg 16w\" sizes=\"auto, (max-width: 1920px) 100vw, 1920px\" \/><\/div><\/div><div class=\"su-image-carousel-item\"><div class=\"su-image-carousel-item-content\"><img loading=\"lazy\" decoding=\"async\" width=\"1920\" height=\"1079\" src=\"https:\/\/www.latribuajena.org\/wp-content\/uploads\/2023\/02\/59767878_10216319746961161_1528782162923356160_n-copia-scaled.jpg\" class=\"\" alt=\"\" srcset=\"https:\/\/www.latribuajena.org\/wp-content\/uploads\/2023\/02\/59767878_10216319746961161_1528782162923356160_n-copia-scaled.jpg 1920w, https:\/\/www.latribuajena.org\/wp-content\/uploads\/2023\/02\/59767878_10216319746961161_1528782162923356160_n-copia-300x169.jpg 300w, https:\/\/www.latribuajena.org\/wp-content\/uploads\/2023\/02\/59767878_10216319746961161_1528782162923356160_n-copia-1024x575.jpg 1024w, https:\/\/www.latribuajena.org\/wp-content\/uploads\/2023\/02\/59767878_10216319746961161_1528782162923356160_n-copia-768x431.jpg 768w, https:\/\/www.latribuajena.org\/wp-content\/uploads\/2023\/02\/59767878_10216319746961161_1528782162923356160_n-copia-1536x863.jpg 1536w, https:\/\/www.latribuajena.org\/wp-content\/uploads\/2023\/02\/59767878_10216319746961161_1528782162923356160_n-copia-18x10.jpg 18w\" sizes=\"auto, (max-width: 1920px) 100vw, 1920px\" \/><\/div><\/div><div class=\"su-image-carousel-item\"><div class=\"su-image-carousel-item-content\"><img loading=\"lazy\" decoding=\"async\" width=\"1376\" height=\"1032\" src=\"https:\/\/www.latribuajena.org\/wp-content\/uploads\/2023\/02\/58460676_10216249549006256_5401374961921163264_n-copia.jpg\" class=\"\" alt=\"\" srcset=\"https:\/\/www.latribuajena.org\/wp-content\/uploads\/2023\/02\/58460676_10216249549006256_5401374961921163264_n-copia.jpg 1376w, https:\/\/www.latribuajena.org\/wp-content\/uploads\/2023\/02\/58460676_10216249549006256_5401374961921163264_n-copia-300x225.jpg 300w, https:\/\/www.latribuajena.org\/wp-content\/uploads\/2023\/02\/58460676_10216249549006256_5401374961921163264_n-copia-1024x768.jpg 1024w, https:\/\/www.latribuajena.org\/wp-content\/uploads\/2023\/02\/58460676_10216249549006256_5401374961921163264_n-copia-768x576.jpg 768w, https:\/\/www.latribuajena.org\/wp-content\/uploads\/2023\/02\/58460676_10216249549006256_5401374961921163264_n-copia-16x12.jpg 16w\" sizes=\"auto, (max-width: 1376px) 100vw, 1376px\" \/><\/div><\/div><div class=\"su-image-carousel-item\"><div class=\"su-image-carousel-item-content\"><img loading=\"lazy\" decoding=\"async\" width=\"960\" height=\"720\" src=\"https:\/\/www.latribuajena.org\/wp-content\/uploads\/2023\/02\/56551689_10216078924460749_8798496086474883072_n-copia.jpg\" class=\"\" alt=\"\" srcset=\"https:\/\/www.latribuajena.org\/wp-content\/uploads\/2023\/02\/56551689_10216078924460749_8798496086474883072_n-copia.jpg 960w, https:\/\/www.latribuajena.org\/wp-content\/uploads\/2023\/02\/56551689_10216078924460749_8798496086474883072_n-copia-300x225.jpg 300w, https:\/\/www.latribuajena.org\/wp-content\/uploads\/2023\/02\/56551689_10216078924460749_8798496086474883072_n-copia-768x576.jpg 768w, https:\/\/www.latribuajena.org\/wp-content\/uploads\/2023\/02\/56551689_10216078924460749_8798496086474883072_n-copia-16x12.jpg 16w\" sizes=\"auto, (max-width: 960px) 100vw, 960px\" \/><\/div><\/div><div class=\"su-image-carousel-item\"><div class=\"su-image-carousel-item-content\"><img loading=\"lazy\" decoding=\"async\" width=\"1920\" height=\"1078\" src=\"https:\/\/www.latribuajena.org\/wp-content\/uploads\/2023\/02\/55576510_10216010109660422_8965699833323061248_n-copia-scaled.jpg\" class=\"\" alt=\"\" srcset=\"https:\/\/www.latribuajena.org\/wp-content\/uploads\/2023\/02\/55576510_10216010109660422_8965699833323061248_n-copia-scaled.jpg 1920w, https:\/\/www.latribuajena.org\/wp-content\/uploads\/2023\/02\/55576510_10216010109660422_8965699833323061248_n-copia-300x168.jpg 300w, https:\/\/www.latribuajena.org\/wp-content\/uploads\/2023\/02\/55576510_10216010109660422_8965699833323061248_n-copia-1024x575.jpg 1024w, https:\/\/www.latribuajena.org\/wp-content\/uploads\/2023\/02\/55576510_10216010109660422_8965699833323061248_n-copia-768x431.jpg 768w, https:\/\/www.latribuajena.org\/wp-content\/uploads\/2023\/02\/55576510_10216010109660422_8965699833323061248_n-copia-1536x863.jpg 1536w, https:\/\/www.latribuajena.org\/wp-content\/uploads\/2023\/02\/55576510_10216010109660422_8965699833323061248_n-copia-18x10.jpg 18w\" sizes=\"auto, (max-width: 1920px) 100vw, 1920px\" \/><\/div><\/div><div class=\"su-image-carousel-item\"><div class=\"su-image-carousel-item-content\"><img loading=\"lazy\" decoding=\"async\" width=\"1200\" height=\"1600\" src=\"https:\/\/www.latribuajena.org\/wp-content\/uploads\/2023\/02\/55483146_10216010106500343_8649241750986031104_n-copia.jpg\" class=\"\" alt=\"\" srcset=\"https:\/\/www.latribuajena.org\/wp-content\/uploads\/2023\/02\/55483146_10216010106500343_8649241750986031104_n-copia.jpg 1200w, https:\/\/www.latribuajena.org\/wp-content\/uploads\/2023\/02\/55483146_10216010106500343_8649241750986031104_n-copia-225x300.jpg 225w, https:\/\/www.latribuajena.org\/wp-content\/uploads\/2023\/02\/55483146_10216010106500343_8649241750986031104_n-copia-768x1024.jpg 768w, https:\/\/www.latribuajena.org\/wp-content\/uploads\/2023\/02\/55483146_10216010106500343_8649241750986031104_n-copia-1152x1536.jpg 1152w, https:\/\/www.latribuajena.org\/wp-content\/uploads\/2023\/02\/55483146_10216010106500343_8649241750986031104_n-copia-9x12.jpg 9w\" sizes=\"auto, (max-width: 1200px) 100vw, 1200px\" \/><\/div><\/div><div class=\"su-image-carousel-item\"><div class=\"su-image-carousel-item-content\"><img loading=\"lazy\" decoding=\"async\" width=\"1600\" height=\"1200\" src=\"https:\/\/www.latribuajena.org\/wp-content\/uploads\/2023\/02\/55462916_10216010105780325_7826747898825015296_n-copia.jpg\" class=\"\" alt=\"\" srcset=\"https:\/\/www.latribuajena.org\/wp-content\/uploads\/2023\/02\/55462916_10216010105780325_7826747898825015296_n-copia.jpg 1600w, https:\/\/www.latribuajena.org\/wp-content\/uploads\/2023\/02\/55462916_10216010105780325_7826747898825015296_n-copia-300x225.jpg 300w, https:\/\/www.latribuajena.org\/wp-content\/uploads\/2023\/02\/55462916_10216010105780325_7826747898825015296_n-copia-1024x768.jpg 1024w, https:\/\/www.latribuajena.org\/wp-content\/uploads\/2023\/02\/55462916_10216010105780325_7826747898825015296_n-copia-768x576.jpg 768w, https:\/\/www.latribuajena.org\/wp-content\/uploads\/2023\/02\/55462916_10216010105780325_7826747898825015296_n-copia-1536x1152.jpg 1536w, https:\/\/www.latribuajena.org\/wp-content\/uploads\/2023\/02\/55462916_10216010105780325_7826747898825015296_n-copia-16x12.jpg 16w\" sizes=\"auto, (max-width: 1600px) 100vw, 1600px\" \/><\/div><\/div><div class=\"su-image-carousel-item\"><div class=\"su-image-carousel-item-content\"><img loading=\"lazy\" decoding=\"async\" width=\"1600\" height=\"1200\" src=\"https:\/\/www.latribuajena.org\/wp-content\/uploads\/2023\/02\/54524289_10216010107100358_8726094147728965632_n-copia.jpg\" class=\"\" alt=\"\" srcset=\"https:\/\/www.latribuajena.org\/wp-content\/uploads\/2023\/02\/54524289_10216010107100358_8726094147728965632_n-copia.jpg 1600w, https:\/\/www.latribuajena.org\/wp-content\/uploads\/2023\/02\/54524289_10216010107100358_8726094147728965632_n-copia-300x225.jpg 300w, https:\/\/www.latribuajena.org\/wp-content\/uploads\/2023\/02\/54524289_10216010107100358_8726094147728965632_n-copia-1024x768.jpg 1024w, https:\/\/www.latribuajena.org\/wp-content\/uploads\/2023\/02\/54524289_10216010107100358_8726094147728965632_n-copia-768x576.jpg 768w, https:\/\/www.latribuajena.org\/wp-content\/uploads\/2023\/02\/54524289_10216010107100358_8726094147728965632_n-copia-1536x1152.jpg 1536w, https:\/\/www.latribuajena.org\/wp-content\/uploads\/2023\/02\/54524289_10216010107100358_8726094147728965632_n-copia-16x12.jpg 16w\" sizes=\"auto, (max-width: 1600px) 100vw, 1600px\" \/><\/div><\/div><div class=\"su-image-carousel-item\"><div class=\"su-image-carousel-item-content\"><img loading=\"lazy\" decoding=\"async\" width=\"1920\" height=\"1078\" src=\"https:\/\/www.latribuajena.org\/wp-content\/uploads\/2023\/02\/51437139_10215710716215773_9128717589080440832_n-copia-scaled.jpg\" class=\"\" alt=\"\" srcset=\"https:\/\/www.latribuajena.org\/wp-content\/uploads\/2023\/02\/51437139_10215710716215773_9128717589080440832_n-copia-scaled.jpg 1920w, https:\/\/www.latribuajena.org\/wp-content\/uploads\/2023\/02\/51437139_10215710716215773_9128717589080440832_n-copia-300x168.jpg 300w, https:\/\/www.latribuajena.org\/wp-content\/uploads\/2023\/02\/51437139_10215710716215773_9128717589080440832_n-copia-1024x575.jpg 1024w, https:\/\/www.latribuajena.org\/wp-content\/uploads\/2023\/02\/51437139_10215710716215773_9128717589080440832_n-copia-768x431.jpg 768w, https:\/\/www.latribuajena.org\/wp-content\/uploads\/2023\/02\/51437139_10215710716215773_9128717589080440832_n-copia-1536x863.jpg 1536w, https:\/\/www.latribuajena.org\/wp-content\/uploads\/2023\/02\/51437139_10215710716215773_9128717589080440832_n-copia-18x10.jpg 18w\" sizes=\"auto, (max-width: 1920px) 100vw, 1920px\" \/><\/div><\/div><div class=\"su-image-carousel-item\"><div class=\"su-image-carousel-item-content\"><img loading=\"lazy\" decoding=\"async\" width=\"1686\" height=\"1125\" src=\"https:\/\/www.latribuajena.org\/wp-content\/uploads\/2023\/02\/50850158_10215587414653311_3240226407317504000_n-copia.jpg\" class=\"\" alt=\"\" srcset=\"https:\/\/www.latribuajena.org\/wp-content\/uploads\/2023\/02\/50850158_10215587414653311_3240226407317504000_n-copia.jpg 1686w, https:\/\/www.latribuajena.org\/wp-content\/uploads\/2023\/02\/50850158_10215587414653311_3240226407317504000_n-copia-300x200.jpg 300w, https:\/\/www.latribuajena.org\/wp-content\/uploads\/2023\/02\/50850158_10215587414653311_3240226407317504000_n-copia-1024x683.jpg 1024w, https:\/\/www.latribuajena.org\/wp-content\/uploads\/2023\/02\/50850158_10215587414653311_3240226407317504000_n-copia-768x512.jpg 768w, https:\/\/www.latribuajena.org\/wp-content\/uploads\/2023\/02\/50850158_10215587414653311_3240226407317504000_n-copia-1536x1025.jpg 1536w, https:\/\/www.latribuajena.org\/wp-content\/uploads\/2023\/02\/50850158_10215587414653311_3240226407317504000_n-copia-18x12.jpg 18w\" sizes=\"auto, (max-width: 1686px) 100vw, 1686px\" \/><\/div><\/div><div class=\"su-image-carousel-item\"><div class=\"su-image-carousel-item-content\"><img loading=\"lazy\" decoding=\"async\" width=\"1920\" height=\"1285\" src=\"https:\/\/www.latribuajena.org\/wp-content\/uploads\/2022\/02\/DSC_5440-2.jpg\" class=\"\" alt=\"\" srcset=\"https:\/\/www.latribuajena.org\/wp-content\/uploads\/2022\/02\/DSC_5440-2.jpg 1920w, https:\/\/www.latribuajena.org\/wp-content\/uploads\/2022\/02\/DSC_5440-2-300x201.jpg 300w, https:\/\/www.latribuajena.org\/wp-content\/uploads\/2022\/02\/DSC_5440-2-1024x685.jpg 1024w, https:\/\/www.latribuajena.org\/wp-content\/uploads\/2022\/02\/DSC_5440-2-768x514.jpg 768w, https:\/\/www.latribuajena.org\/wp-content\/uploads\/2022\/02\/DSC_5440-2-1536x1028.jpg 1536w, https:\/\/www.latribuajena.org\/wp-content\/uploads\/2022\/02\/DSC_5440-2-18x12.jpg 18w\" sizes=\"auto, (max-width: 1920px) 100vw, 1920px\" \/><\/div><\/div><div class=\"su-image-carousel-item\"><div class=\"su-image-carousel-item-content\"><img loading=\"lazy\" decoding=\"async\" width=\"1920\" height=\"1285\" src=\"https:\/\/www.latribuajena.org\/wp-content\/uploads\/2022\/02\/DSC_5968.jpg\" class=\"\" alt=\"\" srcset=\"https:\/\/www.latribuajena.org\/wp-content\/uploads\/2022\/02\/DSC_5968.jpg 1920w, https:\/\/www.latribuajena.org\/wp-content\/uploads\/2022\/02\/DSC_5968-300x201.jpg 300w, https:\/\/www.latribuajena.org\/wp-content\/uploads\/2022\/02\/DSC_5968-1024x685.jpg 1024w, https:\/\/www.latribuajena.org\/wp-content\/uploads\/2022\/02\/DSC_5968-768x514.jpg 768w, https:\/\/www.latribuajena.org\/wp-content\/uploads\/2022\/02\/DSC_5968-1536x1028.jpg 1536w, https:\/\/www.latribuajena.org\/wp-content\/uploads\/2022\/02\/DSC_5968-18x12.jpg 18w\" sizes=\"auto, (max-width: 1920px) 100vw, 1920px\" \/><\/div><\/div><div class=\"su-image-carousel-item\"><div class=\"su-image-carousel-item-content\"><img loading=\"lazy\" decoding=\"async\" width=\"1920\" height=\"1285\" src=\"https:\/\/www.latribuajena.org\/wp-content\/uploads\/2022\/02\/DSC_5926.jpg\" class=\"\" alt=\"\" srcset=\"https:\/\/www.latribuajena.org\/wp-content\/uploads\/2022\/02\/DSC_5926.jpg 1920w, https:\/\/www.latribuajena.org\/wp-content\/uploads\/2022\/02\/DSC_5926-300x201.jpg 300w, https:\/\/www.latribuajena.org\/wp-content\/uploads\/2022\/02\/DSC_5926-1024x685.jpg 1024w, https:\/\/www.latribuajena.org\/wp-content\/uploads\/2022\/02\/DSC_5926-768x514.jpg 768w, https:\/\/www.latribuajena.org\/wp-content\/uploads\/2022\/02\/DSC_5926-1536x1028.jpg 1536w, https:\/\/www.latribuajena.org\/wp-content\/uploads\/2022\/02\/DSC_5926-18x12.jpg 18w\" sizes=\"auto, (max-width: 1920px) 100vw, 1920px\" \/><\/div><\/div><div class=\"su-image-carousel-item\"><div class=\"su-image-carousel-item-content\"><img loading=\"lazy\" decoding=\"async\" width=\"1920\" height=\"1285\" src=\"https:\/\/www.latribuajena.org\/wp-content\/uploads\/2022\/02\/DSC_5880-2.jpg\" class=\"\" alt=\"\" srcset=\"https:\/\/www.latribuajena.org\/wp-content\/uploads\/2022\/02\/DSC_5880-2.jpg 1920w, https:\/\/www.latribuajena.org\/wp-content\/uploads\/2022\/02\/DSC_5880-2-300x201.jpg 300w, https:\/\/www.latribuajena.org\/wp-content\/uploads\/2022\/02\/DSC_5880-2-1024x685.jpg 1024w, https:\/\/www.latribuajena.org\/wp-content\/uploads\/2022\/02\/DSC_5880-2-768x514.jpg 768w, https:\/\/www.latribuajena.org\/wp-content\/uploads\/2022\/02\/DSC_5880-2-1536x1028.jpg 1536w, https:\/\/www.latribuajena.org\/wp-content\/uploads\/2022\/02\/DSC_5880-2-18x12.jpg 18w\" sizes=\"auto, (max-width: 1920px) 100vw, 1920px\" \/><\/div><\/div><div class=\"su-image-carousel-item\"><div class=\"su-image-carousel-item-content\"><img loading=\"lazy\" decoding=\"async\" width=\"1920\" height=\"1285\" src=\"https:\/\/www.latribuajena.org\/wp-content\/uploads\/2022\/02\/DSC_5614-2.jpg\" class=\"\" alt=\"\" srcset=\"https:\/\/www.latribuajena.org\/wp-content\/uploads\/2022\/02\/DSC_5614-2.jpg 1920w, https:\/\/www.latribuajena.org\/wp-content\/uploads\/2022\/02\/DSC_5614-2-300x201.jpg 300w, https:\/\/www.latribuajena.org\/wp-content\/uploads\/2022\/02\/DSC_5614-2-1024x685.jpg 1024w, https:\/\/www.latribuajena.org\/wp-content\/uploads\/2022\/02\/DSC_5614-2-768x514.jpg 768w, https:\/\/www.latribuajena.org\/wp-content\/uploads\/2022\/02\/DSC_5614-2-1536x1028.jpg 1536w, https:\/\/www.latribuajena.org\/wp-content\/uploads\/2022\/02\/DSC_5614-2-18x12.jpg 18w\" sizes=\"auto, (max-width: 1920px) 100vw, 1920px\" \/><\/div><\/div><div class=\"su-image-carousel-item\"><div class=\"su-image-carousel-item-content\"><img loading=\"lazy\" decoding=\"async\" width=\"1920\" height=\"1285\" src=\"https:\/\/www.latribuajena.org\/wp-content\/uploads\/2022\/02\/DSC_5586-2.jpg\" class=\"\" alt=\"\" srcset=\"https:\/\/www.latribuajena.org\/wp-content\/uploads\/2022\/02\/DSC_5586-2.jpg 1920w, https:\/\/www.latribuajena.org\/wp-content\/uploads\/2022\/02\/DSC_5586-2-300x201.jpg 300w, https:\/\/www.latribuajena.org\/wp-content\/uploads\/2022\/02\/DSC_5586-2-1024x685.jpg 1024w, https:\/\/www.latribuajena.org\/wp-content\/uploads\/2022\/02\/DSC_5586-2-768x514.jpg 768w, https:\/\/www.latribuajena.org\/wp-content\/uploads\/2022\/02\/DSC_5586-2-1536x1028.jpg 1536w, https:\/\/www.latribuajena.org\/wp-content\/uploads\/2022\/02\/DSC_5586-2-18x12.jpg 18w\" sizes=\"auto, (max-width: 1920px) 100vw, 1920px\" \/><\/div><\/div><div class=\"su-image-carousel-item\"><div class=\"su-image-carousel-item-content\"><img loading=\"lazy\" decoding=\"async\" width=\"1920\" height=\"1285\" src=\"https:\/\/www.latribuajena.org\/wp-content\/uploads\/2022\/02\/DSC_5507.jpg\" class=\"\" alt=\"\" srcset=\"https:\/\/www.latribuajena.org\/wp-content\/uploads\/2022\/02\/DSC_5507.jpg 1920w, https:\/\/www.latribuajena.org\/wp-content\/uploads\/2022\/02\/DSC_5507-300x201.jpg 300w, https:\/\/www.latribuajena.org\/wp-content\/uploads\/2022\/02\/DSC_5507-1024x685.jpg 1024w, https:\/\/www.latribuajena.org\/wp-content\/uploads\/2022\/02\/DSC_5507-768x514.jpg 768w, https:\/\/www.latribuajena.org\/wp-content\/uploads\/2022\/02\/DSC_5507-1536x1028.jpg 1536w, https:\/\/www.latribuajena.org\/wp-content\/uploads\/2022\/02\/DSC_5507-18x12.jpg 18w\" sizes=\"auto, (max-width: 1920px) 100vw, 1920px\" \/><\/div><\/div><div class=\"su-image-carousel-item\"><div class=\"su-image-carousel-item-content\"><img loading=\"lazy\" decoding=\"async\" width=\"1920\" height=\"1285\" src=\"https:\/\/www.latribuajena.org\/wp-content\/uploads\/2022\/02\/DSC_5490-2.jpg\" class=\"\" alt=\"\" srcset=\"https:\/\/www.latribuajena.org\/wp-content\/uploads\/2022\/02\/DSC_5490-2.jpg 1920w, https:\/\/www.latribuajena.org\/wp-content\/uploads\/2022\/02\/DSC_5490-2-300x201.jpg 300w, https:\/\/www.latribuajena.org\/wp-content\/uploads\/2022\/02\/DSC_5490-2-1024x685.jpg 1024w, https:\/\/www.latribuajena.org\/wp-content\/uploads\/2022\/02\/DSC_5490-2-768x514.jpg 768w, https:\/\/www.latribuajena.org\/wp-content\/uploads\/2022\/02\/DSC_5490-2-1536x1028.jpg 1536w, https:\/\/www.latribuajena.org\/wp-content\/uploads\/2022\/02\/DSC_5490-2-18x12.jpg 18w\" sizes=\"auto, (max-width: 1920px) 100vw, 1920px\" \/><\/div><\/div><div class=\"su-image-carousel-item\"><div class=\"su-image-carousel-item-content\"><img loading=\"lazy\" decoding=\"async\" width=\"1920\" height=\"1285\" src=\"https:\/\/www.latribuajena.org\/wp-content\/uploads\/2022\/02\/DSC_5466.jpg\" class=\"\" alt=\"\" srcset=\"https:\/\/www.latribuajena.org\/wp-content\/uploads\/2022\/02\/DSC_5466.jpg 1920w, https:\/\/www.latribuajena.org\/wp-content\/uploads\/2022\/02\/DSC_5466-300x201.jpg 300w, https:\/\/www.latribuajena.org\/wp-content\/uploads\/2022\/02\/DSC_5466-1024x685.jpg 1024w, https:\/\/www.latribuajena.org\/wp-content\/uploads\/2022\/02\/DSC_5466-768x514.jpg 768w, https:\/\/www.latribuajena.org\/wp-content\/uploads\/2022\/02\/DSC_5466-1536x1028.jpg 1536w, https:\/\/www.latribuajena.org\/wp-content\/uploads\/2022\/02\/DSC_5466-18x12.jpg 18w\" sizes=\"auto, (max-width: 1920px) 100vw, 1920px\" \/><\/div><\/div><div class=\"su-image-carousel-item\"><div class=\"su-image-carousel-item-content\"><img loading=\"lazy\" decoding=\"async\" width=\"1920\" height=\"1285\" src=\"https:\/\/www.latribuajena.org\/wp-content\/uploads\/2022\/02\/DSC_5451-2.jpg\" class=\"\" alt=\"\" srcset=\"https:\/\/www.latribuajena.org\/wp-content\/uploads\/2022\/02\/DSC_5451-2.jpg 1920w, https:\/\/www.latribuajena.org\/wp-content\/uploads\/2022\/02\/DSC_5451-2-300x201.jpg 300w, https:\/\/www.latribuajena.org\/wp-content\/uploads\/2022\/02\/DSC_5451-2-1024x685.jpg 1024w, https:\/\/www.latribuajena.org\/wp-content\/uploads\/2022\/02\/DSC_5451-2-768x514.jpg 768w, https:\/\/www.latribuajena.org\/wp-content\/uploads\/2022\/02\/DSC_5451-2-1536x1028.jpg 1536w, https:\/\/www.latribuajena.org\/wp-content\/uploads\/2022\/02\/DSC_5451-2-18x12.jpg 18w\" sizes=\"auto, (max-width: 1920px) 100vw, 1920px\" \/><\/div><\/div><\/div><script id=\"su_image_carousel_69f1f8d17db98_script\">if(window.SUImageCarousel){setTimeout(function() {window.SUImageCarousel.initGallery(document.getElementById(\"su_image_carousel_69f1f8d17db98\"))}, 0);}var su_image_carousel_69f1f8d17db98_script=document.getElementById(\"su_image_carousel_69f1f8d17db98_script\");if(su_image_carousel_69f1f8d17db98_script){su_image_carousel_69f1f8d17db98_script.parentNode.removeChild(su_image_carousel_69f1f8d17db98_script);}<\/script>\n<\/div><\/div>\n<div class=\"su-column su-column-size-1-2\"><div class=\"su-column-inner su-u-clearfix su-u-trim\">\n<div class=\"su-image-carousel  su-image-carousel-crop su-image-carousel-crop-4-3 su-image-carousel-adaptive su-image-carousel-slides-style-minimal su-image-carousel-controls-style-light su-image-carousel-align-center\" style=\"\" data-flickity-options='{\"groupCells\":true,\"cellSelector\":\".su-image-carousel-item\",\"adaptiveHeight\":false,\"cellAlign\":\"left\",\"prevNextButtons\":true,\"pageDots\":false,\"autoPlay\":3000,\"imagesLoaded\":true,\"contain\":true,\"selectedAttraction\":0.025,\"friction\":0.28}' id=\"su_image_carousel_69f1f8d17f338\"><div class=\"su-image-carousel-item\"><div class=\"su-image-carousel-item-content\"><img loading=\"lazy\" decoding=\"async\" width=\"1024\" height=\"682\" src=\"https:\/\/www.latribuajena.org\/wp-content\/uploads\/2022\/10\/Almudena-Zurita.jpg\" class=\"\" alt=\"\" srcset=\"https:\/\/www.latribuajena.org\/wp-content\/uploads\/2022\/10\/Almudena-Zurita.jpg 1024w, https:\/\/www.latribuajena.org\/wp-content\/uploads\/2022\/10\/Almudena-Zurita-300x200.jpg 300w, https:\/\/www.latribuajena.org\/wp-content\/uploads\/2022\/10\/Almudena-Zurita-768x512.jpg 768w, https:\/\/www.latribuajena.org\/wp-content\/uploads\/2022\/10\/Almudena-Zurita-18x12.jpg 18w\" sizes=\"auto, (max-width: 1024px) 100vw, 1024px\" \/><\/div><\/div><div class=\"su-image-carousel-item\"><div class=\"su-image-carousel-item-content\"><img loading=\"lazy\" decoding=\"async\" width=\"332\" height=\"332\" src=\"https:\/\/www.latribuajena.org\/wp-content\/uploads\/2022\/10\/Elvira-Ruiz-e1677150221430.jpg\" class=\"\" alt=\"\" srcset=\"https:\/\/www.latribuajena.org\/wp-content\/uploads\/2022\/10\/Elvira-Ruiz-e1677150221430.jpg 332w, https:\/\/www.latribuajena.org\/wp-content\/uploads\/2022\/10\/Elvira-Ruiz-e1677150221430-300x300.jpg 300w, https:\/\/www.latribuajena.org\/wp-content\/uploads\/2022\/10\/Elvira-Ruiz-e1677150221430-150x150.jpg 150w, https:\/\/www.latribuajena.org\/wp-content\/uploads\/2022\/10\/Elvira-Ruiz-e1677150221430-12x12.jpg 12w\" sizes=\"auto, (max-width: 332px) 100vw, 332px\" \/><\/div><\/div><div class=\"su-image-carousel-item\"><div class=\"su-image-carousel-item-content\"><img loading=\"lazy\" decoding=\"async\" width=\"1875\" height=\"1250\" src=\"https:\/\/www.latribuajena.org\/wp-content\/uploads\/2022\/10\/Horacio.jpg\" class=\"\" alt=\"\" srcset=\"https:\/\/www.latribuajena.org\/wp-content\/uploads\/2022\/10\/Horacio.jpg 1875w, https:\/\/www.latribuajena.org\/wp-content\/uploads\/2022\/10\/Horacio-300x200.jpg 300w, https:\/\/www.latribuajena.org\/wp-content\/uploads\/2022\/10\/Horacio-1024x683.jpg 1024w, https:\/\/www.latribuajena.org\/wp-content\/uploads\/2022\/10\/Horacio-768x512.jpg 768w, https:\/\/www.latribuajena.org\/wp-content\/uploads\/2022\/10\/Horacio-1536x1024.jpg 1536w, https:\/\/www.latribuajena.org\/wp-content\/uploads\/2022\/10\/Horacio-18x12.jpg 18w\" sizes=\"auto, (max-width: 1875px) 100vw, 1875px\" \/><\/div><\/div><div class=\"su-image-carousel-item\"><div class=\"su-image-carousel-item-content\"><img loading=\"lazy\" decoding=\"async\" width=\"1600\" height=\"1071\" src=\"https:\/\/www.latribuajena.org\/wp-content\/uploads\/2022\/10\/Horacio1.jpeg\" class=\"\" alt=\"\" srcset=\"https:\/\/www.latribuajena.org\/wp-content\/uploads\/2022\/10\/Horacio1.jpeg 1600w, https:\/\/www.latribuajena.org\/wp-content\/uploads\/2022\/10\/Horacio1-300x201.jpeg 300w, https:\/\/www.latribuajena.org\/wp-content\/uploads\/2022\/10\/Horacio1-1024x685.jpeg 1024w, https:\/\/www.latribuajena.org\/wp-content\/uploads\/2022\/10\/Horacio1-768x514.jpeg 768w, https:\/\/www.latribuajena.org\/wp-content\/uploads\/2022\/10\/Horacio1-1536x1028.jpeg 1536w, https:\/\/www.latribuajena.org\/wp-content\/uploads\/2022\/10\/Horacio1-18x12.jpeg 18w\" sizes=\"auto, (max-width: 1600px) 100vw, 1600px\" \/><\/div><\/div><div class=\"su-image-carousel-item\"><div class=\"su-image-carousel-item-content\"><img loading=\"lazy\" decoding=\"async\" width=\"741\" height=\"960\" src=\"https:\/\/www.latribuajena.org\/wp-content\/uploads\/2022\/10\/Kanu.jpg\" class=\"\" alt=\"\" srcset=\"https:\/\/www.latribuajena.org\/wp-content\/uploads\/2022\/10\/Kanu.jpg 741w, https:\/\/www.latribuajena.org\/wp-content\/uploads\/2022\/10\/Kanu-232x300.jpg 232w, https:\/\/www.latribuajena.org\/wp-content\/uploads\/2022\/10\/Kanu-9x12.jpg 9w\" sizes=\"auto, (max-width: 741px) 100vw, 741px\" \/><\/div><\/div><div class=\"su-image-carousel-item\"><div class=\"su-image-carousel-item-content\"><img loading=\"lazy\" decoding=\"async\" width=\"1440\" height=\"1080\" src=\"https:\/\/www.latribuajena.org\/wp-content\/uploads\/2022\/10\/Kanu1.jpg\" class=\"\" alt=\"\" srcset=\"https:\/\/www.latribuajena.org\/wp-content\/uploads\/2022\/10\/Kanu1.jpg 1440w, https:\/\/www.latribuajena.org\/wp-content\/uploads\/2022\/10\/Kanu1-300x225.jpg 300w, https:\/\/www.latribuajena.org\/wp-content\/uploads\/2022\/10\/Kanu1-1024x768.jpg 1024w, https:\/\/www.latribuajena.org\/wp-content\/uploads\/2022\/10\/Kanu1-768x576.jpg 768w, https:\/\/www.latribuajena.org\/wp-content\/uploads\/2022\/10\/Kanu1-16x12.jpg 16w\" sizes=\"auto, (max-width: 1440px) 100vw, 1440px\" \/><\/div><\/div><div class=\"su-image-carousel-item\"><div class=\"su-image-carousel-item-content\"><img loading=\"lazy\" decoding=\"async\" width=\"720\" height=\"960\" src=\"https:\/\/www.latribuajena.org\/wp-content\/uploads\/2022\/10\/Kanu2.jpg\" class=\"\" alt=\"\" srcset=\"https:\/\/www.latribuajena.org\/wp-content\/uploads\/2022\/10\/Kanu2.jpg 720w, https:\/\/www.latribuajena.org\/wp-content\/uploads\/2022\/10\/Kanu2-225x300.jpg 225w, https:\/\/www.latribuajena.org\/wp-content\/uploads\/2022\/10\/Kanu2-9x12.jpg 9w\" sizes=\"auto, (max-width: 720px) 100vw, 720px\" \/><\/div><\/div><div class=\"su-image-carousel-item\"><div class=\"su-image-carousel-item-content\"><img loading=\"lazy\" decoding=\"async\" width=\"720\" height=\"960\" src=\"https:\/\/www.latribuajena.org\/wp-content\/uploads\/2022\/10\/Kanu3.jpg\" class=\"\" alt=\"\" srcset=\"https:\/\/www.latribuajena.org\/wp-content\/uploads\/2022\/10\/Kanu3.jpg 720w, https:\/\/www.latribuajena.org\/wp-content\/uploads\/2022\/10\/Kanu3-225x300.jpg 225w, https:\/\/www.latribuajena.org\/wp-content\/uploads\/2022\/10\/Kanu3-9x12.jpg 9w\" sizes=\"auto, (max-width: 720px) 100vw, 720px\" \/><\/div><\/div><div class=\"su-image-carousel-item\"><div class=\"su-image-carousel-item-content\"><img loading=\"lazy\" decoding=\"async\" width=\"1200\" height=\"1600\" src=\"https:\/\/www.latribuajena.org\/wp-content\/uploads\/2022\/10\/Kanu4.jpg\" class=\"\" alt=\"\" srcset=\"https:\/\/www.latribuajena.org\/wp-content\/uploads\/2022\/10\/Kanu4.jpg 1200w, https:\/\/www.latribuajena.org\/wp-content\/uploads\/2022\/10\/Kanu4-225x300.jpg 225w, https:\/\/www.latribuajena.org\/wp-content\/uploads\/2022\/10\/Kanu4-768x1024.jpg 768w, https:\/\/www.latribuajena.org\/wp-content\/uploads\/2022\/10\/Kanu4-1152x1536.jpg 1152w, https:\/\/www.latribuajena.org\/wp-content\/uploads\/2022\/10\/Kanu4-9x12.jpg 9w\" sizes=\"auto, (max-width: 1200px) 100vw, 1200px\" \/><\/div><\/div><div class=\"su-image-carousel-item\"><div class=\"su-image-carousel-item-content\"><img loading=\"lazy\" decoding=\"async\" width=\"495\" height=\"644\" src=\"https:\/\/www.latribuajena.org\/wp-content\/uploads\/2022\/10\/Maria-Sevilla.jpg\" class=\"\" alt=\"\" srcset=\"https:\/\/www.latribuajena.org\/wp-content\/uploads\/2022\/10\/Maria-Sevilla.jpg 495w, https:\/\/www.latribuajena.org\/wp-content\/uploads\/2022\/10\/Maria-Sevilla-231x300.jpg 231w, https:\/\/www.latribuajena.org\/wp-content\/uploads\/2022\/10\/Maria-Sevilla-9x12.jpg 9w\" sizes=\"auto, (max-width: 495px) 100vw, 495px\" \/><\/div><\/div><div class=\"su-image-carousel-item\"><div class=\"su-image-carousel-item-content\"><img loading=\"lazy\" decoding=\"async\" width=\"960\" height=\"720\" src=\"https:\/\/www.latribuajena.org\/wp-content\/uploads\/2022\/10\/Marian-y-Kanu.jpg\" class=\"\" alt=\"\" srcset=\"https:\/\/www.latribuajena.org\/wp-content\/uploads\/2022\/10\/Marian-y-Kanu.jpg 960w, https:\/\/www.latribuajena.org\/wp-content\/uploads\/2022\/10\/Marian-y-Kanu-300x225.jpg 300w, https:\/\/www.latribuajena.org\/wp-content\/uploads\/2022\/10\/Marian-y-Kanu-768x576.jpg 768w, https:\/\/www.latribuajena.org\/wp-content\/uploads\/2022\/10\/Marian-y-Kanu-16x12.jpg 16w\" sizes=\"auto, (max-width: 960px) 100vw, 960px\" \/><\/div><\/div><div class=\"su-image-carousel-item\"><div class=\"su-image-carousel-item-content\"><img loading=\"lazy\" decoding=\"async\" width=\"741\" height=\"960\" src=\"https:\/\/www.latribuajena.org\/wp-content\/uploads\/2022\/10\/Marian.jpg\" class=\"\" alt=\"\" srcset=\"https:\/\/www.latribuajena.org\/wp-content\/uploads\/2022\/10\/Marian.jpg 741w, https:\/\/www.latribuajena.org\/wp-content\/uploads\/2022\/10\/Marian-232x300.jpg 232w, https:\/\/www.latribuajena.org\/wp-content\/uploads\/2022\/10\/Marian-9x12.jpg 9w\" sizes=\"auto, (max-width: 741px) 100vw, 741px\" \/><\/div><\/div><div class=\"su-image-carousel-item\"><div class=\"su-image-carousel-item-content\"><img loading=\"lazy\" decoding=\"async\" width=\"960\" height=\"720\" src=\"https:\/\/www.latribuajena.org\/wp-content\/uploads\/2022\/10\/Marian1.jpg\" class=\"\" alt=\"\" srcset=\"https:\/\/www.latribuajena.org\/wp-content\/uploads\/2022\/10\/Marian1.jpg 960w, https:\/\/www.latribuajena.org\/wp-content\/uploads\/2022\/10\/Marian1-300x225.jpg 300w, https:\/\/www.latribuajena.org\/wp-content\/uploads\/2022\/10\/Marian1-768x576.jpg 768w, https:\/\/www.latribuajena.org\/wp-content\/uploads\/2022\/10\/Marian1-16x12.jpg 16w\" sizes=\"auto, (max-width: 960px) 100vw, 960px\" \/><\/div><\/div><div class=\"su-image-carousel-item\"><div class=\"su-image-carousel-item-content\"><img loading=\"lazy\" decoding=\"async\" width=\"960\" height=\"541\" src=\"https:\/\/www.latribuajena.org\/wp-content\/uploads\/2022\/10\/Marian2.jpg\" class=\"\" alt=\"\" srcset=\"https:\/\/www.latribuajena.org\/wp-content\/uploads\/2022\/10\/Marian2.jpg 960w, https:\/\/www.latribuajena.org\/wp-content\/uploads\/2022\/10\/Marian2-300x169.jpg 300w, https:\/\/www.latribuajena.org\/wp-content\/uploads\/2022\/10\/Marian2-768x433.jpg 768w, https:\/\/www.latribuajena.org\/wp-content\/uploads\/2022\/10\/Marian2-18x10.jpg 18w\" sizes=\"auto, (max-width: 960px) 100vw, 960px\" \/><\/div><\/div><\/div><script id=\"su_image_carousel_69f1f8d17f338_script\">if(window.SUImageCarousel){setTimeout(function() {window.SUImageCarousel.initGallery(document.getElementById(\"su_image_carousel_69f1f8d17f338\"))}, 0);}var su_image_carousel_69f1f8d17f338_script=document.getElementById(\"su_image_carousel_69f1f8d17f338_script\");if(su_image_carousel_69f1f8d17f338_script){su_image_carousel_69f1f8d17f338_script.parentNode.removeChild(su_image_carousel_69f1f8d17f338_script);}<\/script>\n<\/div><\/div>\n<\/div>\n<p>&nbsp;<\/p>\n<p>&nbsp;<\/p>\n<p><img loading=\"lazy\" decoding=\"async\" class=\"aligncenter wp-image-484\" src=\"https:\/\/www.latribuajena.org\/wp-content\/uploads\/2022\/03\/57-570865_divider3-1531673853-floral-line-divider-png-e1666639030370.jpg\" alt=\"\" width=\"401\" height=\"128\" srcset=\"https:\/\/www.latribuajena.org\/wp-content\/uploads\/2022\/03\/57-570865_divider3-1531673853-floral-line-divider-png-e1666639030370.jpg 820w, https:\/\/www.latribuajena.org\/wp-content\/uploads\/2022\/03\/57-570865_divider3-1531673853-floral-line-divider-png-e1666639030370-300x96.jpg 300w, https:\/\/www.latribuajena.org\/wp-content\/uploads\/2022\/03\/57-570865_divider3-1531673853-floral-line-divider-png-e1666639030370-768x245.jpg 768w, https:\/\/www.latribuajena.org\/wp-content\/uploads\/2022\/03\/57-570865_divider3-1531673853-floral-line-divider-png-e1666639030370-18x6.jpg 18w\" sizes=\"auto, (max-width: 401px) 100vw, 401px\" \/><\/p>\n<div class=\"su-row\">\n<div class=\"su-column su-column-size-2-3 caja-contenido su-column-centered\"><div class=\"su-column-inner su-u-clearfix su-u-trim\">\n<img loading=\"lazy\" decoding=\"async\" class=\"aligncenter wp-image-1551 size-large\" src=\"https:\/\/www.latribuajena.org\/wp-content\/uploads\/2023\/02\/DSC_6924-1024x685.jpg\" alt=\"\" width=\"1024\" height=\"685\" srcset=\"https:\/\/www.latribuajena.org\/wp-content\/uploads\/2023\/02\/DSC_6924-1024x685.jpg 1024w, https:\/\/www.latribuajena.org\/wp-content\/uploads\/2023\/02\/DSC_6924-300x201.jpg 300w, https:\/\/www.latribuajena.org\/wp-content\/uploads\/2023\/02\/DSC_6924-768x514.jpg 768w, https:\/\/www.latribuajena.org\/wp-content\/uploads\/2023\/02\/DSC_6924-1536x1028.jpg 1536w, https:\/\/www.latribuajena.org\/wp-content\/uploads\/2023\/02\/DSC_6924-18x12.jpg 18w, https:\/\/www.latribuajena.org\/wp-content\/uploads\/2023\/02\/DSC_6924-scaled.jpg 1920w\" sizes=\"auto, (max-width: 1024px) 100vw, 1024px\" \/><br \/>\n<\/div><\/div>\n<\/div>\n","protected":false},"excerpt":{"rendered":"<p>La Tribu Ajena la formamos muchas personas, tantas, que a estas alturas hemos perdido la cuenta. No obstante, fundadores, guardianes del lugar y habitantes permanentes en el proyecto somos dos: Kanu Camacho y Mari\u00e1n Ruiz, junto a Siria, nuestra perra de aguas, y\u00a0 Candy y Mishi, las gatas. Adem\u00e1s, La Tribu Ajena es una asociaci\u00f3n cultural medioambiental, inscrita oficialmente en&hellip;<\/p>\n","protected":false},"author":2,"featured_media":435,"parent":0,"menu_order":0,"comment_status":"closed","ping_status":"closed","template":"","meta":{"footnotes":""},"class_list":["post-132","page","type-page","status-publish","has-post-thumbnail","hentry"],"yoast_head":"<!-- This site is optimized with the Yoast SEO plugin v27.5 - https:\/\/yoast.com\/product\/yoast-seo-wordpress\/ -->\n<title>Qui\u00e9nes somos - La Tribu Ajena<\/title>\n<meta name=\"robots\" content=\"index, follow, max-snippet:-1, max-image-preview:large, max-video-preview:-1\" \/>\n<link rel=\"canonical\" href=\"https:\/\/www.latribuajena.org\/es\/quienes-somos\/\" \/>\n<meta property=\"og:locale\" content=\"es_ES\" \/>\n<meta property=\"og:type\" content=\"article\" \/>\n<meta property=\"og:title\" content=\"Qui\u00e9nes somos - La Tribu Ajena\" \/>\n<meta property=\"og:description\" content=\"La Tribu Ajena la formamos muchas personas, tantas, que a estas alturas hemos perdido la cuenta. No obstante, fundadores, guardianes del lugar y habitantes permanentes en el proyecto somos dos: Kanu Camacho y Mari\u00e1n Ruiz, junto a Siria, nuestra perra de aguas, y\u00a0 Candy y Mishi, las gatas. Adem\u00e1s, La Tribu Ajena es una asociaci\u00f3n cultural medioambiental, inscrita oficialmente en&hellip;\" \/>\n<meta property=\"og:url\" content=\"https:\/\/www.latribuajena.org\/es\/quienes-somos\/\" \/>\n<meta property=\"og:site_name\" content=\"La Tribu Ajena\" \/>\n<meta property=\"article:modified_time\" content=\"2023-02-23T12:30:08+00:00\" \/>\n<meta property=\"og:image\" content=\"https:\/\/www.latribuajena.org\/wp-content\/uploads\/2022\/02\/GGM9302-min.jpg\" \/>\n\t<meta property=\"og:image:width\" content=\"1920\" \/>\n\t<meta property=\"og:image:height\" content=\"981\" \/>\n\t<meta property=\"og:image:type\" content=\"image\/jpeg\" \/>\n<meta name=\"twitter:card\" content=\"summary_large_image\" \/>\n<meta name=\"twitter:label1\" content=\"Tiempo de lectura\" \/>\n\t<meta name=\"twitter:data1\" content=\"9 minutos\" \/>\n<script type=\"application\/ld+json\" class=\"yoast-schema-graph\">{\"@context\":\"https:\\\/\\\/schema.org\",\"@graph\":[{\"@type\":\"WebPage\",\"@id\":\"https:\\\/\\\/www.latribuajena.org\\\/quienes-somos\\\/\",\"url\":\"https:\\\/\\\/www.latribuajena.org\\\/quienes-somos\\\/\",\"name\":\"Qui\u00e9nes somos - La Tribu Ajena\",\"isPartOf\":{\"@id\":\"https:\\\/\\\/www.latribuajena.org\\\/#website\"},\"primaryImageOfPage\":{\"@id\":\"https:\\\/\\\/www.latribuajena.org\\\/quienes-somos\\\/#primaryimage\"},\"image\":{\"@id\":\"https:\\\/\\\/www.latribuajena.org\\\/quienes-somos\\\/#primaryimage\"},\"thumbnailUrl\":\"https:\\\/\\\/www.latribuajena.org\\\/wp-content\\\/uploads\\\/2022\\\/02\\\/GGM9302-min.jpg\",\"datePublished\":\"2021-10-25T10:05:52+00:00\",\"dateModified\":\"2023-02-23T12:30:08+00:00\",\"breadcrumb\":{\"@id\":\"https:\\\/\\\/www.latribuajena.org\\\/quienes-somos\\\/#breadcrumb\"},\"inLanguage\":\"es\",\"potentialAction\":[{\"@type\":\"ReadAction\",\"target\":[\"https:\\\/\\\/www.latribuajena.org\\\/quienes-somos\\\/\"]}]},{\"@type\":\"ImageObject\",\"inLanguage\":\"es\",\"@id\":\"https:\\\/\\\/www.latribuajena.org\\\/quienes-somos\\\/#primaryimage\",\"url\":\"https:\\\/\\\/www.latribuajena.org\\\/wp-content\\\/uploads\\\/2022\\\/02\\\/GGM9302-min.jpg\",\"contentUrl\":\"https:\\\/\\\/www.latribuajena.org\\\/wp-content\\\/uploads\\\/2022\\\/02\\\/GGM9302-min.jpg\",\"width\":1920,\"height\":981},{\"@type\":\"BreadcrumbList\",\"@id\":\"https:\\\/\\\/www.latribuajena.org\\\/quienes-somos\\\/#breadcrumb\",\"itemListElement\":[{\"@type\":\"ListItem\",\"position\":1,\"name\":\"Portada\",\"item\":\"https:\\\/\\\/www.latribuajena.org\\\/\"},{\"@type\":\"ListItem\",\"position\":2,\"name\":\"Qui\u00e9nes somos\"}]},{\"@type\":\"WebSite\",\"@id\":\"https:\\\/\\\/www.latribuajena.org\\\/#website\",\"url\":\"https:\\\/\\\/www.latribuajena.org\\\/\",\"name\":\"La Tribu Ajena\",\"description\":\"Escuela de Vida en Permacultura\",\"publisher\":{\"@id\":\"https:\\\/\\\/www.latribuajena.org\\\/#organization\"},\"potentialAction\":[{\"@type\":\"SearchAction\",\"target\":{\"@type\":\"EntryPoint\",\"urlTemplate\":\"https:\\\/\\\/www.latribuajena.org\\\/?s={search_term_string}\"},\"query-input\":{\"@type\":\"PropertyValueSpecification\",\"valueRequired\":true,\"valueName\":\"search_term_string\"}}],\"inLanguage\":\"es\"},{\"@type\":\"Organization\",\"@id\":\"https:\\\/\\\/www.latribuajena.org\\\/#organization\",\"name\":\"La Tribu Ajena\",\"url\":\"https:\\\/\\\/www.latribuajena.org\\\/\",\"logo\":{\"@type\":\"ImageObject\",\"inLanguage\":\"es\",\"@id\":\"https:\\\/\\\/www.latribuajena.org\\\/#\\\/schema\\\/logo\\\/image\\\/\",\"url\":\"https:\\\/\\\/www.latribuajena.org\\\/wp-content\\\/uploads\\\/2022\\\/01\\\/logo-tribu-ajena-1.png\",\"contentUrl\":\"https:\\\/\\\/www.latribuajena.org\\\/wp-content\\\/uploads\\\/2022\\\/01\\\/logo-tribu-ajena-1.png\",\"width\":200,\"height\":255,\"caption\":\"La Tribu Ajena\"},\"image\":{\"@id\":\"https:\\\/\\\/www.latribuajena.org\\\/#\\\/schema\\\/logo\\\/image\\\/\"}}]}<\/script>\n<!-- \/ Yoast SEO plugin. -->","yoast_head_json":{"title":"Qui\u00e9nes somos - La Tribu Ajena","robots":{"index":"index","follow":"follow","max-snippet":"max-snippet:-1","max-image-preview":"max-image-preview:large","max-video-preview":"max-video-preview:-1"},"canonical":"https:\/\/www.latribuajena.org\/es\/quienes-somos\/","og_locale":"es_ES","og_type":"article","og_title":"Qui\u00e9nes somos - La Tribu Ajena","og_description":"La Tribu Ajena la formamos muchas personas, tantas, que a estas alturas hemos perdido la cuenta. No obstante, fundadores, guardianes del lugar y habitantes permanentes en el proyecto somos dos: Kanu Camacho y Mari\u00e1n Ruiz, junto a Siria, nuestra perra de aguas, y\u00a0 Candy y Mishi, las gatas. Adem\u00e1s, La Tribu Ajena es una asociaci\u00f3n cultural medioambiental, inscrita oficialmente en&hellip;","og_url":"https:\/\/www.latribuajena.org\/es\/quienes-somos\/","og_site_name":"La Tribu Ajena","article_modified_time":"2023-02-23T12:30:08+00:00","og_image":[{"width":1920,"height":981,"url":"https:\/\/www.latribuajena.org\/wp-content\/uploads\/2022\/02\/GGM9302-min.jpg","type":"image\/jpeg"}],"twitter_card":"summary_large_image","twitter_misc":{"Tiempo de lectura":"9 minutos"},"schema":{"@context":"https:\/\/schema.org","@graph":[{"@type":"WebPage","@id":"https:\/\/www.latribuajena.org\/quienes-somos\/","url":"https:\/\/www.latribuajena.org\/quienes-somos\/","name":"Qui\u00e9nes somos - La Tribu Ajena","isPartOf":{"@id":"https:\/\/www.latribuajena.org\/#website"},"primaryImageOfPage":{"@id":"https:\/\/www.latribuajena.org\/quienes-somos\/#primaryimage"},"image":{"@id":"https:\/\/www.latribuajena.org\/quienes-somos\/#primaryimage"},"thumbnailUrl":"https:\/\/www.latribuajena.org\/wp-content\/uploads\/2022\/02\/GGM9302-min.jpg","datePublished":"2021-10-25T10:05:52+00:00","dateModified":"2023-02-23T12:30:08+00:00","breadcrumb":{"@id":"https:\/\/www.latribuajena.org\/quienes-somos\/#breadcrumb"},"inLanguage":"es","potentialAction":[{"@type":"ReadAction","target":["https:\/\/www.latribuajena.org\/quienes-somos\/"]}]},{"@type":"ImageObject","inLanguage":"es","@id":"https:\/\/www.latribuajena.org\/quienes-somos\/#primaryimage","url":"https:\/\/www.latribuajena.org\/wp-content\/uploads\/2022\/02\/GGM9302-min.jpg","contentUrl":"https:\/\/www.latribuajena.org\/wp-content\/uploads\/2022\/02\/GGM9302-min.jpg","width":1920,"height":981},{"@type":"BreadcrumbList","@id":"https:\/\/www.latribuajena.org\/quienes-somos\/#breadcrumb","itemListElement":[{"@type":"ListItem","position":1,"name":"Portada","item":"https:\/\/www.latribuajena.org\/"},{"@type":"ListItem","position":2,"name":"Qui\u00e9nes somos"}]},{"@type":"WebSite","@id":"https:\/\/www.latribuajena.org\/#website","url":"https:\/\/www.latribuajena.org\/","name":"La Tribu Ajena","description":"Escuela de Vida en Permacultura","publisher":{"@id":"https:\/\/www.latribuajena.org\/#organization"},"potentialAction":[{"@type":"SearchAction","target":{"@type":"EntryPoint","urlTemplate":"https:\/\/www.latribuajena.org\/?s={search_term_string}"},"query-input":{"@type":"PropertyValueSpecification","valueRequired":true,"valueName":"search_term_string"}}],"inLanguage":"es"},{"@type":"Organization","@id":"https:\/\/www.latribuajena.org\/#organization","name":"La Tribu Ajena","url":"https:\/\/www.latribuajena.org\/","logo":{"@type":"ImageObject","inLanguage":"es","@id":"https:\/\/www.latribuajena.org\/#\/schema\/logo\/image\/","url":"https:\/\/www.latribuajena.org\/wp-content\/uploads\/2022\/01\/logo-tribu-ajena-1.png","contentUrl":"https:\/\/www.latribuajena.org\/wp-content\/uploads\/2022\/01\/logo-tribu-ajena-1.png","width":200,"height":255,"caption":"La Tribu Ajena"},"image":{"@id":"https:\/\/www.latribuajena.org\/#\/schema\/logo\/image\/"}}]}},"_links":{"self":[{"href":"https:\/\/www.latribuajena.org\/es\/wp-json\/wp\/v2\/pages\/132","targetHints":{"allow":["GET"]}}],"collection":[{"href":"https:\/\/www.latribuajena.org\/es\/wp-json\/wp\/v2\/pages"}],"about":[{"href":"https:\/\/www.latribuajena.org\/es\/wp-json\/wp\/v2\/types\/page"}],"author":[{"embeddable":true,"href":"https:\/\/www.latribuajena.org\/es\/wp-json\/wp\/v2\/users\/2"}],"replies":[{"embeddable":true,"href":"https:\/\/www.latribuajena.org\/es\/wp-json\/wp\/v2\/comments?post=132"}],"version-history":[{"count":95,"href":"https:\/\/www.latribuajena.org\/es\/wp-json\/wp\/v2\/pages\/132\/revisions"}],"predecessor-version":[{"id":1644,"href":"https:\/\/www.latribuajena.org\/es\/wp-json\/wp\/v2\/pages\/132\/revisions\/1644"}],"wp:featuredmedia":[{"embeddable":true,"href":"https:\/\/www.latribuajena.org\/es\/wp-json\/wp\/v2\/media\/435"}],"wp:attachment":[{"href":"https:\/\/www.latribuajena.org\/es\/wp-json\/wp\/v2\/media?parent=132"}],"curies":[{"name":"wp","href":"https:\/\/api.w.org\/{rel}","templated":true}]}}