{"id":135,"date":"2021-10-25T10:07:57","date_gmt":"2021-10-25T10:07:57","guid":{"rendered":"https:\/\/www.latribuajena.org\/?page_id=135"},"modified":"2023-02-23T12:34:32","modified_gmt":"2023-02-23T12:34:32","slug":"sembrando-sombra","status":"publish","type":"page","link":"https:\/\/www.latribuajena.org\/es\/sembrando-sombra\/","title":{"rendered":"Sembrando sombra"},"content":{"rendered":"<h3>Nuestra filosof\u00eda<\/h3>\n<figure id=\"attachment_472\" aria-describedby=\"caption-attachment-472\" style=\"width: 300px\" class=\"wp-caption alignright\"><img loading=\"lazy\" decoding=\"async\" class=\"wp-image-472 size-medium\" src=\"https:\/\/www.latribuajena.org\/wp-content\/uploads\/2022\/03\/GGM9104-min-300x200.jpg\" alt=\"\" width=\"300\" height=\"200\" srcset=\"https:\/\/www.latribuajena.org\/wp-content\/uploads\/2022\/03\/GGM9104-min-300x200.jpg 300w, https:\/\/www.latribuajena.org\/wp-content\/uploads\/2022\/03\/GGM9104-min-1024x682.jpg 1024w, https:\/\/www.latribuajena.org\/wp-content\/uploads\/2022\/03\/GGM9104-min-768x512.jpg 768w, https:\/\/www.latribuajena.org\/wp-content\/uploads\/2022\/03\/GGM9104-min-1536x1023.jpg 1536w, https:\/\/www.latribuajena.org\/wp-content\/uploads\/2022\/03\/GGM9104-min-18x12.jpg 18w, https:\/\/www.latribuajena.org\/wp-content\/uploads\/2022\/03\/GGM9104-min.jpg 1920w\" sizes=\"auto, (max-width: 300px) 100vw, 300px\" \/><figcaption id=\"caption-attachment-472\" class=\"wp-caption-text\">Ejercicios de estiramiento previos a la jornada colectiva de plantaci\u00f3n de 2019 \u00a9 Guille Garc\u00eda<\/figcaption><\/figure>\n<p>Nuestros aprendizajes y experiencias nos han llevado a creer que es posible hacer grandes cambios para ser m\u00e1s felices, y a procurar vivir de otra manera, m\u00e1s sencilla y m\u00e1s amable con la vida y la Naturaleza, creciendo colectivamente y experimentando junto a quienes tienen ese mismo latir.<\/p>\n<figure id=\"attachment_474\" aria-describedby=\"caption-attachment-474\" style=\"width: 300px\" class=\"wp-caption alignleft\"><img loading=\"lazy\" decoding=\"async\" class=\"wp-image-474 size-medium\" src=\"https:\/\/www.latribuajena.org\/wp-content\/uploads\/2022\/03\/GGM9241-min-300x200.jpg\" alt=\"\" width=\"300\" height=\"200\" srcset=\"https:\/\/www.latribuajena.org\/wp-content\/uploads\/2022\/03\/GGM9241-min-300x200.jpg 300w, https:\/\/www.latribuajena.org\/wp-content\/uploads\/2022\/03\/GGM9241-min-1024x682.jpg 1024w, https:\/\/www.latribuajena.org\/wp-content\/uploads\/2022\/03\/GGM9241-min-768x511.jpg 768w, https:\/\/www.latribuajena.org\/wp-content\/uploads\/2022\/03\/GGM9241-min-1536x1022.jpg 1536w, https:\/\/www.latribuajena.org\/wp-content\/uploads\/2022\/03\/GGM9241-min-18x12.jpg 18w, https:\/\/www.latribuajena.org\/wp-content\/uploads\/2022\/03\/GGM9241-min.jpg 1920w\" sizes=\"auto, (max-width: 300px) 100vw, 300px\" \/><figcaption id=\"caption-attachment-474\" class=\"wp-caption-text\">Plantaci\u00f3n colectiva de \u00e1rboles y arbustos, 2019<\/figcaption><\/figure>\n<p>Queremos volver a donde pertenecemos: el bosque. Habitar lo vivo y diverso es todo un reto, m\u00e1s a\u00fan en un entorno de borde muy castigado, entre lo urbano y lo rural, como es La Vega del Guadalquivir. Aqu\u00ed los \u00e1rboles son el mejor patrimonio posible.<\/p>\n<figure id=\"attachment_470\" aria-describedby=\"caption-attachment-470\" style=\"width: 300px\" class=\"wp-caption alignright\"><img loading=\"lazy\" decoding=\"async\" class=\"wp-image-470 size-medium\" src=\"https:\/\/www.latribuajena.org\/wp-content\/uploads\/2022\/03\/IMG_20190627_090739-300x225.jpg\" alt=\"\" width=\"300\" height=\"225\" srcset=\"https:\/\/www.latribuajena.org\/wp-content\/uploads\/2022\/03\/IMG_20190627_090739-300x225.jpg 300w, https:\/\/www.latribuajena.org\/wp-content\/uploads\/2022\/03\/IMG_20190627_090739-1024x768.jpg 1024w, https:\/\/www.latribuajena.org\/wp-content\/uploads\/2022\/03\/IMG_20190627_090739-768x576.jpg 768w, https:\/\/www.latribuajena.org\/wp-content\/uploads\/2022\/03\/IMG_20190627_090739-1536x1152.jpg 1536w, https:\/\/www.latribuajena.org\/wp-content\/uploads\/2022\/03\/IMG_20190627_090739-16x12.jpg 16w, https:\/\/www.latribuajena.org\/wp-content\/uploads\/2022\/03\/IMG_20190627_090739.jpg 1920w\" sizes=\"auto, (max-width: 300px) 100vw, 300px\" \/><figcaption id=\"caption-attachment-470\" class=\"wp-caption-text\">Girasol en la huerta de La Tribu Ajena 2020<\/figcaption><\/figure>\n<p>La Permacultura es una gran caja de herramientas, y con ella vamos avanzando en el proyecto, siguiendo un dise\u00f1o que configura, de por s\u00ed, toda una forma de vida y que imita y replica la abundancia y complejidad de los sistemas biodiversos.<\/p>\n<p><img loading=\"lazy\" decoding=\"async\" class=\"size-medium wp-image-484 alignnone\" src=\"https:\/\/www.latribuajena.org\/wp-content\/uploads\/2022\/03\/57-570865_divider3-1531673853-floral-line-divider-png-300x107.jpg\" alt=\"\" width=\"300\" height=\"107\" \/><\/p>\n<div class=\"su-note caja-nota\"  style=\"border-color:#d1d1d140;border-radius:3px;-moz-border-radius:3px;-webkit-border-radius:3px;\"><div class=\"su-note-inner su-u-clearfix su-u-trim\" style=\"background-color:#d1d1d140;border-color:#d1d1d140;color:#000000;border-radius:3px;-moz-border-radius:3px;-webkit-border-radius:3px;\">\n<h3>Qu\u00e9 hacemos<\/h3>\n<div class=\"su-accordion su-u-trim\">\n<div class=\"su-spoiler su-spoiler-style-default su-spoiler-icon- desplegable su-spoiler-closed\" data-scroll-offset=\"0\" data-anchor-in-url=\"no\"><div class=\"su-spoiler-title\" tabindex=\"0\" role=\"button\"><span class=\"su-spoiler-icon\"><\/span>\u2739 Modelo en Permacultura en la Vega del Guadalquivir<\/div><div class=\"su-spoiler-content su-u-clearfix su-u-trim\">\n<strong>a)<\/strong> El estudio, dise\u00f1o y divulgaci\u00f3n de la Permacultura, ciencia pluridisciplinar y modelo agroecol\u00f3gico y cultural integral, creando un referente local de asentamiento humano sostenible en Permacultura en el marco territorial de los municipios de la Vega Sevilla en respuesta a la grave crisis ambiental, social y econ\u00f3mica actual, expandiendo el modelo permacultural como alternativa sostenible.<br \/>\n<\/div><\/div>\n<div class=\"su-spoiler su-spoiler-style-default su-spoiler-icon- desplegable su-spoiler-closed\" data-scroll-offset=\"0\" data-anchor-in-url=\"no\"><div class=\"su-spoiler-title\" tabindex=\"0\" role=\"button\"><span class=\"su-spoiler-icon\"><\/span>\u2739 Escuela viva y experiencial en Permacultura<\/div><div class=\"su-spoiler-content su-u-clearfix su-u-trim\">\n<strong>b)<\/strong> Generar y sostener una Escuela de Vida en Permacultura que sirva de referente y espacio de formaci\u00f3n en cultura ecol\u00f3gica, as\u00ed como de lugar de encuentro, de debate y reflexi\u00f3n cr\u00edtica, de experiencia te\u00f3rica y pr\u00e1ctica, de aprendizaje colectivo y transformaci\u00f3n social en el cuidado de la tierra y de las personas.<br \/>\n<\/div><\/div>\n<div class=\"su-spoiler su-spoiler-style-default su-spoiler-icon- desplegable su-spoiler-closed\" data-scroll-offset=\"0\" data-anchor-in-url=\"no\"><div class=\"su-spoiler-title\" tabindex=\"0\" role=\"button\"><span class=\"su-spoiler-icon\"><\/span>\u2739 Oasis para la regeneraci\u00f3n de ecosistemas y generaci\u00f3n de tejido colectivo<\/div><div class=\"su-spoiler-content su-u-clearfix su-u-trim\">\n<strong>c)<\/strong> Trabajar en la regeneraci\u00f3n ecosist\u00e9mica de un entorno f\u00edsico natural degradado, en La Vega del Guadalquivir, haci\u00e9ndolo de forma colaborativa y permanente hasta restaurar el equilibrio ecol\u00f3gico.<br \/>\n<\/div><\/div>\n<div class=\"su-spoiler su-spoiler-style-default su-spoiler-icon- desplegable su-spoiler-closed\" data-scroll-offset=\"0\" data-anchor-in-url=\"no\"><div class=\"su-spoiler-title\" tabindex=\"0\" role=\"button\"><span class=\"su-spoiler-icon\"><\/span>\u2739 Entorno de experimentaci\u00f3n e innovaci\u00f3n<\/div><div class=\"su-spoiler-content su-u-clearfix su-u-trim\">\n<strong>d)<\/strong> Fomentar la innovaci\u00f3n, la experimentaci\u00f3n y la formaci\u00f3n continua produciendo y difundiendo herramientas y soluciones de tecnolog\u00edas apropiadas en materias relativas a la permacultura, agroecolog\u00eda, energ\u00eda renovable, ciclo integral del agua, h\u00e1bitat sostenible, bioclim\u00e1tica y bioconstrucci\u00f3n, alimentaci\u00f3n saludable, autogesti\u00f3n de la salud, cero residuos, econom\u00eda circular y buen vivir.<br \/>\n<\/div><\/div>\n<div class=\"su-spoiler su-spoiler-style-default su-spoiler-icon- desplegable su-spoiler-closed\" data-scroll-offset=\"0\" data-anchor-in-url=\"no\"><div class=\"su-spoiler-title\" tabindex=\"0\" role=\"button\"><span class=\"su-spoiler-icon\"><\/span>\u2739 Lugar para la recuperaci\u00f3n de saberes tradicionales y la puesta en valor del patrimonio cultural com\u00fan<\/div><div class=\"su-spoiler-content su-u-clearfix su-u-trim\">\n<strong>e)<\/strong> Recuperaci\u00f3n del patrimonio cultural material e inmaterial asociado al territorio de la baja Andaluc\u00eda, recuperando saberes y t\u00e9cnicas ancestrales de cultivos aut\u00f3ctonos, variedades locales, recolecci\u00f3n, sistemas de edificaci\u00f3n, artesan\u00edas asociadas, gastronom\u00eda, celebraci\u00f3n, etc., desde la memoria colectiva y trabajando por su difusi\u00f3n y reutilizaci\u00f3n social significativa.<br \/>\n<\/div><\/div>\n<div class=\"su-spoiler su-spoiler-style-default su-spoiler-icon- desplegable su-spoiler-closed\" data-scroll-offset=\"0\" data-anchor-in-url=\"no\"><div class=\"su-spoiler-title\" tabindex=\"0\" role=\"button\"><span class=\"su-spoiler-icon\"><\/span>\u2739 \u00c1mbito de comunidad, feminismo, infancia y econom\u00eda de los cuidados<\/div><div class=\"su-spoiler-content su-u-clearfix su-u-trim\">\n<strong>f)<\/strong> Evolucionar, educar y formar en los bienes comunes, trabajando por la recuperaci\u00f3n y difusi\u00f3n de pr\u00e1cticas colaborativas y asociativas relativas a las comunidades y ampliando su alcance y distribuci\u00f3n.<\/p>\n<p><strong>g)<\/strong> Promover y desarrollar una comunidad y econom\u00eda de los cuidados, atendiendo las necesidades vitales y psicoafectivas de las personas participantes en la asociaci\u00f3n y en sus actividades de una manera prioritaria.<\/p>\n<p><strong>h)<\/strong> Defender, desarrollar y ejercer los derechos de la infancia a disfrutar del m\u00e1s alto nivel de salud biol\u00f3gica en un entorno sano y responsable, inculc\u00e1ndole el respeto por el medio ambiente natural y fomentando su derecho al esparcimiento,al juego y a participar en actividades art\u00edsticas y culturales con un esp\u00edritu l\u00fadico y constructivo.<\/p>\n<p><strong>i)<\/strong> Promover, desarrollar, aplicar y concienciar en los principios del ecofeminismo y de los derechos de la mujer en general, fomentando la participaci\u00f3n, presencia y visibilidad de las mismas en todas las actividades propias y las generadas en colaboraci\u00f3n.<br \/>\n<\/div><\/div>\n<div class=\"su-spoiler su-spoiler-style-default su-spoiler-icon- desplegable su-spoiler-closed\" data-scroll-offset=\"0\" data-anchor-in-url=\"no\"><div class=\"su-spoiler-title\" tabindex=\"0\" role=\"button\"><span class=\"su-spoiler-icon\"><\/span>\u2739 Sistema de crecimiento en red<\/div><div class=\"su-spoiler-content su-u-clearfix su-u-trim\">\n<strong>j)<\/strong> Colaborar con cuantas asociaciones, colectivos, entidades p\u00fablicas, empresas, emprendedores, escuelas y agrupaciones diversas del entorno local, regional, nacional o internacional posibles que compartan inquietudes, fines y proyectos afines o similares, o que precisen de asesoramiento, participaci\u00f3n y apoyo en el tr\u00e1nsito a nuevos modelos de funcionamiento o producci\u00f3n m\u00e1s ecol\u00f3gicos y sostenibles, con el fin \u00faltimo de mejorar, amplificar y multiplicar el impacto de sus actividades.<br \/>\n<\/div><\/div>\n<div class=\"su-spoiler su-spoiler-style-default su-spoiler-icon- desplegable su-spoiler-closed\" data-scroll-offset=\"0\" data-anchor-in-url=\"no\"><div class=\"su-spoiler-title\" tabindex=\"0\" role=\"button\"><span class=\"su-spoiler-icon\"><\/span>\u2739 Espacio de voluntariado<\/div><div class=\"su-spoiler-content su-u-clearfix su-u-trim\">\n<strong>k)<\/strong> Servir de espacio de acogida en voluntariado para personas interesadas en los mismos fines y el \u00e1mbito de actividad propio de la asociaci\u00f3n, con el fin de formar nuevas consciencias y transmitir conocimientos reales, significativos y pr\u00e1cticos, diseminando el paradigma de la permacultura desde lo local hacia lo universal.<br \/>\n<\/div><\/div>\n<\/div>\n<\/div><\/div>\n<div class=\"su-spacer\" style=\"height:40px\"><\/div>\n","protected":false},"excerpt":{"rendered":"<p>Nuestra filosof\u00eda Nuestros aprendizajes y experiencias nos han llevado a creer que es posible hacer grandes cambios para ser m\u00e1s felices, y a procurar vivir de otra manera, m\u00e1s sencilla y m\u00e1s amable con la vida y la Naturaleza, creciendo colectivamente y experimentando junto a quienes tienen ese mismo latir. Queremos volver a donde pertenecemos: el bosque. Habitar lo vivo&hellip;<\/p>\n","protected":false},"author":2,"featured_media":467,"parent":0,"menu_order":0,"comment_status":"closed","ping_status":"closed","template":"","meta":{"footnotes":""},"class_list":["post-135","page","type-page","status-publish","has-post-thumbnail","hentry"],"yoast_head":"<!-- This site is optimized with the Yoast SEO plugin v27.5 - https:\/\/yoast.com\/product\/yoast-seo-wordpress\/ -->\n<title>Sembrando sombra - La Tribu Ajena<\/title>\n<meta name=\"robots\" content=\"index, follow, max-snippet:-1, max-image-preview:large, max-video-preview:-1\" \/>\n<link rel=\"canonical\" href=\"https:\/\/www.latribuajena.org\/es\/sembrando-sombra\/\" \/>\n<meta property=\"og:locale\" content=\"es_ES\" \/>\n<meta property=\"og:type\" content=\"article\" \/>\n<meta property=\"og:title\" content=\"Sembrando sombra - La Tribu Ajena\" \/>\n<meta property=\"og:description\" content=\"Nuestra filosof\u00eda Nuestros aprendizajes y experiencias nos han llevado a creer que es posible hacer grandes cambios para ser m\u00e1s felices, y a procurar vivir de otra manera, m\u00e1s sencilla y m\u00e1s amable con la vida y la Naturaleza, creciendo colectivamente y experimentando junto a quienes tienen ese mismo latir. Queremos volver a donde pertenecemos: el bosque. Habitar lo vivo&hellip;\" \/>\n<meta property=\"og:url\" content=\"https:\/\/www.latribuajena.org\/es\/sembrando-sombra\/\" \/>\n<meta property=\"og:site_name\" content=\"La Tribu Ajena\" \/>\n<meta property=\"article:modified_time\" content=\"2023-02-23T12:34:32+00:00\" \/>\n<meta property=\"og:image\" content=\"https:\/\/www.latribuajena.org\/wp-content\/uploads\/2022\/03\/DSC_6095.jpg\" \/>\n\t<meta property=\"og:image:width\" content=\"1920\" \/>\n\t<meta property=\"og:image:height\" content=\"1285\" \/>\n\t<meta property=\"og:image:type\" content=\"image\/jpeg\" \/>\n<meta name=\"twitter:card\" content=\"summary_large_image\" \/>\n<meta name=\"twitter:label1\" content=\"Tiempo de lectura\" \/>\n\t<meta name=\"twitter:data1\" content=\"5 minutos\" \/>\n<script type=\"application\/ld+json\" class=\"yoast-schema-graph\">{\"@context\":\"https:\\\/\\\/schema.org\",\"@graph\":[{\"@type\":\"WebPage\",\"@id\":\"https:\\\/\\\/www.latribuajena.org\\\/sembrando-sombra\\\/\",\"url\":\"https:\\\/\\\/www.latribuajena.org\\\/sembrando-sombra\\\/\",\"name\":\"Sembrando sombra - La Tribu Ajena\",\"isPartOf\":{\"@id\":\"https:\\\/\\\/www.latribuajena.org\\\/#website\"},\"primaryImageOfPage\":{\"@id\":\"https:\\\/\\\/www.latribuajena.org\\\/sembrando-sombra\\\/#primaryimage\"},\"image\":{\"@id\":\"https:\\\/\\\/www.latribuajena.org\\\/sembrando-sombra\\\/#primaryimage\"},\"thumbnailUrl\":\"https:\\\/\\\/www.latribuajena.org\\\/wp-content\\\/uploads\\\/2022\\\/03\\\/DSC_6095.jpg\",\"datePublished\":\"2021-10-25T10:07:57+00:00\",\"dateModified\":\"2023-02-23T12:34:32+00:00\",\"breadcrumb\":{\"@id\":\"https:\\\/\\\/www.latribuajena.org\\\/sembrando-sombra\\\/#breadcrumb\"},\"inLanguage\":\"es\",\"potentialAction\":[{\"@type\":\"ReadAction\",\"target\":[\"https:\\\/\\\/www.latribuajena.org\\\/sembrando-sombra\\\/\"]}]},{\"@type\":\"ImageObject\",\"inLanguage\":\"es\",\"@id\":\"https:\\\/\\\/www.latribuajena.org\\\/sembrando-sombra\\\/#primaryimage\",\"url\":\"https:\\\/\\\/www.latribuajena.org\\\/wp-content\\\/uploads\\\/2022\\\/03\\\/DSC_6095.jpg\",\"contentUrl\":\"https:\\\/\\\/www.latribuajena.org\\\/wp-content\\\/uploads\\\/2022\\\/03\\\/DSC_6095.jpg\",\"width\":1920,\"height\":1285},{\"@type\":\"BreadcrumbList\",\"@id\":\"https:\\\/\\\/www.latribuajena.org\\\/sembrando-sombra\\\/#breadcrumb\",\"itemListElement\":[{\"@type\":\"ListItem\",\"position\":1,\"name\":\"Portada\",\"item\":\"https:\\\/\\\/www.latribuajena.org\\\/\"},{\"@type\":\"ListItem\",\"position\":2,\"name\":\"Sembrando sombra\"}]},{\"@type\":\"WebSite\",\"@id\":\"https:\\\/\\\/www.latribuajena.org\\\/#website\",\"url\":\"https:\\\/\\\/www.latribuajena.org\\\/\",\"name\":\"La Tribu Ajena\",\"description\":\"Escuela de Vida en Permacultura\",\"publisher\":{\"@id\":\"https:\\\/\\\/www.latribuajena.org\\\/#organization\"},\"potentialAction\":[{\"@type\":\"SearchAction\",\"target\":{\"@type\":\"EntryPoint\",\"urlTemplate\":\"https:\\\/\\\/www.latribuajena.org\\\/?s={search_term_string}\"},\"query-input\":{\"@type\":\"PropertyValueSpecification\",\"valueRequired\":true,\"valueName\":\"search_term_string\"}}],\"inLanguage\":\"es\"},{\"@type\":\"Organization\",\"@id\":\"https:\\\/\\\/www.latribuajena.org\\\/#organization\",\"name\":\"La Tribu Ajena\",\"url\":\"https:\\\/\\\/www.latribuajena.org\\\/\",\"logo\":{\"@type\":\"ImageObject\",\"inLanguage\":\"es\",\"@id\":\"https:\\\/\\\/www.latribuajena.org\\\/#\\\/schema\\\/logo\\\/image\\\/\",\"url\":\"https:\\\/\\\/www.latribuajena.org\\\/wp-content\\\/uploads\\\/2022\\\/01\\\/logo-tribu-ajena-1.png\",\"contentUrl\":\"https:\\\/\\\/www.latribuajena.org\\\/wp-content\\\/uploads\\\/2022\\\/01\\\/logo-tribu-ajena-1.png\",\"width\":200,\"height\":255,\"caption\":\"La Tribu Ajena\"},\"image\":{\"@id\":\"https:\\\/\\\/www.latribuajena.org\\\/#\\\/schema\\\/logo\\\/image\\\/\"}}]}<\/script>\n<!-- \/ Yoast SEO plugin. -->","yoast_head_json":{"title":"Sembrando sombra - La Tribu Ajena","robots":{"index":"index","follow":"follow","max-snippet":"max-snippet:-1","max-image-preview":"max-image-preview:large","max-video-preview":"max-video-preview:-1"},"canonical":"https:\/\/www.latribuajena.org\/es\/sembrando-sombra\/","og_locale":"es_ES","og_type":"article","og_title":"Sembrando sombra - La Tribu Ajena","og_description":"Nuestra filosof\u00eda Nuestros aprendizajes y experiencias nos han llevado a creer que es posible hacer grandes cambios para ser m\u00e1s felices, y a procurar vivir de otra manera, m\u00e1s sencilla y m\u00e1s amable con la vida y la Naturaleza, creciendo colectivamente y experimentando junto a quienes tienen ese mismo latir. Queremos volver a donde pertenecemos: el bosque. Habitar lo vivo&hellip;","og_url":"https:\/\/www.latribuajena.org\/es\/sembrando-sombra\/","og_site_name":"La Tribu Ajena","article_modified_time":"2023-02-23T12:34:32+00:00","og_image":[{"width":1920,"height":1285,"url":"https:\/\/www.latribuajena.org\/wp-content\/uploads\/2022\/03\/DSC_6095.jpg","type":"image\/jpeg"}],"twitter_card":"summary_large_image","twitter_misc":{"Tiempo de lectura":"5 minutos"},"schema":{"@context":"https:\/\/schema.org","@graph":[{"@type":"WebPage","@id":"https:\/\/www.latribuajena.org\/sembrando-sombra\/","url":"https:\/\/www.latribuajena.org\/sembrando-sombra\/","name":"Sembrando sombra - La Tribu Ajena","isPartOf":{"@id":"https:\/\/www.latribuajena.org\/#website"},"primaryImageOfPage":{"@id":"https:\/\/www.latribuajena.org\/sembrando-sombra\/#primaryimage"},"image":{"@id":"https:\/\/www.latribuajena.org\/sembrando-sombra\/#primaryimage"},"thumbnailUrl":"https:\/\/www.latribuajena.org\/wp-content\/uploads\/2022\/03\/DSC_6095.jpg","datePublished":"2021-10-25T10:07:57+00:00","dateModified":"2023-02-23T12:34:32+00:00","breadcrumb":{"@id":"https:\/\/www.latribuajena.org\/sembrando-sombra\/#breadcrumb"},"inLanguage":"es","potentialAction":[{"@type":"ReadAction","target":["https:\/\/www.latribuajena.org\/sembrando-sombra\/"]}]},{"@type":"ImageObject","inLanguage":"es","@id":"https:\/\/www.latribuajena.org\/sembrando-sombra\/#primaryimage","url":"https:\/\/www.latribuajena.org\/wp-content\/uploads\/2022\/03\/DSC_6095.jpg","contentUrl":"https:\/\/www.latribuajena.org\/wp-content\/uploads\/2022\/03\/DSC_6095.jpg","width":1920,"height":1285},{"@type":"BreadcrumbList","@id":"https:\/\/www.latribuajena.org\/sembrando-sombra\/#breadcrumb","itemListElement":[{"@type":"ListItem","position":1,"name":"Portada","item":"https:\/\/www.latribuajena.org\/"},{"@type":"ListItem","position":2,"name":"Sembrando sombra"}]},{"@type":"WebSite","@id":"https:\/\/www.latribuajena.org\/#website","url":"https:\/\/www.latribuajena.org\/","name":"La Tribu Ajena","description":"Escuela de Vida en Permacultura","publisher":{"@id":"https:\/\/www.latribuajena.org\/#organization"},"potentialAction":[{"@type":"SearchAction","target":{"@type":"EntryPoint","urlTemplate":"https:\/\/www.latribuajena.org\/?s={search_term_string}"},"query-input":{"@type":"PropertyValueSpecification","valueRequired":true,"valueName":"search_term_string"}}],"inLanguage":"es"},{"@type":"Organization","@id":"https:\/\/www.latribuajena.org\/#organization","name":"La Tribu Ajena","url":"https:\/\/www.latribuajena.org\/","logo":{"@type":"ImageObject","inLanguage":"es","@id":"https:\/\/www.latribuajena.org\/#\/schema\/logo\/image\/","url":"https:\/\/www.latribuajena.org\/wp-content\/uploads\/2022\/01\/logo-tribu-ajena-1.png","contentUrl":"https:\/\/www.latribuajena.org\/wp-content\/uploads\/2022\/01\/logo-tribu-ajena-1.png","width":200,"height":255,"caption":"La Tribu Ajena"},"image":{"@id":"https:\/\/www.latribuajena.org\/#\/schema\/logo\/image\/"}}]}},"_links":{"self":[{"href":"https:\/\/www.latribuajena.org\/es\/wp-json\/wp\/v2\/pages\/135","targetHints":{"allow":["GET"]}}],"collection":[{"href":"https:\/\/www.latribuajena.org\/es\/wp-json\/wp\/v2\/pages"}],"about":[{"href":"https:\/\/www.latribuajena.org\/es\/wp-json\/wp\/v2\/types\/page"}],"author":[{"embeddable":true,"href":"https:\/\/www.latribuajena.org\/es\/wp-json\/wp\/v2\/users\/2"}],"replies":[{"embeddable":true,"href":"https:\/\/www.latribuajena.org\/es\/wp-json\/wp\/v2\/comments?post=135"}],"version-history":[{"count":50,"href":"https:\/\/www.latribuajena.org\/es\/wp-json\/wp\/v2\/pages\/135\/revisions"}],"predecessor-version":[{"id":1645,"href":"https:\/\/www.latribuajena.org\/es\/wp-json\/wp\/v2\/pages\/135\/revisions\/1645"}],"wp:featuredmedia":[{"embeddable":true,"href":"https:\/\/www.latribuajena.org\/es\/wp-json\/wp\/v2\/media\/467"}],"wp:attachment":[{"href":"https:\/\/www.latribuajena.org\/es\/wp-json\/wp\/v2\/media?parent=135"}],"curies":[{"name":"wp","href":"https:\/\/api.w.org\/{rel}","templated":true}]}}