{"id":94,"date":"2021-07-02T15:22:07","date_gmt":"2021-07-02T15:22:07","guid":{"rendered":"https:\/\/www.latribuajena.org\/?page_id=94"},"modified":"2023-02-21T17:18:44","modified_gmt":"2023-02-21T17:18:44","slug":"enredar-y-agradecer","status":"publish","type":"page","link":"https:\/\/www.latribuajena.org\/es\/enredar-y-agradecer\/","title":{"rendered":"Enredar y agradecer"},"content":{"rendered":"<p>Ponemos energ\u00eda en compartir y generar convergencias con otros proyectos. Creemos en el dar y el recibir, y en crecer juntas.<br \/>\nA nuestras familias, amigos y amigas y todas las personas voluntarias que han pasado por aqu\u00ed, por ser aprendices y maestras en este camino con nosotras.<br \/>\nA los muchos proyectos que son compa\u00f1eros y nuestra escuela.<br \/>\nA la Asociaci\u00f3n de consumidores y productores ecol\u00f3gicos El Zoco, Jerez de la Frontera, como semilla.<\/p>\n<div class=\"su-spacer\" style=\"height:20px\"><\/div>\n<div class=\"caja\">\n<div class=\"su-note\"  style=\"border-color:#dadada;border-radius:3px;-moz-border-radius:3px;-webkit-border-radius:3px;\"><div class=\"su-note-inner su-u-clearfix su-u-trim\" style=\"background-color:#f4f4f4;border-color:#ffffff;color:#333333;border-radius:3px;-moz-border-radius:3px;-webkit-border-radius:3px;\">\n<strong>Cooperativa La Reverde, Jerez de la Frontera<\/strong><br \/>\n<a href=\"https:\/\/www.lareverde.org\/\" target=\"_blank\" rel=\"noopener\">www.lareverde.org<\/a><br \/>\n<\/div><\/div>\n<div class=\"su-note\"  style=\"border-color:#dadada;border-radius:3px;-moz-border-radius:3px;-webkit-border-radius:3px;\"><div class=\"su-note-inner su-u-clearfix su-u-trim\" style=\"background-color:#f4f4f4;border-color:#ffffff;color:#333333;border-radius:3px;-moz-border-radius:3px;-webkit-border-radius:3px;\">\n<strong>Cooperativa de Cerveza Artesana Destraperlo, Jerez de la Frontera<\/strong><br \/>\n<a href=\"https:\/\/www.destraperlo.es\/\" target=\"_blank\" rel=\"noopener\">www.destraperlo.es<\/a><br \/>\n<\/div><\/div>\n<div class=\"su-note\"  style=\"border-color:#dadada;border-radius:3px;-moz-border-radius:3px;-webkit-border-radius:3px;\"><div class=\"su-note-inner su-u-clearfix su-u-trim\" style=\"background-color:#f4f4f4;border-color:#ffffff;color:#333333;border-radius:3px;-moz-border-radius:3px;-webkit-border-radius:3px;\">\n<strong>Enredaos con La Tierra, Sevilla<\/strong><br \/>\n<a href=\"https:\/\/www.enredaosconlatierra.org\/\" target=\"_blank\" rel=\"noopener\">www.enredaosconlatierra.org<\/a><br \/>\n<\/div><\/div>\n<div class=\"su-note\"  style=\"border-color:#dadada;border-radius:3px;-moz-border-radius:3px;-webkit-border-radius:3px;\"><div class=\"su-note-inner su-u-clearfix su-u-trim\" style=\"background-color:#f4f4f4;border-color:#ffffff;color:#333333;border-radius:3px;-moz-border-radius:3px;-webkit-border-radius:3px;\">\n<strong>La Loba. Descubre tu talento, Sevilla<\/strong><br \/>\n<a href=\"https:\/\/descubrelaloba.wordpress.com\/\">www.descubrelaloba.com<\/a><br \/>\n<\/div><\/div>\n<div class=\"su-note\"  style=\"border-color:#dadada;border-radius:3px;-moz-border-radius:3px;-webkit-border-radius:3px;\"><div class=\"su-note-inner su-u-clearfix su-u-trim\" style=\"background-color:#f4f4f4;border-color:#ffffff;color:#333333;border-radius:3px;-moz-border-radius:3px;-webkit-border-radius:3px;\">\n<strong>Toma Tomate La Vega, Sevilla<\/strong><br \/>\n<a href=\"https:\/\/www.tomatomate.es\/\" target=\"_blank\" rel=\"noopener\">www.tomatomate.es<\/a><br \/>\n<\/div><\/div>\n<div class=\"su-note\"  style=\"border-color:#dadada;border-radius:3px;-moz-border-radius:3px;-webkit-border-radius:3px;\"><div class=\"su-note-inner su-u-clearfix su-u-trim\" style=\"background-color:#f4f4f4;border-color:#ffffff;color:#333333;border-radius:3px;-moz-border-radius:3px;-webkit-border-radius:3px;\">\n<strong>Moradas de Tierra, Albacete<\/strong><br \/>\n<a href=\"https:\/\/www.moradasdetierra.com\/\" target=\"_blank\" rel=\"noopener\">www.moradasdetierra.com<\/a><br \/>\n<\/div><\/div>\n<div class=\"su-note\"  style=\"border-color:#dadada;border-radius:3px;-moz-border-radius:3px;-webkit-border-radius:3px;\"><div class=\"su-note-inner su-u-clearfix su-u-trim\" style=\"background-color:#f4f4f4;border-color:#ffffff;color:#333333;border-radius:3px;-moz-border-radius:3px;-webkit-border-radius:3px;\">\n<strong>Taph Taph, Sevilla<\/strong><br \/>\n<a href=\"https:\/\/www.taphtaph.org\/\" target=\"_blank\" rel=\"noopener\">www.taphtaph.org<\/a><br \/>\n<\/div><\/div>\n<div class=\"su-note\"  style=\"border-color:#dadada;border-radius:3px;-moz-border-radius:3px;-webkit-border-radius:3px;\"><div class=\"su-note-inner su-u-clearfix su-u-trim\" style=\"background-color:#f4f4f4;border-color:#ffffff;color:#333333;border-radius:3px;-moz-border-radius:3px;-webkit-border-radius:3px;\">\n<strong>Ecolectivo, Vigo<\/strong><br \/>\n<a href=\"https:\/\/www.ecolectivovigo.org\/\" target=\"_blank\" rel=\"noopener\">www.ecolectivovigo.org<\/a><br \/>\n<\/div><\/div>\n<div class=\"su-note\"  style=\"border-color:#dadada;border-radius:3px;-moz-border-radius:3px;-webkit-border-radius:3px;\"><div class=\"su-note-inner su-u-clearfix su-u-trim\" style=\"background-color:#f4f4f4;border-color:#ffffff;color:#333333;border-radius:3px;-moz-border-radius:3px;-webkit-border-radius:3px;\">\n<strong>Escuela de Permacultura Ca\u00f1adulce, Co\u00edn, M\u00e1laga<\/strong><br \/>\n<a href=\"https:\/\/www.permaculturacanadulce.org\/\" target=\"_blank\" rel=\"noopener\">www.permaculturacanadulce.org<\/a><br \/>\n<\/div><\/div>\n<div class=\"su-note\"  style=\"border-color:#dadada;border-radius:3px;-moz-border-radius:3px;-webkit-border-radius:3px;\"><div class=\"su-note-inner su-u-clearfix su-u-trim\" style=\"background-color:#f4f4f4;border-color:#ffffff;color:#333333;border-radius:3px;-moz-border-radius:3px;-webkit-border-radius:3px;\">\n<strong>Source de Vie, Mhammid, Marruecos<\/strong><br \/>\n<strong>BNomad<\/strong><br \/>\n<a href=\"https:\/\/permaculturabnomad.com\/\">www.permaculturabnomad.com<\/a><br \/>\n<\/div><\/div>\n<\/div>\n<div class=\"su-spacer\" style=\"height:40px\"><\/div>\n<div class=\"su-row\">\n<div class=\"su-column su-column-size-2-3 caja-contenido su-column-centered\"><div class=\"su-column-inner su-u-clearfix su-u-trim\">\n<p><img loading=\"lazy\" decoding=\"async\" class=\"alignnone size-full wp-image-621\" src=\"https:\/\/www.latribuajena.org\/wp-content\/uploads\/2022\/03\/MG_4070-min.jpg\" alt=\"\" width=\"1920\" height=\"1280\" srcset=\"https:\/\/www.latribuajena.org\/wp-content\/uploads\/2022\/03\/MG_4070-min.jpg 1920w, https:\/\/www.latribuajena.org\/wp-content\/uploads\/2022\/03\/MG_4070-min-300x200.jpg 300w, https:\/\/www.latribuajena.org\/wp-content\/uploads\/2022\/03\/MG_4070-min-1024x683.jpg 1024w, https:\/\/www.latribuajena.org\/wp-content\/uploads\/2022\/03\/MG_4070-min-768x512.jpg 768w, https:\/\/www.latribuajena.org\/wp-content\/uploads\/2022\/03\/MG_4070-min-1536x1024.jpg 1536w, https:\/\/www.latribuajena.org\/wp-content\/uploads\/2022\/03\/MG_4070-min-18x12.jpg 18w\" sizes=\"auto, (max-width: 1920px) 100vw, 1920px\" \/><\/p>\n<\/div><\/div>\n<\/div>\n","protected":false},"excerpt":{"rendered":"<p>Ponemos energ\u00eda en compartir y generar convergencias con otros proyectos. Creemos en el dar y el recibir, y en crecer juntas. A nuestras familias, amigos y amigas y todas las personas voluntarias que han pasado por aqu\u00ed, por ser aprendices y maestras en este camino con nosotras. A los muchos proyectos que son compa\u00f1eros y nuestra escuela. A la Asociaci\u00f3n&hellip;<\/p>\n","protected":false},"author":2,"featured_media":618,"parent":0,"menu_order":0,"comment_status":"closed","ping_status":"closed","template":"","meta":{"footnotes":""},"class_list":["post-94","page","type-page","status-publish","has-post-thumbnail","hentry"],"yoast_head":"<!-- This site is optimized with the Yoast SEO plugin v27.5 - https:\/\/yoast.com\/product\/yoast-seo-wordpress\/ -->\n<title>Enredar y agradecer - La Tribu Ajena<\/title>\n<meta name=\"description\" content=\"Los proyectos de Permacultura aspiramos a crear una red que aporte luz y soluciones de futuro en un contexto de grandes retos clim\u00e1ticos, medioambientales y sociales.\" \/>\n<meta name=\"robots\" content=\"index, follow, max-snippet:-1, max-image-preview:large, max-video-preview:-1\" \/>\n<link rel=\"canonical\" href=\"https:\/\/www.latribuajena.org\/es\/enredar-y-agradecer\/\" \/>\n<meta property=\"og:locale\" content=\"es_ES\" \/>\n<meta property=\"og:type\" content=\"article\" \/>\n<meta property=\"og:title\" content=\"Enredar y agradecer - La Tribu Ajena\" \/>\n<meta property=\"og:description\" content=\"Los proyectos de Permacultura aspiramos a crear una red que aporte luz y soluciones de futuro en un contexto de grandes retos clim\u00e1ticos, medioambientales y sociales.\" \/>\n<meta property=\"og:url\" content=\"https:\/\/www.latribuajena.org\/es\/enredar-y-agradecer\/\" \/>\n<meta property=\"og:site_name\" content=\"La Tribu Ajena\" \/>\n<meta property=\"article:modified_time\" content=\"2023-02-21T17:18:44+00:00\" \/>\n<meta property=\"og:image\" content=\"https:\/\/www.latribuajena.org\/wp-content\/uploads\/2022\/03\/DSC_5978.jpg\" \/>\n\t<meta property=\"og:image:width\" content=\"1920\" \/>\n\t<meta property=\"og:image:height\" content=\"1285\" \/>\n\t<meta property=\"og:image:type\" content=\"image\/jpeg\" \/>\n<meta name=\"twitter:card\" content=\"summary_large_image\" \/>\n<meta name=\"twitter:label1\" content=\"Tiempo de lectura\" \/>\n\t<meta name=\"twitter:data1\" content=\"2 minutos\" \/>\n<script type=\"application\/ld+json\" class=\"yoast-schema-graph\">{\"@context\":\"https:\\\/\\\/schema.org\",\"@graph\":[{\"@type\":\"WebPage\",\"@id\":\"https:\\\/\\\/www.latribuajena.org\\\/enredar-y-agradecer\\\/\",\"url\":\"https:\\\/\\\/www.latribuajena.org\\\/enredar-y-agradecer\\\/\",\"name\":\"Enredar y agradecer - La Tribu Ajena\",\"isPartOf\":{\"@id\":\"https:\\\/\\\/www.latribuajena.org\\\/#website\"},\"primaryImageOfPage\":{\"@id\":\"https:\\\/\\\/www.latribuajena.org\\\/enredar-y-agradecer\\\/#primaryimage\"},\"image\":{\"@id\":\"https:\\\/\\\/www.latribuajena.org\\\/enredar-y-agradecer\\\/#primaryimage\"},\"thumbnailUrl\":\"https:\\\/\\\/www.latribuajena.org\\\/wp-content\\\/uploads\\\/2022\\\/03\\\/DSC_5978.jpg\",\"datePublished\":\"2021-07-02T15:22:07+00:00\",\"dateModified\":\"2023-02-21T17:18:44+00:00\",\"description\":\"Los proyectos de Permacultura aspiramos a crear una red que aporte luz y soluciones de futuro en un contexto de grandes retos clim\u00e1ticos, medioambientales y sociales.\",\"breadcrumb\":{\"@id\":\"https:\\\/\\\/www.latribuajena.org\\\/enredar-y-agradecer\\\/#breadcrumb\"},\"inLanguage\":\"es\",\"potentialAction\":[{\"@type\":\"ReadAction\",\"target\":[\"https:\\\/\\\/www.latribuajena.org\\\/enredar-y-agradecer\\\/\"]}]},{\"@type\":\"ImageObject\",\"inLanguage\":\"es\",\"@id\":\"https:\\\/\\\/www.latribuajena.org\\\/enredar-y-agradecer\\\/#primaryimage\",\"url\":\"https:\\\/\\\/www.latribuajena.org\\\/wp-content\\\/uploads\\\/2022\\\/03\\\/DSC_5978.jpg\",\"contentUrl\":\"https:\\\/\\\/www.latribuajena.org\\\/wp-content\\\/uploads\\\/2022\\\/03\\\/DSC_5978.jpg\",\"width\":1920,\"height\":1285},{\"@type\":\"BreadcrumbList\",\"@id\":\"https:\\\/\\\/www.latribuajena.org\\\/enredar-y-agradecer\\\/#breadcrumb\",\"itemListElement\":[{\"@type\":\"ListItem\",\"position\":1,\"name\":\"Portada\",\"item\":\"https:\\\/\\\/www.latribuajena.org\\\/\"},{\"@type\":\"ListItem\",\"position\":2,\"name\":\"Enredar y agradecer\"}]},{\"@type\":\"WebSite\",\"@id\":\"https:\\\/\\\/www.latribuajena.org\\\/#website\",\"url\":\"https:\\\/\\\/www.latribuajena.org\\\/\",\"name\":\"La Tribu Ajena\",\"description\":\"Escuela de Vida en Permacultura\",\"publisher\":{\"@id\":\"https:\\\/\\\/www.latribuajena.org\\\/#organization\"},\"potentialAction\":[{\"@type\":\"SearchAction\",\"target\":{\"@type\":\"EntryPoint\",\"urlTemplate\":\"https:\\\/\\\/www.latribuajena.org\\\/?s={search_term_string}\"},\"query-input\":{\"@type\":\"PropertyValueSpecification\",\"valueRequired\":true,\"valueName\":\"search_term_string\"}}],\"inLanguage\":\"es\"},{\"@type\":\"Organization\",\"@id\":\"https:\\\/\\\/www.latribuajena.org\\\/#organization\",\"name\":\"La Tribu Ajena\",\"url\":\"https:\\\/\\\/www.latribuajena.org\\\/\",\"logo\":{\"@type\":\"ImageObject\",\"inLanguage\":\"es\",\"@id\":\"https:\\\/\\\/www.latribuajena.org\\\/#\\\/schema\\\/logo\\\/image\\\/\",\"url\":\"https:\\\/\\\/www.latribuajena.org\\\/wp-content\\\/uploads\\\/2022\\\/01\\\/logo-tribu-ajena-1.png\",\"contentUrl\":\"https:\\\/\\\/www.latribuajena.org\\\/wp-content\\\/uploads\\\/2022\\\/01\\\/logo-tribu-ajena-1.png\",\"width\":200,\"height\":255,\"caption\":\"La Tribu Ajena\"},\"image\":{\"@id\":\"https:\\\/\\\/www.latribuajena.org\\\/#\\\/schema\\\/logo\\\/image\\\/\"}}]}<\/script>\n<!-- \/ Yoast SEO plugin. -->","yoast_head_json":{"title":"Enredar y agradecer - La Tribu Ajena","description":"Los proyectos de Permacultura aspiramos a crear una red que aporte luz y soluciones de futuro en un contexto de grandes retos clim\u00e1ticos, medioambientales y sociales.","robots":{"index":"index","follow":"follow","max-snippet":"max-snippet:-1","max-image-preview":"max-image-preview:large","max-video-preview":"max-video-preview:-1"},"canonical":"https:\/\/www.latribuajena.org\/es\/enredar-y-agradecer\/","og_locale":"es_ES","og_type":"article","og_title":"Enredar y agradecer - La Tribu Ajena","og_description":"Los proyectos de Permacultura aspiramos a crear una red que aporte luz y soluciones de futuro en un contexto de grandes retos clim\u00e1ticos, medioambientales y sociales.","og_url":"https:\/\/www.latribuajena.org\/es\/enredar-y-agradecer\/","og_site_name":"La Tribu Ajena","article_modified_time":"2023-02-21T17:18:44+00:00","og_image":[{"width":1920,"height":1285,"url":"https:\/\/www.latribuajena.org\/wp-content\/uploads\/2022\/03\/DSC_5978.jpg","type":"image\/jpeg"}],"twitter_card":"summary_large_image","twitter_misc":{"Tiempo de lectura":"2 minutos"},"schema":{"@context":"https:\/\/schema.org","@graph":[{"@type":"WebPage","@id":"https:\/\/www.latribuajena.org\/enredar-y-agradecer\/","url":"https:\/\/www.latribuajena.org\/enredar-y-agradecer\/","name":"Enredar y agradecer - La Tribu Ajena","isPartOf":{"@id":"https:\/\/www.latribuajena.org\/#website"},"primaryImageOfPage":{"@id":"https:\/\/www.latribuajena.org\/enredar-y-agradecer\/#primaryimage"},"image":{"@id":"https:\/\/www.latribuajena.org\/enredar-y-agradecer\/#primaryimage"},"thumbnailUrl":"https:\/\/www.latribuajena.org\/wp-content\/uploads\/2022\/03\/DSC_5978.jpg","datePublished":"2021-07-02T15:22:07+00:00","dateModified":"2023-02-21T17:18:44+00:00","description":"Los proyectos de Permacultura aspiramos a crear una red que aporte luz y soluciones de futuro en un contexto de grandes retos clim\u00e1ticos, medioambientales y sociales.","breadcrumb":{"@id":"https:\/\/www.latribuajena.org\/enredar-y-agradecer\/#breadcrumb"},"inLanguage":"es","potentialAction":[{"@type":"ReadAction","target":["https:\/\/www.latribuajena.org\/enredar-y-agradecer\/"]}]},{"@type":"ImageObject","inLanguage":"es","@id":"https:\/\/www.latribuajena.org\/enredar-y-agradecer\/#primaryimage","url":"https:\/\/www.latribuajena.org\/wp-content\/uploads\/2022\/03\/DSC_5978.jpg","contentUrl":"https:\/\/www.latribuajena.org\/wp-content\/uploads\/2022\/03\/DSC_5978.jpg","width":1920,"height":1285},{"@type":"BreadcrumbList","@id":"https:\/\/www.latribuajena.org\/enredar-y-agradecer\/#breadcrumb","itemListElement":[{"@type":"ListItem","position":1,"name":"Portada","item":"https:\/\/www.latribuajena.org\/"},{"@type":"ListItem","position":2,"name":"Enredar y agradecer"}]},{"@type":"WebSite","@id":"https:\/\/www.latribuajena.org\/#website","url":"https:\/\/www.latribuajena.org\/","name":"La Tribu Ajena","description":"Escuela de Vida en Permacultura","publisher":{"@id":"https:\/\/www.latribuajena.org\/#organization"},"potentialAction":[{"@type":"SearchAction","target":{"@type":"EntryPoint","urlTemplate":"https:\/\/www.latribuajena.org\/?s={search_term_string}"},"query-input":{"@type":"PropertyValueSpecification","valueRequired":true,"valueName":"search_term_string"}}],"inLanguage":"es"},{"@type":"Organization","@id":"https:\/\/www.latribuajena.org\/#organization","name":"La Tribu Ajena","url":"https:\/\/www.latribuajena.org\/","logo":{"@type":"ImageObject","inLanguage":"es","@id":"https:\/\/www.latribuajena.org\/#\/schema\/logo\/image\/","url":"https:\/\/www.latribuajena.org\/wp-content\/uploads\/2022\/01\/logo-tribu-ajena-1.png","contentUrl":"https:\/\/www.latribuajena.org\/wp-content\/uploads\/2022\/01\/logo-tribu-ajena-1.png","width":200,"height":255,"caption":"La Tribu Ajena"},"image":{"@id":"https:\/\/www.latribuajena.org\/#\/schema\/logo\/image\/"}}]}},"_links":{"self":[{"href":"https:\/\/www.latribuajena.org\/es\/wp-json\/wp\/v2\/pages\/94","targetHints":{"allow":["GET"]}}],"collection":[{"href":"https:\/\/www.latribuajena.org\/es\/wp-json\/wp\/v2\/pages"}],"about":[{"href":"https:\/\/www.latribuajena.org\/es\/wp-json\/wp\/v2\/types\/page"}],"author":[{"embeddable":true,"href":"https:\/\/www.latribuajena.org\/es\/wp-json\/wp\/v2\/users\/2"}],"replies":[{"embeddable":true,"href":"https:\/\/www.latribuajena.org\/es\/wp-json\/wp\/v2\/comments?post=94"}],"version-history":[{"count":45,"href":"https:\/\/www.latribuajena.org\/es\/wp-json\/wp\/v2\/pages\/94\/revisions"}],"predecessor-version":[{"id":1624,"href":"https:\/\/www.latribuajena.org\/es\/wp-json\/wp\/v2\/pages\/94\/revisions\/1624"}],"wp:featuredmedia":[{"embeddable":true,"href":"https:\/\/www.latribuajena.org\/es\/wp-json\/wp\/v2\/media\/618"}],"wp:attachment":[{"href":"https:\/\/www.latribuajena.org\/es\/wp-json\/wp\/v2\/media?parent=94"}],"curies":[{"name":"wp","href":"https:\/\/api.w.org\/{rel}","templated":true}]}}